{"id":4768,"date":"2020-03-25T08:19:40","date_gmt":"2020-03-25T08:19:40","guid":{"rendered":"https:\/\/www.grupocatala.com\/noticias\/"},"modified":"2023-10-26T12:06:47","modified_gmt":"2023-10-26T10:06:47","slug":"notiza","status":"publish","type":"page","link":"https:\/\/www.grupocatala.com\/it\/notiza\/","title":{"rendered":"NOTIZIA"},"content":{"rendered":"\t\t<div data-elementor-type=\"wp-page\" data-elementor-id=\"4768\" class=\"elementor elementor-4768 elementor-21\" data-elementor-post-type=\"page\">\n\t\t\t\t\t\t<section class=\"elementor-section elementor-top-section elementor-element elementor-element-9f694e3 elementor-section-boxed elementor-section-height-default elementor-section-height-default\" data-id=\"9f694e3\" data-element_type=\"section\" data-e-type=\"section\" data-settings=\"{&quot;background_background&quot;:&quot;classic&quot;}\">\n\t\t\t\t\t\t<div class=\"elementor-container elementor-column-gap-default\">\n\t\t\t\t\t<div class=\"elementor-column elementor-col-100 elementor-top-column elementor-element elementor-element-0088f0b\" data-id=\"0088f0b\" data-element_type=\"column\" data-e-type=\"column\">\n\t\t\t<div class=\"elementor-widget-wrap elementor-element-populated\">\n\t\t\t\t\t\t<div class=\"elementor-element elementor-element-5c35be4 elementor-widget elementor-widget-spacer\" data-id=\"5c35be4\" data-element_type=\"widget\" data-e-type=\"widget\" data-widget_type=\"spacer.default\">\n\t\t\t\t<div class=\"elementor-widget-container\">\n\t\t\t\t\t\t\t<div class=\"elementor-spacer\">\n\t\t\t<div class=\"elementor-spacer-inner\"><\/div>\n\t\t<\/div>\n\t\t\t\t\t\t<\/div>\n\t\t\t\t<\/div>\n\t\t\t\t<div class=\"elementor-element elementor-element-5df33d2 elementor-widget elementor-widget-heading\" data-id=\"5df33d2\" data-element_type=\"widget\" data-e-type=\"widget\" data-widget_type=\"heading.default\">\n\t\t\t\t<div class=\"elementor-widget-container\">\n\t\t\t\t\t<h2 class=\"elementor-heading-title elementor-size-default\">Notizia<\/h2>\t\t\t\t<\/div>\n\t\t\t\t<\/div>\n\t\t\t\t<div class=\"elementor-element elementor-element-515ba4c elementor-widget elementor-widget-spacer\" data-id=\"515ba4c\" data-element_type=\"widget\" data-e-type=\"widget\" data-widget_type=\"spacer.default\">\n\t\t\t\t<div class=\"elementor-widget-container\">\n\t\t\t\t\t\t\t<div class=\"elementor-spacer\">\n\t\t\t<div class=\"elementor-spacer-inner\"><\/div>\n\t\t<\/div>\n\t\t\t\t\t\t<\/div>\n\t\t\t\t<\/div>\n\t\t\t\t<div class=\"elementor-element elementor-element-ae24696 elementor-posts--align-left elementor-grid-3 elementor-grid-tablet-2 elementor-grid-mobile-1 elementor-posts--thumbnail-top elementor-posts--show-avatar elementor-card-shadow-yes elementor-posts__hover-gradient elementor-widget elementor-widget-posts\" data-id=\"ae24696\" data-element_type=\"widget\" data-e-type=\"widget\" data-settings=\"{&quot;cards_row_gap&quot;:{&quot;unit&quot;:&quot;px&quot;,&quot;size&quot;:61,&quot;sizes&quot;:[]},&quot;cards_masonry&quot;:&quot;yes&quot;,&quot;cards_columns&quot;:&quot;3&quot;,&quot;cards_columns_tablet&quot;:&quot;2&quot;,&quot;cards_columns_mobile&quot;:&quot;1&quot;,&quot;cards_row_gap_tablet&quot;:{&quot;unit&quot;:&quot;px&quot;,&quot;size&quot;:&quot;&quot;,&quot;sizes&quot;:[]},&quot;cards_row_gap_mobile&quot;:{&quot;unit&quot;:&quot;px&quot;,&quot;size&quot;:&quot;&quot;,&quot;sizes&quot;:[]}}\" data-widget_type=\"posts.cards\">\n\t\t\t\t<div class=\"elementor-widget-container\">\n\t\t\t\t\t\t\t<div class=\"elementor-posts-container elementor-posts elementor-posts--skin-cards elementor-grid\" role=\"list\">\n\t\t\t\t<article class=\"elementor-post elementor-grid-item post-14667 post type-post status-publish format-standard has-post-thumbnail hentry category-notizia tag-acb-it tag-basket tag-batemont-it tag-collaborazione tag-conferenza tag-gratitudine tag-grupcatala-it tag-grupocatala-it tag-gruppo-catala tag-hiopos-it tag-james-it tag-lleida-it tag-pera-it tag-sport-it\" role=\"listitem\">\n\t\t\t<div class=\"elementor-post__card\">\n\t\t\t\t<a class=\"elementor-post__thumbnail__link\" href=\"https:\/\/www.grupocatala.com\/it\/collaborazione-con-hiopos-lleida\/\" tabindex=\"-1\" ><div class=\"elementor-post__thumbnail\"><img fetchpriority=\"high\" decoding=\"async\" width=\"300\" height=\"169\" src=\"https:\/\/i0.wp.com\/www.grupocatala.com\/wp-content\/uploads\/2025\/09\/photo_2025-09-04_09-27-37.jpg?fit=300%2C169&amp;ssl=1\" class=\"attachment-medium size-medium wp-image-14654\" alt=\"\" srcset=\"https:\/\/i0.wp.com\/www.grupocatala.com\/wp-content\/uploads\/2025\/09\/photo_2025-09-04_09-27-37.jpg?w=1280&amp;ssl=1 1280w, https:\/\/i0.wp.com\/www.grupocatala.com\/wp-content\/uploads\/2025\/09\/photo_2025-09-04_09-27-37.jpg?resize=300%2C169&amp;ssl=1 300w, https:\/\/i0.wp.com\/www.grupocatala.com\/wp-content\/uploads\/2025\/09\/photo_2025-09-04_09-27-37.jpg?resize=1024%2C576&amp;ssl=1 1024w, https:\/\/i0.wp.com\/www.grupocatala.com\/wp-content\/uploads\/2025\/09\/photo_2025-09-04_09-27-37.jpg?resize=768%2C432&amp;ssl=1 768w\" sizes=\"(max-width: 300px) 100vw, 300px\" \/><\/div><\/a>\n\t\t\t\t<div class=\"elementor-post__badge\">Notizia<\/div>\n\t\t\t\t<div class=\"elementor-post__avatar\">\n\t\t\t\t\t<\/div>\n\t\t\t\t<div class=\"elementor-post__text\">\n\t\t\t\t<h3 class=\"elementor-post__title\">\n\t\t\t<a href=\"https:\/\/www.grupocatala.com\/it\/collaborazione-con-hiopos-lleida\/\" >\n\t\t\t\tCollaborazione con Hiopos Lleida\t\t\t<\/a>\n\t\t<\/h3>\n\t\t\t\t<div class=\"elementor-post__excerpt\">\n\t\t\t<p>Grupo Catal\u00e1 \u00e8 orgoglioso di aver potuto collaborare mettendo a disposizione parte delle proprie strutture affinch\u00e9 il club potesse realizzare questa produzione audiovisiva.Vogliamo ringraziare HIOPOS Lleida per la fiducia riposta<\/p>\n\t\t<\/div>\n\t\t\t\t<\/div>\n\t\t\t\t\t<\/div>\n\t\t<\/article>\n\t\t\t\t<article class=\"elementor-post elementor-grid-item post-14368 post type-post status-publish format-standard has-post-thumbnail hentry category-notizia tag-30annifacendovhir tag-barcellona tag-collaborazione tag-corsa tag-donazione tag-fondazione tag-gratitudine tag-gruppo-catalano tag-medica-it tag-ospedale tag-ricerca tag-runnersbarcelona-it tag-running-it tag-solidarieta tag-vall-dhebron-it\" role=\"listitem\">\n\t\t\t<div class=\"elementor-post__card\">\n\t\t\t\t<a class=\"elementor-post__thumbnail__link\" href=\"https:\/\/www.grupocatala.com\/it\/corsa-solidale-vall-dhebron\/\" tabindex=\"-1\" ><div class=\"elementor-post__thumbnail\"><img decoding=\"async\" width=\"263\" height=\"300\" src=\"https:\/\/i0.wp.com\/www.grupocatala.com\/wp-content\/uploads\/2025\/03\/2025-03-04-11_17_12-Vall-dHebron-_-Mes-de-500-persones-han-participat-aquest-mati-en-la-1a-Cursa-de.png?fit=263%2C300&amp;ssl=1\" class=\"attachment-medium size-medium wp-image-14350\" alt=\"\" srcset=\"https:\/\/i0.wp.com\/www.grupocatala.com\/wp-content\/uploads\/2025\/03\/2025-03-04-11_17_12-Vall-dHebron-_-Mes-de-500-persones-han-participat-aquest-mati-en-la-1a-Cursa-de.png?w=525&amp;ssl=1 525w, https:\/\/i0.wp.com\/www.grupocatala.com\/wp-content\/uploads\/2025\/03\/2025-03-04-11_17_12-Vall-dHebron-_-Mes-de-500-persones-han-participat-aquest-mati-en-la-1a-Cursa-de.png?resize=263%2C300&amp;ssl=1 263w\" sizes=\"(max-width: 263px) 100vw, 263px\" \/><\/div><\/a>\n\t\t\t\t<div class=\"elementor-post__badge\">Notizia<\/div>\n\t\t\t\t<div class=\"elementor-post__avatar\">\n\t\t\t\t\t<\/div>\n\t\t\t\t<div class=\"elementor-post__text\">\n\t\t\t\t<h3 class=\"elementor-post__title\">\n\t\t\t<a href=\"https:\/\/www.grupocatala.com\/it\/corsa-solidale-vall-dhebron\/\" >\n\t\t\t\tCorsa solidale Vall d\u2019Hebron\t\t\t<\/a>\n\t\t<\/h3>\n\t\t\t\t<div class=\"elementor-post__excerpt\">\n\t\t\t<p>Oltre 500 persone hanno dato il via alle celebrazioni per il 30\u00ba anniversario del Vall d&#8217;Hebron Instituto de Investigaci\u00f3n partecipando alla 1\u00aa corsa di Vall d&#8217;Hebron. Il percorso, che poteva<\/p>\n\t\t<\/div>\n\t\t\t\t<\/div>\n\t\t\t\t\t<\/div>\n\t\t<\/article>\n\t\t\t\t<article class=\"elementor-post elementor-grid-item post-11510 post type-post status-publish format-standard has-post-thumbnail hentry category-notizia tag-fruta-it tag-grupo-catala-it tag-grupocatala-it tag-hueso-it tag-ia-it tag-instalaciones-it tag-maquina-it tag-procesamiento-it tag-produccion-it tag-productividad-it\" role=\"listitem\">\n\t\t\t<div class=\"elementor-post__card\">\n\t\t\t\t<a class=\"elementor-post__thumbnail__link\" href=\"https:\/\/www.grupocatala.com\/it\/la-nuova-linea-di-lavorazione-delle-drupacee-piu-grande-al-mondo\/\" tabindex=\"-1\" ><div class=\"elementor-post__thumbnail\"><img decoding=\"async\" width=\"300\" height=\"169\" src=\"https:\/\/i0.wp.com\/www.grupocatala.com\/wp-content\/uploads\/2023\/10\/1_Sorma-FA.png?fit=300%2C169&amp;ssl=1\" class=\"attachment-medium size-medium wp-image-11495\" alt=\"\" srcset=\"https:\/\/i0.wp.com\/www.grupocatala.com\/wp-content\/uploads\/2023\/10\/1_Sorma-FA.png?w=600&amp;ssl=1 600w, https:\/\/i0.wp.com\/www.grupocatala.com\/wp-content\/uploads\/2023\/10\/1_Sorma-FA.png?resize=300%2C169&amp;ssl=1 300w\" sizes=\"(max-width: 300px) 100vw, 300px\" \/><\/div><\/a>\n\t\t\t\t<div class=\"elementor-post__badge\">Notizia<\/div>\n\t\t\t\t<div class=\"elementor-post__avatar\">\n\t\t\t\t\t<\/div>\n\t\t\t\t<div class=\"elementor-post__text\">\n\t\t\t\t<h3 class=\"elementor-post__title\">\n\t\t\t<a href=\"https:\/\/www.grupocatala.com\/it\/la-nuova-linea-di-lavorazione-delle-drupacee-piu-grande-al-mondo\/\" >\n\t\t\t\tLa nuova linea di lavorazione delle drupacee pi\u00f9 grande al mondo\t\t\t<\/a>\n\t\t<\/h3>\n\t\t\t\t<div class=\"elementor-post__excerpt\">\n\t\t\t<p>Con una capacit\u00e0 produttiva di quasi un milione di chili di frutta in un turno di lavorazione giornaliero e un risparmio del 15-20% sul costo della manodopera, la linea \u00e8<\/p>\n\t\t<\/div>\n\t\t\t\t<\/div>\n\t\t\t\t\t<\/div>\n\t\t<\/article>\n\t\t\t\t<article class=\"elementor-post elementor-grid-item post-17343 post type-post status-publish format-standard has-post-thumbnail hentry category-notizia tag-agricoltura tag-autorita tag-begona-garcia tag-centro tag-el-escobar tag-estremadura tag-giunta tag-grupcatala-it tag-grupocatala-it tag-gruppo-catala tag-inaugurazione tag-merida-it tag-municipalita tag-ortofrutticolo tag-vara\" role=\"listitem\">\n\t\t\t<div class=\"elementor-post__card\">\n\t\t\t\t<a class=\"elementor-post__thumbnail__link\" href=\"https:\/\/www.grupocatala.com\/it\/vara-visita-el-escobar-a-merida\/\" tabindex=\"-1\" ><div class=\"elementor-post__thumbnail\"><img loading=\"lazy\" decoding=\"async\" width=\"300\" height=\"150\" src=\"https:\/\/i0.wp.com\/www.grupocatala.com\/wp-content\/uploads\/2026\/02\/2026-02-09-19_19_28-Vara-visita-una-central-hortofruticola-en-Merida-_-Parte-1-%E2%80%94-Mozilla-Firefox.png?fit=300%2C150&amp;ssl=1\" class=\"attachment-medium size-medium wp-image-17331\" alt=\"\" \/><\/div><\/a>\n\t\t\t\t<div class=\"elementor-post__badge\">Notizia<\/div>\n\t\t\t\t<div class=\"elementor-post__avatar\">\n\t\t\t\t\t<\/div>\n\t\t\t\t<div class=\"elementor-post__text\">\n\t\t\t\t<h3 class=\"elementor-post__title\">\n\t\t\t<a href=\"https:\/\/www.grupocatala.com\/it\/vara-visita-el-escobar-a-merida\/\" >\n\t\t\t\tVara visita El Escobar a M\u00e9rida\t\t\t<\/a>\n\t\t<\/h3>\n\t\t\t\t<div class=\"elementor-post__excerpt\">\n\t\t\t<p>Immagini del candidato del PSOE alla rielezione alla Presidenza della Giunta dell\u2019Estremadura, Guillermo Fern\u00e1ndez Vara, che ha visitato il centro ortofrutticolo El Escobar a M\u00e9rida, accompagnato dai suoi responsabili, dalla<\/p>\n\t\t<\/div>\n\t\t\t\t<\/div>\n\t\t\t\t\t<\/div>\n\t\t<\/article>\n\t\t\t\t<article class=\"elementor-post elementor-grid-item post-11102 post type-post status-publish format-standard has-post-thumbnail hentry category-notizia tag-facebook-it tag-gruppo-catala tag-infojobs-it tag-instagram-it tag-linkedin-it tag-reti tag-social-it tag-twitter-it\" role=\"listitem\">\n\t\t\t<div class=\"elementor-post__card\">\n\t\t\t\t<a class=\"elementor-post__thumbnail__link\" href=\"https:\/\/www.grupocatala.com\/it\/presenza-nei-social-network\/\" tabindex=\"-1\" ><div class=\"elementor-post__thumbnail\"><img loading=\"lazy\" decoding=\"async\" width=\"300\" height=\"300\" src=\"https:\/\/i0.wp.com\/www.grupocatala.com\/wp-content\/uploads\/2021\/08\/photo_2021-08-17_11-26-43-1-e1629200374446.jpg?fit=300%2C300&amp;ssl=1\" class=\"attachment-medium size-medium wp-image-11096\" alt=\"\" \/><\/div><\/a>\n\t\t\t\t<div class=\"elementor-post__badge\">Notizia<\/div>\n\t\t\t\t<div class=\"elementor-post__avatar\">\n\t\t\t\t\t<\/div>\n\t\t\t\t<div class=\"elementor-post__text\">\n\t\t\t\t<h3 class=\"elementor-post__title\">\n\t\t\t<a href=\"https:\/\/www.grupocatala.com\/it\/presenza-nei-social-network\/\" >\n\t\t\t\tPresenza nei social network\t\t\t<\/a>\n\t\t<\/h3>\n\t\t\t\t<div class=\"elementor-post__excerpt\">\n\t\t\t<p>Se vuoi conoscere tutte le nostre ultime novit\u00e0, siamo lieti di annunciare che siamo nei pi\u00f9 importanti e popolari social network esistenti oggi, non esitare a seguirci su di loro<\/p>\n\t\t<\/div>\n\t\t\t\t<\/div>\n\t\t\t\t\t<\/div>\n\t\t<\/article>\n\t\t\t\t<article class=\"elementor-post elementor-grid-item post-10549 post type-post status-publish format-standard has-post-thumbnail hentry category-notizia tag-agricoltura tag-catafruit-it tag-esportazione tag-frutta tag-futuro-it tag-governo tag-gruppo-catala tag-municipio tag-ricchezza tag-strutture tag-team-it tag-villena-it tag-visita-it\" role=\"listitem\">\n\t\t\t<div class=\"elementor-post__card\">\n\t\t\t\t<a class=\"elementor-post__thumbnail__link\" href=\"https:\/\/www.grupocatala.com\/it\/il-team-del-governo-visita-le-strutture-dellazienda-catafruit\/\" tabindex=\"-1\" ><div class=\"elementor-post__thumbnail\"><img loading=\"lazy\" decoding=\"async\" width=\"300\" height=\"200\" src=\"https:\/\/i0.wp.com\/www.grupocatala.com\/wp-content\/uploads\/2021\/06\/6rHOkuoh4GUJMH23-e1622714671998.jpeg?fit=300%2C200&amp;ssl=1\" class=\"attachment-medium size-medium wp-image-10538\" alt=\"\" \/><\/div><\/a>\n\t\t\t\t<div class=\"elementor-post__badge\">Notizia<\/div>\n\t\t\t\t<div class=\"elementor-post__avatar\">\n\t\t\t\t\t<\/div>\n\t\t\t\t<div class=\"elementor-post__text\">\n\t\t\t\t<h3 class=\"elementor-post__title\">\n\t\t\t<a href=\"https:\/\/www.grupocatala.com\/it\/il-team-del-governo-visita-le-strutture-dellazienda-catafruit\/\" >\n\t\t\t\tIl team del governo visita le strutture dell&#8217;azienda Catafruit\t\t\t<\/a>\n\t\t<\/h3>\n\t\t\t\t<div class=\"elementor-post__excerpt\">\n\t\t\t<p>Il sindaco di Villena, Fulgencio Cerd\u00e1n, e il primo vicesindaco, Francisco Iniesta, accompagnati dal sindaco dell&#8217;Urbanistica, Javier Mart\u00ednez, hanno visitato oggi le strutture dell&#8217;azienda Catafruit, del Grupo Catal\u00e1 a Villena<\/p>\n\t\t<\/div>\n\t\t\t\t<\/div>\n\t\t\t\t\t<\/div>\n\t\t<\/article>\n\t\t\t\t<article class=\"elementor-post elementor-grid-item post-10530 post type-post status-publish format-standard has-post-thumbnail hentry category-notizia tag-covid-it tag-covid-19-it tag-frutta tag-grup-catala-it tag-grupcatala-it tag-gruppo-catala tag-la-portella-it tag-lleida-it tag-salute tag-vaccino\" role=\"listitem\">\n\t\t\t<div class=\"elementor-post__card\">\n\t\t\t\t<a class=\"elementor-post__thumbnail__link\" href=\"https:\/\/www.grupocatala.com\/it\/vaccinazione-dei-lavoratori-del-grupo-catala\/\" tabindex=\"-1\" ><div class=\"elementor-post__thumbnail\"><img loading=\"lazy\" decoding=\"async\" width=\"300\" height=\"223\" src=\"https:\/\/i0.wp.com\/www.grupocatala.com\/wp-content\/uploads\/2021\/05\/photo_2021-05-31_14-02-43-e1622471931435.jpg?fit=300%2C223&amp;ssl=1\" class=\"attachment-medium size-medium wp-image-10519\" alt=\"\" \/><\/div><\/a>\n\t\t\t\t<div class=\"elementor-post__badge\">Notizia<\/div>\n\t\t\t\t<div class=\"elementor-post__avatar\">\n\t\t\t\t\t<\/div>\n\t\t\t\t<div class=\"elementor-post__text\">\n\t\t\t\t<h3 class=\"elementor-post__title\">\n\t\t\t<a href=\"https:\/\/www.grupocatala.com\/it\/vaccinazione-dei-lavoratori-del-grupo-catala\/\" >\n\t\t\t\tVaccinazione dei lavoratori del Grupo Catal\u00e0\t\t\t<\/a>\n\t\t<\/h3>\n\t\t\t\t<div class=\"elementor-post__excerpt\">\n\t\t\t<p>Siamo lieti di annunciare che presso il centro di lavoro del Grupo Catal\u00e0 a Lleida, \u00e8 stata effettuata una massiccia vaccinazione come politica contro la pandemia COVD-19. Ottime notizie per<\/p>\n\t\t<\/div>\n\t\t\t\t<\/div>\n\t\t\t\t\t<\/div>\n\t\t<\/article>\n\t\t\t\t<article class=\"elementor-post elementor-grid-item post-10498 post type-post status-publish format-standard has-post-thumbnail hentry category-notizia tag-attivita tag-bianco tag-boys-it tag-catala-group-it tag-collaborazione tag-girls-it tag-gratitudine tag-grup-catala-it tag-grupcatala-it tag-la-portella-it tag-lleida-it tag-nens-it tag-scuola tag-villalonga-it\" role=\"listitem\">\n\t\t\t<div class=\"elementor-post__card\">\n\t\t\t\t<a class=\"elementor-post__thumbnail__link\" href=\"https:\/\/www.grupocatala.com\/it\/visita-molto-speciale-i-ragazzi-e-le-ragazze-della-escola-blanca-villalonga\/\" tabindex=\"-1\" ><div class=\"elementor-post__thumbnail\"><img loading=\"lazy\" decoding=\"async\" width=\"300\" height=\"232\" src=\"https:\/\/i0.wp.com\/www.grupocatala.com\/wp-content\/uploads\/2021\/04\/WhatsApp-Image-2021-04-22-at-11.33.54-e1619089232624.jpeg?fit=300%2C232&amp;ssl=1\" class=\"attachment-medium size-medium wp-image-10505\" alt=\"\" srcset=\"https:\/\/i0.wp.com\/www.grupocatala.com\/wp-content\/uploads\/2021\/04\/WhatsApp-Image-2021-04-22-at-11.33.54-e1619089232624.jpeg?w=650&amp;ssl=1 650w, https:\/\/i0.wp.com\/www.grupocatala.com\/wp-content\/uploads\/2021\/04\/WhatsApp-Image-2021-04-22-at-11.33.54-e1619089232624.jpeg?resize=600%2C463&amp;ssl=1 600w\" sizes=\"(max-width: 300px) 100vw, 300px\" \/><\/div><\/a>\n\t\t\t\t<div class=\"elementor-post__badge\">Notizia<\/div>\n\t\t\t\t<div class=\"elementor-post__avatar\">\n\t\t\t\t\t<\/div>\n\t\t\t\t<div class=\"elementor-post__text\">\n\t\t\t\t<h3 class=\"elementor-post__title\">\n\t\t\t<a href=\"https:\/\/www.grupocatala.com\/it\/visita-molto-speciale-i-ragazzi-e-le-ragazze-della-escola-blanca-villalonga\/\" >\n\t\t\t\tVisita molto speciale: i ragazzi e le ragazze della Escola Blanca Villalonga\t\t\t<\/a>\n\t\t<\/h3>\n\t\t\t\t<div class=\"elementor-post__excerpt\">\n\t\t\t<p>Al Grupo Catal\u00e0 abbiamo avuto il piacere di organizzare una visita molto speciale: i ragazzi e le ragazze della @escolablancavillalonga ???? Hanno potuto conoscere diverse variet\u00e0 di mele e pere,<\/p>\n\t\t<\/div>\n\t\t\t\t<\/div>\n\t\t\t\t\t<\/div>\n\t\t<\/article>\n\t\t\t\t<article class=\"elementor-post elementor-grid-item post-9803 post type-post status-publish format-standard has-post-thumbnail hentry category-notizia tag-aiuto tag-alimenti tag-aliments-it tag-banc-it tag-banca tag-bisognosi tag-collaborazione tag-donazione tag-frutta tag-gratitudine tag-grup-catala-it tag-grupcatala-it tag-grupocatala-it tag-gruppo-catala tag-solidarieta\" role=\"listitem\">\n\t\t\t<div class=\"elementor-post__card\">\n\t\t\t\t<a class=\"elementor-post__thumbnail__link\" href=\"https:\/\/www.grupocatala.com\/it\/grupo-catala-collaborazione-con-banche-alimentari\/\" tabindex=\"-1\" ><div class=\"elementor-post__thumbnail\"><img loading=\"lazy\" decoding=\"async\" width=\"300\" height=\"300\" src=\"https:\/\/i0.wp.com\/www.grupocatala.com\/wp-content\/uploads\/2021\/02\/Banco-de-alimentos-1-e1619027467746.jpg?fit=300%2C300&amp;ssl=1\" class=\"attachment-medium size-medium wp-image-9712\" alt=\"\" srcset=\"https:\/\/i0.wp.com\/www.grupocatala.com\/wp-content\/uploads\/2021\/02\/Banco-de-alimentos-1-e1619027467746.jpg?w=450&amp;ssl=1 450w, https:\/\/i0.wp.com\/www.grupocatala.com\/wp-content\/uploads\/2021\/02\/Banco-de-alimentos-1-e1619027467746.jpg?resize=300%2C300&amp;ssl=1 300w, https:\/\/i0.wp.com\/www.grupocatala.com\/wp-content\/uploads\/2021\/02\/Banco-de-alimentos-1-e1619027467746.jpg?resize=100%2C100&amp;ssl=1 100w\" sizes=\"(max-width: 300px) 100vw, 300px\" \/><\/div><\/a>\n\t\t\t\t<div class=\"elementor-post__badge\">Notizia<\/div>\n\t\t\t\t<div class=\"elementor-post__avatar\">\n\t\t\t\t\t<\/div>\n\t\t\t\t<div class=\"elementor-post__text\">\n\t\t\t\t<h3 class=\"elementor-post__title\">\n\t\t\t<a href=\"https:\/\/www.grupocatala.com\/it\/grupo-catala-collaborazione-con-banche-alimentari\/\" >\n\t\t\t\tGrupo Catal\u00e0 collaborazione con banche alimentari\t\t\t<\/a>\n\t\t<\/h3>\n\t\t\t\t<div class=\"elementor-post__excerpt\">\n\t\t\t<p>Il Grupo Catal\u00e0 porta avanti una politica annuale attiva di collaborazione con i diversi banchi alimentari stabiliti nel nostro territorio. In questo senso, siamo lieti di continuare con il continuo<\/p>\n\t\t<\/div>\n\t\t\t\t<\/div>\n\t\t\t\t\t<\/div>\n\t\t<\/article>\n\t\t\t\t<article class=\"elementor-post elementor-grid-item post-9834 post type-post status-publish format-standard has-post-thumbnail hentry category-notizia tag-altruistico tag-collaborazione tag-disinteressato tag-donazione tag-fondazione tag-frutta tag-gratitudine tag-grup-catala-it tag-grupcatala-it tag-grupocatala-it tag-gruppo-catala tag-lavoro tag-municipio tag-riconoscimento tag-santa-cruz-it tag-solidale tag-svantaggiato tag-tenerife-it\" role=\"listitem\">\n\t\t\t<div class=\"elementor-post__card\">\n\t\t\t\t<a class=\"elementor-post__thumbnail__link\" href=\"https:\/\/www.grupocatala.com\/it\/grupo-catala-opera-altruistica-e-solidale\/\" tabindex=\"-1\" ><div class=\"elementor-post__thumbnail\"><img loading=\"lazy\" decoding=\"async\" width=\"300\" height=\"262\" src=\"https:\/\/i0.wp.com\/www.grupocatala.com\/wp-content\/uploads\/2021\/02\/ayuntamiento_santacruz_de_tenerife.jpg?fit=300%2C262&amp;ssl=1\" class=\"attachment-medium size-medium wp-image-9737\" alt=\"\" srcset=\"https:\/\/i0.wp.com\/www.grupocatala.com\/wp-content\/uploads\/2021\/02\/ayuntamiento_santacruz_de_tenerife.jpg?w=486&amp;ssl=1 486w, https:\/\/i0.wp.com\/www.grupocatala.com\/wp-content\/uploads\/2021\/02\/ayuntamiento_santacruz_de_tenerife.jpg?resize=300%2C262&amp;ssl=1 300w\" sizes=\"(max-width: 300px) 100vw, 300px\" \/><\/div><\/a>\n\t\t\t\t<div class=\"elementor-post__badge\">Notizia<\/div>\n\t\t\t\t<div class=\"elementor-post__avatar\">\n\t\t\t\t\t<\/div>\n\t\t\t\t<div class=\"elementor-post__text\">\n\t\t\t\t<h3 class=\"elementor-post__title\">\n\t\t\t<a href=\"https:\/\/www.grupocatala.com\/it\/grupo-catala-opera-altruistica-e-solidale\/\" >\n\t\t\t\tGrupo Catal\u00e0 opera altruistica e solidale\t\t\t<\/a>\n\t\t<\/h3>\n\t\t\t\t<div class=\"elementor-post__excerpt\">\n\t\t\t<p>L&#8217;On. Il Comune di Santa Cruz de Santiago de Tenerife assegna un riconoscimento alla societ\u00e0 Grupo Catal\u00e0, in riconoscimento del grande lavoro altruistico e solidale svolto con i pi\u00f9 svantaggiati.<\/p>\n\t\t<\/div>\n\t\t\t\t<\/div>\n\t\t\t\t\t<\/div>\n\t\t<\/article>\n\t\t\t\t<article class=\"elementor-post elementor-grid-item post-9824 post type-post status-publish format-standard has-post-thumbnail hentry category-notizia tag-anziani tag-collaborazione tag-donazione tag-fondazione tag-frutta tag-gratitudine tag-grup-catala-it tag-grupcatala-it tag-gruppo-catala tag-la-laguna-it tag-riconoscimento tag-senzatetto tag-solidarieta tag-sorelline\" role=\"listitem\">\n\t\t\t<div class=\"elementor-post__card\">\n\t\t\t\t<a class=\"elementor-post__thumbnail__link\" href=\"https:\/\/www.grupocatala.com\/it\/piccole-sorelle-degli-anziani-indifesi\/\" tabindex=\"-1\" ><div class=\"elementor-post__thumbnail\"><img loading=\"lazy\" decoding=\"async\" width=\"240\" height=\"300\" src=\"https:\/\/i0.wp.com\/www.grupocatala.com\/wp-content\/uploads\/2021\/02\/HAD-escut.jpg?fit=240%2C300&amp;ssl=1\" class=\"attachment-medium size-medium wp-image-9754\" alt=\"\" srcset=\"https:\/\/i0.wp.com\/www.grupocatala.com\/wp-content\/uploads\/2021\/02\/HAD-escut.jpg?w=250&amp;ssl=1 250w, https:\/\/i0.wp.com\/www.grupocatala.com\/wp-content\/uploads\/2021\/02\/HAD-escut.jpg?resize=240%2C300&amp;ssl=1 240w\" sizes=\"(max-width: 240px) 100vw, 240px\" \/><\/div><\/a>\n\t\t\t\t<div class=\"elementor-post__badge\">Notizia<\/div>\n\t\t\t\t<div class=\"elementor-post__avatar\">\n\t\t\t\t\t<\/div>\n\t\t\t\t<div class=\"elementor-post__text\">\n\t\t\t\t<h3 class=\"elementor-post__title\">\n\t\t\t<a href=\"https:\/\/www.grupocatala.com\/it\/piccole-sorelle-degli-anziani-indifesi\/\" >\n\t\t\t\tPiccole sorelle degli anziani indifesi\t\t\t<\/a>\n\t\t<\/h3>\n\t\t\t\t<div class=\"elementor-post__excerpt\">\n\t\t\t<p>From Home Stmo. Cristo de La Laguna, Piccole Sorelle degli Anziani Indifesi, ea nome della Superiora della Casa, attestano il lavoro di collaborazione e la loro gratitudine con la compagnia<\/p>\n\t\t<\/div>\n\t\t\t\t<\/div>\n\t\t\t\t\t<\/div>\n\t\t<\/article>\n\t\t\t\t<article class=\"elementor-post elementor-grid-item post-9685 post type-post status-publish format-standard has-post-thumbnail hentry category-notizia tag-arnau-it tag-collaborazione tag-donazione tag-fondazione tag-gratitudine tag-grup-catala-it tag-grupcatala-it tag-gruppo-catala tag-irb-it tag-lleida-it tag-medico tag-ospedale tag-ricerca tag-solidarieta tag-vilanova-it\" role=\"listitem\">\n\t\t\t<div class=\"elementor-post__card\">\n\t\t\t\t<a class=\"elementor-post__thumbnail__link\" href=\"https:\/\/www.grupocatala.com\/it\/il-grupo-catala-dona-fondi-allirb-lleida\/\" tabindex=\"-1\" ><div class=\"elementor-post__thumbnail\"><img loading=\"lazy\" decoding=\"async\" width=\"300\" height=\"110\" src=\"https:\/\/i0.wp.com\/www.grupocatala.com\/wp-content\/uploads\/2021\/02\/arnau-vilanoba-IRB-Lleida.jpg?fit=300%2C110&amp;ssl=1\" class=\"attachment-medium size-medium wp-image-9672\" alt=\"\" srcset=\"https:\/\/i0.wp.com\/www.grupocatala.com\/wp-content\/uploads\/2021\/02\/arnau-vilanoba-IRB-Lleida.jpg?w=450&amp;ssl=1 450w, https:\/\/i0.wp.com\/www.grupocatala.com\/wp-content\/uploads\/2021\/02\/arnau-vilanoba-IRB-Lleida.jpg?resize=300%2C110&amp;ssl=1 300w\" sizes=\"(max-width: 300px) 100vw, 300px\" \/><\/div><\/a>\n\t\t\t\t<div class=\"elementor-post__badge\">Notizia<\/div>\n\t\t\t\t<div class=\"elementor-post__avatar\">\n\t\t\t\t\t<\/div>\n\t\t\t\t<div class=\"elementor-post__text\">\n\t\t\t\t<h3 class=\"elementor-post__title\">\n\t\t\t<a href=\"https:\/\/www.grupocatala.com\/it\/il-grupo-catala-dona-fondi-allirb-lleida\/\" >\n\t\t\t\tIl Grupo Catal\u00e0 dona fondi all&#8217;IRB Lleida\t\t\t<\/a>\n\t\t<\/h3>\n\t\t\t\t<div class=\"elementor-post__excerpt\">\n\t\t\t<p>Grupo Catal\u00e0 fa una donazione annuale all&#8217;Istituto di ricerca biomedica di Lleida, Fondazione Dr.Pifarr\u00e9 La donazione sar\u00e0 utilizzata per promuovere, sviluppare, gestire e diffondere la ricerca biomedica di base, traslazionale<\/p>\n\t\t<\/div>\n\t\t\t\t<\/div>\n\t\t\t\t\t<\/div>\n\t\t<\/article>\n\t\t\t\t<article class=\"elementor-post elementor-grid-item post-9810 post type-post status-publish format-standard has-post-thumbnail hentry category-notizia tag-collaborazione tag-disinteressato tag-donazione tag-faccine tag-fondazione tag-frutta tag-gratitudine tag-grup-catala-it tag-grupcatala-it tag-gruppo-catala tag-riconoscimento tag-solidale tag-svantaggiato\" role=\"listitem\">\n\t\t\t<div class=\"elementor-post__card\">\n\t\t\t\t<a class=\"elementor-post__thumbnail__link\" href=\"https:\/\/www.grupocatala.com\/it\/grupo-catala-collaborazione-con-caritas\/\" tabindex=\"-1\" ><div class=\"elementor-post__thumbnail\"><img loading=\"lazy\" decoding=\"async\" width=\"280\" height=\"280\" src=\"https:\/\/i0.wp.com\/www.grupocatala.com\/wp-content\/uploads\/2021\/02\/logo_2x_caritas.png?fit=280%2C280&amp;ssl=1\" class=\"attachment-medium size-medium wp-image-9746\" alt=\"\" srcset=\"https:\/\/i0.wp.com\/www.grupocatala.com\/wp-content\/uploads\/2021\/02\/logo_2x_caritas.png?w=280&amp;ssl=1 280w, https:\/\/i0.wp.com\/www.grupocatala.com\/wp-content\/uploads\/2021\/02\/logo_2x_caritas.png?resize=100%2C100&amp;ssl=1 100w, https:\/\/i0.wp.com\/www.grupocatala.com\/wp-content\/uploads\/2021\/02\/logo_2x_caritas.png?resize=150%2C150&amp;ssl=1 150w\" sizes=\"(max-width: 280px) 100vw, 280px\" \/><\/div><\/a>\n\t\t\t\t<div class=\"elementor-post__badge\">Notizia<\/div>\n\t\t\t\t<div class=\"elementor-post__avatar\">\n\t\t\t\t\t<\/div>\n\t\t\t\t<div class=\"elementor-post__text\">\n\t\t\t\t<h3 class=\"elementor-post__title\">\n\t\t\t<a href=\"https:\/\/www.grupocatala.com\/it\/grupo-catala-collaborazione-con-caritas\/\" >\n\t\t\t\tGrupo Catal\u00e0 collaborazione con C\u00e1ritas\t\t\t<\/a>\n\t\t<\/h3>\n\t\t\t\t<div class=\"elementor-post__excerpt\">\n\t\t\t<p>C\u00e1ritas Parroquial de Granadilla in riconoscimento della sua collaborazione disinteressata con i pi\u00f9 svantaggiati alla societ\u00e0 Grupo Catal\u00e0<\/p>\n\t\t<\/div>\n\t\t\t\t<\/div>\n\t\t\t\t\t<\/div>\n\t\t<\/article>\n\t\t\t\t<article class=\"elementor-post elementor-grid-item post-9507 post type-post status-publish format-standard has-post-thumbnail hentry category-notizia tag-frutta tag-grup-catala-it tag-grupcatala-it tag-grupo-catala-it tag-grupocatala-it tag-montsec-it tag-sponsor-it tag-sport-it tag-trail-it tag-ultra-it\" role=\"listitem\">\n\t\t\t<div class=\"elementor-post__card\">\n\t\t\t\t<a class=\"elementor-post__thumbnail__link\" href=\"https:\/\/www.grupocatala.com\/it\/grupo-catala-sponsor-del-montsec-ultra-trail\/\" tabindex=\"-1\" ><div class=\"elementor-post__thumbnail\"><img loading=\"lazy\" decoding=\"async\" width=\"140\" height=\"140\" src=\"https:\/\/i0.wp.com\/www.grupocatala.com\/wp-content\/uploads\/2021\/02\/400dpiLogoCropped.png?fit=140%2C140&amp;ssl=1\" class=\"attachment-medium size-medium wp-image-9505\" alt=\"\" srcset=\"https:\/\/i0.wp.com\/www.grupocatala.com\/wp-content\/uploads\/2021\/02\/400dpiLogoCropped.png?w=140&amp;ssl=1 140w, https:\/\/i0.wp.com\/www.grupocatala.com\/wp-content\/uploads\/2021\/02\/400dpiLogoCropped.png?resize=100%2C100&amp;ssl=1 100w\" sizes=\"(max-width: 140px) 100vw, 140px\" \/><\/div><\/a>\n\t\t\t\t<div class=\"elementor-post__badge\">Notizia<\/div>\n\t\t\t\t<div class=\"elementor-post__avatar\">\n\t\t\t\t\t<\/div>\n\t\t\t\t<div class=\"elementor-post__text\">\n\t\t\t\t<h3 class=\"elementor-post__title\">\n\t\t\t<a href=\"https:\/\/www.grupocatala.com\/it\/grupo-catala-sponsor-del-montsec-ultra-trail\/\" >\n\t\t\t\tGrupo Catal\u00e0 sponsor del Montsec Ultra Trail\t\t\t<\/a>\n\t\t<\/h3>\n\t\t\t\t<div class=\"elementor-post__excerpt\">\n\t\t\t<p>Gara in montagna di 93 km e 6.590 m di pendenza positiva. Gara molto dura con pendii ripidi e terreno molto tecnico, ci sono anche passaggi aerei, non adatti a<\/p>\n\t\t<\/div>\n\t\t\t\t<\/div>\n\t\t\t\t\t<\/div>\n\t\t<\/article>\n\t\t\t\t<article class=\"elementor-post elementor-grid-item post-9573 post type-post status-publish format-standard has-post-thumbnail hentry category-notizia tag-altezza tag-frutta tag-grup-catala-it tag-grupcatala-it tag-gruppo-catala tag-meli tag-montagna tag-qualita tag-realta\" role=\"listitem\">\n\t\t\t<div class=\"elementor-post__card\">\n\t\t\t\t<a class=\"elementor-post__thumbnail__link\" href=\"https:\/\/www.grupocatala.com\/it\/meleti-di-montagna-in-catalogna-una-realta\/\" tabindex=\"-1\" ><div class=\"elementor-post__thumbnail\"><img loading=\"lazy\" decoding=\"async\" width=\"300\" height=\"171\" src=\"https:\/\/i0.wp.com\/www.grupocatala.com\/wp-content\/uploads\/2021\/02\/primera.jpg?fit=300%2C171&amp;ssl=1\" class=\"attachment-medium size-medium wp-image-9563\" alt=\"\" srcset=\"https:\/\/i0.wp.com\/www.grupocatala.com\/wp-content\/uploads\/2021\/02\/primera.jpg?w=580&amp;ssl=1 580w, https:\/\/i0.wp.com\/www.grupocatala.com\/wp-content\/uploads\/2021\/02\/primera.jpg?resize=300%2C171&amp;ssl=1 300w\" sizes=\"(max-width: 300px) 100vw, 300px\" \/><\/div><\/a>\n\t\t\t\t<div class=\"elementor-post__badge\">Notizia<\/div>\n\t\t\t\t<div class=\"elementor-post__avatar\">\n\t\t\t\t\t<\/div>\n\t\t\t\t<div class=\"elementor-post__text\">\n\t\t\t\t<h3 class=\"elementor-post__title\">\n\t\t\t<a href=\"https:\/\/www.grupocatala.com\/it\/meleti-di-montagna-in-catalogna-una-realta\/\" >\n\t\t\t\tMeleti di montagna in Catalogna, una realt\u00e0\t\t\t<\/a>\n\t\t<\/h3>\n\t\t\t\t<div class=\"elementor-post__excerpt\">\n\t\t\t<p>Il progetto di frutticoltura di montagna in Catalogna \u00e8 iniziato nel 2009 quando IRTA (Istituto di ricerca e tecnologia agroalimentare) e ADRR (Associazione per lo sviluppo della Ribagor\u00e7a romanica) hanno<\/p>\n\t\t<\/div>\n\t\t\t\t<\/div>\n\t\t\t\t\t<\/div>\n\t\t<\/article>\n\t\t\t\t<article class=\"elementor-post elementor-grid-item post-9792 post type-post status-publish format-standard has-post-thumbnail hentry category-notizia tag-afruex-it tag-brasile tag-escobar-it tag-esportazione tag-estremadura tag-frutta tag-grup-catala-it tag-grupcatala-it tag-gruppo-catala tag-merida-it tag-prugna\" role=\"listitem\">\n\t\t\t<div class=\"elementor-post__card\">\n\t\t\t\t<a class=\"elementor-post__thumbnail__link\" href=\"https:\/\/www.grupocatala.com\/it\/la-prugna-dellestremadura-torna-in-brasile\/\" tabindex=\"-1\" ><div class=\"elementor-post__thumbnail\"><img loading=\"lazy\" decoding=\"async\" width=\"300\" height=\"144\" src=\"https:\/\/i0.wp.com\/www.grupocatala.com\/wp-content\/uploads\/2021\/02\/afruex-brasil-820x394-1.jpg?fit=300%2C144&amp;ssl=1\" class=\"attachment-medium size-medium wp-image-9762\" alt=\"\" srcset=\"https:\/\/i0.wp.com\/www.grupocatala.com\/wp-content\/uploads\/2021\/02\/afruex-brasil-820x394-1.jpg?w=820&amp;ssl=1 820w, https:\/\/i0.wp.com\/www.grupocatala.com\/wp-content\/uploads\/2021\/02\/afruex-brasil-820x394-1.jpg?resize=600%2C288&amp;ssl=1 600w, https:\/\/i0.wp.com\/www.grupocatala.com\/wp-content\/uploads\/2021\/02\/afruex-brasil-820x394-1.jpg?resize=300%2C144&amp;ssl=1 300w, https:\/\/i0.wp.com\/www.grupocatala.com\/wp-content\/uploads\/2021\/02\/afruex-brasil-820x394-1.jpg?resize=768%2C369&amp;ssl=1 768w\" sizes=\"(max-width: 300px) 100vw, 300px\" \/><\/div><\/a>\n\t\t\t\t<div class=\"elementor-post__badge\">Notizia<\/div>\n\t\t\t\t<div class=\"elementor-post__avatar\">\n\t\t\t\t\t<\/div>\n\t\t\t\t<div class=\"elementor-post__text\">\n\t\t\t\t<h3 class=\"elementor-post__title\">\n\t\t\t<a href=\"https:\/\/www.grupocatala.com\/it\/la-prugna-dellestremadura-torna-in-brasile\/\" >\n\t\t\t\tLa prugna dell&#8217;Estremadura torna in Brasile\t\t\t<\/a>\n\t\t<\/h3>\n\t\t\t\t<div class=\"elementor-post__excerpt\">\n\t\t\t<p>Le autorit\u00e0 brasiliane hanno inviato al Ministero dell&#8217;Agricoltura la loro approvazione del piano di gestione della coltivazione delle susine proposto. Afruex, l&#8217;associazione delle drupacee dell&#8217;Estremadura, spera quindi che nella prossima<\/p>\n\t\t<\/div>\n\t\t\t\t<\/div>\n\t\t\t\t\t<\/div>\n\t\t<\/article>\n\t\t\t\t<article class=\"elementor-post elementor-grid-item post-9416 post type-post status-publish format-standard has-post-thumbnail hentry category-notizia tag-catafruit-it tag-esportazione tag-frutta tag-grup-catala-it tag-grupcatala-it tag-gruppo-catala tag-porto tag-secco tag-villena-it\" role=\"listitem\">\n\t\t\t<div class=\"elementor-post__card\">\n\t\t\t\t<a class=\"elementor-post__thumbnail__link\" href=\"https:\/\/www.grupocatala.com\/it\/porto-secco-a-villena\/\" tabindex=\"-1\" ><div class=\"elementor-post__thumbnail\"><img loading=\"lazy\" decoding=\"async\" width=\"300\" height=\"156\" src=\"https:\/\/i0.wp.com\/www.grupocatala.com\/wp-content\/uploads\/2021\/02\/Visita-Grupo-Catala-Puerto-Seco-1-780x405-1.jpeg?fit=300%2C156&amp;ssl=1\" class=\"attachment-medium size-medium wp-image-9399\" alt=\"\" srcset=\"https:\/\/i0.wp.com\/www.grupocatala.com\/wp-content\/uploads\/2021\/02\/Visita-Grupo-Catala-Puerto-Seco-1-780x405-1.jpeg?w=780&amp;ssl=1 780w, https:\/\/i0.wp.com\/www.grupocatala.com\/wp-content\/uploads\/2021\/02\/Visita-Grupo-Catala-Puerto-Seco-1-780x405-1.jpeg?resize=600%2C312&amp;ssl=1 600w, https:\/\/i0.wp.com\/www.grupocatala.com\/wp-content\/uploads\/2021\/02\/Visita-Grupo-Catala-Puerto-Seco-1-780x405-1.jpeg?resize=300%2C156&amp;ssl=1 300w, https:\/\/i0.wp.com\/www.grupocatala.com\/wp-content\/uploads\/2021\/02\/Visita-Grupo-Catala-Puerto-Seco-1-780x405-1.jpeg?resize=768%2C399&amp;ssl=1 768w\" sizes=\"(max-width: 300px) 100vw, 300px\" \/><\/div><\/a>\n\t\t\t\t<div class=\"elementor-post__badge\">Notizia<\/div>\n\t\t\t\t<div class=\"elementor-post__avatar\">\n\t\t\t\t\t<\/div>\n\t\t\t\t<div class=\"elementor-post__text\">\n\t\t\t\t<h3 class=\"elementor-post__title\">\n\t\t\t<a href=\"https:\/\/www.grupocatala.com\/it\/porto-secco-a-villena\/\" >\n\t\t\t\tPorto secco a Villena\t\t\t<\/a>\n\t\t<\/h3>\n\t\t\t\t<div class=\"elementor-post__excerpt\">\n\t\t\t<p>Anche il Grupo Catal\u00e1, responsabile di Los Frutales, \u00e8 impegnato nel Puerto Seco a Villena Il sindaco e gli assessori all&#8217;agricoltura e all&#8217;industria incontrano il Grupo Catal\u00e1, importante azienda frutticola<\/p>\n\t\t<\/div>\n\t\t\t\t<\/div>\n\t\t\t\t\t<\/div>\n\t\t<\/article>\n\t\t\t\t<article class=\"elementor-post elementor-grid-item post-9434 post type-post status-publish format-standard has-post-thumbnail hentry category-notizia tag-frutta tag-greefa-it tag-grup-catala-it tag-grupcatala-it tag-grupo-catala-it tag-grupocatala-it tag-industrializzazione tag-intelligenza-artificiale tag-produzione tag-qualita tag-tecnologia-it\" role=\"listitem\">\n\t\t\t<div class=\"elementor-post__card\">\n\t\t\t\t<a class=\"elementor-post__thumbnail__link\" href=\"https:\/\/www.grupocatala.com\/it\/intelligenza-artificiale\/\" tabindex=\"-1\" ><div class=\"elementor-post__thumbnail\"><img loading=\"lazy\" decoding=\"async\" width=\"300\" height=\"201\" src=\"https:\/\/i0.wp.com\/www.grupocatala.com\/wp-content\/uploads\/2021\/02\/Sant-Domenech-2017-14-e1619089298697.jpg?fit=300%2C201&amp;ssl=1\" class=\"attachment-medium size-medium wp-image-9424\" alt=\"\" srcset=\"https:\/\/i0.wp.com\/www.grupocatala.com\/wp-content\/uploads\/2021\/02\/Sant-Domenech-2017-14-e1619089298697.jpg?w=650&amp;ssl=1 650w, https:\/\/i0.wp.com\/www.grupocatala.com\/wp-content\/uploads\/2021\/02\/Sant-Domenech-2017-14-e1619089298697.jpg?resize=600%2C402&amp;ssl=1 600w\" sizes=\"(max-width: 300px) 100vw, 300px\" \/><\/div><\/a>\n\t\t\t\t<div class=\"elementor-post__badge\">Notizia<\/div>\n\t\t\t\t<div class=\"elementor-post__avatar\">\n\t\t\t\t\t<\/div>\n\t\t\t\t<div class=\"elementor-post__text\">\n\t\t\t\t<h3 class=\"elementor-post__title\">\n\t\t\t<a href=\"https:\/\/www.grupocatala.com\/it\/intelligenza-artificiale\/\" >\n\t\t\t\tIntelligenza artificiale\t\t\t<\/a>\n\t\t<\/h3>\n\t\t\t\t<div class=\"elementor-post__excerpt\">\n\t\t\t<p>Al Grupo Catal\u00e0 abbiamo un grande impianto di pre-calibrazione e diverse linee di smistamento e confezionamento con macchine Greefa CombiSort e GeoSort. Ci permette una gestione completa della frutta dal<\/p>\n\t\t<\/div>\n\t\t\t\t<\/div>\n\t\t\t\t\t<\/div>\n\t\t<\/article>\n\t\t\t\t<article class=\"elementor-post elementor-grid-item post-5931 post type-post status-publish format-standard has-post-thumbnail hentry category-notizia tag-covid-it tag-covid-19-it tag-escobar-it tag-estremadura tag-frutta tag-grup-catala-it tag-grupcatala-it tag-gruppo-catala tag-maschere\" role=\"listitem\">\n\t\t\t<div class=\"elementor-post__card\">\n\t\t\t\t<a class=\"elementor-post__thumbnail__link\" href=\"https:\/\/www.grupocatala.com\/it\/covid-19\/\" tabindex=\"-1\" ><div class=\"elementor-post__thumbnail\"><img loading=\"lazy\" decoding=\"async\" width=\"300\" height=\"152\" src=\"https:\/\/i0.wp.com\/www.grupocatala.com\/wp-content\/uploads\/2020\/04\/catala_escobar-e1619089276782.png?fit=300%2C152&amp;ssl=1\" class=\"attachment-medium size-medium wp-image-5937\" alt=\"\" srcset=\"https:\/\/i0.wp.com\/www.grupocatala.com\/wp-content\/uploads\/2020\/04\/catala_escobar-e1619089276782.png?w=650&amp;ssl=1 650w, https:\/\/i0.wp.com\/www.grupocatala.com\/wp-content\/uploads\/2020\/04\/catala_escobar-e1619089276782.png?resize=600%2C305&amp;ssl=1 600w\" sizes=\"(max-width: 300px) 100vw, 300px\" \/><\/div><\/a>\n\t\t\t\t<div class=\"elementor-post__badge\">Notizia<\/div>\n\t\t\t\t<div class=\"elementor-post__avatar\">\n\t\t\t\t\t<\/div>\n\t\t\t\t<div class=\"elementor-post__text\">\n\t\t\t\t<h3 class=\"elementor-post__title\">\n\t\t\t<a href=\"https:\/\/www.grupocatala.com\/it\/covid-19\/\" >\n\t\t\t\tCOVID-19\t\t\t<\/a>\n\t\t<\/h3>\n\t\t\t\t<div class=\"elementor-post__excerpt\">\n\t\t\t<p>Dal management di El Escobar vogliamo ringraziare la Citt\u00e0 di Calamonte per la donazione di schermi e maschere al fine di proteggere i dipendenti di fronte alla situazione COVID-19, e<\/p>\n\t\t<\/div>\n\t\t\t\t<\/div>\n\t\t\t\t\t<\/div>\n\t\t<\/article>\n\t\t\t\t<article class=\"elementor-post elementor-grid-item post-10105 post type-post status-publish format-standard has-post-thumbnail hentry category-notizia tag-bancocatala-it tag-collaborazione tag-consorzio tag-frutta tag-gruppo-catala tag-kiwi-it tag-sind-catala-it tag-sindcatala-it\" role=\"listitem\">\n\t\t\t<div class=\"elementor-post__card\">\n\t\t\t\t<a class=\"elementor-post__thumbnail__link\" href=\"https:\/\/www.grupocatala.com\/it\/grupo-catala-si-unisce-al-consorzio-kiwi-passion\/\" tabindex=\"-1\" ><div class=\"elementor-post__thumbnail\"><img loading=\"lazy\" decoding=\"async\" width=\"300\" height=\"212\" src=\"https:\/\/i0.wp.com\/www.grupocatala.com\/wp-content\/uploads\/2021\/02\/kiwipassion_GOLD.jpg?fit=300%2C212&amp;ssl=1\" class=\"attachment-medium size-medium wp-image-10094\" alt=\"\" srcset=\"https:\/\/i0.wp.com\/www.grupocatala.com\/wp-content\/uploads\/2021\/02\/kiwipassion_GOLD.jpg?w=468&amp;ssl=1 468w, https:\/\/i0.wp.com\/www.grupocatala.com\/wp-content\/uploads\/2021\/02\/kiwipassion_GOLD.jpg?resize=300%2C212&amp;ssl=1 300w\" sizes=\"(max-width: 300px) 100vw, 300px\" \/><\/div><\/a>\n\t\t\t\t<div class=\"elementor-post__badge\">Notizia<\/div>\n\t\t\t\t<div class=\"elementor-post__avatar\">\n\t\t\t\t\t<\/div>\n\t\t\t\t<div class=\"elementor-post__text\">\n\t\t\t\t<h3 class=\"elementor-post__title\">\n\t\t\t<a href=\"https:\/\/www.grupocatala.com\/it\/grupo-catala-si-unisce-al-consorzio-kiwi-passion\/\" >\n\t\t\t\tGrupo Catal\u00e0 si unisce al consorzio Kiwi Passion\t\t\t<\/a>\n\t\t<\/h3>\n\t\t\t\t<div class=\"elementor-post__excerpt\">\n\t\t\t<p>Il consorzio Kiwi Passion nasce in Italia con un obiettivo chiaro: soddisfare il consumatore Secondo lo statuto, il neo fondato Consorzio Kiwi Passion (KP) mira a lanciare, sviluppare, tutelare, promuovere<\/p>\n\t\t<\/div>\n\t\t\t\t<\/div>\n\t\t\t\t\t<\/div>\n\t\t<\/article>\n\t\t\t\t<article class=\"elementor-post elementor-grid-item post-4782 post type-post status-publish format-standard has-post-thumbnail hentry category-notizia tag-berlino tag-fruitlogistica-it tag-frutta tag-giusto tag-grup-catala-it tag-grupcatala-it tag-grupocatala-it tag-gruppo-catala tag-stand-it\" role=\"listitem\">\n\t\t\t<div class=\"elementor-post__card\">\n\t\t\t\t<a class=\"elementor-post__thumbnail__link\" href=\"https:\/\/www.grupocatala.com\/it\/nos-vemos-en-fruitlogistica\/\" tabindex=\"-1\" ><div class=\"elementor-post__thumbnail\"><img loading=\"lazy\" decoding=\"async\" width=\"300\" height=\"140\" src=\"https:\/\/i0.wp.com\/www.grupocatala.com\/wp-content\/uploads\/2020\/04\/2.jpg?fit=300%2C140&amp;ssl=1\" class=\"attachment-medium size-medium wp-image-4783\" alt=\"\" srcset=\"https:\/\/i0.wp.com\/www.grupocatala.com\/wp-content\/uploads\/2020\/04\/2.jpg?w=1000&amp;ssl=1 1000w, https:\/\/i0.wp.com\/www.grupocatala.com\/wp-content\/uploads\/2020\/04\/2.jpg?resize=600%2C279&amp;ssl=1 600w, https:\/\/i0.wp.com\/www.grupocatala.com\/wp-content\/uploads\/2020\/04\/2.jpg?resize=300%2C140&amp;ssl=1 300w, https:\/\/i0.wp.com\/www.grupocatala.com\/wp-content\/uploads\/2020\/04\/2.jpg?resize=768%2C357&amp;ssl=1 768w\" sizes=\"(max-width: 300px) 100vw, 300px\" \/><\/div><\/a>\n\t\t\t\t<div class=\"elementor-post__badge\">Notizia<\/div>\n\t\t\t\t<div class=\"elementor-post__avatar\">\n\t\t\t\t\t<\/div>\n\t\t\t\t<div class=\"elementor-post__text\">\n\t\t\t\t<h3 class=\"elementor-post__title\">\n\t\t\t<a href=\"https:\/\/www.grupocatala.com\/it\/nos-vemos-en-fruitlogistica\/\" >\n\t\t\t\tCi vediamo a Fruitlog\u00edstica\t\t\t<\/a>\n\t\t<\/h3>\n\t\t\t\t<div class=\"elementor-post__excerpt\">\n\t\t\t<p>Saremo felici di riceverti Fruit Logistica Siamo situati nel padiglione 10.2 Stand B07 c Saremo in grado di parlarvi dei nostri nuovi progetti, rivedere lo sviluppo dell&#8217;ultima campagna e prendere<\/p>\n\t\t<\/div>\n\t\t\t\t<\/div>\n\t\t\t\t\t<\/div>\n\t\t<\/article>\n\t\t\t\t<article class=\"elementor-post elementor-grid-item post-9779 post type-post status-publish format-standard has-post-thumbnail hentry category-notizia tag-brunilda-it tag-brunildafruit-it tag-grup-catala-it tag-grupcatala-it tag-grupocatala-it tag-gruppo-catala tag-marca-it tag-premium-it\" role=\"listitem\">\n\t\t\t<div class=\"elementor-post__card\">\n\t\t\t\t<a class=\"elementor-post__thumbnail__link\" href=\"https:\/\/www.grupocatala.com\/it\/brunilda-il-nuovo-marchio-di-riferimento-premium\/\" tabindex=\"-1\" ><div class=\"elementor-post__thumbnail\"><img loading=\"lazy\" decoding=\"async\" width=\"300\" height=\"261\" src=\"https:\/\/i0.wp.com\/www.grupocatala.com\/wp-content\/uploads\/2021\/02\/LOGOBRUNILDAPNG.png?fit=300%2C261&amp;ssl=1\" class=\"attachment-medium size-medium wp-image-9693\" alt=\"\" srcset=\"https:\/\/i0.wp.com\/www.grupocatala.com\/wp-content\/uploads\/2021\/02\/LOGOBRUNILDAPNG.png?w=503&amp;ssl=1 503w, https:\/\/i0.wp.com\/www.grupocatala.com\/wp-content\/uploads\/2021\/02\/LOGOBRUNILDAPNG.png?resize=300%2C261&amp;ssl=1 300w\" sizes=\"(max-width: 300px) 100vw, 300px\" \/><\/div><\/a>\n\t\t\t\t<div class=\"elementor-post__badge\">Notizia<\/div>\n\t\t\t\t<div class=\"elementor-post__avatar\">\n\t\t\t\t\t<\/div>\n\t\t\t\t<div class=\"elementor-post__text\">\n\t\t\t\t<h3 class=\"elementor-post__title\">\n\t\t\t<a href=\"https:\/\/www.grupocatala.com\/it\/brunilda-il-nuovo-marchio-di-riferimento-premium\/\" >\n\t\t\t\tBrunilda. Il nuovo marchio di riferimento premium\t\t\t<\/a>\n\t\t<\/h3>\n\t\t\t\t<div class=\"elementor-post__excerpt\">\n\t\t\t<p>Potete conoscermi in dettaglio a casa mia www.brunildafruit.com &nbsp; FACCIAMO LE NOSTRE MANI IN MODO CHE TI PIACCIONO LE TUE DITA. Ci sono frutti e frutti. E poi ci sono<\/p>\n\t\t<\/div>\n\t\t\t\t<\/div>\n\t\t\t\t\t<\/div>\n\t\t<\/article>\n\t\t\t\t<article class=\"elementor-post elementor-grid-item post-9536 post type-post status-publish format-standard has-post-thumbnail hentry tag-autoconsumo-it tag-catala-group-it tag-grup-catala-it tag-grupcatala-it tag-large-it tag-lleida-it tag-plant-it tag-portella-it tag-project-it tag-solar-it tag-sostenibilita\" role=\"listitem\">\n\t\t\t<div class=\"elementor-post__card\">\n\t\t\t\t<a class=\"elementor-post__thumbnail__link\" href=\"https:\/\/www.grupocatala.com\/it\/proyecto-para-instalar-la-planta-de-autoconsumo-solar-mas-grande-de-lleida-en-la-portella\/\" tabindex=\"-1\" ><div class=\"elementor-post__thumbnail\"><img loading=\"lazy\" decoding=\"async\" width=\"300\" height=\"200\" src=\"https:\/\/i0.wp.com\/www.grupocatala.com\/wp-content\/uploads\/2021\/02\/american-public-power-association-513dBrMJ_5w-unsplash-scaled-e1619089321627.jpg?fit=300%2C200&amp;ssl=1\" class=\"attachment-medium size-medium wp-image-9537\" alt=\"\" srcset=\"https:\/\/i0.wp.com\/www.grupocatala.com\/wp-content\/uploads\/2021\/02\/american-public-power-association-513dBrMJ_5w-unsplash-scaled-e1619089321627.jpg?w=650&amp;ssl=1 650w, https:\/\/i0.wp.com\/www.grupocatala.com\/wp-content\/uploads\/2021\/02\/american-public-power-association-513dBrMJ_5w-unsplash-scaled-e1619089321627.jpg?resize=600%2C399&amp;ssl=1 600w\" sizes=\"(max-width: 300px) 100vw, 300px\" \/><\/div><\/a>\n\t\t\t\t<div class=\"elementor-post__avatar\">\n\t\t\t\t\t<\/div>\n\t\t\t\t<div class=\"elementor-post__text\">\n\t\t\t\t<h3 class=\"elementor-post__title\">\n\t\t\t<a href=\"https:\/\/www.grupocatala.com\/it\/proyecto-para-instalar-la-planta-de-autoconsumo-solar-mas-grande-de-lleida-en-la-portella\/\" >\n\t\t\t\tProgetto per l&#8217;installazione del pi\u00f9 grande impianto solare di autoconsumo a Lleida presso La Portella\t\t\t<\/a>\n\t\t<\/h3>\n\t\t\t\t<div class=\"elementor-post__excerpt\">\n\t\t\t<p>Questo impianto da 1.763,75 kWp generer\u00e0 2.851 MWh all&#8217;anno di elettricit\u00e0 pulita, che \u00e8 un modo per contribuire allo sviluppo sostenibile della nostra societ\u00e0 nel rispetto dell&#8217;ambiente, grazie al risparmio<\/p>\n\t\t<\/div>\n\t\t\t\t<\/div>\n\t\t\t\t\t<\/div>\n\t\t<\/article>\n\t\t\t\t<article class=\"elementor-post elementor-grid-item post-9461 post type-post status-publish format-standard has-post-thumbnail hentry category-notizia tag-costi tag-efficienza tag-grup-catala-it tag-grupcatala-it tag-gruppo-catala tag-robotica\" role=\"listitem\">\n\t\t\t<div class=\"elementor-post__card\">\n\t\t\t\t<a class=\"elementor-post__thumbnail__link\" href=\"https:\/\/www.grupocatala.com\/it\/grupo-catala-un-viaggio-verso-lefficienza\/\" tabindex=\"-1\" ><div class=\"elementor-post__thumbnail\"><img loading=\"lazy\" decoding=\"async\" width=\"300\" height=\"176\" src=\"https:\/\/i0.wp.com\/www.grupocatala.com\/wp-content\/uploads\/2021\/02\/grupo-catala.jpg?fit=300%2C176&amp;ssl=1\" class=\"attachment-medium size-medium wp-image-9442\" alt=\"\" srcset=\"https:\/\/i0.wp.com\/www.grupocatala.com\/wp-content\/uploads\/2021\/02\/grupo-catala.jpg?w=630&amp;ssl=1 630w, https:\/\/i0.wp.com\/www.grupocatala.com\/wp-content\/uploads\/2021\/02\/grupo-catala.jpg?resize=600%2C352&amp;ssl=1 600w, https:\/\/i0.wp.com\/www.grupocatala.com\/wp-content\/uploads\/2021\/02\/grupo-catala.jpg?resize=300%2C176&amp;ssl=1 300w\" sizes=\"(max-width: 300px) 100vw, 300px\" \/><\/div><\/a>\n\t\t\t\t<div class=\"elementor-post__badge\">Notizia<\/div>\n\t\t\t\t<div class=\"elementor-post__avatar\">\n\t\t\t\t\t<\/div>\n\t\t\t\t<div class=\"elementor-post__text\">\n\t\t\t\t<h3 class=\"elementor-post__title\">\n\t\t\t<a href=\"https:\/\/www.grupocatala.com\/it\/grupo-catala-un-viaggio-verso-lefficienza\/\" >\n\t\t\t\tGrupo Catal\u00e0, un viaggio verso l&#8217;efficienza\t\t\t<\/a>\n\t\t<\/h3>\n\t\t\t\t<div class=\"elementor-post__excerpt\">\n\t\t\t<p>Grupo Catal\u00e0, uno dei principali produttori e distributori di drupacee e semi, si \u00e8 affidato a Robotics, specialista nella progettazione e realizzazione di soluzioni per la gestione del tempo e<\/p>\n\t\t<\/div>\n\t\t\t\t<\/div>\n\t\t\t\t\t<\/div>\n\t\t<\/article>\n\t\t\t\t<article class=\"elementor-post elementor-grid-item post-4797 post type-post status-publish format-standard has-post-thumbnail hentry category-notizia tag-75-it tag-futuro-it tag-grup-catala-it tag-grupcatala-it tag-grupocatala-it tag-gruppo-catala tag-lleida-it tag-premio-it tag-proiezione tag-riconoscimento tag-smes-it\" role=\"listitem\">\n\t\t\t<div class=\"elementor-post__card\">\n\t\t\t\t<a class=\"elementor-post__thumbnail__link\" href=\"https:\/\/www.grupocatala.com\/it\/grupo-catala-entre-las-75-pymes-espanolas-con-mas-proyeccion-de-futuro\/\" tabindex=\"-1\" ><div class=\"elementor-post__thumbnail\"><img data-recalc-dims=\"1\" loading=\"lazy\" decoding=\"async\" width=\"300\" height=\"180\" src=\"https:\/\/i0.wp.com\/www.grupocatala.com\/wp-content\/uploads\/2016\/08\/Exchange-300x180.jpg?resize=300%2C180&#038;ssl=1\" class=\"attachment-medium size-medium wp-image-17370\" alt=\"\" srcset=\"https:\/\/www.grupocatala.com\/wp-content\/uploads\/2016\/08\/Exchange.avif 300w, https:\/\/www.grupocatala.com\/wp-content\/uploads\/2016\/08\/Exchange.avif 1024w, https:\/\/www.grupocatala.com\/wp-content\/uploads\/2016\/08\/Exchange.avif 768w, https:\/\/www.grupocatala.com\/wp-content\/uploads\/2016\/08\/Exchange.avif 1536w, https:\/\/www.grupocatala.com\/wp-content\/uploads\/2016\/08\/Exchange.avif 1900w\" sizes=\"(max-width: 300px) 100vw, 300px\" \/><\/div><\/a>\n\t\t\t\t<div class=\"elementor-post__badge\">Notizia<\/div>\n\t\t\t\t<div class=\"elementor-post__avatar\">\n\t\t\t\t\t<\/div>\n\t\t\t\t<div class=\"elementor-post__text\">\n\t\t\t\t<h3 class=\"elementor-post__title\">\n\t\t\t<a href=\"https:\/\/www.grupocatala.com\/it\/grupo-catala-entre-las-75-pymes-espanolas-con-mas-proyeccion-de-futuro\/\" >\n\t\t\t\tGrupo Catal\u00e0 tra le 75 PMI spagnole con la proiezione pi\u00f9 futura\t\t\t<\/a>\n\t\t<\/h3>\n\t\t\t\t<div class=\"elementor-post__excerpt\">\n\t\t\t<p>Un fornitore globale di dati e infrastrutture per i mercati finanziari con sede a Londra, Inghilterra, ha elaborato un rapporto in cui sono evidenziate le 1.000 piccole e medie imprese<\/p>\n\t\t<\/div>\n\t\t\t\t<\/div>\n\t\t\t\t\t<\/div>\n\t\t<\/article>\n\t\t\t\t<article class=\"elementor-post elementor-grid-item post-4812 post type-post status-publish format-standard has-post-thumbnail hentry category-notizia tag-catala-group-it tag-groupcatala-it tag-grup-catala-it tag-grupcatala-it tag-lleida-it tag-londra tag-pmi tag-premio-it tag-riconoscimento tag-screening-it\" role=\"listitem\">\n\t\t\t<div class=\"elementor-post__card\">\n\t\t\t\t<a class=\"elementor-post__thumbnail__link\" href=\"https:\/\/www.grupocatala.com\/it\/londres-premia-una-pyme-de-lleida-entre-mil-de-europa\/\" tabindex=\"-1\" ><div class=\"elementor-post__thumbnail\"><img loading=\"lazy\" decoding=\"async\" width=\"300\" height=\"202\" src=\"https:\/\/i0.wp.com\/www.grupocatala.com\/wp-content\/uploads\/2020\/04\/Premio_bolsa_de_Londres1.jpg?fit=300%2C202&amp;ssl=1\" class=\"attachment-medium size-medium wp-image-4813\" alt=\"\" srcset=\"https:\/\/i0.wp.com\/www.grupocatala.com\/wp-content\/uploads\/2020\/04\/Premio_bolsa_de_Londres1.jpg?w=1000&amp;ssl=1 1000w, https:\/\/i0.wp.com\/www.grupocatala.com\/wp-content\/uploads\/2020\/04\/Premio_bolsa_de_Londres1.jpg?resize=600%2C404&amp;ssl=1 600w, https:\/\/i0.wp.com\/www.grupocatala.com\/wp-content\/uploads\/2020\/04\/Premio_bolsa_de_Londres1.jpg?resize=300%2C202&amp;ssl=1 300w, https:\/\/i0.wp.com\/www.grupocatala.com\/wp-content\/uploads\/2020\/04\/Premio_bolsa_de_Londres1.jpg?resize=768%2C517&amp;ssl=1 768w\" sizes=\"(max-width: 300px) 100vw, 300px\" \/><\/div><\/a>\n\t\t\t\t<div class=\"elementor-post__badge\">Notizia<\/div>\n\t\t\t\t<div class=\"elementor-post__avatar\">\n\t\t\t\t\t<\/div>\n\t\t\t\t<div class=\"elementor-post__text\">\n\t\t\t\t<h3 class=\"elementor-post__title\">\n\t\t\t<a href=\"https:\/\/www.grupocatala.com\/it\/londres-premia-una-pyme-de-lleida-entre-mil-de-europa\/\" >\n\t\t\t\tLondra premia una PMI di Lleida tra le mille in Europa\t\t\t<\/a>\n\t\t<\/h3>\n\t\t\t\t<div class=\"elementor-post__excerpt\">\n\t\t\t<p>La Borsa di Londra ha selezionato la PMI catalana Grupo Catal\u00e0 tra le 1.000 pi\u00f9 stimolanti d&#8217;Europa. La societ\u00e0 fa parte di un elenco che comprende le piccole e medie<\/p>\n\t\t<\/div>\n\t\t\t\t<\/div>\n\t\t\t\t\t<\/div>\n\t\t<\/article>\n\t\t\t\t<article class=\"elementor-post elementor-grid-item post-9664 post type-post status-publish format-standard has-post-thumbnail hentry category-notizia tag-acquisti tag-catafruit-it tag-fatturazione tag-fornitore-integrato tag-frutta tag-grup-catala-it tag-grupcatala-it tag-gruppo-catala tag-lleida-it tag-mercadona-it\" role=\"listitem\">\n\t\t\t<div class=\"elementor-post__card\">\n\t\t\t\t<a class=\"elementor-post__thumbnail__link\" href=\"https:\/\/www.grupocatala.com\/it\/mercadona-ha-effettuato-acquisti-a-lleida-per-171-milioni-nel-2014\/\" tabindex=\"-1\" ><div class=\"elementor-post__thumbnail\"><img loading=\"lazy\" decoding=\"async\" width=\"300\" height=\"200\" src=\"https:\/\/i0.wp.com\/www.grupocatala.com\/wp-content\/uploads\/2021\/02\/wL7pwimB78Q-e1619089345221.jpg?fit=300%2C200&amp;ssl=1\" class=\"attachment-medium size-medium wp-image-9654\" alt=\"\" srcset=\"https:\/\/i0.wp.com\/www.grupocatala.com\/wp-content\/uploads\/2021\/02\/wL7pwimB78Q-e1619089345221.jpg?w=650&amp;ssl=1 650w, https:\/\/i0.wp.com\/www.grupocatala.com\/wp-content\/uploads\/2021\/02\/wL7pwimB78Q-e1619089345221.jpg?resize=600%2C400&amp;ssl=1 600w\" sizes=\"(max-width: 300px) 100vw, 300px\" \/><\/div><\/a>\n\t\t\t\t<div class=\"elementor-post__badge\">Notizia<\/div>\n\t\t\t\t<div class=\"elementor-post__avatar\">\n\t\t\t\t\t<\/div>\n\t\t\t\t<div class=\"elementor-post__text\">\n\t\t\t\t<h3 class=\"elementor-post__title\">\n\t\t\t<a href=\"https:\/\/www.grupocatala.com\/it\/mercadona-ha-effettuato-acquisti-a-lleida-per-171-milioni-nel-2014\/\" >\n\t\t\t\tMercadona ha effettuato acquisti a Lleida per 171 milioni nel 2014\t\t\t<\/a>\n\t\t<\/h3>\n\t\t\t\t<div class=\"elementor-post__excerpt\">\n\t\t\t<p>Mercadona ha effettuato acquisti da fornitori con sede a Lleida o con sede a Lleida per 171 milioni di euro, il che le ha permesso di commercializzare oltre 69 milioni<\/p>\n\t\t<\/div>\n\t\t\t\t<\/div>\n\t\t\t\t\t<\/div>\n\t\t<\/article>\n\t\t\t\t<article class=\"elementor-post elementor-grid-item post-9996 post type-post status-publish format-standard has-post-thumbnail hentry category-notizia tag-bassella-it tag-benimoto-it tag-br1-it tag-collaborazione tag-enduro-it tag-fondazione tag-frutta tag-fuoristrada tag-gratitudine tag-grup-catala-it tag-grupcatala-it tag-grupocatala-it tag-gruppo-catala tag-husqvarna-it tag-ktm-it tag-motor-it tag-pascuet-it tag-sponsor-it tag-sport-it\" role=\"listitem\">\n\t\t\t<div class=\"elementor-post__card\">\n\t\t\t\t<a class=\"elementor-post__thumbnail__link\" href=\"https:\/\/www.grupocatala.com\/it\/il-grupo-catala-sponsorizza-il-team-enduro\/\" tabindex=\"-1\" ><div class=\"elementor-post__thumbnail\"><img loading=\"lazy\" decoding=\"async\" width=\"300\" height=\"146\" src=\"https:\/\/i0.wp.com\/www.grupocatala.com\/wp-content\/uploads\/2021\/02\/2021-02-16-11_48_51-2021-02-16-11_45_27-IMG_8718.JPG-IrfanView-Zoom_-852-x-639.png-IrfanView.png?fit=300%2C146&amp;ssl=1\" class=\"attachment-medium size-medium wp-image-9985\" alt=\"\" srcset=\"https:\/\/i0.wp.com\/www.grupocatala.com\/wp-content\/uploads\/2021\/02\/2021-02-16-11_48_51-2021-02-16-11_45_27-IMG_8718.JPG-IrfanView-Zoom_-852-x-639.png-IrfanView.png?w=591&amp;ssl=1 591w, https:\/\/i0.wp.com\/www.grupocatala.com\/wp-content\/uploads\/2021\/02\/2021-02-16-11_48_51-2021-02-16-11_45_27-IMG_8718.JPG-IrfanView-Zoom_-852-x-639.png-IrfanView.png?resize=530%2C258&amp;ssl=1 530w, https:\/\/i0.wp.com\/www.grupocatala.com\/wp-content\/uploads\/2021\/02\/2021-02-16-11_48_51-2021-02-16-11_45_27-IMG_8718.JPG-IrfanView-Zoom_-852-x-639.png-IrfanView.png?resize=300%2C146&amp;ssl=1 300w\" sizes=\"(max-width: 300px) 100vw, 300px\" \/><\/div><\/a>\n\t\t\t\t<div class=\"elementor-post__badge\">Notizia<\/div>\n\t\t\t\t<div class=\"elementor-post__avatar\">\n\t\t\t\t\t<\/div>\n\t\t\t\t<div class=\"elementor-post__text\">\n\t\t\t\t<h3 class=\"elementor-post__title\">\n\t\t\t<a href=\"https:\/\/www.grupocatala.com\/it\/il-grupo-catala-sponsorizza-il-team-enduro\/\" >\n\t\t\t\tIl Grupo Catal\u00e0 sponsorizza il team Enduro\t\t\t<\/a>\n\t\t<\/h3>\n\t\t\t\t<div class=\"elementor-post__excerpt\">\n\t\t\t<p>Dal Grupo Catal\u00e0 entriamo nel mondo dei motori, in particolare nel settore motociclistico, la sua storia, le motociclette e, soprattutto, tutti quei pionieri che hanno costituito la base di una<\/p>\n\t\t<\/div>\n\t\t\t\t<\/div>\n\t\t\t\t\t<\/div>\n\t\t<\/article>\n\t\t\t\t<article class=\"elementor-post elementor-grid-item post-10086 post type-post status-publish format-standard has-post-thumbnail hentry category-notizia tag-afrucat-it tag-banccatala-it tag-collaborazione tag-frutta tag-gruppo-catala tag-libro-it tag-sind-catala-it\" role=\"listitem\">\n\t\t\t<div class=\"elementor-post__card\">\n\t\t\t\t<a class=\"elementor-post__thumbnail__link\" href=\"https:\/\/www.grupocatala.com\/it\/pubblicazione-del-libro-la-fruta\/\" tabindex=\"-1\" ><div class=\"elementor-post__thumbnail\"><img loading=\"lazy\" decoding=\"async\" width=\"229\" height=\"235\" src=\"https:\/\/i0.wp.com\/www.grupocatala.com\/wp-content\/uploads\/2021\/02\/9788499752815.jpg?fit=229%2C235&amp;ssl=1\" class=\"attachment-medium size-medium wp-image-10076\" alt=\"\" \/><\/div><\/a>\n\t\t\t\t<div class=\"elementor-post__badge\">Notizia<\/div>\n\t\t\t\t<div class=\"elementor-post__avatar\">\n\t\t\t\t\t<\/div>\n\t\t\t\t<div class=\"elementor-post__text\">\n\t\t\t\t<h3 class=\"elementor-post__title\">\n\t\t\t<a href=\"https:\/\/www.grupocatala.com\/it\/pubblicazione-del-libro-la-fruta\/\" >\n\t\t\t\tPubblicazione del libro: La Fruta\t\t\t<\/a>\n\t\t<\/h3>\n\t\t\t\t<div class=\"elementor-post__excerpt\">\n\t\t\t<p>Questo libro include le informazioni che sono state ritenute pi\u00f9 rilevanti con l&#8217;obiettivo di portare il frutto ai bambini attraverso la propria famiglia. La pubblicazione che hai tra le mani<\/p>\n\t\t<\/div>\n\t\t\t\t<\/div>\n\t\t\t\t\t<\/div>\n\t\t<\/article>\n\t\t\t\t<article class=\"elementor-post elementor-grid-item post-9497 post type-post status-publish format-standard has-post-thumbnail hentry category-notizia tag-bambini tag-distribuire tag-donazione tag-frutta tag-grup-catala-it tag-grupcatala-it tag-gruppo-catala tag-pagesos-it tag-segria-it tag-uniti\" role=\"listitem\">\n\t\t\t<div class=\"elementor-post__card\">\n\t\t\t\t<a class=\"elementor-post__thumbnail__link\" href=\"https:\/\/www.grupocatala.com\/it\/campagna-per-distribuire-frutta-a-5-000-bambini\/\" tabindex=\"-1\" ><div class=\"elementor-post__thumbnail\"><img loading=\"lazy\" decoding=\"async\" width=\"300\" height=\"200\" src=\"https:\/\/i0.wp.com\/www.grupocatala.com\/wp-content\/uploads\/2021\/02\/6EY63O50ocs-e1619089374257.jpg?fit=300%2C200&amp;ssl=1\" class=\"attachment-medium size-medium wp-image-9469\" alt=\"\" srcset=\"https:\/\/i0.wp.com\/www.grupocatala.com\/wp-content\/uploads\/2021\/02\/6EY63O50ocs-e1619089374257.jpg?w=650&amp;ssl=1 650w, https:\/\/i0.wp.com\/www.grupocatala.com\/wp-content\/uploads\/2021\/02\/6EY63O50ocs-e1619089374257.jpg?resize=600%2C400&amp;ssl=1 600w\" sizes=\"(max-width: 300px) 100vw, 300px\" \/><\/div><\/a>\n\t\t\t\t<div class=\"elementor-post__badge\">Notizia<\/div>\n\t\t\t\t<div class=\"elementor-post__avatar\">\n\t\t\t\t\t<\/div>\n\t\t\t\t<div class=\"elementor-post__text\">\n\t\t\t\t<h3 class=\"elementor-post__title\">\n\t\t\t<a href=\"https:\/\/www.grupocatala.com\/it\/campagna-per-distribuire-frutta-a-5-000-bambini\/\" >\n\t\t\t\tCampagna per distribuire frutta a 5.000 bambini\t\t\t<\/a>\n\t\t<\/h3>\n\t\t\t\t<div class=\"elementor-post__excerpt\">\n\t\t\t<p>Uni\u00f3 de Pagesos distribuir\u00e0 frutta a 5.000 bambini a Segri\u00e0 (Lleida) L&#8217;organizzazione agraria Uni\u00f3 de Pagesos organizzer\u00e0 nel padiglione Barris Nord a Lleida una grande degustazione di frutta dolce per<\/p>\n\t\t<\/div>\n\t\t\t\t<\/div>\n\t\t\t\t\t<\/div>\n\t\t<\/article>\n\t\t\t\t<article class=\"elementor-post elementor-grid-item post-9646 post type-post status-publish format-standard has-post-thumbnail hentry category-notizia tag-acquisti tag-catafruit-it tag-extremadura-it tag-fatturazione tag-fornitore-integrato tag-frutta tag-grup-catala-it tag-grupcatala-it tag-gruppo-catala tag-mercadona-it\" role=\"listitem\">\n\t\t\t<div class=\"elementor-post__card\">\n\t\t\t\t<a class=\"elementor-post__thumbnail__link\" href=\"https:\/\/www.grupocatala.com\/it\/i-fornitori-di-mercadona-dallestremadura\/\" tabindex=\"-1\" ><div class=\"elementor-post__thumbnail\"><img loading=\"lazy\" decoding=\"async\" width=\"300\" height=\"190\" src=\"https:\/\/i0.wp.com\/www.grupocatala.com\/wp-content\/uploads\/2021\/02\/630882_1.jpg?fit=300%2C190&amp;ssl=1\" class=\"attachment-medium size-medium wp-image-9636\" alt=\"\" srcset=\"https:\/\/i0.wp.com\/www.grupocatala.com\/wp-content\/uploads\/2021\/02\/630882_1.jpg?w=325&amp;ssl=1 325w, https:\/\/i0.wp.com\/www.grupocatala.com\/wp-content\/uploads\/2021\/02\/630882_1.jpg?resize=300%2C190&amp;ssl=1 300w\" sizes=\"(max-width: 300px) 100vw, 300px\" \/><\/div><\/a>\n\t\t\t\t<div class=\"elementor-post__badge\">Notizia<\/div>\n\t\t\t\t<div class=\"elementor-post__avatar\">\n\t\t\t\t\t<\/div>\n\t\t\t\t<div class=\"elementor-post__text\">\n\t\t\t\t<h3 class=\"elementor-post__title\">\n\t\t\t<a href=\"https:\/\/www.grupocatala.com\/it\/i-fornitori-di-mercadona-dallestremadura\/\" >\n\t\t\t\tI fornitori di Mercadona dall&#8217;Estremadura\t\t\t<\/a>\n\t\t<\/h3>\n\t\t\t\t<div class=\"elementor-post__excerpt\">\n\t\t\t<p>Gli investimenti dei fornitori di Mercadona nella regione superano i 125 milioni di euro Huevos Guill\u00e9n, Ultracongelados Virto, El Cidacos e Grupo Catal\u00e0 con la loro azienda Catafruit aggiungono 750<\/p>\n\t\t<\/div>\n\t\t\t\t<\/div>\n\t\t\t\t\t<\/div>\n\t\t<\/article>\n\t\t\t\t<article class=\"elementor-post elementor-grid-item post-9947 post type-post status-publish format-standard has-post-thumbnail hentry category-notizia tag-collaborazione tag-frutta tag-grup-catala-it tag-grupcatala-it tag-gruppo-catala tag-lavoro tag-orgoglio tag-ricerca tag-riconoscimento tag-scuola-superiore tag-tdr-it\" role=\"listitem\">\n\t\t\t<div class=\"elementor-post__card\">\n\t\t\t\t<a class=\"elementor-post__thumbnail__link\" href=\"https:\/\/www.grupocatala.com\/it\/tdr-la-spinta-di-una-grande-famiglia\/\" tabindex=\"-1\" ><div class=\"elementor-post__thumbnail\"><img loading=\"lazy\" decoding=\"async\" width=\"214\" height=\"300\" src=\"https:\/\/i0.wp.com\/www.grupocatala.com\/wp-content\/uploads\/2021\/02\/2021-02-15-10_45_42-Window.png?fit=214%2C300&amp;ssl=1\" class=\"attachment-medium size-medium wp-image-9921\" alt=\"\" srcset=\"https:\/\/i0.wp.com\/www.grupocatala.com\/wp-content\/uploads\/2021\/02\/2021-02-15-10_45_42-Window.png?w=600&amp;ssl=1 600w, https:\/\/i0.wp.com\/www.grupocatala.com\/wp-content\/uploads\/2021\/02\/2021-02-15-10_45_42-Window.png?resize=214%2C300&amp;ssl=1 214w\" sizes=\"(max-width: 214px) 100vw, 214px\" \/><\/div><\/a>\n\t\t\t\t<div class=\"elementor-post__badge\">Notizia<\/div>\n\t\t\t\t<div class=\"elementor-post__avatar\">\n\t\t\t\t\t<\/div>\n\t\t\t\t<div class=\"elementor-post__text\">\n\t\t\t\t<h3 class=\"elementor-post__title\">\n\t\t\t<a href=\"https:\/\/www.grupocatala.com\/it\/tdr-la-spinta-di-una-grande-famiglia\/\" >\n\t\t\t\tTdR: La spinta di una grande famiglia\t\t\t<\/a>\n\t\t<\/h3>\n\t\t\t\t<div class=\"elementor-post__excerpt\">\n\t\t\t<p>Sono orgoglioso di poter presentare il Progetto di Ricerca del 2 \u00b0 anno di Liceo Scientifico, 15 dicembre 2011, svolto sulla nostra azienda e famiglia. Joan Folguera Argelich, ha dimostrato<\/p>\n\t\t<\/div>\n\t\t\t\t<\/div>\n\t\t\t\t\t<\/div>\n\t\t<\/article>\n\t\t\t\t<article class=\"elementor-post elementor-grid-item post-9970 post type-post status-publish format-standard has-post-thumbnail hentry category-notizia tag-acquisisce tag-acquisto tag-albesa-it tag-aragon-it tag-attivita tag-badajoz-it tag-castello-de-farfanya-it tag-catafruit-it tag-ciliegi tag-don-benito-it tag-espansione tag-ettari tag-euro-it tag-extremadura-it tag-fraga-it tag-frutta tag-gerb-it tag-gruppo tag-gruppo-catala tag-investimenti tag-jm-it tag-lleida-it tag-los-frutales-it tag-mele-cotogne-e-peschi tag-meli tag-milioni tag-os-de-balaguer-it tag-peri tag-principale tag-prugne tag-seros-it tag-stato tag-torrelameu-it\" role=\"listitem\">\n\t\t\t<div class=\"elementor-post__card\">\n\t\t\t\t<a class=\"elementor-post__thumbnail__link\" href=\"https:\/\/www.grupocatala.com\/it\/il-grupo-catala-acquista-gli-asset-della-societa-di-alicante-jm-los-frutales\/\" tabindex=\"-1\" ><div class=\"elementor-post__thumbnail\"><img loading=\"lazy\" decoding=\"async\" width=\"300\" height=\"169\" src=\"https:\/\/i0.wp.com\/www.grupocatala.com\/wp-content\/uploads\/2021\/02\/DJI_0026-e1619089400734.jpg?fit=300%2C169&amp;ssl=1\" class=\"attachment-medium size-medium wp-image-9955\" alt=\"\" srcset=\"https:\/\/i0.wp.com\/www.grupocatala.com\/wp-content\/uploads\/2021\/02\/DJI_0026-e1619089400734.jpg?w=650&amp;ssl=1 650w, https:\/\/i0.wp.com\/www.grupocatala.com\/wp-content\/uploads\/2021\/02\/DJI_0026-e1619089400734.jpg?resize=600%2C338&amp;ssl=1 600w\" sizes=\"(max-width: 300px) 100vw, 300px\" \/><\/div><\/a>\n\t\t\t\t<div class=\"elementor-post__badge\">Notizia<\/div>\n\t\t\t\t<div class=\"elementor-post__avatar\">\n\t\t\t\t\t<\/div>\n\t\t\t\t<div class=\"elementor-post__text\">\n\t\t\t\t<h3 class=\"elementor-post__title\">\n\t\t\t<a href=\"https:\/\/www.grupocatala.com\/it\/il-grupo-catala-acquista-gli-asset-della-societa-di-alicante-jm-los-frutales\/\" >\n\t\t\t\tIl Grupo Catal\u00e0 acquista gli asset della societ\u00e0 di Alicante JM Los Frutales\t\t\t<\/a>\n\t\t<\/h3>\n\t\t\t\t<div class=\"elementor-post__excerpt\">\n\t\t\t<p>Il Grupo Catal\u00e0 acquista gli asset della societ\u00e0 di Alicante JM Los Frutales L&#8217;azienda La Portella incorpora cos\u00ec un nuovo stabilimento e 600 ettari di alberi da frutto, inoltre aveva<\/p>\n\t\t<\/div>\n\t\t\t\t<\/div>\n\t\t\t\t\t<\/div>\n\t\t<\/article>\n\t\t\t\t<article class=\"elementor-post elementor-grid-item post-9718 post type-post status-publish format-standard has-post-thumbnail hentry category-notizia tag-basket tag-frutta tag-grup-catala-it tag-grupcatala-it tag-grupocatala-it tag-gruppo-catala tag-lleida-it tag-pere-it tag-sant-it tag-seca-it tag-sponsor-it tag-sport-it\" role=\"listitem\">\n\t\t\t<div class=\"elementor-post__card\">\n\t\t\t\t<a class=\"elementor-post__thumbnail__link\" href=\"https:\/\/www.grupocatala.com\/it\/il-grupo-catala-sponsorizza-il-club-basquet-seca-sant-pere\/\" tabindex=\"-1\" ><div class=\"elementor-post__thumbnail\"><img loading=\"lazy\" decoding=\"async\" width=\"153\" height=\"180\" src=\"https:\/\/i0.wp.com\/www.grupocatala.com\/wp-content\/uploads\/2021\/02\/4NxkOr3trnqZMRIe.jpg?fit=153%2C180&amp;ssl=1\" class=\"attachment-medium size-medium wp-image-9704\" alt=\"\" \/><\/div><\/a>\n\t\t\t\t<div class=\"elementor-post__badge\">Notizia<\/div>\n\t\t\t\t<div class=\"elementor-post__avatar\">\n\t\t\t\t\t<\/div>\n\t\t\t\t<div class=\"elementor-post__text\">\n\t\t\t\t<h3 class=\"elementor-post__title\">\n\t\t\t<a href=\"https:\/\/www.grupocatala.com\/it\/il-grupo-catala-sponsorizza-il-club-basquet-seca-sant-pere\/\" >\n\t\t\t\tIl Grupo Catal\u00e0 sponsorizza il Club Basquet Sec\u00e0 Sant Pere\t\t\t<\/a>\n\t\t<\/h3>\n\t\t\t\t<div class=\"elementor-post__excerpt\">\n\t\t\t<p>Il C.B. Sec\u00e0 Sant-Pere Lleida \u00e8 il frutto dell&#8217;unione di molteplici volont\u00e0, delle illusioni della stragrande maggioranza degli appassionati di basket. C&#8217;\u00e8 un rinnovato sentimento che ci aspettiamo di condividere<\/p>\n\t\t<\/div>\n\t\t\t\t<\/div>\n\t\t\t\t\t<\/div>\n\t\t<\/article>\n\t\t\t\t<article class=\"elementor-post elementor-grid-item post-9534 post type-post status-publish format-standard has-post-thumbnail hentry category-notizia tag-acquisti tag-catafruit-it tag-fatturazione tag-fornitore-integrato tag-frutta tag-grup-catala-it tag-grupcatala-it tag-gruppo-catala tag-lleida-it tag-mercadona-it\" role=\"listitem\">\n\t\t\t<div class=\"elementor-post__card\">\n\t\t\t\t<a class=\"elementor-post__thumbnail__link\" href=\"https:\/\/www.grupocatala.com\/it\/grupo-catala-fornitore-di-mercadona\/\" tabindex=\"-1\" ><div class=\"elementor-post__thumbnail\"><img loading=\"lazy\" decoding=\"async\" width=\"300\" height=\"225\" src=\"https:\/\/i0.wp.com\/www.grupocatala.com\/wp-content\/uploads\/2021\/02\/gemma-stpjHJGqZyw-unsplash-scaled.jpg?fit=300%2C225&amp;ssl=1\" class=\"attachment-medium size-medium wp-image-9523\" alt=\"\" srcset=\"https:\/\/i0.wp.com\/www.grupocatala.com\/wp-content\/uploads\/2021\/02\/gemma-stpjHJGqZyw-unsplash-scaled.jpg?w=2560&amp;ssl=1 2560w, https:\/\/i0.wp.com\/www.grupocatala.com\/wp-content\/uploads\/2021\/02\/gemma-stpjHJGqZyw-unsplash-scaled.jpg?resize=600%2C450&amp;ssl=1 600w, https:\/\/i0.wp.com\/www.grupocatala.com\/wp-content\/uploads\/2021\/02\/gemma-stpjHJGqZyw-unsplash-scaled.jpg?resize=300%2C225&amp;ssl=1 300w, https:\/\/i0.wp.com\/www.grupocatala.com\/wp-content\/uploads\/2021\/02\/gemma-stpjHJGqZyw-unsplash-scaled.jpg?resize=1024%2C768&amp;ssl=1 1024w, https:\/\/i0.wp.com\/www.grupocatala.com\/wp-content\/uploads\/2021\/02\/gemma-stpjHJGqZyw-unsplash-scaled.jpg?resize=768%2C576&amp;ssl=1 768w, https:\/\/i0.wp.com\/www.grupocatala.com\/wp-content\/uploads\/2021\/02\/gemma-stpjHJGqZyw-unsplash-scaled.jpg?resize=1536%2C1152&amp;ssl=1 1536w, https:\/\/i0.wp.com\/www.grupocatala.com\/wp-content\/uploads\/2021\/02\/gemma-stpjHJGqZyw-unsplash-scaled.jpg?resize=2048%2C1536&amp;ssl=1 2048w, https:\/\/i0.wp.com\/www.grupocatala.com\/wp-content\/uploads\/2021\/02\/gemma-stpjHJGqZyw-unsplash-scaled.jpg?w=2400&amp;ssl=1 2400w\" sizes=\"(max-width: 300px) 100vw, 300px\" \/><\/div><\/a>\n\t\t\t\t<div class=\"elementor-post__badge\">Notizia<\/div>\n\t\t\t\t<div class=\"elementor-post__avatar\">\n\t\t\t\t\t<\/div>\n\t\t\t\t<div class=\"elementor-post__text\">\n\t\t\t\t<h3 class=\"elementor-post__title\">\n\t\t\t<a href=\"https:\/\/www.grupocatala.com\/it\/grupo-catala-fornitore-di-mercadona\/\" >\n\t\t\t\tGrupo Catal\u00e0 fornitore di Mercadona\t\t\t<\/a>\n\t\t<\/h3>\n\t\t\t\t<div class=\"elementor-post__excerpt\">\n\t\t\t<p>In Catalogna sono tredici le aziende che producono i marchi esclusivi della pi\u00f9 grande catena di supermercati spagnola, con investimenti che hanno superato i 65 milioni nel 2008. I fornitori<\/p>\n\t\t<\/div>\n\t\t\t\t<\/div>\n\t\t\t\t\t<\/div>\n\t\t<\/article>\n\t\t\t\t<\/div>\n\t\t\n\t\t\t\t\t\t<\/div>\n\t\t\t\t<\/div>\n\t\t\t\t\t<\/div>\n\t\t<\/div>\n\t\t\t\t\t<\/div>\n\t\t<\/section>\n\t\t\t\t<section class=\"elementor-section elementor-top-section elementor-element elementor-element-0e3785c elementor-section-boxed elementor-section-height-default elementor-section-height-default\" data-id=\"0e3785c\" data-element_type=\"section\" data-e-type=\"section\" data-settings=\"{&quot;background_background&quot;:&quot;classic&quot;}\">\n\t\t\t\t\t\t<div class=\"elementor-container elementor-column-gap-default\">\n\t\t\t\t\t<div class=\"elementor-column elementor-col-100 elementor-top-column elementor-element elementor-element-64617db\" data-id=\"64617db\" data-element_type=\"column\" data-e-type=\"column\">\n\t\t\t<div class=\"elementor-widget-wrap elementor-element-populated\">\n\t\t\t\t\t\t<div class=\"elementor-element elementor-element-097198c elementor-widget elementor-widget-spacer\" data-id=\"097198c\" data-element_type=\"widget\" data-e-type=\"widget\" data-widget_type=\"spacer.default\">\n\t\t\t\t<div class=\"elementor-widget-container\">\n\t\t\t\t\t\t\t<div class=\"elementor-spacer\">\n\t\t\t<div class=\"elementor-spacer-inner\"><\/div>\n\t\t<\/div>\n\t\t\t\t\t\t<\/div>\n\t\t\t\t<\/div>\n\t\t\t\t\t<\/div>\n\t\t<\/div>\n\t\t\t\t\t<\/div>\n\t\t<\/section>\n\t\t\t\t<\/div>\n\t\t","protected":false},"excerpt":{"rendered":"<p>Notizia<\/p>\n","protected":false},"author":1,"featured_media":0,"parent":0,"menu_order":0,"comment_status":"closed","ping_status":"closed","template":"elementor_header_footer","meta":{"footnotes":""},"class_list":["post-4768","page","type-page","status-publish","hentry"],"yoast_head":"<!-- This site is optimized with the Yoast SEO plugin v27.5 - https:\/\/yoast.com\/product\/yoast-seo-wordpress\/ -->\n<title>NOTIZIA<\/title>\n<meta name=\"description\" content=\"Notizia\" \/>\n<meta name=\"robots\" content=\"index, follow, max-snippet:-1, max-image-preview:large, max-video-preview:-1\" \/>\n<link rel=\"canonical\" href=\"https:\/\/www.grupocatala.com\/it\/notiza\/\" \/>\n<meta property=\"og:locale\" content=\"it_IT\" \/>\n<meta property=\"og:type\" content=\"article\" \/>\n<meta property=\"og:title\" content=\"NOTIZIA\" \/>\n<meta property=\"og:description\" content=\"Notizia\" \/>\n<meta property=\"og:url\" content=\"https:\/\/www.grupocatala.com\/it\/notiza\/\" \/>\n<meta property=\"og:site_name\" content=\"GRUPO CATAL\u00c0\" \/>\n<meta property=\"article:modified_time\" content=\"2023-10-26T10:06:47+00:00\" \/>\n<meta name=\"twitter:card\" content=\"summary_large_image\" \/>\n<script type=\"application\/ld+json\" class=\"yoast-schema-graph\">{\"@context\":\"https:\\\/\\\/schema.org\",\"@graph\":[{\"@type\":\"WebPage\",\"@id\":\"https:\\\/\\\/www.grupocatala.com\\\/it\\\/notiza\\\/\",\"url\":\"https:\\\/\\\/www.grupocatala.com\\\/it\\\/notiza\\\/\",\"name\":\"NOTIZIA\",\"isPartOf\":{\"@id\":\"https:\\\/\\\/www.grupocatala.com\\\/it\\\/#website\"},\"datePublished\":\"2020-03-25T08:19:40+00:00\",\"dateModified\":\"2023-10-26T10:06:47+00:00\",\"description\":\"Notizia\",\"breadcrumb\":{\"@id\":\"https:\\\/\\\/www.grupocatala.com\\\/it\\\/notiza\\\/#breadcrumb\"},\"inLanguage\":\"it-IT\",\"potentialAction\":[{\"@type\":\"ReadAction\",\"target\":[\"https:\\\/\\\/www.grupocatala.com\\\/it\\\/notiza\\\/\"]}]},{\"@type\":\"BreadcrumbList\",\"@id\":\"https:\\\/\\\/www.grupocatala.com\\\/it\\\/notiza\\\/#breadcrumb\",\"itemListElement\":[{\"@type\":\"ListItem\",\"position\":1,\"name\":\"Portada\",\"item\":\"https:\\\/\\\/www.grupocatala.com\\\/it\\\/\"},{\"@type\":\"ListItem\",\"position\":2,\"name\":\"NOTIZIA\"}]},{\"@type\":\"WebSite\",\"@id\":\"https:\\\/\\\/www.grupocatala.com\\\/it\\\/#website\",\"url\":\"https:\\\/\\\/www.grupocatala.com\\\/it\\\/\",\"name\":\"GRUPO CATAL\u00c0\",\"description\":\"\",\"publisher\":{\"@id\":\"https:\\\/\\\/www.grupocatala.com\\\/it\\\/#organization\"},\"potentialAction\":[{\"@type\":\"SearchAction\",\"target\":{\"@type\":\"EntryPoint\",\"urlTemplate\":\"https:\\\/\\\/www.grupocatala.com\\\/it\\\/?s={search_term_string}\"},\"query-input\":{\"@type\":\"PropertyValueSpecification\",\"valueRequired\":true,\"valueName\":\"search_term_string\"}}],\"inLanguage\":\"it-IT\"},{\"@type\":\"Organization\",\"@id\":\"https:\\\/\\\/www.grupocatala.com\\\/it\\\/#organization\",\"name\":\"Grupo Catala\",\"url\":\"https:\\\/\\\/www.grupocatala.com\\\/it\\\/\",\"logo\":{\"@type\":\"ImageObject\",\"inLanguage\":\"it-IT\",\"@id\":\"https:\\\/\\\/www.grupocatala.com\\\/it\\\/#\\\/schema\\\/logo\\\/image\\\/\",\"url\":\"https:\\\/\\\/i0.wp.com\\\/www.grupocatala.com\\\/wp-content\\\/uploads\\\/2020\\\/03\\\/cropped-logo_blanc-1.png?fit=250%2C57&ssl=1\",\"contentUrl\":\"https:\\\/\\\/i0.wp.com\\\/www.grupocatala.com\\\/wp-content\\\/uploads\\\/2020\\\/03\\\/cropped-logo_blanc-1.png?fit=250%2C57&ssl=1\",\"width\":250,\"height\":57,\"caption\":\"Grupo Catala\"},\"image\":{\"@id\":\"https:\\\/\\\/www.grupocatala.com\\\/it\\\/#\\\/schema\\\/logo\\\/image\\\/\"},\"sameAs\":[\"https:\\\/\\\/www.instagram.com\\\/grupocatala\"]}]}<\/script>\n<!-- \/ Yoast SEO plugin. -->","yoast_head_json":{"title":"NOTIZIA","description":"Notizia","robots":{"index":"index","follow":"follow","max-snippet":"max-snippet:-1","max-image-preview":"max-image-preview:large","max-video-preview":"max-video-preview:-1"},"canonical":"https:\/\/www.grupocatala.com\/it\/notiza\/","og_locale":"it_IT","og_type":"article","og_title":"NOTIZIA","og_description":"Notizia","og_url":"https:\/\/www.grupocatala.com\/it\/notiza\/","og_site_name":"GRUPO CATAL\u00c0","article_modified_time":"2023-10-26T10:06:47+00:00","twitter_card":"summary_large_image","schema":{"@context":"https:\/\/schema.org","@graph":[{"@type":"WebPage","@id":"https:\/\/www.grupocatala.com\/it\/notiza\/","url":"https:\/\/www.grupocatala.com\/it\/notiza\/","name":"NOTIZIA","isPartOf":{"@id":"https:\/\/www.grupocatala.com\/it\/#website"},"datePublished":"2020-03-25T08:19:40+00:00","dateModified":"2023-10-26T10:06:47+00:00","description":"Notizia","breadcrumb":{"@id":"https:\/\/www.grupocatala.com\/it\/notiza\/#breadcrumb"},"inLanguage":"it-IT","potentialAction":[{"@type":"ReadAction","target":["https:\/\/www.grupocatala.com\/it\/notiza\/"]}]},{"@type":"BreadcrumbList","@id":"https:\/\/www.grupocatala.com\/it\/notiza\/#breadcrumb","itemListElement":[{"@type":"ListItem","position":1,"name":"Portada","item":"https:\/\/www.grupocatala.com\/it\/"},{"@type":"ListItem","position":2,"name":"NOTIZIA"}]},{"@type":"WebSite","@id":"https:\/\/www.grupocatala.com\/it\/#website","url":"https:\/\/www.grupocatala.com\/it\/","name":"GRUPO CATAL\u00c0","description":"","publisher":{"@id":"https:\/\/www.grupocatala.com\/it\/#organization"},"potentialAction":[{"@type":"SearchAction","target":{"@type":"EntryPoint","urlTemplate":"https:\/\/www.grupocatala.com\/it\/?s={search_term_string}"},"query-input":{"@type":"PropertyValueSpecification","valueRequired":true,"valueName":"search_term_string"}}],"inLanguage":"it-IT"},{"@type":"Organization","@id":"https:\/\/www.grupocatala.com\/it\/#organization","name":"Grupo Catala","url":"https:\/\/www.grupocatala.com\/it\/","logo":{"@type":"ImageObject","inLanguage":"it-IT","@id":"https:\/\/www.grupocatala.com\/it\/#\/schema\/logo\/image\/","url":"https:\/\/i0.wp.com\/www.grupocatala.com\/wp-content\/uploads\/2020\/03\/cropped-logo_blanc-1.png?fit=250%2C57&ssl=1","contentUrl":"https:\/\/i0.wp.com\/www.grupocatala.com\/wp-content\/uploads\/2020\/03\/cropped-logo_blanc-1.png?fit=250%2C57&ssl=1","width":250,"height":57,"caption":"Grupo Catala"},"image":{"@id":"https:\/\/www.grupocatala.com\/it\/#\/schema\/logo\/image\/"},"sameAs":["https:\/\/www.instagram.com\/grupocatala"]}]}},"jetpack_sharing_enabled":true,"_links":{"self":[{"href":"https:\/\/www.grupocatala.com\/it\/wp-json\/wp\/v2\/pages\/4768","targetHints":{"allow":["GET"]}}],"collection":[{"href":"https:\/\/www.grupocatala.com\/it\/wp-json\/wp\/v2\/pages"}],"about":[{"href":"https:\/\/www.grupocatala.com\/it\/wp-json\/wp\/v2\/types\/page"}],"author":[{"embeddable":true,"href":"https:\/\/www.grupocatala.com\/it\/wp-json\/wp\/v2\/users\/1"}],"replies":[{"embeddable":true,"href":"https:\/\/www.grupocatala.com\/it\/wp-json\/wp\/v2\/comments?post=4768"}],"version-history":[{"count":0,"href":"https:\/\/www.grupocatala.com\/it\/wp-json\/wp\/v2\/pages\/4768\/revisions"}],"wp:attachment":[{"href":"https:\/\/www.grupocatala.com\/it\/wp-json\/wp\/v2\/media?parent=4768"}],"curies":[{"name":"wp","href":"https:\/\/api.w.org\/{rel}","templated":true}]}}