{"id":6344,"date":"2020-03-26T09:33:48","date_gmt":"2020-03-26T09:33:48","guid":{"rendered":"https:\/\/www.grupocatala.com\/fermes\/secteur-franca\/les-mees-sector-c-2\/"},"modified":"2026-04-16T11:57:27","modified_gmt":"2026-04-16T09:57:27","slug":"les-mees-sector-c-2","status":"publish","type":"page","link":"https:\/\/www.grupocatala.com\/fr\/fermes\/secteur-franca\/les-mees-sector-c-2\/","title":{"rendered":"Les M\u00e9es Sector C-2"},"content":{"rendered":"\t\t<div data-elementor-type=\"wp-page\" data-elementor-id=\"6344\" class=\"elementor elementor-6344 elementor-416\" data-elementor-post-type=\"page\">\n\t\t\t\t\t\t<section class=\"elementor-section elementor-top-section elementor-element elementor-element-400d0b4b elementor-section-full_width elementor-section-height-min-height cont_rel elementor-section-height-default elementor-section-items-middle\" data-id=\"400d0b4b\" data-element_type=\"section\" data-e-type=\"section\">\n\t\t\t\t\t\t<div class=\"elementor-container elementor-column-gap-default\">\n\t\t\t\t\t<div class=\"elementor-column elementor-col-100 elementor-top-column elementor-element elementor-element-6a88b1cf\" data-id=\"6a88b1cf\" data-element_type=\"column\" data-e-type=\"column\">\n\t\t\t<div class=\"elementor-widget-wrap elementor-element-populated\">\n\t\t\t\t\t\t<div class=\"elementor-element elementor-element-40f7b82 elementor--h-position-center elementor--v-position-middle elementor-widget elementor-widget-slides\" data-id=\"40f7b82\" data-element_type=\"widget\" data-e-type=\"widget\" data-settings=\"{&quot;navigation&quot;:&quot;none&quot;,&quot;transition&quot;:&quot;fade&quot;,&quot;_animation&quot;:&quot;none&quot;,&quot;autoplay&quot;:&quot;yes&quot;,&quot;autoplay_speed&quot;:5000,&quot;infinite&quot;:&quot;yes&quot;,&quot;transition_speed&quot;:500}\" data-widget_type=\"slides.default\">\n\t\t\t\t<div class=\"elementor-widget-container\">\n\t\t\t\t\t\t\t\t\t<div class=\"elementor-swiper\">\n\t\t\t\t\t<div class=\"elementor-slides-wrapper elementor-main-swiper swiper\" role=\"region\" aria-roledescription=\"carousel\" aria-label=\"Diapositivas\" dir=\"ltr\" data-animation=\"zoomIn\">\n\t\t\t\t<div class=\"swiper-wrapper elementor-slides\">\n\t\t\t\t\t\t\t\t\t\t<div class=\"elementor-repeater-item-765d59b swiper-slide\" role=\"group\" aria-roledescription=\"slide\"><div class=\"swiper-slide-bg elementor-ken-burns elementor-ken-burns--out\" role=\"img\" aria-label=\"04\"><\/div><div class=\"elementor-background-overlay\"><\/div><div class=\"swiper-slide-inner\" ><div class=\"swiper-slide-contents\"><\/div><\/div><\/div><div class=\"elementor-repeater-item-eb571ab swiper-slide\" role=\"group\" aria-roledescription=\"slide\"><div class=\"swiper-slide-bg elementor-ken-burns elementor-ken-burns--in\" role=\"img\" aria-label=\"03\"><\/div><div class=\"elementor-background-overlay\"><\/div><div class=\"swiper-slide-inner\" ><div class=\"swiper-slide-contents\"><\/div><\/div><\/div><div class=\"elementor-repeater-item-8bfdee2 swiper-slide\" role=\"group\" aria-roledescription=\"slide\"><div class=\"swiper-slide-bg elementor-ken-burns elementor-ken-burns--out\" role=\"img\" aria-label=\"02\"><\/div><div class=\"elementor-background-overlay\"><\/div><div class=\"swiper-slide-inner\" ><div class=\"swiper-slide-contents\"><\/div><\/div><\/div><div class=\"elementor-repeater-item-40e4137 swiper-slide\" role=\"group\" aria-roledescription=\"slide\"><div class=\"swiper-slide-bg elementor-ken-burns elementor-ken-burns--in\" role=\"img\" aria-label=\"01\"><\/div><div class=\"elementor-background-overlay\"><\/div><div class=\"swiper-slide-inner\" ><div class=\"swiper-slide-contents\"><\/div><\/div><\/div>\t\t\t\t<\/div>\n\t\t\t\t\t\t\t\t\t\t\t\t\t\t\t\t\t\t\t\t\t<\/div>\n\t\t\t\t<\/div>\n\t\t\t\t\t\t\t\t<\/div>\n\t\t\t\t<\/div>\n\t\t\t\t<div class=\"elementor-element elementor-element-fcd6bd6 postnav elementor-post-navigation-borders-yes elementor-widget elementor-widget-post-navigation\" data-id=\"fcd6bd6\" data-element_type=\"widget\" data-e-type=\"widget\" data-widget_type=\"post-navigation.default\">\n\t\t\t\t<div class=\"elementor-widget-container\">\n\t\t\t\t\t\t\t<div class=\"elementor-post-navigation\" role=\"navigation\" aria-label=\"Navigation de publication\">\n\t\t\t<div class=\"elementor-post-navigation__prev elementor-post-navigation__link\">\n\t\t\t\t<a href=\"https:\/\/www.grupocatala.com\/fr\/fermes\/secteur-franca\/les-mees-sector-c-1\/\" rel=\"prev\"><span class=\"post-navigation__arrow-wrapper post-navigation__arrow-prev\"><i aria-hidden=\"true\" class=\"fas fa-angle-left\"><\/i><span class=\"elementor-screen-only\">Pr\u00e9c\u00e9dent<\/span><\/span><span class=\"elementor-post-navigation__link__prev\"><span class=\"post-navigation__prev--label\">Previous<\/span><span class=\"post-navigation__prev--title\">Les M\u00e9es Sector C-1<\/span><\/span><\/a>\t\t\t<\/div>\n\t\t\t\t\t\t\t<div class=\"elementor-post-navigation__separator-wrapper\">\n\t\t\t\t\t<div class=\"elementor-post-navigation__separator\"><\/div>\n\t\t\t\t<\/div>\n\t\t\t\t\t\t<div class=\"elementor-post-navigation__next elementor-post-navigation__link\">\n\t\t\t\t<a href=\"https:\/\/www.grupocatala.com\/fr\/fermes\/secteur-est\/los-frutales-villena\/\" rel=\"next\"><span class=\"elementor-post-navigation__link__next\"><span class=\"post-navigation__next--label\">Next<\/span><span class=\"post-navigation__next--title\">Los Frutales, Villena<\/span><\/span><span class=\"post-navigation__arrow-wrapper post-navigation__arrow-next\"><i aria-hidden=\"true\" class=\"fas fa-angle-right\"><\/i><span class=\"elementor-screen-only\">Suivant<\/span><\/span><\/a>\t\t\t<\/div>\n\t\t<\/div>\n\t\t\t\t\t\t<\/div>\n\t\t\t\t<\/div>\n\t\t\t\t<section class=\"elementor-section elementor-inner-section elementor-element elementor-element-7343051b elementor-section-height-min-height cont_rel_map elementor-section-boxed elementor-section-height-default\" data-id=\"7343051b\" data-element_type=\"section\" data-e-type=\"section\">\n\t\t\t\t\t\t<div class=\"elementor-container elementor-column-gap-default\">\n\t\t\t\t\t<div class=\"elementor-column elementor-col-50 elementor-inner-column elementor-element elementor-element-43b7c3bc\" data-id=\"43b7c3bc\" data-element_type=\"column\" data-e-type=\"column\">\n\t\t\t<div class=\"elementor-widget-wrap elementor-element-populated\">\n\t\t\t\t\t\t<div class=\"elementor-element elementor-element-78f2e7dc elementor-widget elementor-widget-heading\" data-id=\"78f2e7dc\" data-element_type=\"widget\" data-e-type=\"widget\" data-widget_type=\"heading.default\">\n\t\t\t\t<div class=\"elementor-widget-container\">\n\t\t\t\t\t<h2 class=\"elementor-heading-title elementor-size-default\">Les Mees Zona C-2<\/h2>\t\t\t\t<\/div>\n\t\t\t\t<\/div>\n\t\t\t\t<div class=\"elementor-element elementor-element-3ca00f9b elementor-widget elementor-widget-heading\" data-id=\"3ca00f9b\" data-element_type=\"widget\" data-e-type=\"widget\" data-widget_type=\"heading.default\">\n\t\t\t\t<div class=\"elementor-widget-container\">\n\t\t\t\t\t<h2 class=\"elementor-heading-title elementor-size-default\">Superficie totale: 47ha<\/h2>\t\t\t\t<\/div>\n\t\t\t\t<\/div>\n\t\t\t\t<div class=\"elementor-element elementor-element-321a65c2 elementor-position-inline-start elementor-mobile-position-inline-start elementor-view-default elementor-widget elementor-widget-icon-box\" data-id=\"321a65c2\" data-element_type=\"widget\" data-e-type=\"widget\" data-widget_type=\"icon-box.default\">\n\t\t\t\t<div class=\"elementor-widget-container\">\n\t\t\t\t\t\t\t<div class=\"elementor-icon-box-wrapper\">\n\n\t\t\t\t\t\t<div class=\"elementor-icon-box-icon\">\n\t\t\t\t<span  class=\"elementor-icon\">\n\t\t\t\t<i aria-hidden=\"true\" class=\"fas fa-arrow-alt-circle-right\"><\/i>\t\t\t\t<\/span>\n\t\t\t<\/div>\n\t\t\t\n\t\t\t\t\t\t<div class=\"elementor-icon-box-content\">\n\n\t\t\t\t\t\t\t\t\t<h3 class=\"elementor-icon-box-title\">\n\t\t\t\t\t\t<span  >\n\t\t\t\t\t\t\tPomme Jaune:\t27 ha\t\t\t\t\t\t<\/span>\n\t\t\t\t\t<\/h3>\n\t\t\t\t\n\t\t\t\t\n\t\t\t<\/div>\n\t\t\t\n\t\t<\/div>\n\t\t\t\t\t\t<\/div>\n\t\t\t\t<\/div>\n\t\t\t\t<div class=\"elementor-element elementor-element-5171c180 elementor-position-inline-start elementor-mobile-position-inline-start elementor-view-default elementor-widget elementor-widget-icon-box\" data-id=\"5171c180\" data-element_type=\"widget\" data-e-type=\"widget\" data-widget_type=\"icon-box.default\">\n\t\t\t\t<div class=\"elementor-widget-container\">\n\t\t\t\t\t\t\t<div class=\"elementor-icon-box-wrapper\">\n\n\t\t\t\t\t\t<div class=\"elementor-icon-box-icon\">\n\t\t\t\t<span  class=\"elementor-icon\">\n\t\t\t\t<i aria-hidden=\"true\" class=\"fas fa-arrow-alt-circle-right\"><\/i>\t\t\t\t<\/span>\n\t\t\t<\/div>\n\t\t\t\n\t\t\t\t\t\t<div class=\"elementor-icon-box-content\">\n\n\t\t\t\t\t\t\t\t\t<h3 class=\"elementor-icon-box-title\">\n\t\t\t\t\t\t<span  >\n\t\t\t\t\t\t\tPomme Rouge:\t10 ha\t\t\t\t\t\t<\/span>\n\t\t\t\t\t<\/h3>\n\t\t\t\t\n\t\t\t\t\n\t\t\t<\/div>\n\t\t\t\n\t\t<\/div>\n\t\t\t\t\t\t<\/div>\n\t\t\t\t<\/div>\n\t\t\t\t<div class=\"elementor-element elementor-element-1cb33669 elementor-position-inline-start elementor-mobile-position-inline-start elementor-view-default elementor-widget elementor-widget-icon-box\" data-id=\"1cb33669\" data-element_type=\"widget\" data-e-type=\"widget\" data-widget_type=\"icon-box.default\">\n\t\t\t\t<div class=\"elementor-widget-container\">\n\t\t\t\t\t\t\t<div class=\"elementor-icon-box-wrapper\">\n\n\t\t\t\t\t\t<div class=\"elementor-icon-box-icon\">\n\t\t\t\t<span  class=\"elementor-icon\">\n\t\t\t\t<i aria-hidden=\"true\" class=\"fas fa-arrow-alt-circle-right\"><\/i>\t\t\t\t<\/span>\n\t\t\t<\/div>\n\t\t\t\n\t\t\t\t\t\t<div class=\"elementor-icon-box-content\">\n\n\t\t\t\t\t\t\t\t\t<h3 class=\"elementor-icon-box-title\">\n\t\t\t\t\t\t<span  >\n\t\t\t\t\t\t\tPomme Rose:\t10 ha\t\t\t\t\t\t<\/span>\n\t\t\t\t\t<\/h3>\n\t\t\t\t\n\t\t\t\t\n\t\t\t<\/div>\n\t\t\t\n\t\t<\/div>\n\t\t\t\t\t\t<\/div>\n\t\t\t\t<\/div>\n\t\t\t\t\t<\/div>\n\t\t<\/div>\n\t\t\t\t<div class=\"elementor-column elementor-col-50 elementor-inner-column elementor-element elementor-element-25dc9058\" data-id=\"25dc9058\" data-element_type=\"column\" data-e-type=\"column\">\n\t\t\t<div class=\"elementor-widget-wrap\">\n\t\t\t\t\t\t\t<\/div>\n\t\t<\/div>\n\t\t\t\t\t<\/div>\n\t\t<\/section>\n\t\t\t\t\t<\/div>\n\t\t<\/div>\n\t\t\t\t\t<\/div>\n\t\t<\/section>\n\t\t\t\t<\/div>\n\t\t","protected":false},"excerpt":{"rendered":"<p>Les Mees Zona C-2 Superficie totale: 47ha Pomme Jaune: 27 ha Pomme Rouge: 10 ha Pomme Rose: 10 ha<\/p>\n","protected":false},"author":1,"featured_media":0,"parent":5122,"menu_order":0,"comment_status":"closed","ping_status":"closed","template":"elementor_header_footer","meta":{"footnotes":""},"class_list":["post-6344","page","type-page","status-publish"],"yoast_head":"<!-- This site is optimized with the Yoast SEO plugin v27.5 - https:\/\/yoast.com\/product\/yoast-seo-wordpress\/ -->\n<title>Les M\u00e9es Sector C-2<\/title>\n<meta name=\"description\" content=\"Les Mees Zona C-2 Superficie totale: 47ha Pomme Jaune: 27 ha Pomme Rouge: 10 ha Pomme Rose: 10\" \/>\n<meta name=\"robots\" content=\"index, follow, max-snippet:-1, max-image-preview:large, max-video-preview:-1\" \/>\n<link rel=\"canonical\" href=\"https:\/\/www.grupocatala.com\/fr\/fermes\/secteur-franca\/les-mees-sector-c-2\/\" \/>\n<meta property=\"og:locale\" content=\"fr_FR\" \/>\n<meta property=\"og:type\" content=\"article\" \/>\n<meta property=\"og:title\" content=\"Les M\u00e9es Sector C-2\" \/>\n<meta property=\"og:description\" content=\"Les Mees Zona C-2 Superficie totale: 47ha Pomme Jaune: 27 ha Pomme Rouge: 10 ha Pomme Rose: 10\" \/>\n<meta property=\"og:url\" content=\"https:\/\/www.grupocatala.com\/fr\/fermes\/secteur-franca\/les-mees-sector-c-2\/\" \/>\n<meta property=\"og:site_name\" content=\"GRUPO CATAL\u00c0\" \/>\n<meta property=\"article:modified_time\" content=\"2026-04-16T09:57:27+00:00\" \/>\n<meta name=\"twitter:card\" content=\"summary_large_image\" \/>\n<meta name=\"twitter:label1\" content=\"Dur\u00e9e de lecture estim\u00e9e\" \/>\n\t<meta name=\"twitter:data1\" content=\"1 minute\" \/>\n<script type=\"application\/ld+json\" class=\"yoast-schema-graph\">{\"@context\":\"https:\\\/\\\/schema.org\",\"@graph\":[{\"@type\":\"WebPage\",\"@id\":\"https:\\\/\\\/www.grupocatala.com\\\/fr\\\/fermes\\\/secteur-franca\\\/les-mees-sector-c-2\\\/\",\"url\":\"https:\\\/\\\/www.grupocatala.com\\\/fr\\\/fermes\\\/secteur-franca\\\/les-mees-sector-c-2\\\/\",\"name\":\"Les M\u00e9es Sector C-2\",\"isPartOf\":{\"@id\":\"https:\\\/\\\/www.grupocatala.com\\\/fr\\\/#website\"},\"datePublished\":\"2020-03-26T09:33:48+00:00\",\"dateModified\":\"2026-04-16T09:57:27+00:00\",\"description\":\"Les Mees Zona C-2 Superficie totale: 47ha Pomme Jaune: 27 ha Pomme Rouge: 10 ha Pomme Rose: 10\",\"breadcrumb\":{\"@id\":\"https:\\\/\\\/www.grupocatala.com\\\/fr\\\/fermes\\\/secteur-franca\\\/les-mees-sector-c-2\\\/#breadcrumb\"},\"inLanguage\":\"fr-FR\",\"potentialAction\":[{\"@type\":\"ReadAction\",\"target\":[\"https:\\\/\\\/www.grupocatala.com\\\/fr\\\/fermes\\\/secteur-franca\\\/les-mees-sector-c-2\\\/\"]}]},{\"@type\":\"BreadcrumbList\",\"@id\":\"https:\\\/\\\/www.grupocatala.com\\\/fr\\\/fermes\\\/secteur-franca\\\/les-mees-sector-c-2\\\/#breadcrumb\",\"itemListElement\":[{\"@type\":\"ListItem\",\"position\":1,\"name\":\"Portada\",\"item\":\"https:\\\/\\\/www.grupocatala.com\\\/fr\\\/\"},{\"@type\":\"ListItem\",\"position\":2,\"name\":\"FERMES\",\"item\":\"https:\\\/\\\/www.grupocatala.com\\\/fr\\\/fermes\\\/\"},{\"@type\":\"ListItem\",\"position\":3,\"name\":\"Secteur Fran\u00e7a\",\"item\":\"https:\\\/\\\/www.grupocatala.com\\\/fr\\\/fermes\\\/secteur-franca\\\/\"},{\"@type\":\"ListItem\",\"position\":4,\"name\":\"Les M\u00e9es Sector C-2\"}]},{\"@type\":\"WebSite\",\"@id\":\"https:\\\/\\\/www.grupocatala.com\\\/fr\\\/#website\",\"url\":\"https:\\\/\\\/www.grupocatala.com\\\/fr\\\/\",\"name\":\"GRUPO CATAL\u00c0\",\"description\":\"\",\"publisher\":{\"@id\":\"https:\\\/\\\/www.grupocatala.com\\\/fr\\\/#organization\"},\"potentialAction\":[{\"@type\":\"SearchAction\",\"target\":{\"@type\":\"EntryPoint\",\"urlTemplate\":\"https:\\\/\\\/www.grupocatala.com\\\/fr\\\/?s={search_term_string}\"},\"query-input\":{\"@type\":\"PropertyValueSpecification\",\"valueRequired\":true,\"valueName\":\"search_term_string\"}}],\"inLanguage\":\"fr-FR\"},{\"@type\":\"Organization\",\"@id\":\"https:\\\/\\\/www.grupocatala.com\\\/fr\\\/#organization\",\"name\":\"Grupo Catala\",\"url\":\"https:\\\/\\\/www.grupocatala.com\\\/fr\\\/\",\"logo\":{\"@type\":\"ImageObject\",\"inLanguage\":\"fr-FR\",\"@id\":\"https:\\\/\\\/www.grupocatala.com\\\/fr\\\/#\\\/schema\\\/logo\\\/image\\\/\",\"url\":\"https:\\\/\\\/i0.wp.com\\\/www.grupocatala.com\\\/wp-content\\\/uploads\\\/2020\\\/03\\\/cropped-logo_blanc-1.png?fit=250%2C57&ssl=1\",\"contentUrl\":\"https:\\\/\\\/i0.wp.com\\\/www.grupocatala.com\\\/wp-content\\\/uploads\\\/2020\\\/03\\\/cropped-logo_blanc-1.png?fit=250%2C57&ssl=1\",\"width\":250,\"height\":57,\"caption\":\"Grupo Catala\"},\"image\":{\"@id\":\"https:\\\/\\\/www.grupocatala.com\\\/fr\\\/#\\\/schema\\\/logo\\\/image\\\/\"},\"sameAs\":[\"https:\\\/\\\/www.instagram.com\\\/grupocatala\"]}]}<\/script>\n<!-- \/ Yoast SEO plugin. -->","yoast_head_json":{"title":"Les M\u00e9es Sector C-2","description":"Les Mees Zona C-2 Superficie totale: 47ha Pomme Jaune: 27 ha Pomme Rouge: 10 ha Pomme Rose: 10","robots":{"index":"index","follow":"follow","max-snippet":"max-snippet:-1","max-image-preview":"max-image-preview:large","max-video-preview":"max-video-preview:-1"},"canonical":"https:\/\/www.grupocatala.com\/fr\/fermes\/secteur-franca\/les-mees-sector-c-2\/","og_locale":"fr_FR","og_type":"article","og_title":"Les M\u00e9es Sector C-2","og_description":"Les Mees Zona C-2 Superficie totale: 47ha Pomme Jaune: 27 ha Pomme Rouge: 10 ha Pomme Rose: 10","og_url":"https:\/\/www.grupocatala.com\/fr\/fermes\/secteur-franca\/les-mees-sector-c-2\/","og_site_name":"GRUPO CATAL\u00c0","article_modified_time":"2026-04-16T09:57:27+00:00","twitter_card":"summary_large_image","twitter_misc":{"Dur\u00e9e de lecture estim\u00e9e":"1 minute"},"schema":{"@context":"https:\/\/schema.org","@graph":[{"@type":"WebPage","@id":"https:\/\/www.grupocatala.com\/fr\/fermes\/secteur-franca\/les-mees-sector-c-2\/","url":"https:\/\/www.grupocatala.com\/fr\/fermes\/secteur-franca\/les-mees-sector-c-2\/","name":"Les M\u00e9es Sector C-2","isPartOf":{"@id":"https:\/\/www.grupocatala.com\/fr\/#website"},"datePublished":"2020-03-26T09:33:48+00:00","dateModified":"2026-04-16T09:57:27+00:00","description":"Les Mees Zona C-2 Superficie totale: 47ha Pomme Jaune: 27 ha Pomme Rouge: 10 ha Pomme Rose: 10","breadcrumb":{"@id":"https:\/\/www.grupocatala.com\/fr\/fermes\/secteur-franca\/les-mees-sector-c-2\/#breadcrumb"},"inLanguage":"fr-FR","potentialAction":[{"@type":"ReadAction","target":["https:\/\/www.grupocatala.com\/fr\/fermes\/secteur-franca\/les-mees-sector-c-2\/"]}]},{"@type":"BreadcrumbList","@id":"https:\/\/www.grupocatala.com\/fr\/fermes\/secteur-franca\/les-mees-sector-c-2\/#breadcrumb","itemListElement":[{"@type":"ListItem","position":1,"name":"Portada","item":"https:\/\/www.grupocatala.com\/fr\/"},{"@type":"ListItem","position":2,"name":"FERMES","item":"https:\/\/www.grupocatala.com\/fr\/fermes\/"},{"@type":"ListItem","position":3,"name":"Secteur Fran\u00e7a","item":"https:\/\/www.grupocatala.com\/fr\/fermes\/secteur-franca\/"},{"@type":"ListItem","position":4,"name":"Les M\u00e9es Sector C-2"}]},{"@type":"WebSite","@id":"https:\/\/www.grupocatala.com\/fr\/#website","url":"https:\/\/www.grupocatala.com\/fr\/","name":"GRUPO CATAL\u00c0","description":"","publisher":{"@id":"https:\/\/www.grupocatala.com\/fr\/#organization"},"potentialAction":[{"@type":"SearchAction","target":{"@type":"EntryPoint","urlTemplate":"https:\/\/www.grupocatala.com\/fr\/?s={search_term_string}"},"query-input":{"@type":"PropertyValueSpecification","valueRequired":true,"valueName":"search_term_string"}}],"inLanguage":"fr-FR"},{"@type":"Organization","@id":"https:\/\/www.grupocatala.com\/fr\/#organization","name":"Grupo Catala","url":"https:\/\/www.grupocatala.com\/fr\/","logo":{"@type":"ImageObject","inLanguage":"fr-FR","@id":"https:\/\/www.grupocatala.com\/fr\/#\/schema\/logo\/image\/","url":"https:\/\/i0.wp.com\/www.grupocatala.com\/wp-content\/uploads\/2020\/03\/cropped-logo_blanc-1.png?fit=250%2C57&ssl=1","contentUrl":"https:\/\/i0.wp.com\/www.grupocatala.com\/wp-content\/uploads\/2020\/03\/cropped-logo_blanc-1.png?fit=250%2C57&ssl=1","width":250,"height":57,"caption":"Grupo Catala"},"image":{"@id":"https:\/\/www.grupocatala.com\/fr\/#\/schema\/logo\/image\/"},"sameAs":["https:\/\/www.instagram.com\/grupocatala"]}]}},"jetpack_sharing_enabled":true,"_links":{"self":[{"href":"https:\/\/www.grupocatala.com\/fr\/wp-json\/wp\/v2\/pages\/6344","targetHints":{"allow":["GET"]}}],"collection":[{"href":"https:\/\/www.grupocatala.com\/fr\/wp-json\/wp\/v2\/pages"}],"about":[{"href":"https:\/\/www.grupocatala.com\/fr\/wp-json\/wp\/v2\/types\/page"}],"author":[{"embeddable":true,"href":"https:\/\/www.grupocatala.com\/fr\/wp-json\/wp\/v2\/users\/1"}],"replies":[{"embeddable":true,"href":"https:\/\/www.grupocatala.com\/fr\/wp-json\/wp\/v2\/comments?post=6344"}],"version-history":[{"count":12,"href":"https:\/\/www.grupocatala.com\/fr\/wp-json\/wp\/v2\/pages\/6344\/revisions"}],"predecessor-version":[{"id":18174,"href":"https:\/\/www.grupocatala.com\/fr\/wp-json\/wp\/v2\/pages\/6344\/revisions\/18174"}],"up":[{"embeddable":true,"href":"https:\/\/www.grupocatala.com\/fr\/wp-json\/wp\/v2\/pages\/5122"}],"wp:attachment":[{"href":"https:\/\/www.grupocatala.com\/fr\/wp-json\/wp\/v2\/media?parent=6344"}],"curies":[{"name":"wp","href":"https:\/\/api.w.org\/{rel}","templated":true}]}}