{"id":4507,"date":"2020-03-26T09:21:45","date_gmt":"2020-03-26T09:21:45","guid":{"rendered":"https:\/\/www.grupocatala.com\/durabilite\/id\/"},"modified":"2025-05-19T18:21:50","modified_gmt":"2025-05-19T16:21:50","slug":"id","status":"publish","type":"page","link":"https:\/\/www.grupocatala.com\/fr\/durabilite\/id\/","title":{"rendered":"I+D"},"content":{"rendered":"\t\t<div data-elementor-type=\"wp-page\" data-elementor-id=\"4507\" class=\"elementor elementor-4507 elementor-387\" data-elementor-post-type=\"page\">\n\t\t\t\t\t\t<section class=\"elementor-section elementor-top-section elementor-element elementor-element-20dcd432 elementor-section-full_width elementor-section-height-default elementor-section-height-default\" data-id=\"20dcd432\" data-element_type=\"section\" data-e-type=\"section\" data-settings=\"{&quot;background_background&quot;:&quot;classic&quot;}\">\n\t\t\t\t\t\t<div class=\"elementor-container elementor-column-gap-default\">\n\t\t\t\t\t<div class=\"elementor-column elementor-col-100 elementor-top-column elementor-element elementor-element-40de7347 elementor-invisible\" data-id=\"40de7347\" data-element_type=\"column\" data-e-type=\"column\" data-settings=\"{&quot;animation&quot;:&quot;fadeIn&quot;}\">\n\t\t\t<div class=\"elementor-widget-wrap elementor-element-populated\">\n\t\t\t\t\t\t<div class=\"elementor-element elementor-element-762bcf27 elementor--h-position-center elementor--v-position-middle elementor-widget elementor-widget-slides\" data-id=\"762bcf27\" data-element_type=\"widget\" data-e-type=\"widget\" data-settings=\"{&quot;transition&quot;:&quot;fade&quot;,&quot;navigation&quot;:&quot;none&quot;,&quot;autoplay&quot;:&quot;yes&quot;,&quot;autoplay_speed&quot;:5000,&quot;infinite&quot;:&quot;yes&quot;,&quot;transition_speed&quot;:500}\" data-widget_type=\"slides.default\">\n\t\t\t\t<div class=\"elementor-widget-container\">\n\t\t\t\t\t\t\t\t\t<div class=\"elementor-swiper\">\n\t\t\t\t\t<div class=\"elementor-slides-wrapper elementor-main-swiper swiper\" role=\"region\" aria-roledescription=\"carousel\" aria-label=\"Diapositivas\" dir=\"ltr\" data-animation=\"fadeInUp\">\n\t\t\t\t<div class=\"swiper-wrapper elementor-slides\">\n\t\t\t\t\t\t\t\t\t\t<div class=\"elementor-repeater-item-5a32d29 swiper-slide\" role=\"group\" aria-roledescription=\"slide\"><div class=\"swiper-slide-bg elementor-ken-burns elementor-ken-burns--in\" role=\"img\" aria-label=\"DCIM100MEDIADJI_0059.JPG\"><\/div><div class=\"elementor-background-overlay\"><\/div><div class=\"swiper-slide-inner\" ><div class=\"swiper-slide-contents\"><div class=\"elementor-slide-heading\">I + D<\/div><\/div><\/div><\/div><div class=\"elementor-repeater-item-496dc8e swiper-slide\" role=\"group\" aria-roledescription=\"slide\"><div class=\"swiper-slide-bg elementor-ken-burns elementor-ken-burns--out\" role=\"img\" aria-label=\"DCIM100MEDIADJI_0059.JPG\"><\/div><div class=\"elementor-background-overlay\"><\/div><div class=\"swiper-slide-inner\" ><div class=\"swiper-slide-contents\"><div class=\"elementor-slide-heading\">I + D<\/div><\/div><\/div><\/div>\t\t\t\t<\/div>\n\t\t\t\t\t\t\t\t\t\t\t\t\t\t\t\t\t\t\t\t\t<\/div>\n\t\t\t\t<\/div>\n\t\t\t\t\t\t\t\t<\/div>\n\t\t\t\t<\/div>\n\t\t\t\t\t<\/div>\n\t\t<\/div>\n\t\t\t\t\t<\/div>\n\t\t<\/section>\n\t\t\t\t<section class=\"elementor-section elementor-top-section elementor-element elementor-element-2f5f0ec2 elementor-section-boxed elementor-section-height-default elementor-section-height-default\" data-id=\"2f5f0ec2\" data-element_type=\"section\" data-e-type=\"section\" data-settings=\"{&quot;background_background&quot;:&quot;classic&quot;}\">\n\t\t\t\t\t\t<div class=\"elementor-container elementor-column-gap-default\">\n\t\t\t\t\t<div class=\"elementor-column elementor-col-100 elementor-top-column elementor-element elementor-element-65375707 lessup\" data-id=\"65375707\" data-element_type=\"column\" data-e-type=\"column\" data-settings=\"{&quot;background_background&quot;:&quot;classic&quot;}\">\n\t\t\t<div class=\"elementor-widget-wrap elementor-element-populated\">\n\t\t\t\t\t\t<div class=\"elementor-element elementor-element-2c4ba455 elementor-widget elementor-widget-spacer\" data-id=\"2c4ba455\" data-element_type=\"widget\" data-e-type=\"widget\" data-widget_type=\"spacer.default\">\n\t\t\t\t<div class=\"elementor-widget-container\">\n\t\t\t\t\t\t\t<div class=\"elementor-spacer\">\n\t\t\t<div class=\"elementor-spacer-inner\"><\/div>\n\t\t<\/div>\n\t\t\t\t\t\t<\/div>\n\t\t\t\t<\/div>\n\t\t\t\t<div class=\"elementor-element elementor-element-9b2da0a elementor-widget elementor-widget-text-editor\" data-id=\"9b2da0a\" data-element_type=\"widget\" data-e-type=\"widget\" data-widget_type=\"text-editor.default\">\n\t\t\t\t<div class=\"elementor-widget-container\">\n\t\t\t\t\t\t\t\t\tParmi les mesures n\u00e9cessaires pour atteindre production durable, il est n\u00e9cessaire de mettre en place des outils d&#8217;am\u00e9lioration continue, de test et de correction d&#8217;erreur. Pour ce faire, on ajoute des am\u00e9liorations au syst\u00e8me de production:\t\t\t\t\t\t\t\t<\/div>\n\t\t\t\t<\/div>\n\t\t\t\t\t<\/div>\n\t\t<\/div>\n\t\t\t\t\t<\/div>\n\t\t<\/section>\n\t\t\t\t<section class=\"elementor-section elementor-top-section elementor-element elementor-element-1ab21fcd elementor-section-boxed elementor-section-height-default elementor-section-height-default\" data-id=\"1ab21fcd\" data-element_type=\"section\" data-e-type=\"section\" data-settings=\"{&quot;background_background&quot;:&quot;classic&quot;}\">\n\t\t\t\t\t\t<div class=\"elementor-container elementor-column-gap-default\">\n\t\t\t\t\t<div class=\"elementor-column elementor-col-100 elementor-top-column elementor-element elementor-element-64216c3\" data-id=\"64216c3\" data-element_type=\"column\" data-e-type=\"column\">\n\t\t\t<div class=\"elementor-widget-wrap elementor-element-populated\">\n\t\t\t\t\t\t<div class=\"elementor-element elementor-element-509fc491 elementor-widget elementor-widget-spacer\" data-id=\"509fc491\" data-element_type=\"widget\" data-e-type=\"widget\" data-widget_type=\"spacer.default\">\n\t\t\t\t<div class=\"elementor-widget-container\">\n\t\t\t\t\t\t\t<div class=\"elementor-spacer\">\n\t\t\t<div class=\"elementor-spacer-inner\"><\/div>\n\t\t<\/div>\n\t\t\t\t\t\t<\/div>\n\t\t\t\t<\/div>\n\t\t\t\t\t<\/div>\n\t\t<\/div>\n\t\t\t\t\t<\/div>\n\t\t<\/section>\n\t\t\t\t<section class=\"elementor-section elementor-top-section elementor-element elementor-element-eda044b elementor-section-boxed elementor-section-height-default elementor-section-height-default\" data-id=\"eda044b\" data-element_type=\"section\" data-e-type=\"section\" data-settings=\"{&quot;background_background&quot;:&quot;classic&quot;}\">\n\t\t\t\t\t\t<div class=\"elementor-container elementor-column-gap-default\">\n\t\t\t\t\t<div class=\"elementor-column elementor-col-100 elementor-top-column elementor-element elementor-element-a62f523\" data-id=\"a62f523\" data-element_type=\"column\" data-e-type=\"column\">\n\t\t\t<div class=\"elementor-widget-wrap elementor-element-populated\">\n\t\t\t\t\t\t<div class=\"elementor-element elementor-element-9dd5ecf elementor-widget elementor-widget-heading\" data-id=\"9dd5ecf\" data-element_type=\"widget\" data-e-type=\"widget\" data-widget_type=\"heading.default\">\n\t\t\t\t<div class=\"elementor-widget-container\">\n\t\t\t\t\t<h2 class=\"elementor-heading-title elementor-size-default\">Nouvelles techniques culturales<\/h2>\t\t\t\t<\/div>\n\t\t\t\t<\/div>\n\t\t\t\t<div class=\"elementor-element elementor-element-06a5d9b elementor-widget elementor-widget-text-editor\" data-id=\"06a5d9b\" data-element_type=\"widget\" data-e-type=\"widget\" data-widget_type=\"text-editor.default\">\n\t\t\t\t<div class=\"elementor-widget-container\">\n\t\t\t\t\t\t\t\t\tNouvelles Vari\u00e9t\u00e9s. Grupo Catala est impliqu\u00e9 dans un processus d&#8217;\u00e9volution continue, avec l\u2019objectif principal de proposer des vari\u00e9t\u00e9s qui correspondent le mieux aux exigences du march\u00e9.\t\t\t\t\t\t\t\t<\/div>\n\t\t\t\t<\/div>\n\t\t\t\t<div class=\"elementor-element elementor-element-b0c8347 elementor-widget elementor-widget-spacer\" data-id=\"b0c8347\" data-element_type=\"widget\" data-e-type=\"widget\" data-widget_type=\"spacer.default\">\n\t\t\t\t<div class=\"elementor-widget-container\">\n\t\t\t\t\t\t\t<div class=\"elementor-spacer\">\n\t\t\t<div class=\"elementor-spacer-inner\"><\/div>\n\t\t<\/div>\n\t\t\t\t\t\t<\/div>\n\t\t\t\t<\/div>\n\t\t\t\t\t<\/div>\n\t\t<\/div>\n\t\t\t\t\t<\/div>\n\t\t<\/section>\n\t\t\t\t<section class=\"elementor-section elementor-top-section elementor-element elementor-element-2db21041 elementor-section-boxed elementor-section-height-default elementor-section-height-default\" data-id=\"2db21041\" data-element_type=\"section\" data-e-type=\"section\" data-settings=\"{&quot;background_background&quot;:&quot;classic&quot;}\">\n\t\t\t\t\t\t<div class=\"elementor-container elementor-column-gap-default\">\n\t\t\t\t\t<div class=\"elementor-column elementor-col-20 elementor-top-column elementor-element elementor-element-56a1a5f2\" data-id=\"56a1a5f2\" data-element_type=\"column\" data-e-type=\"column\">\n\t\t\t<div class=\"elementor-widget-wrap elementor-element-populated\">\n\t\t\t\t\t\t<div class=\"elementor-element elementor-element-18082e0 elementor-view-default elementor-position-block-start elementor-mobile-position-block-start elementor-widget elementor-widget-icon-box\" data-id=\"18082e0\" data-element_type=\"widget\" data-e-type=\"widget\" data-widget_type=\"icon-box.default\">\n\t\t\t\t<div class=\"elementor-widget-container\">\n\t\t\t\t\t\t\t<div class=\"elementor-icon-box-wrapper\">\n\n\t\t\t\t\t\t<div class=\"elementor-icon-box-icon\">\n\t\t\t\t<span  class=\"elementor-icon\">\n\t\t\t\t<i aria-hidden=\"true\" class=\"far fa-check-circle\"><\/i>\t\t\t\t<\/span>\n\t\t\t<\/div>\n\t\t\t\n\t\t\t\t\t\t<div class=\"elementor-icon-box-content\">\n\n\t\t\t\t\t\t\t\t\t<h3 class=\"elementor-icon-box-title\">\n\t\t\t\t\t\t<span  >\n\t\t\t\t\t\t\tQualit\u00e9 gustative\t\t\t\t\t\t<\/span>\n\t\t\t\t\t<\/h3>\n\t\t\t\t\n\t\t\t\t\n\t\t\t<\/div>\n\t\t\t\n\t\t<\/div>\n\t\t\t\t\t\t<\/div>\n\t\t\t\t<\/div>\n\t\t\t\t\t<\/div>\n\t\t<\/div>\n\t\t\t\t<div class=\"elementor-column elementor-col-20 elementor-top-column elementor-element elementor-element-7a634e5\" data-id=\"7a634e5\" data-element_type=\"column\" data-e-type=\"column\">\n\t\t\t<div class=\"elementor-widget-wrap elementor-element-populated\">\n\t\t\t\t\t\t<div class=\"elementor-element elementor-element-be72457 elementor-view-default elementor-position-block-start elementor-mobile-position-block-start elementor-widget elementor-widget-icon-box\" data-id=\"be72457\" data-element_type=\"widget\" data-e-type=\"widget\" data-widget_type=\"icon-box.default\">\n\t\t\t\t<div class=\"elementor-widget-container\">\n\t\t\t\t\t\t\t<div class=\"elementor-icon-box-wrapper\">\n\n\t\t\t\t\t\t<div class=\"elementor-icon-box-icon\">\n\t\t\t\t<span  class=\"elementor-icon\">\n\t\t\t\t<i aria-hidden=\"true\" class=\"far fa-check-circle\"><\/i>\t\t\t\t<\/span>\n\t\t\t<\/div>\n\t\t\t\n\t\t\t\t\t\t<div class=\"elementor-icon-box-content\">\n\n\t\t\t\t\t\t\t\t\t<h3 class=\"elementor-icon-box-title\">\n\t\t\t\t\t\t<span  >\n\t\t\t\t\t\t\tMeilleur niveau de sucre\t\t\t\t\t\t<\/span>\n\t\t\t\t\t<\/h3>\n\t\t\t\t\n\t\t\t\t\n\t\t\t<\/div>\n\t\t\t\n\t\t<\/div>\n\t\t\t\t\t\t<\/div>\n\t\t\t\t<\/div>\n\t\t\t\t\t<\/div>\n\t\t<\/div>\n\t\t\t\t<div class=\"elementor-column elementor-col-20 elementor-top-column elementor-element elementor-element-93ad1a2\" data-id=\"93ad1a2\" data-element_type=\"column\" data-e-type=\"column\">\n\t\t\t<div class=\"elementor-widget-wrap elementor-element-populated\">\n\t\t\t\t\t\t<div class=\"elementor-element elementor-element-5ffd2ef elementor-view-default elementor-position-block-start elementor-mobile-position-block-start elementor-widget elementor-widget-icon-box\" data-id=\"5ffd2ef\" data-element_type=\"widget\" data-e-type=\"widget\" data-widget_type=\"icon-box.default\">\n\t\t\t\t<div class=\"elementor-widget-container\">\n\t\t\t\t\t\t\t<div class=\"elementor-icon-box-wrapper\">\n\n\t\t\t\t\t\t<div class=\"elementor-icon-box-icon\">\n\t\t\t\t<span  class=\"elementor-icon\">\n\t\t\t\t<i aria-hidden=\"true\" class=\"far fa-check-circle\"><\/i>\t\t\t\t<\/span>\n\t\t\t<\/div>\n\t\t\t\n\t\t\t\t\t\t<div class=\"elementor-icon-box-content\">\n\n\t\t\t\t\t\t\t\t\t<h3 class=\"elementor-icon-box-title\">\n\t\t\t\t\t\t<span  >\n\t\t\t\t\t\t\tMeilleure fermet\u00e9 et texture\t\t\t\t\t\t<\/span>\n\t\t\t\t\t<\/h3>\n\t\t\t\t\n\t\t\t\t\n\t\t\t<\/div>\n\t\t\t\n\t\t<\/div>\n\t\t\t\t\t\t<\/div>\n\t\t\t\t<\/div>\n\t\t\t\t\t<\/div>\n\t\t<\/div>\n\t\t\t\t<div class=\"elementor-column elementor-col-20 elementor-top-column elementor-element elementor-element-a6b8fef\" data-id=\"a6b8fef\" data-element_type=\"column\" data-e-type=\"column\">\n\t\t\t<div class=\"elementor-widget-wrap elementor-element-populated\">\n\t\t\t\t\t\t<div class=\"elementor-element elementor-element-773d66a elementor-view-default elementor-position-block-start elementor-mobile-position-block-start elementor-widget elementor-widget-icon-box\" data-id=\"773d66a\" data-element_type=\"widget\" data-e-type=\"widget\" data-widget_type=\"icon-box.default\">\n\t\t\t\t<div class=\"elementor-widget-container\">\n\t\t\t\t\t\t\t<div class=\"elementor-icon-box-wrapper\">\n\n\t\t\t\t\t\t<div class=\"elementor-icon-box-icon\">\n\t\t\t\t<span  class=\"elementor-icon\">\n\t\t\t\t<i aria-hidden=\"true\" class=\"far fa-check-circle\"><\/i>\t\t\t\t<\/span>\n\t\t\t<\/div>\n\t\t\t\n\t\t\t\t\t\t<div class=\"elementor-icon-box-content\">\n\n\t\t\t\t\t\t\t\t\t<h3 class=\"elementor-icon-box-title\">\n\t\t\t\t\t\t<span  >\n\t\t\t\t\t\t\tColoration\t\t\t\t\t\t<\/span>\n\t\t\t\t\t<\/h3>\n\t\t\t\t\n\t\t\t\t\n\t\t\t<\/div>\n\t\t\t\n\t\t<\/div>\n\t\t\t\t\t\t<\/div>\n\t\t\t\t<\/div>\n\t\t\t\t\t<\/div>\n\t\t<\/div>\n\t\t\t\t<div class=\"elementor-column elementor-col-20 elementor-top-column elementor-element elementor-element-982d31e\" data-id=\"982d31e\" data-element_type=\"column\" data-e-type=\"column\">\n\t\t\t<div class=\"elementor-widget-wrap elementor-element-populated\">\n\t\t\t\t\t\t<div class=\"elementor-element elementor-element-b419fa1 elementor-view-default elementor-position-block-start elementor-mobile-position-block-start elementor-widget elementor-widget-icon-box\" data-id=\"b419fa1\" data-element_type=\"widget\" data-e-type=\"widget\" data-widget_type=\"icon-box.default\">\n\t\t\t\t<div class=\"elementor-widget-container\">\n\t\t\t\t\t\t\t<div class=\"elementor-icon-box-wrapper\">\n\n\t\t\t\t\t\t<div class=\"elementor-icon-box-icon\">\n\t\t\t\t<span  class=\"elementor-icon\">\n\t\t\t\t<i aria-hidden=\"true\" class=\"far fa-check-circle\"><\/i>\t\t\t\t<\/span>\n\t\t\t<\/div>\n\t\t\t\n\t\t\t\t\t\t<div class=\"elementor-icon-box-content\">\n\n\t\t\t\t\t\t\t\t\t<h3 class=\"elementor-icon-box-title\">\n\t\t\t\t\t\t<span  >\n\t\t\t\t\t\t\tForme et calibre\t\t\t\t\t\t<\/span>\n\t\t\t\t\t<\/h3>\n\t\t\t\t\n\t\t\t\t\n\t\t\t<\/div>\n\t\t\t\n\t\t<\/div>\n\t\t\t\t\t\t<\/div>\n\t\t\t\t<\/div>\n\t\t\t\t\t<\/div>\n\t\t<\/div>\n\t\t\t\t\t<\/div>\n\t\t<\/section>\n\t\t\t\t<section class=\"elementor-section elementor-top-section elementor-element elementor-element-5dcf78ba elementor-section-boxed elementor-section-height-default elementor-section-height-default\" data-id=\"5dcf78ba\" data-element_type=\"section\" data-e-type=\"section\" data-settings=\"{&quot;background_background&quot;:&quot;classic&quot;}\">\n\t\t\t\t\t\t<div class=\"elementor-container elementor-column-gap-default\">\n\t\t\t\t\t<div class=\"elementor-column elementor-col-100 elementor-top-column elementor-element elementor-element-3cc812\" data-id=\"3cc812\" data-element_type=\"column\" data-e-type=\"column\">\n\t\t\t<div class=\"elementor-widget-wrap elementor-element-populated\">\n\t\t\t\t\t\t<section class=\"elementor-section elementor-inner-section elementor-element elementor-element-5f7389e elementor-section-boxed elementor-section-height-default elementor-section-height-default\" data-id=\"5f7389e\" data-element_type=\"section\" data-e-type=\"section\">\n\t\t\t\t\t\t<div class=\"elementor-container elementor-column-gap-default\">\n\t\t\t\t\t<div class=\"elementor-column elementor-col-50 elementor-inner-column elementor-element elementor-element-0a1eaac\" data-id=\"0a1eaac\" data-element_type=\"column\" data-e-type=\"column\">\n\t\t\t<div class=\"elementor-widget-wrap elementor-element-populated\">\n\t\t\t\t\t\t<div class=\"elementor-element elementor-element-6068d5f elementor-widget elementor-widget-text-editor\" data-id=\"6068d5f\" data-element_type=\"widget\" data-e-type=\"widget\" data-widget_type=\"text-editor.default\">\n\t\t\t\t<div class=\"elementor-widget-container\">\n\t\t\t\t\t\t\t\t\tCes exigences de march\u00e9 nous obligent \u00e0 respecter le calendrier commercial de chaque esp\u00e8ce, pour cela nous s\u00e9lectionnons des vari\u00e9t\u00e9s qui nous permettent d&#8217;avancer les dates de d\u00e9but et de fin de r\u00e9colte, et donc la commercialisation.\t\t\t\t\t\t\t\t<\/div>\n\t\t\t\t<\/div>\n\t\t\t\t\t<\/div>\n\t\t<\/div>\n\t\t\t\t<div class=\"elementor-column elementor-col-50 elementor-inner-column elementor-element elementor-element-9615838\" data-id=\"9615838\" data-element_type=\"column\" data-e-type=\"column\">\n\t\t\t<div class=\"elementor-widget-wrap elementor-element-populated\">\n\t\t\t\t\t\t<div class=\"elementor-element elementor-element-5476194 elementor-widget elementor-widget-text-editor\" data-id=\"5476194\" data-element_type=\"widget\" data-e-type=\"widget\" data-widget_type=\"text-editor.default\">\n\t\t\t\t<div class=\"elementor-widget-container\">\n\t\t\t\t\t\t\t\t\tGrupo Catala r\u00e9alise des \u00e9tudes de s\u00e9lection des vari\u00e9t\u00e9s qu\u2019il utilise lors des plantation dans ses exploitations, afin d&#8217;assurer l&#8217;objectif commercial.\nActuellement, Grupo Catala en collaboration avec les d\u00e9tenteurs et p\u00e9pini\u00e9ristes reconnus, est immerg\u00e9 dans un processus continu de renouvellement des vari\u00e9t\u00e9s dans tous ses vergers.\t\t\t\t\t\t\t\t<\/div>\n\t\t\t\t<\/div>\n\t\t\t\t\t<\/div>\n\t\t<\/div>\n\t\t\t\t\t<\/div>\n\t\t<\/section>\n\t\t\t\t\t<\/div>\n\t\t<\/div>\n\t\t\t\t\t<\/div>\n\t\t<\/section>\n\t\t\t\t<section class=\"elementor-section elementor-top-section elementor-element elementor-element-ac8aee1 elementor-section-boxed elementor-section-height-default elementor-section-height-default\" data-id=\"ac8aee1\" data-element_type=\"section\" data-e-type=\"section\">\n\t\t\t\t\t\t<div class=\"elementor-container elementor-column-gap-default\">\n\t\t\t\t\t<div class=\"elementor-column elementor-col-100 elementor-top-column elementor-element elementor-element-9d3f13f\" data-id=\"9d3f13f\" data-element_type=\"column\" data-e-type=\"column\">\n\t\t\t<div class=\"elementor-widget-wrap elementor-element-populated\">\n\t\t\t\t\t\t<div class=\"elementor-element elementor-element-724ba42 elementor-widget elementor-widget-spacer\" data-id=\"724ba42\" data-element_type=\"widget\" data-e-type=\"widget\" data-widget_type=\"spacer.default\">\n\t\t\t\t<div class=\"elementor-widget-container\">\n\t\t\t\t\t\t\t<div class=\"elementor-spacer\">\n\t\t\t<div class=\"elementor-spacer-inner\"><\/div>\n\t\t<\/div>\n\t\t\t\t\t\t<\/div>\n\t\t\t\t<\/div>\n\t\t\t\t<div class=\"elementor-element elementor-element-e1676da elementor-widget elementor-widget-heading\" data-id=\"e1676da\" data-element_type=\"widget\" data-e-type=\"widget\" data-widget_type=\"heading.default\">\n\t\t\t\t<div class=\"elementor-widget-container\">\n\t\t\t\t\t<h2 class=\"elementor-heading-title elementor-size-default\">R\u00c9SUM\u00c9 DU PROJET<\/h2>\t\t\t\t<\/div>\n\t\t\t\t<\/div>\n\t\t\t\t<div class=\"elementor-element elementor-element-049f0bb elementor-widget elementor-widget-spacer\" data-id=\"049f0bb\" data-element_type=\"widget\" data-e-type=\"widget\" data-widget_type=\"spacer.default\">\n\t\t\t\t<div class=\"elementor-widget-container\">\n\t\t\t\t\t\t\t<div class=\"elementor-spacer\">\n\t\t\t<div class=\"elementor-spacer-inner\"><\/div>\n\t\t<\/div>\n\t\t\t\t\t\t<\/div>\n\t\t\t\t<\/div>\n\t\t\t\t\t<\/div>\n\t\t<\/div>\n\t\t\t\t\t<\/div>\n\t\t<\/section>\n\t\t\t\t<section class=\"elementor-section elementor-top-section elementor-element elementor-element-e62da52 elementor-section-boxed elementor-section-height-default elementor-section-height-default\" data-id=\"e62da52\" data-element_type=\"section\" data-e-type=\"section\">\n\t\t\t\t\t\t<div class=\"elementor-container elementor-column-gap-default\">\n\t\t\t\t\t<div class=\"elementor-column elementor-col-100 elementor-top-column elementor-element elementor-element-aa71a38\" data-id=\"aa71a38\" data-element_type=\"column\" data-e-type=\"column\">\n\t\t\t<div class=\"elementor-widget-wrap elementor-element-populated\">\n\t\t\t\t\t\t<div class=\"elementor-element elementor-element-9dc191a elementor-widget elementor-widget-heading\" data-id=\"9dc191a\" data-element_type=\"widget\" data-e-type=\"widget\" data-widget_type=\"heading.default\">\n\t\t\t\t<div class=\"elementor-widget-container\">\n\t\t\t\t\t<h2 class=\"elementor-heading-title elementor-size-default\">Coop\u00e9ration pour l'innovation<\/h2>\t\t\t\t<\/div>\n\t\t\t\t<\/div>\n\t\t\t\t\t<\/div>\n\t\t<\/div>\n\t\t\t\t\t<\/div>\n\t\t<\/section>\n\t\t\t\t<section class=\"elementor-section elementor-top-section elementor-element elementor-element-3e87988 elementor-section-boxed elementor-section-height-default elementor-section-height-default\" data-id=\"3e87988\" data-element_type=\"section\" data-e-type=\"section\">\n\t\t\t\t\t\t<div class=\"elementor-container elementor-column-gap-default\">\n\t\t\t\t\t<div class=\"elementor-column elementor-col-100 elementor-top-column elementor-element elementor-element-7cd68f4\" data-id=\"7cd68f4\" data-element_type=\"column\" data-e-type=\"column\">\n\t\t\t<div class=\"elementor-widget-wrap elementor-element-populated\">\n\t\t\t\t\t\t<div class=\"elementor-element elementor-element-170a7c9 elementor-widget elementor-widget-accordion\" data-id=\"170a7c9\" data-element_type=\"widget\" data-e-type=\"widget\" data-widget_type=\"accordion.default\">\n\t\t\t\t<div class=\"elementor-widget-container\">\n\t\t\t\t\t\t\t<div class=\"elementor-accordion\">\n\t\t\t\t\t\t\t<div class=\"elementor-accordion-item\">\n\t\t\t\t\t<div id=\"elementor-tab-title-2411\" class=\"elementor-tab-title\" data-tab=\"1\" role=\"button\" aria-controls=\"elementor-tab-content-2411\" aria-expanded=\"false\">\n\t\t\t\t\t\t\t\t\t\t\t\t\t<span class=\"elementor-accordion-icon elementor-accordion-icon-left\" aria-hidden=\"true\">\n\t\t\t\t\t\t\t\t\t\t\t\t\t\t\t<span class=\"elementor-accordion-icon-closed\"><i class=\"fas fa-plus\"><\/i><\/span>\n\t\t\t\t\t\t\t\t<span class=\"elementor-accordion-icon-opened\"><i class=\"fas fa-minus\"><\/i><\/span>\n\t\t\t\t\t\t\t\t\t\t\t\t\t\t<\/span>\n\t\t\t\t\t\t\t\t\t\t\t\t<a class=\"elementor-accordion-title\" tabindex=\"0\">Coop\u00e9ration pour l'innovation: groupes op\u00e9rationnels<\/a>\n\t\t\t\t\t<\/div>\n\t\t\t\t\t<div id=\"elementor-tab-content-2411\" class=\"elementor-tab-content elementor-clearfix\" data-tab=\"1\" role=\"region\" aria-labelledby=\"elementor-tab-title-2411\"><div><p><span style=\"font-weight: bold; letter-spacing: 0.1px;\">1.<\/span><span style=\"font-weight: bold; letter-spacing: 0.1px;\">\u00a0<\/span><strong>&#8220;Nouvelles strat\u00e9gies naturelles pour r\u00e9duire les physiopathies de post-r\u00e9colte dans des fruits \u00e0 p\u00e9pins&#8221;<\/strong><\/p><p>L&#8217;un des probl\u00e8mes les plus importants dans le secteur fruitier a \u00e9t\u00e9 le stockage \u00e0 froid de certaines vari\u00e9t\u00e9s de poire et de pomme sensibles aux probl\u00e8mes superficiels d&#8217;\u00e9chaudissement. La cons\u00e9quence principale de l&#8217;\u00e9chaudage est la d\u00e9t\u00e9rioration de l&#8217;apparence et de la valeur marchande du fruit, raison pour laquelle le fruit ne se consid\u00e8re comme susceptible d&#8217;\u00eatre utilis\u00e9 dans les proc\u00e9d\u00e9s industriels.<\/p><p>Pour cette raison, une collaboration avec une grande entreprise du secteur des fruits (SDAD. COOPERATIVA SANT DOMENEC) et l&#8217;une des principales soci\u00e9t\u00e9s de production de produits biologiques et sans r\u00e9sidus par le contr\u00f4le des maladies (ALTINCO), accompagn\u00e9 de l&#8217;IRTA et du DBA (Universit\u00e9 de Lleida), afin d&#8217;\u00e9tudier une strat\u00e9gie commune dans le domaine et en post-r\u00e9colte pour am\u00e9liorer les param\u00e8tres qui peuvent influencer le braconnage, avec l&#8217;utilisation de produits naturels.<\/p><p>L&#8217;objectif du projet est d&#8217;\u00e9valuer diff\u00e9rentes conditions de gestion dans le domaine et post-r\u00e9colte, avec des produits naturels, afin de r\u00e9duire l&#8217;incidence des probl\u00e8mes associ\u00e9s au stockage frigorifique, tels que l&#8217;\u00e9bouaille superficielle.<\/p><\/div><div><p style=\"padding-left: 40px;\"><b>Objectifs techniques sp\u00e9cifiques:<\/b><br \/>1. D\u00e9terminer l&#8217;application d&#8217;un produit naturel pour augmenter l&#8217;absorption des macro et micro \u00e9l\u00e9ments et \u00e9valuer son influence sur les param\u00e8tres de qualit\u00e9 du fruit et sa pr\u00e9disposition \u00e0 l&#8217;apparition des physiopathies.<br \/>2. Etudiez diff\u00e9rents traitements naturels pour l&#8217;application post-r\u00e9colte pour les fruits au p\u00e9pins.<br \/>3. Surveiller le processus de scalding de ce fruit pendant sa conservation dans une atmosph\u00e8re contr\u00f4l\u00e9e en \u00e9tudiant l&#8217;\u03b1-farnes\u00e8ne, en choisissant des conjugu\u00e9s ou de l&#8217;\u00e9thyl\u00e8ne.<br \/>4. \u00c9valuation de l&#8217;efficacit\u00e9 de la gestion des champs et post-r\u00e9colte sur la scaldence et la qualit\u00e9 des fruits.<br \/>5. Effectuer un plan de sensibilisation pour apporter les r\u00e9sultats obtenus dans le projet pilote au secteur.<\/p><p><b>Avec le financement de:<\/b><\/p><p><img decoding=\"async\" data-recalc-dims=\"1\" src=\"https:\/\/i0.wp.com\/www.grupocatala.com\/wp-content\/uploads\/2020\/04\/projectes2.png?resize=522%2C55&#038;ssl=1\" alt=\"\" width=\"522\" height=\"55\" \/><\/p><p><b>Projet financ\u00e9 par la mesure 16:01:01 (Coop\u00e9ration pour l&#8217;innovation) par le biais du Programme de d\u00e9veloppement rural de Catalogne 2014-2020.<\/b><\/p><p><i>Ordonnance ARP \/ 258\/2015 du 17 ao\u00fbt approuvant les bases r\u00e9glementaires pour l&#8217;aide \u00e0 la coop\u00e9ration pour l&#8217;innovation en encourageant la cr\u00e9ation de groupes op\u00e9rationnels de l&#8217;Association europ\u00e9enne pour l&#8217;innovation en productivit\u00e9 et la durabilit\u00e9 agricole et la mise en \u0153uvre de projets pilotes innovants par ces groupes, et en convoquant les correspondants d&#8217;ici 2015.<\/i><\/p><p><i>\u00a0<\/i><\/p><p style=\"letter-spacing: 0.1px;\"><span style=\"letter-spacing: 0.1px; font-weight: bold;\">2.<\/span><span style=\"letter-spacing: 0.1px; font-weight: bold;\">\u00a0<\/span><span style=\"letter-spacing: 0.1px; font-weight: bold;\">&#8220;Contr\u00f5le de Myzus cerasi en cerisier, gr\u00e3ce \u00e0 la biodiversit\u00e9 fonctionnelle (utilisation des services \u00e9cosyst\u00e9miques).<\/span><\/p><p style=\"letter-spacing: 0.1px;\"><span style=\"letter-spacing: 0.1px;\">Dans l&#8217;agriculture intensive moderne, la seule m\u00e9thode efficace de lutte contre certains ravagerus repose sur l&#8217;utilitsation g\u00e9n\u00e9rique et sans discrimination d&#8217;insecticides, allant m\u00eame jusqu&#8217;\u00e0 exiger l&#8217;application simultan\u00e9e de diff\u00e9rentes mati\u00e8res actives pour parvenir \u00e0 un cont\u00f4le efficace d&#8217;un ravageur.\u00a0<\/span><\/p><p style=\"letter-spacing: 0.1px;\"><span style=\"letter-spacing: 0.1px;\">La grande majorit\u00e9 des insecticides (et leurs r\u00e9sidus) ont une persitance pouvant d\u00e9passer 21 jours, par cons\u00e9quent, leur application pendant la p\u00e9riode de maturation du fruit, peut g\u00e9n\u00e9rer la d\u00e9tection de r\u00e9sidus de pesticides dans les fruits. Cela lui fait pedre de la qualit\u00e9 et ne peut \u00eatre orient\u00e9 vers des march\u00e9s plus exigeants avec des prix de vente plus \u00e9lev\u00e9s.<\/span><\/p><p style=\"letter-spacing: 0.1px;\"><span style=\"letter-spacing: 0.1px;\">l&#8217;objectif principal de ce projet est d&#8217;am\u00e9liorer la comp\u00e9titivit\u00e9 des produits agroalimentaires que commercialisent les soci\u00e9t\u00e9s EXPLOTACIONES AGRARIAS LOS MASOS SL et SANT DOMENEC SCL., par l&#8217;int\u00e9gration de nouvelles pratiques agronomiques durables qui offrent de la valeur \u00e0 un produit primaire de grand int\u00e9r\u00eat commercial telle que la cerise.<\/span><\/p><p style=\"letter-spacing: 0.1px;\"><span style=\"letter-spacing: 0.1px;\">Dans ce contexte, et afin d&#8217;atteindre cet objectif strat\u00e9gique comme l&#8217;objectif g\u00e9n\u00e9ral du projet est de r\u00e9duire l&#8217;utilisation des pesticides de synth\u00e8se dans les cerisiers, en les rempla\u00e7ant par un contr\u00f4le antiparasitarire bas\u00e9e sur la promotion de la biodiversit\u00e9 fonctionnelle.<\/span><\/p><p style=\"letter-spacing: 0.1px;\"><span style=\"font-weight: bold; letter-spacing: 0.1px;\">Plus pr\u00e9cis\u00e9ment, cet objectif g\u00e9n\u00e9ral se d\u00e9compose en:<\/span><\/p><ul><li><span style=\"letter-spacing: 0.1px;\">D\u00e9terminer la capacit\u00e9 et la viabilit\u00e9 d&#8217;implantation d&#8217;un syst\u00e8me de couverture v\u00e9getale en crisier.<\/span><\/li><li>Quantifier l&#8217;\u00e9volution de l&#8217;\u00e9cosyst\u00e8me associ\u00e9 \u00e0 ce couvert v\u00e9g\u00e9tal par rapport \u00e0 la faune auxiliaire.<\/li><li>Valider la capacit\u00e9 de la faune auxiliare comme m\u00e9thode principale ou combin\u00e9e au cont\u00f4le de Myzus cerasi en cerisier.<\/li><li>\u00c9valuer l&#8217;\u00e9tat sanitaire et de qualit\u00e9, ainsi que l&#8217;\u00e9volution post-r\u00e9colte sans traitements phytosantiaires.<\/li><li>\u00c9valuer l&#8217;impact \u00e9conomique et enviorennemental de l&#8217;utilisation de couvertures v\u00e9g\u00e9tales en ce qui concerne la gestion des ravageurs habituels.<\/li><li>Effectuer le transfert des r\u00e9sultats du projet pilote vers au domaines et au territoire.<\/li><\/ul><div style=\"letter-spacing: 0.1px;\"><span style=\"font-weight: bold; letter-spacing: 0.1px;\">Avec le financement de:<\/span><\/div><div style=\"letter-spacing: 0.1px;\"><span style=\"font-weight: bold; letter-spacing: 0.1px;\">\u00a0<\/span><\/div><div style=\"letter-spacing: 0.1px;\"><img decoding=\"async\" data-recalc-dims=\"1\" style=\"letter-spacing: 0.1px;\" src=\"https:\/\/i0.wp.com\/www.grupocatala.com\/wp-content\/uploads\/2020\/04\/projectes2.png?resize=522%2C55&#038;ssl=1\" alt=\"\" width=\"522\" height=\"55\" \/><\/div><p style=\"letter-spacing: 0.1px;\"><span style=\"font-weight: bold;\">Projet financ\u00e9 par la mesure 16.01.01 (Coop\u00e9ration pour l&#8217;innovation) dans le cadre du programme de d\u00e9veloppement rural de Catalogne 2014-2020.<\/span><\/p><p style=\"letter-spacing: 0.1px;\"><i>Arret\u00e9 ARP\/133\/2017, du 21 Juin, Les bases r\u00e9glementaires des aides \u00e0 la coop\u00e9ration pour l&#8217;innovation ont \u00e9t\u00e9 approuv\u00e9es par la promotion de la cr\u00e9ation de groupes op\u00e9rationnels de l&#8217;Association europ\u00e9enne pour l&#8217;innovation dans la productivit\u00e9 agricole et la d\u00e9veloppement durable et la mise en ceuvre de projets pilotes innovants par ces groupes, et ceux correspondant \u00e0 2018.<\/i><\/p><\/div><\/div>\n\t\t\t\t<\/div>\n\t\t\t\t\t\t\t<div class=\"elementor-accordion-item\">\n\t\t\t\t\t<div id=\"elementor-tab-title-2412\" class=\"elementor-tab-title\" data-tab=\"2\" role=\"button\" aria-controls=\"elementor-tab-content-2412\" aria-expanded=\"false\">\n\t\t\t\t\t\t\t\t\t\t\t\t\t<span class=\"elementor-accordion-icon elementor-accordion-icon-left\" aria-hidden=\"true\">\n\t\t\t\t\t\t\t\t\t\t\t\t\t\t\t<span class=\"elementor-accordion-icon-closed\"><i class=\"fas fa-plus\"><\/i><\/span>\n\t\t\t\t\t\t\t\t<span class=\"elementor-accordion-icon-opened\"><i class=\"fas fa-minus\"><\/i><\/span>\n\t\t\t\t\t\t\t\t\t\t\t\t\t\t<\/span>\n\t\t\t\t\t\t\t\t\t\t\t\t<a class=\"elementor-accordion-title\" tabindex=\"0\">CDTI - Projet R&D: qualit\u00e9 et s\u00e9curit\u00e9 alimentaire<\/a>\n\t\t\t\t\t<\/div>\n\t\t\t\t\t<div id=\"elementor-tab-content-2412\" class=\"elementor-tab-content elementor-clearfix\" data-tab=\"2\" role=\"region\" aria-labelledby=\"elementor-tab-title-2412\"><p><strong>(PROJET a re\u00e7u le soutien par les caisses CDTI FEDER DE L&#8217;UNION EUROP\u00c9ENNE: La croissance intelligente programme op\u00e9rationnel 2014-2020)<\/strong><\/p><p>La strat\u00e9gie de l&#8217;entreprise est bas\u00e9e sur de maximiser les fermes de fruits, r\u00e9pondant aux besoins du march\u00e9 afin d&#8217;assurer la qualit\u00e9 et la s\u00e9curit\u00e9 alimentaire des fruits en am\u00e9liorant et le contr\u00f4le de tous les processus ex\u00e9cut\u00e9s dans le d\u00e9veloppement de l&#8217;activit\u00e9.<\/p><p>le traitement des fruits apr\u00e8s r\u00e9colte est limit\u00e9e par sa d\u00e9gradation rapide, en raison de leurs changements d&#8217;activit\u00e9 des voies respiratoires, m\u00e9taboliques et enzymatiques induites \u00e9galement g\u00e9n\u00e9r\u00e9 un large \u00e9ventail de micro-organismes d&#8217;alt\u00e9ration et les pathog\u00e8nes. Rots caus\u00e9es par des moisissures et la pr\u00e9sence de micro-organismes pathog\u00e8nes dans le fruit est un probl\u00e8me pour le secteur, g\u00e9n\u00e9rant des pertes \u00e9conomiques \u00e9lev\u00e9es et entravant le possible fruit r\u00e9gional, national et international du commerce. Il est donc n\u00e9cessaire de trouver de nouvelles alternatives efficaces, s\u00fbrs et respectueux de l&#8217;environnement qui favorisent la conservation des fruits prolonger.<\/p><p><img fetchpriority=\"high\" decoding=\"async\" data-recalc-dims=\"1\" class=\"alignnone wp-image-3473 size-full\" src=\"https:\/\/i0.wp.com\/www.grupocatala.com\/wp-content\/uploads\/2020\/04\/projectes3.jpg?resize=912%2C89&#038;ssl=1\" alt=\"\" width=\"912\" height=\"89\" srcset=\"https:\/\/i0.wp.com\/www.grupocatala.com\/wp-content\/uploads\/2020\/04\/projectes3.jpg?w=912&amp;ssl=1 912w, https:\/\/i0.wp.com\/www.grupocatala.com\/wp-content\/uploads\/2020\/04\/projectes3.jpg?resize=600%2C59&amp;ssl=1 600w, https:\/\/i0.wp.com\/www.grupocatala.com\/wp-content\/uploads\/2020\/04\/projectes3.jpg?resize=300%2C29&amp;ssl=1 300w, https:\/\/i0.wp.com\/www.grupocatala.com\/wp-content\/uploads\/2020\/04\/projectes3.jpg?resize=768%2C75&amp;ssl=1 768w\" sizes=\"(max-width: 912px) 100vw, 912px\" \/><\/p><p>Il existe de nombreuses \u00e9tudes qui sugg\u00e8rent que la conservation du fruit est le r\u00e9sultat de l&#8217;interaction entre les facteurs de production, des facteurs technologiques de conservation et les facteurs g\u00e9n\u00e9tiques. De telles propri\u00e9t\u00e9s inn\u00e9es du mat\u00e9riel v\u00e9g\u00e9tal sont des caract\u00e9ristiques de composition du fruit, qui d\u00e9terminent l&#8217;aptitude \u00e0 supporter des p\u00e9riodes plus ou moins longues de stockage. Une telle composition chimique d\u00e9pendra des plans de fertilisation qui suivent dans le comportement sur le terrain et post-r\u00e9colte. Ce projet vise \u00e0 \u00e9tablir une relation entre ces facteurs, la production de fruits et dans sa conservation ult\u00e9rieure, affectant la vie de chaque esp\u00e8ce ou vari\u00e9t\u00e9 de fruits, de prolonger sa dur\u00e9e de vie.<\/p><p>L&#8217;objectif principal du projet est de prolonger la dur\u00e9e de conservation des fruits par (p\u00eache, nectarine, Paraguay et abricot): strat\u00e9gies pour une production durable dans le domaine de produire un fruit \u00e0 maturit\u00e9 optimale et l&#8217;application des techniques de conservation que pour pr\u00e9venir l&#8217;apparition d&#8217;agents pathog\u00e8nes post-r\u00e9colte.<\/p><p style=\"padding-left: 40px;\"><strong>Cet objectif g\u00e9n\u00e9ral une s\u00e9rie d&#8217;objectifs techniques sp\u00e9cifiques sont d\u00e9riv\u00e9s:<br \/><\/strong><br \/>1. D\u00e9terminer les besoins nutritionnels des fruits en pierre d&#8217;azote, et leur influence sur la vie, l&#8217;obtention de fruits de qualit\u00e9.<br \/>2. Caract\u00e9riser l&#8217;utilisation du gaz d&#8217;ozone \u00e0 basse temp\u00e9rature comme agent de contr\u00f4le des agents pathog\u00e8nes de post-r\u00e9colte et leurs effets sur la conservation des fruits apr\u00e8s sous atmosph\u00e8re contr\u00f4l\u00e9e.<br \/>3. D\u00e9terminer un mod\u00e8le pr\u00e9dictif qui permet d&#8217;\u00e9tablir le plateau de fruits \u00e0 noyau par le rapport des variables de production et des techniques de post-r\u00e9colte.<\/p><\/div>\n\t\t\t\t<\/div>\n\t\t\t\t\t\t\t<div class=\"elementor-accordion-item\">\n\t\t\t\t\t<div id=\"elementor-tab-title-2413\" class=\"elementor-tab-title\" data-tab=\"3\" role=\"button\" aria-controls=\"elementor-tab-content-2413\" aria-expanded=\"false\">\n\t\t\t\t\t\t\t\t\t\t\t\t\t<span class=\"elementor-accordion-icon elementor-accordion-icon-left\" aria-hidden=\"true\">\n\t\t\t\t\t\t\t\t\t\t\t\t\t\t\t<span class=\"elementor-accordion-icon-closed\"><i class=\"fas fa-plus\"><\/i><\/span>\n\t\t\t\t\t\t\t\t<span class=\"elementor-accordion-icon-opened\"><i class=\"fas fa-minus\"><\/i><\/span>\n\t\t\t\t\t\t\t\t\t\t\t\t\t\t<\/span>\n\t\t\t\t\t\t\t\t\t\t\t\t<a class=\"elementor-accordion-title\" tabindex=\"0\"> CDTI - Projet R&D: compos\u00e9s nutritionnels<\/a>\n\t\t\t\t\t<\/div>\n\t\t\t\t\t<div id=\"elementor-tab-content-2413\" class=\"elementor-tab-content elementor-clearfix\" data-tab=\"3\" role=\"region\" aria-labelledby=\"elementor-tab-title-2413\"><div class=\"col-xs-12 col-sm-6 col-md-6\"><p><strong>(PROJET AYANT RE\u00c7U UN SOUTIEN FINANCIER DU CDTI PAR LE BIAIS DES FONDS FEDER DE L&#8217;UNION EUROP\u00c9ENNE: Programme op\u00e9rationnel de croissance intelligente 2014-2020)<\/strong><\/p><p>Actuellement, les consommateurs exigent des fruits de la plus haute qualit\u00e9, \u00e0 haute teneur en compos\u00e9s nutritionnels et ayant des effets favorables sur la sant\u00e9.<\/p><p>EL ESCOBAR, S.C.L, vise \u00e0 satisfaire la demande des consommateurs, qui exige un fruit sain et de qualit\u00e9; la soci\u00e9t\u00e9 fait un pari pour \u00e9tudier des techniques lui permettant d\u2019obtenir un fruit de la plus haute qualit\u00e9, \u00e0 haute teneur en compos\u00e9s nutritionnels et ayant des effets favorables pour la sant\u00e9. Parmi ces compos\u00e9s, il convient de noter la pr\u00e9sence dans les fruits de vitamines, de fibres et de polyph\u00e9nols (Toselli et al., 2010) pouvant exercer une activit\u00e9 antioxydante, soit seuls, soit de mani\u00e8re synergique.<\/p><\/div><div class=\"col-xs-12 col-sm-6 col-md-6\"><p>Pour cela, il a d\u00e9cid\u00e9 de mener \u00e0 bien le projet intitul\u00e9 &#8220;AM\u00c9LIORER LA CAPACIT\u00c9 DES FRUITS ANTIOXYDANTS AU MOYEN D&#8217;ENGRAIS LIQUIDES \u00c0 BASE DE SELS ORGANIQUES DE POTASSIUM&#8221; &#8220;KANTIOX&#8221;.<\/p><p>L&#8217;objectif principal du projet est d&#8217;am\u00e9liorer la durabilit\u00e9 et la capacit\u00e9 antioxydante du fruit gr\u00e2ce \u00e0 une application plus efficace du potassium.<\/p><p style=\"padding-left: 40px;\"><b>Objectifs techniques sp\u00e9cifiques du projet:<br \/><\/b><br \/>1. Obtenir une plus grande durabilit\u00e9 et qualit\u00e9 du fruit en d\u00e9terminant une gestion efficace de l&#8217;application de potassium \u00e0 la plante<br \/>2. \u00c9valuer l&#8217;absorption de potassium dans la feuille par analyse de feuille<br \/>3. \u00c9tudier les modifications du profil des polyph\u00e9nols solubles dans les fruits, dues au nouvel engrais<br \/>4. \u00c9tudier l&#8217;influence des abonn\u00e9s sur la dur\u00e9e de vie utile des fruits<\/p><p><img fetchpriority=\"high\" decoding=\"async\" data-recalc-dims=\"1\" class=\"alignnone wp-image-3473 size-full\" src=\"https:\/\/i0.wp.com\/www.grupocatala.com\/wp-content\/uploads\/2020\/04\/projectes3.jpg?resize=912%2C89&#038;ssl=1\" alt=\"\" width=\"912\" height=\"89\" srcset=\"https:\/\/i0.wp.com\/www.grupocatala.com\/wp-content\/uploads\/2020\/04\/projectes3.jpg?w=912&amp;ssl=1 912w, https:\/\/i0.wp.com\/www.grupocatala.com\/wp-content\/uploads\/2020\/04\/projectes3.jpg?resize=600%2C59&amp;ssl=1 600w, https:\/\/i0.wp.com\/www.grupocatala.com\/wp-content\/uploads\/2020\/04\/projectes3.jpg?resize=300%2C29&amp;ssl=1 300w, https:\/\/i0.wp.com\/www.grupocatala.com\/wp-content\/uploads\/2020\/04\/projectes3.jpg?resize=768%2C75&amp;ssl=1 768w\" sizes=\"(max-width: 912px) 100vw, 912px\" \/><\/p><\/div><\/div>\n\t\t\t\t<\/div>\n\t\t\t\t\t\t\t<div class=\"elementor-accordion-item\">\n\t\t\t\t\t<div id=\"elementor-tab-title-2414\" class=\"elementor-tab-title\" data-tab=\"4\" role=\"button\" aria-controls=\"elementor-tab-content-2414\" aria-expanded=\"false\">\n\t\t\t\t\t\t\t\t\t\t\t\t\t<span class=\"elementor-accordion-icon elementor-accordion-icon-left\" aria-hidden=\"true\">\n\t\t\t\t\t\t\t\t\t\t\t\t\t\t\t<span class=\"elementor-accordion-icon-closed\"><i class=\"fas fa-plus\"><\/i><\/span>\n\t\t\t\t\t\t\t\t<span class=\"elementor-accordion-icon-opened\"><i class=\"fas fa-minus\"><\/i><\/span>\n\t\t\t\t\t\t\t\t\t\t\t\t\t\t<\/span>\n\t\t\t\t\t\t\t\t\t\t\t\t<a class=\"elementor-accordion-title\" tabindex=\"0\">CDTI - Projet R&D: pollinisation des prunes<\/a>\n\t\t\t\t\t<\/div>\n\t\t\t\t\t<div id=\"elementor-tab-content-2414\" class=\"elementor-tab-content elementor-clearfix\" data-tab=\"4\" role=\"region\" aria-labelledby=\"elementor-tab-title-2414\"><div class=\"col-xs-12 col-sm-6 col-md-6\"><p><strong>(PROJET AYANT RE\u00c7U UN SOUTIEN FINANCIER DU CDTI PAR LE BIAIS DES FONDS FEDER DE L&#8217;UNION EUROP\u00c9ENNE: Programme op\u00e9rationnel de croissance intelligente 2014-2020)<\/strong><\/p><p>Ces derni\u00e8res ann\u00e9es, la prune japonaise a pris une grande importance en Espagne et, en particulier, en Estr\u00e9madure. L\u2019une des principales caract\u00e9ristiques de cette culture est l\u2019incompatibilit\u00e9 florale de pratiquement toutes les vari\u00e9t\u00e9s; elles ont donc besoin d\u2019une pollinisation crois\u00e9e avec du pollen d\u2019autres vari\u00e9t\u00e9s pour produire des fruits. De plus, pour que la pollinisation ait lieu, il est n\u00e9cessaire que la p\u00e9riode de floraison des vari\u00e9t\u00e9s compatibles co\u00efncide. Par cons\u00e9quent, le principal probl\u00e8me pr\u00e9sent\u00e9 par les plantations de pruniers japonais est le manque de synchronisation de la floraison entre les vari\u00e9t\u00e9s compatibles, ce qui affecte n\u00e9gativement le rendement des cultures.<\/p><p><img fetchpriority=\"high\" decoding=\"async\" data-recalc-dims=\"1\" class=\"alignnone wp-image-3473 size-full\" src=\"https:\/\/i0.wp.com\/www.grupocatala.com\/wp-content\/uploads\/2020\/04\/projectes3.jpg?resize=912%2C89&#038;ssl=1\" alt=\"\" width=\"912\" height=\"89\" srcset=\"https:\/\/i0.wp.com\/www.grupocatala.com\/wp-content\/uploads\/2020\/04\/projectes3.jpg?w=912&amp;ssl=1 912w, https:\/\/i0.wp.com\/www.grupocatala.com\/wp-content\/uploads\/2020\/04\/projectes3.jpg?resize=600%2C59&amp;ssl=1 600w, https:\/\/i0.wp.com\/www.grupocatala.com\/wp-content\/uploads\/2020\/04\/projectes3.jpg?resize=300%2C29&amp;ssl=1 300w, https:\/\/i0.wp.com\/www.grupocatala.com\/wp-content\/uploads\/2020\/04\/projectes3.jpg?resize=768%2C75&amp;ssl=1 768w\" sizes=\"(max-width: 912px) 100vw, 912px\" \/><\/p><p>EL ESCOBAR, S.C.L, vise \u00e0 trouver une solution aux oscillations de la production de prunes en mettant en \u0153uvre dans leurs plantations des techniques agronomiques am\u00e9liorant la pollinisation et la nouaison, en synchronisant la floraison de diff\u00e9rentes vari\u00e9t\u00e9s.<\/p><p>\u00c0 cette fin, elle a d\u00e9cid\u00e9 de mener \u00e0 bien le projet intitul\u00e9 &#8220;INFLUENCE DES BIOSTIMULANTS DANS LA POLLINISATION ET LE QUAKING, PAR SYNCHRONISATION FLORALE, DANS LE CERCLE JAPONAIS&#8221;<\/p><p>L&#8217;objectif principal du projet est de d\u00e9terminer les pratiques culturales de la culture de prunes japonaise afin de stimuler l&#8217;\u00e9mergence du repos hivernal et, par cons\u00e9quent, de synchroniser la floraison de diff\u00e9rentes vari\u00e9t\u00e9s de prunes, de mani\u00e8re \u00e0 optimiser la pollinisation et la nouaison. , en gardant sa qualit\u00e9 maximale.<\/p><p style=\"padding-left: 40px;\"><b>Objectifs techniques sp\u00e9cifiques du projet:<\/b><br \/>1.- Conna\u00eetre les effets de l&#8217;application de compos\u00e9s bioactivants sur l&#8217;\u00e9mergence du repos et la floraison de trois vari\u00e9t\u00e9s de prunes japonaises<br \/>2.- \u00c9valuer l\u2019effet des traitements sur la nouaison<br \/>3.- D\u00e9terminer l\u2019influence des traitements sur le rendement et la qualit\u00e9 de la prune<\/p><\/div><\/div>\n\t\t\t\t<\/div>\n\t\t\t\t\t\t\t<div class=\"elementor-accordion-item\">\n\t\t\t\t\t<div id=\"elementor-tab-title-2415\" class=\"elementor-tab-title\" data-tab=\"5\" role=\"button\" aria-controls=\"elementor-tab-content-2415\" aria-expanded=\"false\">\n\t\t\t\t\t\t\t\t\t\t\t\t\t<span class=\"elementor-accordion-icon elementor-accordion-icon-left\" aria-hidden=\"true\">\n\t\t\t\t\t\t\t\t\t\t\t\t\t\t\t<span class=\"elementor-accordion-icon-closed\"><i class=\"fas fa-plus\"><\/i><\/span>\n\t\t\t\t\t\t\t\t<span class=\"elementor-accordion-icon-opened\"><i class=\"fas fa-minus\"><\/i><\/span>\n\t\t\t\t\t\t\t\t\t\t\t\t\t\t<\/span>\n\t\t\t\t\t\t\t\t\t\t\t\t<a class=\"elementor-accordion-title\" tabindex=\"0\">CDTI - Projet R&D: dur\u00e9e de conservation biologique et durable<\/a>\n\t\t\t\t\t<\/div>\n\t\t\t\t\t<div id=\"elementor-tab-content-2415\" class=\"elementor-tab-content elementor-clearfix\" data-tab=\"5\" role=\"region\" aria-labelledby=\"elementor-tab-title-2415\"><div class=\"col-xs-12 col-sm-6 col-md-6\"><div class=\"col-xs-12 col-sm-6 col-md-6\"><p>Les exportations de fruits \u00e0 noyau vers des pays tiers se diversifient et, actuellement, la demande de destinations plus \u00e9loign\u00e9es comme le Br\u00e9sil, l&#8217;Afrique du Sud ou certains pays asiatiques se d\u00e9marque. L&#8217;exp\u00e9dition de fruits \u00e0 noyau, \u00e0 la fois vers de longues distances et vers des destinations europ\u00e9ennes plus proches, n\u00e9cessite que l&#8217;\u00e9tat de conservation et de sant\u00e9 des fruits soit maintenu plus longtemps (dur\u00e9e de conservation), r\u00e9pondant ainsi aux attentes des clients au sein de la cha\u00eene de valeur.<\/p><p>Le principal probl\u00e8me de sa commercialisation r\u00e9side dans les pertes produites par la pourriture post-r\u00e9colte.<\/p><p>EL ESCOBAR, SCL, a l&#8217;intention d&#8217;\u00e9tudier diff\u00e9rentes techniques de protection des agents pathog\u00e8nes dans les fruits \u00e0 noyau, de remplacer l&#8217;application de produits phytosanitaires par des compos\u00e9s biomol\u00e9culaires de la plante elle-m\u00eame, dans le but d&#8217;augmenter la conservation et, par cons\u00e9quent, la dur\u00e9e de conservation des le fruit, avec une m\u00e9thode biologique et durable.<\/p><p>A cet effet, il a d\u00e9cid\u00e9 de r\u00e9aliser le projet intitul\u00e9 &#8220;INFLUENCE DES BIOSTIMULANTS SUR LA POLLINISATION ET LA GU\u00c9RISON, VIA LA SYNCHRONISATION FLORALE, DANS LA PRUNE JAPONAISE&#8221;. A cet effet, il a d\u00e9cid\u00e9 de r\u00e9aliser le projet intitul\u00e9 &#8220;BIOSHELF-LIFE: BIOMOLECULAR TECHNIQUE DE PROTECTION DANS LA CONSERVATION DES FRUITS &#8220;.<\/p><p>L&#8217;objectif principal du projet est de d\u00e9velopper une technique de protection biomol\u00e9culaire permettant d&#8217;augmenter la dur\u00e9e de vie utile des fruits \u00e0 noyau.<\/p><p>Objectifs techniques sp\u00e9cifiques du projet:<br \/>1. Etudier l&#8217;activation des m\u00e9canismes de d\u00e9fense de la plante et l&#8217;augmentation des compos\u00e9s bioactifs, \u00e0 travers le stress hydrique<br \/>2. Obtenir des polyph\u00e9nols \u00e0 capacit\u00e9 antimicrobienne, \u00e0 partir de la lignine des sous-produits de la biomasse de la culture, et d\u00e9terminer leurs conditions d&#8217;application pour la lutte contre les agents pathog\u00e8nes dans le domaine des arbres fruitiers \u00e0 noyau.<br \/>3. Obtenir des extraits ph\u00e9noliques et peptidiques ayant une capacit\u00e9 antimicrobienne \u00e0 partir des sous-produits du fruit de l&#8217;industrie elle-m\u00eame, en \u00e9valuant les meilleures conditions d&#8217;application apr\u00e8s r\u00e9colte dans les vari\u00e9t\u00e9s de fruits s\u00e9lectionn\u00e9es<br \/>4. D\u00e9terminer les conditions optimales de conditionnement dans des atmosph\u00e8res modifi\u00e9es et contr\u00f4l\u00e9es, gr\u00e2ce \u00e0 l&#8217;utilisation de technologies de pointe pour les vari\u00e9t\u00e9s de fruits s\u00e9lectionn\u00e9es.<br \/>5. S\u00e9lection et application de micro-organismes antagonistes contre la flore pathog\u00e8ne du fruit et d\u00e9termination des meilleures conditions d\u2019application en pr\u00e9 et post-r\u00e9colte des vari\u00e9t\u00e9s de fruits s\u00e9lectionn\u00e9es<br \/>6. Appliquer les meilleurs traitements pr\u00e9alablement s\u00e9lectionn\u00e9s individuellement ou en combinaison avant et apr\u00e8s r\u00e9colte, en tenant compte des conditions de production des vari\u00e9t\u00e9s de fruits s\u00e9lectionn\u00e9es par l&#8217;industrie.<\/p><\/div><div class=\"col-xs-12 col-sm-6 col-md-6\"><p><img fetchpriority=\"high\" decoding=\"async\" data-recalc-dims=\"1\" class=\"alignnone wp-image-3473 size-full\" src=\"https:\/\/i0.wp.com\/www.grupocatala.com\/wp-content\/uploads\/2020\/04\/projectes3.jpg?resize=912%2C89&#038;ssl=1\" alt=\"\" width=\"912\" height=\"89\" srcset=\"https:\/\/i0.wp.com\/www.grupocatala.com\/wp-content\/uploads\/2020\/04\/projectes3.jpg?w=912&amp;ssl=1 912w, https:\/\/i0.wp.com\/www.grupocatala.com\/wp-content\/uploads\/2020\/04\/projectes3.jpg?resize=600%2C59&amp;ssl=1 600w, https:\/\/i0.wp.com\/www.grupocatala.com\/wp-content\/uploads\/2020\/04\/projectes3.jpg?resize=300%2C29&amp;ssl=1 300w, https:\/\/i0.wp.com\/www.grupocatala.com\/wp-content\/uploads\/2020\/04\/projectes3.jpg?resize=768%2C75&amp;ssl=1 768w\" sizes=\"(max-width: 912px) 100vw, 912px\" \/><\/p><\/div><\/div><\/div>\n\t\t\t\t<\/div>\n\t\t\t\t\t\t\t<div class=\"elementor-accordion-item\">\n\t\t\t\t\t<div id=\"elementor-tab-title-2416\" class=\"elementor-tab-title\" data-tab=\"6\" role=\"button\" aria-controls=\"elementor-tab-content-2416\" aria-expanded=\"false\">\n\t\t\t\t\t\t\t\t\t\t\t\t\t<span class=\"elementor-accordion-icon elementor-accordion-icon-left\" aria-hidden=\"true\">\n\t\t\t\t\t\t\t\t\t\t\t\t\t\t\t<span class=\"elementor-accordion-icon-closed\"><i class=\"fas fa-plus\"><\/i><\/span>\n\t\t\t\t\t\t\t\t<span class=\"elementor-accordion-icon-opened\"><i class=\"fas fa-minus\"><\/i><\/span>\n\t\t\t\t\t\t\t\t\t\t\t\t\t\t<\/span>\n\t\t\t\t\t\t\t\t\t\t\t\t<a class=\"elementor-accordion-title\" tabindex=\"0\">IDAE - Projet R&D: efficacit\u00e9 \u00e9nerg\u00e9tique<\/a>\n\t\t\t\t\t<\/div>\n\t\t\t\t\t<div id=\"elementor-tab-content-2416\" class=\"elementor-tab-content elementor-clearfix\" data-tab=\"6\" role=\"region\" aria-labelledby=\"elementor-tab-title-2416\"><div class=\"col-xs-12 col-sm-6 col-md-6\"><div class=\"col-xs-12 col-sm-6 col-md-6\"><p><img decoding=\"async\" data-recalc-dims=\"1\" src=\"https:\/\/i0.wp.com\/www.grupocatala.com\/wp-content\/uploads\/2020\/12\/image002-e1607344084671.jpg?w=1300&#038;ssl=1\" \/><\/p><p>La soci\u00e9t\u00e9 SANT DOMENEC, S.C.L. Elle a r\u00e9alis\u00e9 3 projets cofinanc\u00e9s par le Fonds europ\u00e9en de d\u00e9veloppement r\u00e9gional (FEDER) et g\u00e9r\u00e9s par l&#8217;IDAE dans le cadre du fonds national pour l&#8217;efficacit\u00e9 \u00e9nerg\u00e9tique, dans le but de parvenir \u00e0 une \u00e9conomie plus propre et plus durable. Plus pr\u00e9cis\u00e9ment, ces 3 projets ont \u00e9t\u00e9:<\/p><p>PROJET 1<br \/>\u00abR\u00c9DUCTION DE LA CONSOMMATION \u00c9LECTRIQUE DU CENTRE FRUT\u00cdCOLA CH PORTELLA 1\u00bb:<br \/>Investissement total: 92.084,90 \u20ac<br \/>Montant de l&#8217;aide: 13.750,18 \u20ac<br \/>Estimation des \u00e9conomies d&#8217;\u00e9nergie finales: 14,76 tep \/ an<\/p><p>PROJET 2<br \/>&#8220;R\u00c9DUCTION DE LA CONSOMMATION D&#8217;\u00c9LECTRICIT\u00c9 DU CENTRE FRUT\u00cdCOLA CH PORTELLA 2&#8221;:<br \/>Investissement total: 124.589,60 \u20ac<br \/>Montant de l&#8217;aide: 17.243,14 \u20ac<br \/>Estimation des \u00e9conomies d&#8217;\u00e9nergie finales: 22,82 tep \/ an<\/p><p>PROJET 3<br \/>\u00abR\u00c9DUCTION DE LA CONSOMMATION \u00c9LECTRIQUE DE LA CENTRALE DE FRUT\u00cdCOLA CH TORREFARRERA\u00bb:<br \/>Investissement total: 78.939,00 \u20ac<br \/>Montant de l&#8217;aide: 15.131,93 \u20ac<br \/>Estimation des \u00e9conomies d&#8217;\u00e9nergie finales: 16,45 tep \/ an<\/p><p>PROJETS DE LA LIGNE D&#8217;AIDE AUX \u00c9CONOMIES D&#8217;\u00c9NERGIE ET \u200b\u200b\u00c0 L&#8217;EFFICACIT\u00c9 DANS LES PME ET LES GRANDES ENTREPRISES DU SECTEUR INDUSTRIEL, COFINANC\u00c9S PAR LE FONDS EUROP\u00c9EN DE D\u00c9VELOPPEMENT R\u00c9GIONAL (FEDER), ET G\u00c9R\u00c9S PAR L&#8217;IDAE EN CHARGE DU FONDS NATIONAL D&#8217;OBJECTIF \u00c9NERG\u00c9TIQUE. \u00c9CONOMIE DURABLE.<\/p><p>&#8220;Une fa\u00e7on de faire l&#8217;Europe&#8221;<\/p><\/div><\/div><\/div>\n\t\t\t\t<\/div>\n\t\t\t\t\t\t\t<div class=\"elementor-accordion-item\">\n\t\t\t\t\t<div id=\"elementor-tab-title-2417\" class=\"elementor-tab-title\" data-tab=\"7\" role=\"button\" aria-controls=\"elementor-tab-content-2417\" aria-expanded=\"false\">\n\t\t\t\t\t\t\t\t\t\t\t\t\t<span class=\"elementor-accordion-icon elementor-accordion-icon-left\" aria-hidden=\"true\">\n\t\t\t\t\t\t\t\t\t\t\t\t\t\t\t<span class=\"elementor-accordion-icon-closed\"><i class=\"fas fa-plus\"><\/i><\/span>\n\t\t\t\t\t\t\t\t<span class=\"elementor-accordion-icon-opened\"><i class=\"fas fa-minus\"><\/i><\/span>\n\t\t\t\t\t\t\t\t\t\t\t\t\t\t<\/span>\n\t\t\t\t\t\t\t\t\t\t\t\t<a class=\"elementor-accordion-title\" tabindex=\"0\">IDAE - Projet R&D: efficacit\u00e9 \u00e9nerg\u00e9tique<\/a>\n\t\t\t\t\t<\/div>\n\t\t\t\t\t<div id=\"elementor-tab-content-2417\" class=\"elementor-tab-content elementor-clearfix\" data-tab=\"7\" role=\"region\" aria-labelledby=\"elementor-tab-title-2417\"><div class=\"col-xs-12 col-sm-6 col-md-6\"><div class=\"col-xs-12 col-sm-6 col-md-6\"><p><img decoding=\"async\" data-recalc-dims=\"1\" src=\"https:\/\/i0.wp.com\/www.grupocatala.com\/wp-content\/uploads\/2020\/12\/image002-e1607344084671.jpg?w=1300&#038;ssl=1\" \/><\/p><p>La soci\u00e9t\u00e9 ESCOBAR, S.C.L. pour son projet \u00abR\u00c9DUCTION DE LA CONSOMMATION \u00c9LECTRIQUE DE L&#8217;HORTOFRUTICOLA CH EL ESCOBAR CENTRAL\u00bb a \u00e9t\u00e9 cofinanc\u00e9 par le Fonds europ\u00e9en de d\u00e9veloppement r\u00e9gional (FEDER) et g\u00e9r\u00e9 par l&#8217;IDAE dans le cadre du fonds national pour l&#8217;efficacit\u00e9 \u00e9nerg\u00e9tique, dans le but de r\u00e9aliser une \u00e9conomie plus propre et plus durable.<\/p><p>PROJETS DE LA LIGNE D&#8217;AIDE AUX \u00c9CONOMIES D&#8217;\u00c9NERGIE ET \u200b\u200b\u00c0 L&#8217;EFFICACIT\u00c9 DANS LES PME ET GRANDES ENTREPRISES DU SECTEUR INDUSTRIEL, COFINANC\u00c9S PAR LE FONDS EUROP\u00c9EN DE D\u00c9VELOPPEMENT R\u00c9GIONAL (FEDER) ET G\u00c9R\u00c9S PAR L&#8217;IDAE EN CHARGE DU FONDS NATIONAL D&#8217;OBJECTIF \u00c9NERG\u00c9TIQUE. \u00c9CONOMIE DURABLE.<\/p><p>&#8220;Une fa\u00e7on de faire l&#8217;Europe&#8221;<\/p><p>Investissement total: 22.4472,76 \u20ac<br \/>Montant de l&#8217;aide: 67.341,83 \u20ac<br \/>Estimation des \u00e9conomies d&#8217;\u00e9nergie finales: 30,41 tep \/ an<\/p><\/div><\/div><\/div>\n\t\t\t\t<\/div>\n\t\t\t\t\t\t\t<div class=\"elementor-accordion-item\">\n\t\t\t\t\t<div id=\"elementor-tab-title-2418\" class=\"elementor-tab-title\" data-tab=\"8\" role=\"button\" aria-controls=\"elementor-tab-content-2418\" aria-expanded=\"false\">\n\t\t\t\t\t\t\t\t\t\t\t\t\t<span class=\"elementor-accordion-icon elementor-accordion-icon-left\" aria-hidden=\"true\">\n\t\t\t\t\t\t\t\t\t\t\t\t\t\t\t<span class=\"elementor-accordion-icon-closed\"><i class=\"fas fa-plus\"><\/i><\/span>\n\t\t\t\t\t\t\t\t<span class=\"elementor-accordion-icon-opened\"><i class=\"fas fa-minus\"><\/i><\/span>\n\t\t\t\t\t\t\t\t\t\t\t\t\t\t<\/span>\n\t\t\t\t\t\t\t\t\t\t\t\t<a class=\"elementor-accordion-title\" tabindex=\"0\">CDTI - Projet R&D: augmentation de la qualit\u00e9 et de la dur\u00e9e de vie<\/a>\n\t\t\t\t\t<\/div>\n\t\t\t\t\t<div id=\"elementor-tab-content-2418\" class=\"elementor-tab-content elementor-clearfix\" data-tab=\"8\" role=\"region\" aria-labelledby=\"elementor-tab-title-2418\"><p><img loading=\"lazy\" decoding=\"async\" data-recalc-dims=\"1\" class=\"alignnone size-medium wp-image-10622\" src=\"https:\/\/i0.wp.com\/www.grupocatala.com\/wp-content\/uploads\/2021\/07\/UE.png?resize=300%2C76&#038;ssl=1\" alt=\"\" width=\"300\" height=\"76\" srcset=\"https:\/\/i0.wp.com\/www.grupocatala.com\/wp-content\/uploads\/2021\/07\/UE.png?w=375&amp;ssl=1 375w, https:\/\/i0.wp.com\/www.grupocatala.com\/wp-content\/uploads\/2021\/07\/UE.png?resize=300%2C76&amp;ssl=1 300w\" sizes=\"(max-width: 300px) 100vw, 300px\" \/>&nbsp; &nbsp; &nbsp; &nbsp; &nbsp; &nbsp; &nbsp; &nbsp; &nbsp; &nbsp; &nbsp; &nbsp; &nbsp; &nbsp; &nbsp; &nbsp; &nbsp; &nbsp; &nbsp; &nbsp; &nbsp; &nbsp; &nbsp; &nbsp;&nbsp;<img loading=\"lazy\" decoding=\"async\" data-recalc-dims=\"1\" class=\"alignnone size-medium wp-image-10616\" src=\"https:\/\/i0.wp.com\/www.grupocatala.com\/wp-content\/uploads\/2021\/07\/CDTI-1.png?resize=300%2C89&#038;ssl=1\" alt=\"\" width=\"300\" height=\"89\" srcset=\"https:\/\/i0.wp.com\/www.grupocatala.com\/wp-content\/uploads\/2021\/07\/CDTI-1.png?w=320&amp;ssl=1 320w, https:\/\/i0.wp.com\/www.grupocatala.com\/wp-content\/uploads\/2021\/07\/CDTI-1.png?resize=300%2C89&amp;ssl=1 300w\" sizes=\"(max-width: 300px) 100vw, 300px\" \/><\/p>\n<div class=\"col-xs-12 col-sm-6 col-md-6\">\n<div class=\"col-xs-12 col-sm-6 col-md-6\">\n<p>CATAFRUIT S.A., a opt\u00e9 pour l&#8217;am\u00e9lioration de la ligne d&#8217;\u00e9talonnage et de pr\u00e9paration actuelle pour obtenir une augmentation de la qualit\u00e9 et de la dur\u00e9e de conservation du produit final.<\/p>\n<p>A cet effet, il a d\u00e9cid\u00e9 de r\u00e9aliser le projet intitul\u00e9 <b>&#8220;NOUVELLE LIGNE DE CALIBRAGE ET DE PREPARATION AUTOMATISEE DES CERISES&#8221;.<\/b><\/p>\n<p>L&#8217;objectif principal du projet est d&#8217;augmenter la qualit\u00e9 et la dur\u00e9e de conservation des cerises avec la mise en place d&#8217;une nouvelle ligne automatis\u00e9e de fabrication et d&#8217;\u00e9talonnage.<\/p>\n<p><b>Objectifs techniques sp\u00e9cifiques du projet :<\/b><\/p>\n<ol>\n<li>Mise en place d&#8217;un nouveau syst\u00e8me d&#8217;\u00e9talonnage de plus haute pr\u00e9cision.<\/li>\n<li>Mise en place d&#8217;un nouveau syst\u00e8me d&#8217;emballage automatique plus polyvalent.<\/li>\n<li>Automatisation de toute la nouvelle ligne d&#8217;\u00e9talonnage et de fabrication.<\/li>\n<\/ol>\n<p><b>Lieu d&#8217;ex\u00e9cution du projet<\/b><\/p>\n<p>Le d\u00e9veloppement du projet aura lieu \u00e0 Villena (Alicante).<\/p>\n<p><b>P\u00e9riode d&#8217;ex\u00e9cution du projet<\/b><\/p>\n<p>&#8211; Date de d\u00e9but du projet : 05\/04\/2020<\/p>\n<p>&#8211; Date de fin du projet : 03\/11\/2021<\/p>\n<p><b>Le budget du projet<\/b><\/p>\n<p>Le budget total accept\u00e9 par ce centre s&#8217;\u00e9l\u00e8ve \u00e0 1 809 300,00 \u20ac<\/p>\n<p><b>Cofinancement CDTI et FEDER<\/b><\/p>\n<p>Cette aide est cofinanc\u00e9e par le Fonds europ\u00e9en de d\u00e9veloppement r\u00e9gional (FEDER) \u00e0 travers le \u00ab PROGRAMME OP\u00c9RATIONNEL PLURIRR\u00c9GIONAL DE<\/p>\n<p>ESPAGNE 2014-2020 &#8220;.<\/p>\n<\/div>\n<\/div><\/div>\n\t\t\t\t<\/div>\n\t\t\t\t\t\t\t<div class=\"elementor-accordion-item\">\n\t\t\t\t\t<div id=\"elementor-tab-title-2419\" class=\"elementor-tab-title\" data-tab=\"9\" role=\"button\" aria-controls=\"elementor-tab-content-2419\" aria-expanded=\"false\">\n\t\t\t\t\t\t\t\t\t\t\t\t\t<span class=\"elementor-accordion-icon elementor-accordion-icon-left\" aria-hidden=\"true\">\n\t\t\t\t\t\t\t\t\t\t\t\t\t\t\t<span class=\"elementor-accordion-icon-closed\"><i class=\"fas fa-plus\"><\/i><\/span>\n\t\t\t\t\t\t\t\t<span class=\"elementor-accordion-icon-opened\"><i class=\"fas fa-minus\"><\/i><\/span>\n\t\t\t\t\t\t\t\t\t\t\t\t\t\t<\/span>\n\t\t\t\t\t\t\t\t\t\t\t\t<a class=\"elementor-accordion-title\" tabindex=\"0\">Financement du Fonds social europ\u00e9en pour des actions de recrutement<\/a>\n\t\t\t\t\t<\/div>\n\t\t\t\t\t<div id=\"elementor-tab-content-2419\" class=\"elementor-tab-content elementor-clearfix\" data-tab=\"9\" role=\"region\" aria-labelledby=\"elementor-tab-title-2419\"><p>La soci\u00e9t\u00e9 Sdad. Cooperativa Sant Domenec a particip\u00e9 \u00e0 l&#8217;appel anticip\u00e9 pour l&#8217;ann\u00e9e 2022 pour l&#8217;octroi de subventions pour l&#8217;embauche de personnes \u00e2g\u00e9es de 30 ans et plus (SOC-CONT30IMES), pour avoir effectu\u00e9 une embauche \u00e0 dur\u00e9e ind\u00e9termin\u00e9e d&#8217;un travailleur \/a, et pour laquelle il a re\u00e7u un financement public, au cours de la m\u00eame ann\u00e9e 2022, car il s&#8217;agit d&#8217;une action promue et subventionn\u00e9e par le Servei P\u00fablic d&#8217;Ocupaci\u00f3 de Catalunya et financ\u00e9e \u00e0 100% par le Fonds social europ\u00e9en, dans le cadre de la r\u00e9ponse de l&#8217;UE au COVID -19 pand\u00e9mie.<\/p><p><img loading=\"lazy\" decoding=\"async\" data-recalc-dims=\"1\" class=\"alignnone size-medium wp-image-11336\" src=\"https:\/\/i0.wp.com\/www.grupocatala.com\/wp-content\/uploads\/2023\/01\/imagen.png?resize=300%2C118&#038;ssl=1\" alt=\"\" width=\"300\" height=\"118\" srcset=\"https:\/\/i0.wp.com\/www.grupocatala.com\/wp-content\/uploads\/2023\/01\/imagen.png?w=617&amp;ssl=1 617w, https:\/\/i0.wp.com\/www.grupocatala.com\/wp-content\/uploads\/2023\/01\/imagen.png?resize=300%2C118&amp;ssl=1 300w\" sizes=\"(max-width: 300px) 100vw, 300px\" \/><\/p><\/div>\n\t\t\t\t<\/div>\n\t\t\t\t\t\t\t<div class=\"elementor-accordion-item\">\n\t\t\t\t\t<div id=\"elementor-tab-title-24110\" class=\"elementor-tab-title\" data-tab=\"10\" role=\"button\" aria-controls=\"elementor-tab-content-24110\" aria-expanded=\"false\">\n\t\t\t\t\t\t\t\t\t\t\t\t\t<span class=\"elementor-accordion-icon elementor-accordion-icon-left\" aria-hidden=\"true\">\n\t\t\t\t\t\t\t\t\t\t\t\t\t\t\t<span class=\"elementor-accordion-icon-closed\"><i class=\"fas fa-plus\"><\/i><\/span>\n\t\t\t\t\t\t\t\t<span class=\"elementor-accordion-icon-opened\"><i class=\"fas fa-minus\"><\/i><\/span>\n\t\t\t\t\t\t\t\t\t\t\t\t\t\t<\/span>\n\t\t\t\t\t\t\t\t\t\t\t\t<a class=\"elementor-accordion-title\" tabindex=\"0\">ICEX-BREXIT<\/a>\n\t\t\t\t\t<\/div>\n\t\t\t\t\t<div id=\"elementor-tab-content-24110\" class=\"elementor-tab-content elementor-clearfix\" data-tab=\"10\" role=\"region\" aria-labelledby=\"elementor-tab-title-24110\"><p>La soci\u00e9t\u00e9 Sdad. La Cooperativa Sant Domenec participe au programme \u00ab ICEX-BREXIT \u00bb financ\u00e9 par des fonds de l&#8217;Union europ\u00e9enne, pour att\u00e9nuer les cons\u00e9quences n\u00e9fastes du retrait du Royaume-Uni de l&#8217;Union. Aide accord\u00e9e par l&#8217;ICEX en 2023.<\/p><p><img loading=\"lazy\" decoding=\"async\" data-recalc-dims=\"1\" class=\"alignnone size-medium wp-image-13888\" src=\"https:\/\/i0.wp.com\/www.grupocatala.com\/wp-content\/uploads\/2023\/11\/ICEX.png?resize=300%2C74&#038;ssl=1\" alt=\"\" width=\"300\" height=\"74\" srcset=\"https:\/\/i0.wp.com\/www.grupocatala.com\/wp-content\/uploads\/2023\/11\/ICEX.png?w=614&amp;ssl=1 614w, https:\/\/i0.wp.com\/www.grupocatala.com\/wp-content\/uploads\/2023\/11\/ICEX.png?resize=300%2C74&amp;ssl=1 300w\" sizes=\"(max-width: 300px) 100vw, 300px\" \/><\/p><\/div>\n\t\t\t\t<\/div>\n\t\t\t\t\t\t\t<div class=\"elementor-accordion-item\">\n\t\t\t\t\t<div id=\"elementor-tab-title-24111\" class=\"elementor-tab-title\" data-tab=\"11\" role=\"button\" aria-controls=\"elementor-tab-content-24111\" aria-expanded=\"false\">\n\t\t\t\t\t\t\t\t\t\t\t\t\t<span class=\"elementor-accordion-icon elementor-accordion-icon-left\" aria-hidden=\"true\">\n\t\t\t\t\t\t\t\t\t\t\t\t\t\t\t<span class=\"elementor-accordion-icon-closed\"><i class=\"fas fa-plus\"><\/i><\/span>\n\t\t\t\t\t\t\t\t<span class=\"elementor-accordion-icon-opened\"><i class=\"fas fa-minus\"><\/i><\/span>\n\t\t\t\t\t\t\t\t\t\t\t\t\t\t<\/span>\n\t\t\t\t\t\t\t\t\t\t\t\t<a class=\"elementor-accordion-title\" tabindex=\"0\">Projet financ\u00e9 par la JUNTA DE EXTREMADURA<\/a>\n\t\t\t\t\t<\/div>\n\t\t\t\t\t<div id=\"elementor-tab-content-24111\" class=\"elementor-tab-content elementor-clearfix\" data-tab=\"11\" role=\"region\" aria-labelledby=\"elementor-tab-title-24111\"><p><img loading=\"lazy\" decoding=\"async\" data-recalc-dims=\"1\" class=\"alignnone wp-image-14314 size-full\" src=\"https:\/\/i0.wp.com\/www.grupocatala.com\/wp-content\/uploads\/2020\/03\/0_Subvencion-Junta-Extremadura.png?resize=603%2C851&#038;ssl=1\" alt=\"\" width=\"603\" height=\"851\" srcset=\"https:\/\/i0.wp.com\/www.grupocatala.com\/wp-content\/uploads\/2020\/03\/0_Subvencion-Junta-Extremadura.png?w=603&amp;ssl=1 603w, https:\/\/i0.wp.com\/www.grupocatala.com\/wp-content\/uploads\/2020\/03\/0_Subvencion-Junta-Extremadura.png?resize=213%2C300&amp;ssl=1 213w\" sizes=\"(max-width: 603px) 100vw, 603px\" \/><\/p><\/div>\n\t\t\t\t<\/div>\n\t\t\t\t\t\t\t<div class=\"elementor-accordion-item\">\n\t\t\t\t\t<div id=\"elementor-tab-title-24112\" class=\"elementor-tab-title\" data-tab=\"12\" role=\"button\" aria-controls=\"elementor-tab-content-24112\" aria-expanded=\"false\">\n\t\t\t\t\t\t\t\t\t\t\t\t\t<span class=\"elementor-accordion-icon elementor-accordion-icon-left\" aria-hidden=\"true\">\n\t\t\t\t\t\t\t\t\t\t\t\t\t\t\t<span class=\"elementor-accordion-icon-closed\"><i class=\"fas fa-plus\"><\/i><\/span>\n\t\t\t\t\t\t\t\t<span class=\"elementor-accordion-icon-opened\"><i class=\"fas fa-minus\"><\/i><\/span>\n\t\t\t\t\t\t\t\t\t\t\t\t\t\t<\/span>\n\t\t\t\t\t\t\t\t\t\t\t\t<a class=\"elementor-accordion-title\" tabindex=\"0\">Projets de mise en \u0153uvre des Groupes Op\u00e9rationnels \u2013 Appel \u00e0 propositions 2023<\/a>\n\t\t\t\t\t<\/div>\n\t\t\t\t\t<div id=\"elementor-tab-content-24112\" class=\"elementor-tab-content elementor-clearfix\" data-tab=\"12\" role=\"region\" aria-labelledby=\"elementor-tab-title-24112\"><p data-start=\"56\" data-end=\"369\">Le projet Hidrochar enrichi provenant de sous-produits fruitiers comme outil pour am\u00e9liorer la r\u00e9sistance \u00e0 la s\u00e9cheresse dans les cultures de poiriers et de pommiers\u202f\u00bb propose le d\u00e9veloppement d\u2019un nouvel engrais organique bas\u00e9 sur la carbonisation hydrothermale des r\u00e9sidus de taille d\u2019arbres fruitiers.<\/p><p data-start=\"371\" data-end=\"624\">La proposition vise \u00e0 revaloriser les sous-produits de taille de fruitiers pour cr\u00e9er de l\u2019hydrochar, un mat\u00e9riau obtenu \u00e0 des temp\u00e9ratures plus basses que le biochar, ce qui en fait un proc\u00e9d\u00e9 plus durable et moins exigeant en \u00e9nergie et en ressources.<\/p><p data-start=\"626\" data-end=\"1052\">\u00c0 travers un dispositif exp\u00e9rimental mis en \u0153uvre dans des exploitations agricoles \u00e0 Torrelameu et Albesa, il est pr\u00e9vu de g\u00e9n\u00e9rer et d\u2019appliquer cinq traitements d\u2019hydrochar (deux niveaux de temp\u00e9rature, deux temps de s\u00e9jour et un t\u00e9moin) sur six vari\u00e9t\u00e9s d\u2019arbres fruitiers. Le projet pr\u00e9voit la mesure de la r\u00e9tention d\u2019eau, de l\u2019\u00e9tat nutritionnel, de la productivit\u00e9 et de la qualit\u00e9 post-r\u00e9colte des pommes et des poires.<\/p><p data-start=\"1054\" data-end=\"1535\">Le projet vise \u00e0 optimiser la gestion des ressources naturelles, en particulier de l\u2019eau, par l\u2019utilisation de mat\u00e9riaux organiques poreux qui am\u00e9liorent la fertilit\u00e9 des sols et la r\u00e9sistance des cultures aux conditions de s\u00e9cheresse. Les r\u00e9sultats pr\u00e9liminaires indiquent une r\u00e9duction de la consommation d\u2019irrigation, une certaine augmentation du rendement et une am\u00e9lioration de la fermet\u00e9 ainsi que des degr\u00e9s Brix, promouvant ainsi une agriculture plus circulaire et durable.<\/p><p data-start=\"1537\" data-end=\"1695\" data-is-last-node=\"\" data-is-only-node=\"\">Le projet comporte \u00e9galement un volet d\u2019innovation \u00e9cologique, puisqu\u2019il favorise l\u2019\u00e9conomie circulaire et la durabilit\u00e9 environnementale du secteur agricole.<\/p><p data-start=\"1537\" data-end=\"1695\" data-is-last-node=\"\" data-is-only-node=\"\"><a href=\"https:\/\/www.grupocatala.com\/wp-content\/uploads\/2025\/05\/HIDROCHAR-ENRIQUIT.pdf\">HIDROCHAR ENRIQUIT<\/a><\/p><\/div>\n\t\t\t\t<\/div>\n\t\t\t\t\t\t\t<div class=\"elementor-accordion-item\">\n\t\t\t\t\t<div id=\"elementor-tab-title-24113\" class=\"elementor-tab-title\" data-tab=\"13\" role=\"button\" aria-controls=\"elementor-tab-content-24113\" aria-expanded=\"false\">\n\t\t\t\t\t\t\t\t\t\t\t\t\t<span class=\"elementor-accordion-icon elementor-accordion-icon-left\" aria-hidden=\"true\">\n\t\t\t\t\t\t\t\t\t\t\t\t\t\t\t<span class=\"elementor-accordion-icon-closed\"><i class=\"fas fa-plus\"><\/i><\/span>\n\t\t\t\t\t\t\t\t<span class=\"elementor-accordion-icon-opened\"><i class=\"fas fa-minus\"><\/i><\/span>\n\t\t\t\t\t\t\t\t\t\t\t\t\t\t<\/span>\n\t\t\t\t\t\t\t\t\t\t\t\t<a class=\"elementor-accordion-title\" tabindex=\"0\">NextGenerationEU<\/a>\n\t\t\t\t\t<\/div>\n\t\t\t\t\t<div id=\"elementor-tab-content-24113\" class=\"elementor-tab-content elementor-clearfix\" data-tab=\"13\" role=\"region\" aria-labelledby=\"elementor-tab-title-24113\"><p><img loading=\"lazy\" decoding=\"async\" data-recalc-dims=\"1\" class=\"alignnone wp-image-14384 size-large\" src=\"https:\/\/i0.wp.com\/www.grupocatala.com\/wp-content\/uploads\/2025\/05\/Cartell.png?resize=1024%2C718&#038;ssl=1\" alt=\"\" width=\"1024\" height=\"718\" srcset=\"https:\/\/i0.wp.com\/www.grupocatala.com\/wp-content\/uploads\/2025\/05\/Cartell.png?w=1229&amp;ssl=1 1229w, https:\/\/i0.wp.com\/www.grupocatala.com\/wp-content\/uploads\/2025\/05\/Cartell.png?resize=300%2C210&amp;ssl=1 300w, https:\/\/i0.wp.com\/www.grupocatala.com\/wp-content\/uploads\/2025\/05\/Cartell.png?resize=1024%2C718&amp;ssl=1 1024w, https:\/\/i0.wp.com\/www.grupocatala.com\/wp-content\/uploads\/2025\/05\/Cartell.png?resize=768%2C539&amp;ssl=1 768w\" sizes=\"(max-width: 1024px) 100vw, 1024px\" \/><\/p><\/div>\n\t\t\t\t<\/div>\n\t\t\t\t\t\t\t\t<\/div>\n\t\t\t\t\t\t<\/div>\n\t\t\t\t<\/div>\n\t\t\t\t<div class=\"elementor-element elementor-element-b3fc4d1 elementor-widget elementor-widget-spacer\" data-id=\"b3fc4d1\" data-element_type=\"widget\" data-e-type=\"widget\" data-widget_type=\"spacer.default\">\n\t\t\t\t<div class=\"elementor-widget-container\">\n\t\t\t\t\t\t\t<div class=\"elementor-spacer\">\n\t\t\t<div class=\"elementor-spacer-inner\"><\/div>\n\t\t<\/div>\n\t\t\t\t\t\t<\/div>\n\t\t\t\t<\/div>\n\t\t\t\t\t<\/div>\n\t\t<\/div>\n\t\t\t\t\t<\/div>\n\t\t<\/section>\n\t\t\t\t<\/div>\n\t\t","protected":false},"excerpt":{"rendered":"<p>I + DI + D Parmi les mesures n\u00e9cessaires pour atteindre production durable, il est n\u00e9cessaire de mettre en place des outils d&#8217;am\u00e9lioration continue, de test et de correction d&#8217;erreur. &#8230; <a title=\"I+D\" class=\"read-more\" href=\"https:\/\/www.grupocatala.com\/fr\/durabilite\/id\/\" aria-label=\"En savoir plus sur I+D\">Lire la suite<\/a><\/p>\n","protected":false},"author":1,"featured_media":0,"parent":4307,"menu_order":0,"comment_status":"closed","ping_status":"closed","template":"elementor_header_footer","meta":{"footnotes":""},"class_list":["post-4507","page","type-page","status-publish"],"yoast_head":"<!-- This site is optimized with the Yoast SEO plugin v27.5 - https:\/\/yoast.com\/product\/yoast-seo-wordpress\/ -->\n<title>I+D<\/title>\n<meta name=\"description\" content=\"I + DI + D Parmi les mesures n\u00e9cessaires pour atteindre production durable, il est n\u00e9cessaire de mettre en place des outils d&#039;am\u00e9lioration continue, de\" \/>\n<meta name=\"robots\" content=\"index, follow, max-snippet:-1, max-image-preview:large, max-video-preview:-1\" \/>\n<link rel=\"canonical\" href=\"https:\/\/www.grupocatala.com\/fr\/durabilite\/id\/\" \/>\n<meta property=\"og:locale\" content=\"fr_FR\" \/>\n<meta property=\"og:type\" content=\"article\" \/>\n<meta property=\"og:title\" content=\"I+D\" \/>\n<meta property=\"og:description\" content=\"I + DI + D Parmi les mesures n\u00e9cessaires pour atteindre production durable, il est n\u00e9cessaire de mettre en place des outils d&#039;am\u00e9lioration continue, de\" \/>\n<meta property=\"og:url\" content=\"https:\/\/www.grupocatala.com\/fr\/durabilite\/id\/\" \/>\n<meta property=\"og:site_name\" content=\"GRUPO CATAL\u00c0\" \/>\n<meta property=\"article:modified_time\" content=\"2025-05-19T16:21:50+00:00\" \/>\n<meta property=\"og:image\" content=\"https:\/\/i0.wp.com\/www.grupocatala.com\/wp-content\/uploads\/2020\/04\/projectes2.png?resize=522%2C55&#038;ssl=1\" \/>\n<meta name=\"twitter:card\" content=\"summary_large_image\" \/>\n<meta name=\"twitter:label1\" content=\"Dur\u00e9e de lecture estim\u00e9e\" \/>\n\t<meta name=\"twitter:data1\" content=\"19 minutes\" \/>\n<script type=\"application\/ld+json\" class=\"yoast-schema-graph\">{\"@context\":\"https:\\\/\\\/schema.org\",\"@graph\":[{\"@type\":\"WebPage\",\"@id\":\"https:\\\/\\\/www.grupocatala.com\\\/fr\\\/durabilite\\\/id\\\/\",\"url\":\"https:\\\/\\\/www.grupocatala.com\\\/fr\\\/durabilite\\\/id\\\/\",\"name\":\"I+D\",\"isPartOf\":{\"@id\":\"https:\\\/\\\/www.grupocatala.com\\\/fr\\\/#website\"},\"primaryImageOfPage\":{\"@id\":\"https:\\\/\\\/www.grupocatala.com\\\/fr\\\/durabilite\\\/id\\\/#primaryimage\"},\"image\":{\"@id\":\"https:\\\/\\\/www.grupocatala.com\\\/fr\\\/durabilite\\\/id\\\/#primaryimage\"},\"thumbnailUrl\":\"https:\\\/\\\/i0.wp.com\\\/www.grupocatala.com\\\/wp-content\\\/uploads\\\/2020\\\/04\\\/projectes2.png?resize=522%2C55&#038;ssl=1\",\"datePublished\":\"2020-03-26T09:21:45+00:00\",\"dateModified\":\"2025-05-19T16:21:50+00:00\",\"description\":\"I + DI + D Parmi les mesures n\u00e9cessaires pour atteindre production durable, il est n\u00e9cessaire de mettre en place des outils d'am\u00e9lioration continue, de\",\"breadcrumb\":{\"@id\":\"https:\\\/\\\/www.grupocatala.com\\\/fr\\\/durabilite\\\/id\\\/#breadcrumb\"},\"inLanguage\":\"fr-FR\",\"potentialAction\":[{\"@type\":\"ReadAction\",\"target\":[\"https:\\\/\\\/www.grupocatala.com\\\/fr\\\/durabilite\\\/id\\\/\"]}]},{\"@type\":\"ImageObject\",\"inLanguage\":\"fr-FR\",\"@id\":\"https:\\\/\\\/www.grupocatala.com\\\/fr\\\/durabilite\\\/id\\\/#primaryimage\",\"url\":\"https:\\\/\\\/i0.wp.com\\\/www.grupocatala.com\\\/wp-content\\\/uploads\\\/2020\\\/04\\\/projectes2.png?resize=522%2C55&#038;ssl=1\",\"contentUrl\":\"https:\\\/\\\/i0.wp.com\\\/www.grupocatala.com\\\/wp-content\\\/uploads\\\/2020\\\/04\\\/projectes2.png?resize=522%2C55&#038;ssl=1\"},{\"@type\":\"BreadcrumbList\",\"@id\":\"https:\\\/\\\/www.grupocatala.com\\\/fr\\\/durabilite\\\/id\\\/#breadcrumb\",\"itemListElement\":[{\"@type\":\"ListItem\",\"position\":1,\"name\":\"Portada\",\"item\":\"https:\\\/\\\/www.grupocatala.com\\\/fr\\\/\"},{\"@type\":\"ListItem\",\"position\":2,\"name\":\"DURABILIT\u00c9\",\"item\":\"https:\\\/\\\/www.grupocatala.com\\\/fr\\\/durabilite\\\/\"},{\"@type\":\"ListItem\",\"position\":3,\"name\":\"I+D\"}]},{\"@type\":\"WebSite\",\"@id\":\"https:\\\/\\\/www.grupocatala.com\\\/fr\\\/#website\",\"url\":\"https:\\\/\\\/www.grupocatala.com\\\/fr\\\/\",\"name\":\"GRUPO CATAL\u00c0\",\"description\":\"\",\"publisher\":{\"@id\":\"https:\\\/\\\/www.grupocatala.com\\\/fr\\\/#organization\"},\"potentialAction\":[{\"@type\":\"SearchAction\",\"target\":{\"@type\":\"EntryPoint\",\"urlTemplate\":\"https:\\\/\\\/www.grupocatala.com\\\/fr\\\/?s={search_term_string}\"},\"query-input\":{\"@type\":\"PropertyValueSpecification\",\"valueRequired\":true,\"valueName\":\"search_term_string\"}}],\"inLanguage\":\"fr-FR\"},{\"@type\":\"Organization\",\"@id\":\"https:\\\/\\\/www.grupocatala.com\\\/fr\\\/#organization\",\"name\":\"Grupo Catala\",\"url\":\"https:\\\/\\\/www.grupocatala.com\\\/fr\\\/\",\"logo\":{\"@type\":\"ImageObject\",\"inLanguage\":\"fr-FR\",\"@id\":\"https:\\\/\\\/www.grupocatala.com\\\/fr\\\/#\\\/schema\\\/logo\\\/image\\\/\",\"url\":\"https:\\\/\\\/i0.wp.com\\\/www.grupocatala.com\\\/wp-content\\\/uploads\\\/2020\\\/03\\\/cropped-logo_blanc-1.png?fit=250%2C57&ssl=1\",\"contentUrl\":\"https:\\\/\\\/i0.wp.com\\\/www.grupocatala.com\\\/wp-content\\\/uploads\\\/2020\\\/03\\\/cropped-logo_blanc-1.png?fit=250%2C57&ssl=1\",\"width\":250,\"height\":57,\"caption\":\"Grupo Catala\"},\"image\":{\"@id\":\"https:\\\/\\\/www.grupocatala.com\\\/fr\\\/#\\\/schema\\\/logo\\\/image\\\/\"},\"sameAs\":[\"https:\\\/\\\/www.instagram.com\\\/grupocatala\"]}]}<\/script>\n<!-- \/ Yoast SEO plugin. -->","yoast_head_json":{"title":"I+D","description":"I + DI + D Parmi les mesures n\u00e9cessaires pour atteindre production durable, il est n\u00e9cessaire de mettre en place des outils d'am\u00e9lioration continue, de","robots":{"index":"index","follow":"follow","max-snippet":"max-snippet:-1","max-image-preview":"max-image-preview:large","max-video-preview":"max-video-preview:-1"},"canonical":"https:\/\/www.grupocatala.com\/fr\/durabilite\/id\/","og_locale":"fr_FR","og_type":"article","og_title":"I+D","og_description":"I + DI + D Parmi les mesures n\u00e9cessaires pour atteindre production durable, il est n\u00e9cessaire de mettre en place des outils d'am\u00e9lioration continue, de","og_url":"https:\/\/www.grupocatala.com\/fr\/durabilite\/id\/","og_site_name":"GRUPO CATAL\u00c0","article_modified_time":"2025-05-19T16:21:50+00:00","og_image":[{"url":"https:\/\/i0.wp.com\/www.grupocatala.com\/wp-content\/uploads\/2020\/04\/projectes2.png?resize=522%2C55&#038;ssl=1","type":"","width":"","height":""}],"twitter_card":"summary_large_image","twitter_misc":{"Dur\u00e9e de lecture estim\u00e9e":"19 minutes"},"schema":{"@context":"https:\/\/schema.org","@graph":[{"@type":"WebPage","@id":"https:\/\/www.grupocatala.com\/fr\/durabilite\/id\/","url":"https:\/\/www.grupocatala.com\/fr\/durabilite\/id\/","name":"I+D","isPartOf":{"@id":"https:\/\/www.grupocatala.com\/fr\/#website"},"primaryImageOfPage":{"@id":"https:\/\/www.grupocatala.com\/fr\/durabilite\/id\/#primaryimage"},"image":{"@id":"https:\/\/www.grupocatala.com\/fr\/durabilite\/id\/#primaryimage"},"thumbnailUrl":"https:\/\/i0.wp.com\/www.grupocatala.com\/wp-content\/uploads\/2020\/04\/projectes2.png?resize=522%2C55&#038;ssl=1","datePublished":"2020-03-26T09:21:45+00:00","dateModified":"2025-05-19T16:21:50+00:00","description":"I + DI + D Parmi les mesures n\u00e9cessaires pour atteindre production durable, il est n\u00e9cessaire de mettre en place des outils d'am\u00e9lioration continue, de","breadcrumb":{"@id":"https:\/\/www.grupocatala.com\/fr\/durabilite\/id\/#breadcrumb"},"inLanguage":"fr-FR","potentialAction":[{"@type":"ReadAction","target":["https:\/\/www.grupocatala.com\/fr\/durabilite\/id\/"]}]},{"@type":"ImageObject","inLanguage":"fr-FR","@id":"https:\/\/www.grupocatala.com\/fr\/durabilite\/id\/#primaryimage","url":"https:\/\/i0.wp.com\/www.grupocatala.com\/wp-content\/uploads\/2020\/04\/projectes2.png?resize=522%2C55&#038;ssl=1","contentUrl":"https:\/\/i0.wp.com\/www.grupocatala.com\/wp-content\/uploads\/2020\/04\/projectes2.png?resize=522%2C55&#038;ssl=1"},{"@type":"BreadcrumbList","@id":"https:\/\/www.grupocatala.com\/fr\/durabilite\/id\/#breadcrumb","itemListElement":[{"@type":"ListItem","position":1,"name":"Portada","item":"https:\/\/www.grupocatala.com\/fr\/"},{"@type":"ListItem","position":2,"name":"DURABILIT\u00c9","item":"https:\/\/www.grupocatala.com\/fr\/durabilite\/"},{"@type":"ListItem","position":3,"name":"I+D"}]},{"@type":"WebSite","@id":"https:\/\/www.grupocatala.com\/fr\/#website","url":"https:\/\/www.grupocatala.com\/fr\/","name":"GRUPO CATAL\u00c0","description":"","publisher":{"@id":"https:\/\/www.grupocatala.com\/fr\/#organization"},"potentialAction":[{"@type":"SearchAction","target":{"@type":"EntryPoint","urlTemplate":"https:\/\/www.grupocatala.com\/fr\/?s={search_term_string}"},"query-input":{"@type":"PropertyValueSpecification","valueRequired":true,"valueName":"search_term_string"}}],"inLanguage":"fr-FR"},{"@type":"Organization","@id":"https:\/\/www.grupocatala.com\/fr\/#organization","name":"Grupo Catala","url":"https:\/\/www.grupocatala.com\/fr\/","logo":{"@type":"ImageObject","inLanguage":"fr-FR","@id":"https:\/\/www.grupocatala.com\/fr\/#\/schema\/logo\/image\/","url":"https:\/\/i0.wp.com\/www.grupocatala.com\/wp-content\/uploads\/2020\/03\/cropped-logo_blanc-1.png?fit=250%2C57&ssl=1","contentUrl":"https:\/\/i0.wp.com\/www.grupocatala.com\/wp-content\/uploads\/2020\/03\/cropped-logo_blanc-1.png?fit=250%2C57&ssl=1","width":250,"height":57,"caption":"Grupo Catala"},"image":{"@id":"https:\/\/www.grupocatala.com\/fr\/#\/schema\/logo\/image\/"},"sameAs":["https:\/\/www.instagram.com\/grupocatala"]}]}},"jetpack_sharing_enabled":true,"_links":{"self":[{"href":"https:\/\/www.grupocatala.com\/fr\/wp-json\/wp\/v2\/pages\/4507","targetHints":{"allow":["GET"]}}],"collection":[{"href":"https:\/\/www.grupocatala.com\/fr\/wp-json\/wp\/v2\/pages"}],"about":[{"href":"https:\/\/www.grupocatala.com\/fr\/wp-json\/wp\/v2\/types\/page"}],"author":[{"embeddable":true,"href":"https:\/\/www.grupocatala.com\/fr\/wp-json\/wp\/v2\/users\/1"}],"replies":[{"embeddable":true,"href":"https:\/\/www.grupocatala.com\/fr\/wp-json\/wp\/v2\/comments?post=4507"}],"version-history":[{"count":0,"href":"https:\/\/www.grupocatala.com\/fr\/wp-json\/wp\/v2\/pages\/4507\/revisions"}],"up":[{"embeddable":true,"href":"https:\/\/www.grupocatala.com\/fr\/wp-json\/wp\/v2\/pages\/4307"}],"wp:attachment":[{"href":"https:\/\/www.grupocatala.com\/fr\/wp-json\/wp\/v2\/media?parent=4507"}],"curies":[{"name":"wp","href":"https:\/\/api.w.org\/{rel}","templated":true}]}}