{"id":4765,"date":"2020-03-25T08:19:40","date_gmt":"2020-03-25T08:19:40","guid":{"rendered":"https:\/\/www.grupocatala.com\/noticias\/"},"modified":"2025-12-24T16:11:40","modified_gmt":"2025-12-24T15:11:40","slug":"news","status":"publish","type":"page","link":"https:\/\/www.grupocatala.com\/en\/news\/","title":{"rendered":"NEWS"},"content":{"rendered":"\t\t<div data-elementor-type=\"wp-page\" data-elementor-id=\"4765\" class=\"elementor elementor-4765 elementor-21\" data-elementor-post-type=\"page\">\n\t\t\t\t\t\t<section class=\"elementor-section elementor-top-section elementor-element elementor-element-9f694e3 elementor-section-boxed elementor-section-height-default elementor-section-height-default\" data-id=\"9f694e3\" data-element_type=\"section\" data-e-type=\"section\" data-settings=\"{&quot;background_background&quot;:&quot;classic&quot;}\">\n\t\t\t\t\t\t<div class=\"elementor-container elementor-column-gap-default\">\n\t\t\t\t\t<div class=\"elementor-column elementor-col-100 elementor-top-column elementor-element elementor-element-0088f0b\" data-id=\"0088f0b\" data-element_type=\"column\" data-e-type=\"column\">\n\t\t\t<div class=\"elementor-widget-wrap elementor-element-populated\">\n\t\t\t\t\t\t<div class=\"elementor-element elementor-element-5c35be4 elementor-widget elementor-widget-spacer\" data-id=\"5c35be4\" data-element_type=\"widget\" data-e-type=\"widget\" data-widget_type=\"spacer.default\">\n\t\t\t\t<div class=\"elementor-widget-container\">\n\t\t\t\t\t\t\t<div class=\"elementor-spacer\">\n\t\t\t<div class=\"elementor-spacer-inner\"><\/div>\n\t\t<\/div>\n\t\t\t\t\t\t<\/div>\n\t\t\t\t<\/div>\n\t\t\t\t<div class=\"elementor-element elementor-element-5df33d2 elementor-widget elementor-widget-heading\" data-id=\"5df33d2\" data-element_type=\"widget\" data-e-type=\"widget\" data-widget_type=\"heading.default\">\n\t\t\t\t<div class=\"elementor-widget-container\">\n\t\t\t\t\t<h2 class=\"elementor-heading-title elementor-size-default\">News<\/h2>\t\t\t\t<\/div>\n\t\t\t\t<\/div>\n\t\t\t\t<div class=\"elementor-element elementor-element-515ba4c elementor-widget elementor-widget-spacer\" data-id=\"515ba4c\" data-element_type=\"widget\" data-e-type=\"widget\" data-widget_type=\"spacer.default\">\n\t\t\t\t<div class=\"elementor-widget-container\">\n\t\t\t\t\t\t\t<div class=\"elementor-spacer\">\n\t\t\t<div class=\"elementor-spacer-inner\"><\/div>\n\t\t<\/div>\n\t\t\t\t\t\t<\/div>\n\t\t\t\t<\/div>\n\t\t\t\t<div class=\"elementor-element elementor-element-ae24696 elementor-posts--align-left elementor-grid-3 elementor-grid-tablet-2 elementor-grid-mobile-1 elementor-posts--thumbnail-top elementor-posts--show-avatar elementor-card-shadow-yes elementor-posts__hover-gradient elementor-widget elementor-widget-posts\" data-id=\"ae24696\" data-element_type=\"widget\" data-e-type=\"widget\" data-settings=\"{&quot;cards_row_gap&quot;:{&quot;unit&quot;:&quot;px&quot;,&quot;size&quot;:61,&quot;sizes&quot;:[]},&quot;cards_masonry&quot;:&quot;yes&quot;,&quot;cards_columns&quot;:&quot;3&quot;,&quot;cards_columns_tablet&quot;:&quot;2&quot;,&quot;cards_columns_mobile&quot;:&quot;1&quot;,&quot;cards_row_gap_tablet&quot;:{&quot;unit&quot;:&quot;px&quot;,&quot;size&quot;:&quot;&quot;,&quot;sizes&quot;:[]},&quot;cards_row_gap_mobile&quot;:{&quot;unit&quot;:&quot;px&quot;,&quot;size&quot;:&quot;&quot;,&quot;sizes&quot;:[]}}\" data-widget_type=\"posts.cards\">\n\t\t\t\t<div class=\"elementor-widget-container\">\n\t\t\t\t\t\t\t<div class=\"elementor-posts-container elementor-posts elementor-posts--skin-cards elementor-grid\" role=\"list\">\n\t\t\t\t<article class=\"elementor-post elementor-grid-item post-14663 post type-post status-publish format-standard has-post-thumbnail hentry category-news tag-acb-en tag-basketball tag-batemont-en tag-collaboration tag-conference-pear tag-gratitude tag-grup-catala-en tag-hiopos-en tag-james-en tag-lleida-en tag-pears tag-sport\" role=\"listitem\">\n\t\t\t<div class=\"elementor-post__card\">\n\t\t\t\t<a class=\"elementor-post__thumbnail__link\" href=\"https:\/\/www.grupocatala.com\/en\/hiopos-lleida-collaboration\/\" tabindex=\"-1\" ><div class=\"elementor-post__thumbnail\"><img fetchpriority=\"high\" decoding=\"async\" width=\"300\" height=\"169\" src=\"https:\/\/i0.wp.com\/www.grupocatala.com\/wp-content\/uploads\/2025\/09\/photo_2025-09-04_09-27-37.jpg?fit=300%2C169&amp;ssl=1\" class=\"attachment-medium size-medium wp-image-14651\" alt=\"\" srcset=\"https:\/\/i0.wp.com\/www.grupocatala.com\/wp-content\/uploads\/2025\/09\/photo_2025-09-04_09-27-37.jpg?w=1280&amp;ssl=1 1280w, https:\/\/i0.wp.com\/www.grupocatala.com\/wp-content\/uploads\/2025\/09\/photo_2025-09-04_09-27-37.jpg?resize=300%2C169&amp;ssl=1 300w, https:\/\/i0.wp.com\/www.grupocatala.com\/wp-content\/uploads\/2025\/09\/photo_2025-09-04_09-27-37.jpg?resize=1024%2C576&amp;ssl=1 1024w, https:\/\/i0.wp.com\/www.grupocatala.com\/wp-content\/uploads\/2025\/09\/photo_2025-09-04_09-27-37.jpg?resize=768%2C432&amp;ssl=1 768w\" sizes=\"(max-width: 300px) 100vw, 300px\" \/><\/div><\/a>\n\t\t\t\t<div class=\"elementor-post__badge\">News<\/div>\n\t\t\t\t<div class=\"elementor-post__avatar\">\n\t\t\t\t\t<\/div>\n\t\t\t\t<div class=\"elementor-post__text\">\n\t\t\t\t<h3 class=\"elementor-post__title\">\n\t\t\t<a href=\"https:\/\/www.grupocatala.com\/en\/hiopos-lleida-collaboration\/\" >\n\t\t\t\tHiopos Lleida Collaboration\t\t\t<\/a>\n\t\t<\/h3>\n\t\t\t\t<div class=\"elementor-post__excerpt\">\n\t\t\t<p>Grupo Catal\u00e1 is proud to have collaborated by offering part of its facilities so that the club could carry out this audiovisual production. We would like to thank HIOPOS Lleida<\/p>\n\t\t<\/div>\n\t\t\t\t<\/div>\n\t\t\t\t\t<\/div>\n\t\t<\/article>\n\t\t\t\t<article class=\"elementor-post elementor-grid-item post-14360 post type-post status-publish format-standard has-post-thumbnail hentry category-news tag-30yearsmakingvhir tag-barcelona-en tag-collaboration tag-donation tag-foundation tag-gratitude tag-grup-catala-en tag-hospital-en tag-medical tag-race tag-research tag-runnersbarcelona-en tag-running-en tag-solidarity tag-vall-dhebron-en tag-vallhebron-en\" role=\"listitem\">\n\t\t\t<div class=\"elementor-post__card\">\n\t\t\t\t<a class=\"elementor-post__thumbnail__link\" href=\"https:\/\/www.grupocatala.com\/en\/vall-dhebron-solidarity-running-race\/\" tabindex=\"-1\" ><div class=\"elementor-post__thumbnail\"><img decoding=\"async\" width=\"263\" height=\"300\" src=\"https:\/\/i0.wp.com\/www.grupocatala.com\/wp-content\/uploads\/2025\/03\/2025-03-04-11_17_12-Vall-dHebron-_-Mes-de-500-persones-han-participat-aquest-mati-en-la-1a-Cursa-de.png?fit=263%2C300&amp;ssl=1\" class=\"attachment-medium size-medium wp-image-14347\" alt=\"\" srcset=\"https:\/\/i0.wp.com\/www.grupocatala.com\/wp-content\/uploads\/2025\/03\/2025-03-04-11_17_12-Vall-dHebron-_-Mes-de-500-persones-han-participat-aquest-mati-en-la-1a-Cursa-de.png?w=525&amp;ssl=1 525w, https:\/\/i0.wp.com\/www.grupocatala.com\/wp-content\/uploads\/2025\/03\/2025-03-04-11_17_12-Vall-dHebron-_-Mes-de-500-persones-han-participat-aquest-mati-en-la-1a-Cursa-de.png?resize=263%2C300&amp;ssl=1 263w\" sizes=\"(max-width: 263px) 100vw, 263px\" \/><\/div><\/a>\n\t\t\t\t<div class=\"elementor-post__badge\">News<\/div>\n\t\t\t\t<div class=\"elementor-post__avatar\">\n\t\t\t\t\t<\/div>\n\t\t\t\t<div class=\"elementor-post__text\">\n\t\t\t\t<h3 class=\"elementor-post__title\">\n\t\t\t<a href=\"https:\/\/www.grupocatala.com\/en\/vall-dhebron-solidarity-running-race\/\" >\n\t\t\t\tVall d\u2019Hebron Solidarity running race\t\t\t<\/a>\n\t\t<\/h3>\n\t\t\t\t<div class=\"elementor-post__excerpt\">\n\t\t\t<p>More than 500 people kick off the 30th-anniversary celebrations of the Vall d&#8217;Hebron Research Institute by participating in the 1st Vall d\u2019Hebron race. The course, which could be completed either<\/p>\n\t\t<\/div>\n\t\t\t\t<\/div>\n\t\t\t\t\t<\/div>\n\t\t<\/article>\n\t\t\t\t<article class=\"elementor-post elementor-grid-item post-11497 post type-post status-publish format-standard has-post-thumbnail hentry category-news tag-ai tag-bone tag-facilities tag-fruit tag-grupo-catala-en tag-grupocatala-en tag-machine tag-processing tag-production tag-productivity\" role=\"listitem\">\n\t\t\t<div class=\"elementor-post__card\">\n\t\t\t\t<a class=\"elementor-post__thumbnail__link\" href=\"https:\/\/www.grupocatala.com\/en\/new-largest-stone-fruit-processing-line-in-the-world\/\" tabindex=\"-1\" ><div class=\"elementor-post__thumbnail\"><img decoding=\"async\" width=\"300\" height=\"169\" src=\"https:\/\/i0.wp.com\/www.grupocatala.com\/wp-content\/uploads\/2023\/10\/1_Sorma-FA.png?fit=300%2C169&amp;ssl=1\" class=\"attachment-medium size-medium wp-image-11492\" alt=\"\" srcset=\"https:\/\/i0.wp.com\/www.grupocatala.com\/wp-content\/uploads\/2023\/10\/1_Sorma-FA.png?w=600&amp;ssl=1 600w, https:\/\/i0.wp.com\/www.grupocatala.com\/wp-content\/uploads\/2023\/10\/1_Sorma-FA.png?resize=300%2C169&amp;ssl=1 300w\" sizes=\"(max-width: 300px) 100vw, 300px\" \/><\/div><\/a>\n\t\t\t\t<div class=\"elementor-post__badge\">News<\/div>\n\t\t\t\t<div class=\"elementor-post__avatar\">\n\t\t\t\t\t<\/div>\n\t\t\t\t<div class=\"elementor-post__text\">\n\t\t\t\t<h3 class=\"elementor-post__title\">\n\t\t\t<a href=\"https:\/\/www.grupocatala.com\/en\/new-largest-stone-fruit-processing-line-in-the-world\/\" >\n\t\t\t\tNew largest stone fruit processing line in the world\t\t\t<\/a>\n\t\t<\/h3>\n\t\t\t\t<div class=\"elementor-post__excerpt\">\n\t\t\t<p>Production capacity of almost one million kilos of fruit in a daily processing shift and a saving of 15-20% in labor costs, the line is the largest and most automated<\/p>\n\t\t<\/div>\n\t\t\t\t<\/div>\n\t\t\t\t\t<\/div>\n\t\t<\/article>\n\t\t\t\t<article class=\"elementor-post elementor-grid-item post-17337 post type-post status-publish format-standard has-post-thumbnail hentry category-news tag-agriculture tag-authorities tag-begona-garcia tag-el-escobar tag-extremadura-en tag-grup-catala-en tag-horticultural tag-inauguration tag-mayoralty tag-merida-en tag-processing-center tag-regional-government tag-vara\" role=\"listitem\">\n\t\t\t<div class=\"elementor-post__card\">\n\t\t\t\t<a class=\"elementor-post__thumbnail__link\" href=\"https:\/\/www.grupocatala.com\/en\/vara-visits-el-escobar-in-merida\/\" tabindex=\"-1\" ><div class=\"elementor-post__thumbnail\"><img loading=\"lazy\" decoding=\"async\" width=\"300\" height=\"150\" src=\"https:\/\/i0.wp.com\/www.grupocatala.com\/wp-content\/uploads\/2026\/02\/2026-02-09-19_19_28-Vara-visita-una-central-hortofruticola-en-Merida-_-Parte-1-%E2%80%94-Mozilla-Firefox.png?fit=300%2C150&amp;ssl=1\" class=\"attachment-medium size-medium wp-image-17328\" alt=\"\" \/><\/div><\/a>\n\t\t\t\t<div class=\"elementor-post__badge\">News<\/div>\n\t\t\t\t<div class=\"elementor-post__avatar\">\n\t\t\t\t\t<\/div>\n\t\t\t\t<div class=\"elementor-post__text\">\n\t\t\t\t<h3 class=\"elementor-post__title\">\n\t\t\t<a href=\"https:\/\/www.grupocatala.com\/en\/vara-visits-el-escobar-in-merida\/\" >\n\t\t\t\tVara Visits El Escobar in M\u00e9rida\t\t\t<\/a>\n\t\t<\/h3>\n\t\t\t\t<div class=\"elementor-post__excerpt\">\n\t\t\t<p>Images of the PSOE candidate for re-election as President of the Regional Government of Extremadura, Guillermo Fern\u00e1ndez Vara, during his visit to the El Escobar fruit and vegetable facility in<\/p>\n\t\t<\/div>\n\t\t\t\t<\/div>\n\t\t\t\t\t<\/div>\n\t\t<\/article>\n\t\t\t\t<article class=\"elementor-post elementor-grid-item post-11106 post type-post status-publish format-standard has-post-thumbnail hentry category-news tag-catala-group tag-facebook-en tag-infojobs-en tag-instagram-en tag-linkedin-en tag-networks-en tag-social-en tag-twitter-en\" role=\"listitem\">\n\t\t\t<div class=\"elementor-post__card\">\n\t\t\t\t<a class=\"elementor-post__thumbnail__link\" href=\"https:\/\/www.grupocatala.com\/en\/presence-in-social-networks\/\" tabindex=\"-1\" ><div class=\"elementor-post__thumbnail\"><img loading=\"lazy\" decoding=\"async\" width=\"300\" height=\"300\" src=\"https:\/\/i0.wp.com\/www.grupocatala.com\/wp-content\/uploads\/2021\/08\/photo_2021-08-17_11-26-43-1-e1629200656428.jpg?fit=300%2C300&amp;ssl=1\" class=\"attachment-medium size-medium wp-image-11093\" alt=\"\" \/><\/div><\/a>\n\t\t\t\t<div class=\"elementor-post__badge\">News<\/div>\n\t\t\t\t<div class=\"elementor-post__avatar\">\n\t\t\t\t\t<\/div>\n\t\t\t\t<div class=\"elementor-post__text\">\n\t\t\t\t<h3 class=\"elementor-post__title\">\n\t\t\t<a href=\"https:\/\/www.grupocatala.com\/en\/presence-in-social-networks\/\" >\n\t\t\t\tPresence in social networks\t\t\t<\/a>\n\t\t<\/h3>\n\t\t\t\t<div class=\"elementor-post__excerpt\">\n\t\t\t<p>If you want to know all our latest news, we are pleased to announce that we are in the most prominent and popular social networks existing today, do not hesitate<\/p>\n\t\t<\/div>\n\t\t\t\t<\/div>\n\t\t\t\t\t<\/div>\n\t\t<\/article>\n\t\t\t\t<article class=\"elementor-post elementor-grid-item post-10540 post type-post status-publish format-standard has-post-thumbnail hentry category-news tag-agriculture tag-catafruit-en tag-catala-group tag-city-hall tag-export tag-facilities tag-fruit tag-future tag-government tag-team tag-villena-en tag-visit tag-wealth\" role=\"listitem\">\n\t\t\t<div class=\"elementor-post__card\">\n\t\t\t\t<a class=\"elementor-post__thumbnail__link\" href=\"https:\/\/www.grupocatala.com\/en\/government-team-visits-the-facilities-of-the-company-catafruit\/\" tabindex=\"-1\" ><div class=\"elementor-post__thumbnail\"><img loading=\"lazy\" decoding=\"async\" width=\"300\" height=\"200\" src=\"https:\/\/i0.wp.com\/www.grupocatala.com\/wp-content\/uploads\/2021\/06\/6rHOkuoh4GUJMH23-e1622714207484.jpeg?fit=300%2C200&amp;ssl=1\" class=\"attachment-medium size-medium wp-image-10535\" alt=\"\" \/><\/div><\/a>\n\t\t\t\t<div class=\"elementor-post__badge\">News<\/div>\n\t\t\t\t<div class=\"elementor-post__avatar\">\n\t\t\t\t\t<\/div>\n\t\t\t\t<div class=\"elementor-post__text\">\n\t\t\t\t<h3 class=\"elementor-post__title\">\n\t\t\t<a href=\"https:\/\/www.grupocatala.com\/en\/government-team-visits-the-facilities-of-the-company-catafruit\/\" >\n\t\t\t\tGovernment team visits the facilities of the company Catafruit\t\t\t<\/a>\n\t\t<\/h3>\n\t\t\t\t<div class=\"elementor-post__excerpt\">\n\t\t\t<p>The mayor of Villena, Fulgencio Cerd\u00e1n, and the first deputy mayor, Francisco Iniesta, accompanied by the mayor of Urbanism, Javier Mart\u00ednez, today visited the facilities of the Catafruit company, of<\/p>\n\t\t<\/div>\n\t\t\t\t<\/div>\n\t\t\t\t\t<\/div>\n\t\t<\/article>\n\t\t\t\t<article class=\"elementor-post elementor-grid-item post-10524 post type-post status-publish format-standard has-post-thumbnail hentry category-news tag-catala-group tag-covid-en tag-covid-19-en tag-fruit tag-grup-catala-en tag-grupcatala-en tag-health tag-la-portella-en tag-lleida-en tag-vaccine\" role=\"listitem\">\n\t\t\t<div class=\"elementor-post__card\">\n\t\t\t\t<a class=\"elementor-post__thumbnail__link\" href=\"https:\/\/www.grupocatala.com\/en\/grupo-catala-workers-vaccination\/\" tabindex=\"-1\" ><div class=\"elementor-post__thumbnail\"><img loading=\"lazy\" decoding=\"async\" width=\"300\" height=\"223\" src=\"https:\/\/i0.wp.com\/www.grupocatala.com\/wp-content\/uploads\/2021\/05\/photo_2021-05-31_14-02-43-e1622471698449.jpg?fit=300%2C223&amp;ssl=1\" class=\"attachment-medium size-medium wp-image-10516\" alt=\"\" \/><\/div><\/a>\n\t\t\t\t<div class=\"elementor-post__badge\">News<\/div>\n\t\t\t\t<div class=\"elementor-post__avatar\">\n\t\t\t\t\t<\/div>\n\t\t\t\t<div class=\"elementor-post__text\">\n\t\t\t\t<h3 class=\"elementor-post__title\">\n\t\t\t<a href=\"https:\/\/www.grupocatala.com\/en\/grupo-catala-workers-vaccination\/\" >\n\t\t\t\tGrupo Catal\u00e0 workers vaccination\t\t\t<\/a>\n\t\t<\/h3>\n\t\t\t\t<div class=\"elementor-post__excerpt\">\n\t\t\t<p>We are delighted to announce that at the Grupo Catal\u00e0 work center in Lleida, a massive vaccination has been carried out as a policy against the COVD-19 pandemic. Great news<\/p>\n\t\t<\/div>\n\t\t\t\t<\/div>\n\t\t\t\t\t<\/div>\n\t\t<\/article>\n\t\t\t\t<article class=\"elementor-post elementor-grid-item post-10492 post type-post status-publish format-standard has-post-thumbnail hentry category-news tag-activity tag-boys tag-catala-group tag-collaboration tag-girls tag-gratitude tag-grup-catala-en tag-grupcatala-en tag-la-portella-en tag-lleida-en tag-nens-en tag-school tag-villalonga-en tag-white\" role=\"listitem\">\n\t\t\t<div class=\"elementor-post__card\">\n\t\t\t\t<a class=\"elementor-post__thumbnail__link\" href=\"https:\/\/www.grupocatala.com\/en\/very-special-visit-the-boys-and-girls-of-the-escola-blanca-villalonga\/\" tabindex=\"-1\" ><div class=\"elementor-post__thumbnail\"><img loading=\"lazy\" decoding=\"async\" width=\"300\" height=\"232\" src=\"https:\/\/i0.wp.com\/www.grupocatala.com\/wp-content\/uploads\/2021\/04\/WhatsApp-Image-2021-04-22-at-11.33.54-e1619088383382.jpeg?fit=300%2C232&amp;ssl=1\" class=\"attachment-medium size-medium wp-image-10502\" alt=\"\" srcset=\"https:\/\/i0.wp.com\/www.grupocatala.com\/wp-content\/uploads\/2021\/04\/WhatsApp-Image-2021-04-22-at-11.33.54-e1619088383382.jpeg?w=650&amp;ssl=1 650w, https:\/\/i0.wp.com\/www.grupocatala.com\/wp-content\/uploads\/2021\/04\/WhatsApp-Image-2021-04-22-at-11.33.54-e1619088383382.jpeg?resize=600%2C463&amp;ssl=1 600w\" sizes=\"(max-width: 300px) 100vw, 300px\" \/><\/div><\/a>\n\t\t\t\t<div class=\"elementor-post__badge\">News<\/div>\n\t\t\t\t<div class=\"elementor-post__avatar\">\n\t\t\t\t\t<\/div>\n\t\t\t\t<div class=\"elementor-post__text\">\n\t\t\t\t<h3 class=\"elementor-post__title\">\n\t\t\t<a href=\"https:\/\/www.grupocatala.com\/en\/very-special-visit-the-boys-and-girls-of-the-escola-blanca-villalonga\/\" >\n\t\t\t\tVery special visit: the boys and girls of the Escola Blanca Villalonga\t\t\t<\/a>\n\t\t<\/h3>\n\t\t\t\t<div class=\"elementor-post__excerpt\">\n\t\t\t<p>At Grupo Catal\u00e0 we have had the pleasure of organizing a very special visit: the boys and girls of the @escolablancavillalonga ???? They have been able to know different varieties<\/p>\n\t\t<\/div>\n\t\t\t\t<\/div>\n\t\t\t\t\t<\/div>\n\t\t<\/article>\n\t\t\t\t<article class=\"elementor-post elementor-grid-item post-9818 post type-post status-publish format-standard has-post-thumbnail hentry category-news tag-catala-group tag-collaboration tag-donation tag-elderly tag-foundation tag-fruit tag-gratitude tag-grup-catala-en tag-grupcatala-en tag-homeless tag-la-laguna-en tag-little-sisters tag-recognition tag-solidarity\" role=\"listitem\">\n\t\t\t<div class=\"elementor-post__card\">\n\t\t\t\t<a class=\"elementor-post__thumbnail__link\" href=\"https:\/\/www.grupocatala.com\/en\/little-sisters-of-the-helpless-elders\/\" tabindex=\"-1\" ><div class=\"elementor-post__thumbnail\"><img loading=\"lazy\" decoding=\"async\" width=\"240\" height=\"300\" src=\"https:\/\/i0.wp.com\/www.grupocatala.com\/wp-content\/uploads\/2021\/02\/HAD-escut.jpg?fit=240%2C300&amp;ssl=1\" class=\"attachment-medium size-medium wp-image-9751\" alt=\"\" srcset=\"https:\/\/i0.wp.com\/www.grupocatala.com\/wp-content\/uploads\/2021\/02\/HAD-escut.jpg?w=250&amp;ssl=1 250w, https:\/\/i0.wp.com\/www.grupocatala.com\/wp-content\/uploads\/2021\/02\/HAD-escut.jpg?resize=240%2C300&amp;ssl=1 240w\" sizes=\"(max-width: 240px) 100vw, 240px\" \/><\/div><\/a>\n\t\t\t\t<div class=\"elementor-post__badge\">News<\/div>\n\t\t\t\t<div class=\"elementor-post__avatar\">\n\t\t\t\t\t<\/div>\n\t\t\t\t<div class=\"elementor-post__text\">\n\t\t\t\t<h3 class=\"elementor-post__title\">\n\t\t\t<a href=\"https:\/\/www.grupocatala.com\/en\/little-sisters-of-the-helpless-elders\/\" >\n\t\t\t\tLittle Sisters of the Helpless Elders\t\t\t<\/a>\n\t\t<\/h3>\n\t\t\t\t<div class=\"elementor-post__excerpt\">\n\t\t\t<p>From Home Stmo. Cristo de La Laguna, Little Sisters of the Helpless Elders, and on behalf of the Superior of the Home, certify the collaborative work and their gratitude with<\/p>\n\t\t<\/div>\n\t\t\t\t<\/div>\n\t\t\t\t\t<\/div>\n\t\t<\/article>\n\t\t\t\t<article class=\"elementor-post elementor-grid-item post-9828 post type-post status-publish format-standard has-post-thumbnail hentry category-news tag-altruistic tag-catala-group tag-collaboration tag-disadvantaged tag-disinterested tag-donation tag-foundation tag-fruit tag-gratitude tag-grup-catala-en tag-grupcatala-en tag-grupocatala-en tag-labor-en tag-recognition tag-santa-cruz-en tag-supportive tag-tenerife-en tag-town-hall\" role=\"listitem\">\n\t\t\t<div class=\"elementor-post__card\">\n\t\t\t\t<a class=\"elementor-post__thumbnail__link\" href=\"https:\/\/www.grupocatala.com\/en\/grupo-catala-altruistic-and-solidarity-work\/\" tabindex=\"-1\" ><div class=\"elementor-post__thumbnail\"><img loading=\"lazy\" decoding=\"async\" width=\"300\" height=\"262\" src=\"https:\/\/i0.wp.com\/www.grupocatala.com\/wp-content\/uploads\/2021\/02\/ayuntamiento_santacruz_de_tenerife.jpg?fit=300%2C262&amp;ssl=1\" class=\"attachment-medium size-medium wp-image-9734\" alt=\"\" srcset=\"https:\/\/i0.wp.com\/www.grupocatala.com\/wp-content\/uploads\/2021\/02\/ayuntamiento_santacruz_de_tenerife.jpg?w=486&amp;ssl=1 486w, https:\/\/i0.wp.com\/www.grupocatala.com\/wp-content\/uploads\/2021\/02\/ayuntamiento_santacruz_de_tenerife.jpg?resize=300%2C262&amp;ssl=1 300w\" sizes=\"(max-width: 300px) 100vw, 300px\" \/><\/div><\/a>\n\t\t\t\t<div class=\"elementor-post__badge\">News<\/div>\n\t\t\t\t<div class=\"elementor-post__avatar\">\n\t\t\t\t\t<\/div>\n\t\t\t\t<div class=\"elementor-post__text\">\n\t\t\t\t<h3 class=\"elementor-post__title\">\n\t\t\t<a href=\"https:\/\/www.grupocatala.com\/en\/grupo-catala-altruistic-and-solidarity-work\/\" >\n\t\t\t\tGrupo Catal\u00e0 altruistic and solidarity work\t\t\t<\/a>\n\t\t<\/h3>\n\t\t\t\t<div class=\"elementor-post__excerpt\">\n\t\t\t<p>The Hon. Santa Cruz de Santiago de Tenerife City Council awards recognition to the company Grupo Catal\u00e0, in recognition of the great altruistic and solidary work carried out with the<\/p>\n\t\t<\/div>\n\t\t\t\t<\/div>\n\t\t\t\t\t<\/div>\n\t\t<\/article>\n\t\t\t\t<article class=\"elementor-post elementor-grid-item post-9808 post type-post status-publish format-standard has-post-thumbnail hentry category-news tag-catala-group tag-collaboration tag-disadvantaged tag-donation tag-foundation tag-fruit tag-gratitude tag-grup-catala-en tag-grupcatala-en tag-little-faces tag-recognition tag-selfless tag-supportive\" role=\"listitem\">\n\t\t\t<div class=\"elementor-post__card\">\n\t\t\t\t<a class=\"elementor-post__thumbnail__link\" href=\"https:\/\/www.grupocatala.com\/en\/grupo-catala-collaboration-with-caritas\/\" tabindex=\"-1\" ><div class=\"elementor-post__thumbnail\"><img loading=\"lazy\" decoding=\"async\" width=\"280\" height=\"280\" src=\"https:\/\/i0.wp.com\/www.grupocatala.com\/wp-content\/uploads\/2021\/02\/logo_2x_caritas.png?fit=280%2C280&amp;ssl=1\" class=\"attachment-medium size-medium wp-image-9743\" alt=\"\" srcset=\"https:\/\/i0.wp.com\/www.grupocatala.com\/wp-content\/uploads\/2021\/02\/logo_2x_caritas.png?w=280&amp;ssl=1 280w, https:\/\/i0.wp.com\/www.grupocatala.com\/wp-content\/uploads\/2021\/02\/logo_2x_caritas.png?resize=100%2C100&amp;ssl=1 100w, https:\/\/i0.wp.com\/www.grupocatala.com\/wp-content\/uploads\/2021\/02\/logo_2x_caritas.png?resize=150%2C150&amp;ssl=1 150w\" sizes=\"(max-width: 280px) 100vw, 280px\" \/><\/div><\/a>\n\t\t\t\t<div class=\"elementor-post__badge\">News<\/div>\n\t\t\t\t<div class=\"elementor-post__avatar\">\n\t\t\t\t\t<\/div>\n\t\t\t\t<div class=\"elementor-post__text\">\n\t\t\t\t<h3 class=\"elementor-post__title\">\n\t\t\t<a href=\"https:\/\/www.grupocatala.com\/en\/grupo-catala-collaboration-with-caritas\/\" >\n\t\t\t\tGrupo Catal\u00e0 collaboration with C\u00e1ritas\t\t\t<\/a>\n\t\t<\/h3>\n\t\t\t\t<div class=\"elementor-post__excerpt\">\n\t\t\t<p>C\u00e1ritas Parroquial de Granadilla in recognition of its selfless collaboration with the most disadvantaged to the company Grupo Catal\u00e0<\/p>\n\t\t<\/div>\n\t\t\t\t<\/div>\n\t\t\t\t\t<\/div>\n\t\t<\/article>\n\t\t\t\t<article class=\"elementor-post elementor-grid-item post-9797 post type-post status-publish format-standard has-post-thumbnail hentry category-news tag-aliments-en tag-banc-en tag-bank tag-collaboration tag-donation tag-foods tag-fruit tag-gratitude tag-grup-catala-en tag-grupcatala-en tag-grupo-catala-en tag-grupocatala-en tag-help tag-needy tag-solidarity\" role=\"listitem\">\n\t\t\t<div class=\"elementor-post__card\">\n\t\t\t\t<a class=\"elementor-post__thumbnail__link\" href=\"https:\/\/www.grupocatala.com\/en\/grupo-catala-collaboration-with-food-banks\/\" tabindex=\"-1\" ><div class=\"elementor-post__thumbnail\"><img loading=\"lazy\" decoding=\"async\" width=\"300\" height=\"300\" src=\"https:\/\/i0.wp.com\/www.grupocatala.com\/wp-content\/uploads\/2021\/02\/Banco-de-alimentos-1-e1619027059998.jpg?fit=300%2C300&amp;ssl=1\" class=\"attachment-medium size-medium wp-image-9709\" alt=\"\" srcset=\"https:\/\/i0.wp.com\/www.grupocatala.com\/wp-content\/uploads\/2021\/02\/Banco-de-alimentos-1-e1619027059998.jpg?w=450&amp;ssl=1 450w, https:\/\/i0.wp.com\/www.grupocatala.com\/wp-content\/uploads\/2021\/02\/Banco-de-alimentos-1-e1619027059998.jpg?resize=300%2C300&amp;ssl=1 300w, https:\/\/i0.wp.com\/www.grupocatala.com\/wp-content\/uploads\/2021\/02\/Banco-de-alimentos-1-e1619027059998.jpg?resize=100%2C100&amp;ssl=1 100w\" sizes=\"(max-width: 300px) 100vw, 300px\" \/><\/div><\/a>\n\t\t\t\t<div class=\"elementor-post__badge\">News<\/div>\n\t\t\t\t<div class=\"elementor-post__avatar\">\n\t\t\t\t\t<\/div>\n\t\t\t\t<div class=\"elementor-post__text\">\n\t\t\t\t<h3 class=\"elementor-post__title\">\n\t\t\t<a href=\"https:\/\/www.grupocatala.com\/en\/grupo-catala-collaboration-with-food-banks\/\" >\n\t\t\t\tGrupo Catal\u00e0 collaboration with food banks\t\t\t<\/a>\n\t\t<\/h3>\n\t\t\t\t<div class=\"elementor-post__excerpt\">\n\t\t\t<p>Grupo Catal\u00e0 carries out an active annual policy of collaboration with the different food banks established in our territory. In this sense, we are pleased to continue with the continued<\/p>\n\t\t<\/div>\n\t\t\t\t<\/div>\n\t\t\t\t\t<\/div>\n\t\t<\/article>\n\t\t\t\t<article class=\"elementor-post elementor-grid-item post-9511 post type-post status-publish format-standard has-post-thumbnail hentry category-news tag-fruit tag-grup-catala-en tag-grupcatala-en tag-grupo-catala-en tag-grupocatala-en tag-montsec-en tag-race tag-sponsor tag-sport tag-trail-en tag-ultra-en\" role=\"listitem\">\n\t\t\t<div class=\"elementor-post__card\">\n\t\t\t\t<a class=\"elementor-post__thumbnail__link\" href=\"https:\/\/www.grupocatala.com\/en\/grupo-catala-sponsor-of-montsec-ultra-trail\/\" tabindex=\"-1\" ><div class=\"elementor-post__thumbnail\"><img loading=\"lazy\" decoding=\"async\" width=\"140\" height=\"140\" src=\"https:\/\/i0.wp.com\/www.grupocatala.com\/wp-content\/uploads\/2021\/02\/400dpiLogoCropped.png?fit=140%2C140&amp;ssl=1\" class=\"attachment-medium size-medium wp-image-9502\" alt=\"\" srcset=\"https:\/\/i0.wp.com\/www.grupocatala.com\/wp-content\/uploads\/2021\/02\/400dpiLogoCropped.png?w=140&amp;ssl=1 140w, https:\/\/i0.wp.com\/www.grupocatala.com\/wp-content\/uploads\/2021\/02\/400dpiLogoCropped.png?resize=100%2C100&amp;ssl=1 100w\" sizes=\"(max-width: 140px) 100vw, 140px\" \/><\/div><\/a>\n\t\t\t\t<div class=\"elementor-post__badge\">News<\/div>\n\t\t\t\t<div class=\"elementor-post__avatar\">\n\t\t\t\t\t<\/div>\n\t\t\t\t<div class=\"elementor-post__text\">\n\t\t\t\t<h3 class=\"elementor-post__title\">\n\t\t\t<a href=\"https:\/\/www.grupocatala.com\/en\/grupo-catala-sponsor-of-montsec-ultra-trail\/\" >\n\t\t\t\tGrupo Catal\u00e0 sponsor of Montsec Ultra Trail\t\t\t<\/a>\n\t\t<\/h3>\n\t\t\t\t<div class=\"elementor-post__excerpt\">\n\t\t\t<p>Mountain race of 93 km and 6,590 m of positive slope. Very hard race with steep slopes and very technical terrain, there are also aerial passes, not suitable for people<\/p>\n\t\t<\/div>\n\t\t\t\t<\/div>\n\t\t\t\t\t<\/div>\n\t\t<\/article>\n\t\t\t\t<article class=\"elementor-post elementor-grid-item post-9567 post type-post status-publish format-standard has-post-thumbnail hentry category-news tag-apple-trees tag-catala-group tag-fruit tag-grup-catala-en tag-grupcatala-en tag-height tag-mountain tag-quality tag-reality\" role=\"listitem\">\n\t\t\t<div class=\"elementor-post__card\">\n\t\t\t\t<a class=\"elementor-post__thumbnail__link\" href=\"https:\/\/www.grupocatala.com\/en\/mountain-apple-orchards-in-catalonia-a-reality\/\" tabindex=\"-1\" ><div class=\"elementor-post__thumbnail\"><img loading=\"lazy\" decoding=\"async\" width=\"300\" height=\"171\" src=\"https:\/\/i0.wp.com\/www.grupocatala.com\/wp-content\/uploads\/2021\/02\/primera.jpg?fit=300%2C171&amp;ssl=1\" class=\"attachment-medium size-medium wp-image-9560\" alt=\"\" srcset=\"https:\/\/i0.wp.com\/www.grupocatala.com\/wp-content\/uploads\/2021\/02\/primera.jpg?w=580&amp;ssl=1 580w, https:\/\/i0.wp.com\/www.grupocatala.com\/wp-content\/uploads\/2021\/02\/primera.jpg?resize=300%2C171&amp;ssl=1 300w\" sizes=\"(max-width: 300px) 100vw, 300px\" \/><\/div><\/a>\n\t\t\t\t<div class=\"elementor-post__badge\">News<\/div>\n\t\t\t\t<div class=\"elementor-post__avatar\">\n\t\t\t\t\t<\/div>\n\t\t\t\t<div class=\"elementor-post__text\">\n\t\t\t\t<h3 class=\"elementor-post__title\">\n\t\t\t<a href=\"https:\/\/www.grupocatala.com\/en\/mountain-apple-orchards-in-catalonia-a-reality\/\" >\n\t\t\t\tMountain apple orchards in Catalonia, a reality\t\t\t<\/a>\n\t\t<\/h3>\n\t\t\t\t<div class=\"elementor-post__excerpt\">\n\t\t\t<p>The mountain fruit growing project in Catalonia started in 2009 when IRTA (Institute of Agrifood Research and Technology) and ADRR (Association for the Development of the Romanesque Ribagor\u00e7a) signed the<\/p>\n\t\t<\/div>\n\t\t\t\t<\/div>\n\t\t\t\t\t<\/div>\n\t\t<\/article>\n\t\t\t\t<article class=\"elementor-post elementor-grid-item post-9786 post type-post status-publish format-standard has-post-thumbnail hentry category-news tag-afruex-en tag-brazil tag-catala-group tag-escobar-en tag-export tag-extremadura-en tag-fruit tag-grup-catala-en tag-grupcatala-en tag-merida-en tag-plum\" role=\"listitem\">\n\t\t\t<div class=\"elementor-post__card\">\n\t\t\t\t<a class=\"elementor-post__thumbnail__link\" href=\"https:\/\/www.grupocatala.com\/en\/extremadura-plums-returns-to-brazil\/\" tabindex=\"-1\" ><div class=\"elementor-post__thumbnail\"><img loading=\"lazy\" decoding=\"async\" width=\"300\" height=\"144\" src=\"https:\/\/i0.wp.com\/www.grupocatala.com\/wp-content\/uploads\/2021\/02\/afruex-brasil-820x394-1.jpg?fit=300%2C144&amp;ssl=1\" class=\"attachment-medium size-medium wp-image-9759\" alt=\"\" srcset=\"https:\/\/i0.wp.com\/www.grupocatala.com\/wp-content\/uploads\/2021\/02\/afruex-brasil-820x394-1.jpg?w=820&amp;ssl=1 820w, https:\/\/i0.wp.com\/www.grupocatala.com\/wp-content\/uploads\/2021\/02\/afruex-brasil-820x394-1.jpg?resize=600%2C288&amp;ssl=1 600w, https:\/\/i0.wp.com\/www.grupocatala.com\/wp-content\/uploads\/2021\/02\/afruex-brasil-820x394-1.jpg?resize=300%2C144&amp;ssl=1 300w, https:\/\/i0.wp.com\/www.grupocatala.com\/wp-content\/uploads\/2021\/02\/afruex-brasil-820x394-1.jpg?resize=768%2C369&amp;ssl=1 768w\" sizes=\"(max-width: 300px) 100vw, 300px\" \/><\/div><\/a>\n\t\t\t\t<div class=\"elementor-post__badge\">News<\/div>\n\t\t\t\t<div class=\"elementor-post__avatar\">\n\t\t\t\t\t<\/div>\n\t\t\t\t<div class=\"elementor-post__text\">\n\t\t\t\t<h3 class=\"elementor-post__title\">\n\t\t\t<a href=\"https:\/\/www.grupocatala.com\/en\/extremadura-plums-returns-to-brazil\/\" >\n\t\t\t\tExtremadura plums returns to Brazil\t\t\t<\/a>\n\t\t<\/h3>\n\t\t\t\t<div class=\"elementor-post__excerpt\">\n\t\t\t<p>The Brazilian authorities have sent the Ministry of Agriculture their approval of the proposed plum crop management plan. Therefore, Afruex, the Extremaduran stone fruit association, hopes that in the next<\/p>\n\t\t<\/div>\n\t\t\t\t<\/div>\n\t\t\t\t\t<\/div>\n\t\t<\/article>\n\t\t\t\t<article class=\"elementor-post elementor-grid-item post-9410 post type-post status-publish format-standard has-post-thumbnail hentry category-news tag-catafruit-en tag-catala-group tag-dry tag-export tag-fruit tag-grup-catala-en tag-grupcatala-en tag-port-en tag-villena-en\" role=\"listitem\">\n\t\t\t<div class=\"elementor-post__card\">\n\t\t\t\t<a class=\"elementor-post__thumbnail__link\" href=\"https:\/\/www.grupocatala.com\/en\/dry-port-in-villena\/\" tabindex=\"-1\" ><div class=\"elementor-post__thumbnail\"><img loading=\"lazy\" decoding=\"async\" width=\"300\" height=\"156\" src=\"https:\/\/i0.wp.com\/www.grupocatala.com\/wp-content\/uploads\/2021\/02\/Visita-Grupo-Catala-Puerto-Seco-1-780x405-1.jpeg?fit=300%2C156&amp;ssl=1\" class=\"attachment-medium size-medium wp-image-9396\" alt=\"\" srcset=\"https:\/\/i0.wp.com\/www.grupocatala.com\/wp-content\/uploads\/2021\/02\/Visita-Grupo-Catala-Puerto-Seco-1-780x405-1.jpeg?w=780&amp;ssl=1 780w, https:\/\/i0.wp.com\/www.grupocatala.com\/wp-content\/uploads\/2021\/02\/Visita-Grupo-Catala-Puerto-Seco-1-780x405-1.jpeg?resize=600%2C312&amp;ssl=1 600w, https:\/\/i0.wp.com\/www.grupocatala.com\/wp-content\/uploads\/2021\/02\/Visita-Grupo-Catala-Puerto-Seco-1-780x405-1.jpeg?resize=300%2C156&amp;ssl=1 300w, https:\/\/i0.wp.com\/www.grupocatala.com\/wp-content\/uploads\/2021\/02\/Visita-Grupo-Catala-Puerto-Seco-1-780x405-1.jpeg?resize=768%2C399&amp;ssl=1 768w\" sizes=\"(max-width: 300px) 100vw, 300px\" \/><\/div><\/a>\n\t\t\t\t<div class=\"elementor-post__badge\">News<\/div>\n\t\t\t\t<div class=\"elementor-post__avatar\">\n\t\t\t\t\t<\/div>\n\t\t\t\t<div class=\"elementor-post__text\">\n\t\t\t\t<h3 class=\"elementor-post__title\">\n\t\t\t<a href=\"https:\/\/www.grupocatala.com\/en\/dry-port-in-villena\/\" >\n\t\t\t\tDry port in Villena\t\t\t<\/a>\n\t\t<\/h3>\n\t\t\t\t<div class=\"elementor-post__excerpt\">\n\t\t\t<p>Grupo Catal\u00e0, responsible for Los Frutales, is also committed to the Puerto Seco in Villena The mayor and councilors for Agriculture and Industry meet with Grupo Catal\u00e0, an important fruit-growing<\/p>\n\t\t<\/div>\n\t\t\t\t<\/div>\n\t\t\t\t\t<\/div>\n\t\t<\/article>\n\t\t\t\t<article class=\"elementor-post elementor-grid-item post-9428 post type-post status-publish format-standard has-post-thumbnail hentry category-news tag-artificial-en tag-fruit tag-greefa-en tag-grup-catala-en tag-grupcatala-en tag-grupo-catala-en tag-grupocatala-en tag-industrialization tag-intelligence tag-production tag-quality tag-technology\" role=\"listitem\">\n\t\t\t<div class=\"elementor-post__card\">\n\t\t\t\t<a class=\"elementor-post__thumbnail__link\" href=\"https:\/\/www.grupocatala.com\/en\/artificial-intelligence\/\" tabindex=\"-1\" ><div class=\"elementor-post__thumbnail\"><img loading=\"lazy\" decoding=\"async\" width=\"300\" height=\"201\" src=\"https:\/\/i0.wp.com\/www.grupocatala.com\/wp-content\/uploads\/2021\/02\/Sant-Domenech-2017-14-e1619088412365.jpg?fit=300%2C201&amp;ssl=1\" class=\"attachment-medium size-medium wp-image-9421\" alt=\"\" srcset=\"https:\/\/i0.wp.com\/www.grupocatala.com\/wp-content\/uploads\/2021\/02\/Sant-Domenech-2017-14-e1619088412365.jpg?w=650&amp;ssl=1 650w, https:\/\/i0.wp.com\/www.grupocatala.com\/wp-content\/uploads\/2021\/02\/Sant-Domenech-2017-14-e1619088412365.jpg?resize=600%2C402&amp;ssl=1 600w\" sizes=\"(max-width: 300px) 100vw, 300px\" \/><\/div><\/a>\n\t\t\t\t<div class=\"elementor-post__badge\">News<\/div>\n\t\t\t\t<div class=\"elementor-post__avatar\">\n\t\t\t\t\t<\/div>\n\t\t\t\t<div class=\"elementor-post__text\">\n\t\t\t\t<h3 class=\"elementor-post__title\">\n\t\t\t<a href=\"https:\/\/www.grupocatala.com\/en\/artificial-intelligence\/\" >\n\t\t\t\tArtificial intelligence\t\t\t<\/a>\n\t\t<\/h3>\n\t\t\t\t<div class=\"elementor-post__excerpt\">\n\t\t\t<p>At Grupo Catal\u00e0 we have a large pre-calibration facility and several sorting and packaging lines with Greefa CombiSort and GeoSort machines. It allows us a comprehensive management of the fruit<\/p>\n\t\t<\/div>\n\t\t\t\t<\/div>\n\t\t\t\t\t<\/div>\n\t\t<\/article>\n\t\t\t\t<article class=\"elementor-post elementor-grid-item post-5928 post type-post status-publish format-standard has-post-thumbnail hentry category-news tag-catala-group tag-covid-en tag-covid-19-en tag-escobar-en tag-extremadura-en tag-fruit tag-grup-catala-en tag-grupcatala-en tag-masks\" role=\"listitem\">\n\t\t\t<div class=\"elementor-post__card\">\n\t\t\t\t<a class=\"elementor-post__thumbnail__link\" href=\"https:\/\/www.grupocatala.com\/en\/covid-19\/\" tabindex=\"-1\" ><div class=\"elementor-post__thumbnail\"><img loading=\"lazy\" decoding=\"async\" width=\"300\" height=\"152\" src=\"https:\/\/i0.wp.com\/www.grupocatala.com\/wp-content\/uploads\/2020\/04\/catala_escobar-e1619088433782.png?fit=300%2C152&amp;ssl=1\" class=\"attachment-medium size-medium wp-image-5934\" alt=\"\" srcset=\"https:\/\/i0.wp.com\/www.grupocatala.com\/wp-content\/uploads\/2020\/04\/catala_escobar-e1619088433782.png?w=650&amp;ssl=1 650w, https:\/\/i0.wp.com\/www.grupocatala.com\/wp-content\/uploads\/2020\/04\/catala_escobar-e1619088433782.png?resize=600%2C305&amp;ssl=1 600w\" sizes=\"(max-width: 300px) 100vw, 300px\" \/><\/div><\/a>\n\t\t\t\t<div class=\"elementor-post__badge\">News<\/div>\n\t\t\t\t<div class=\"elementor-post__avatar\">\n\t\t\t\t\t<\/div>\n\t\t\t\t<div class=\"elementor-post__text\">\n\t\t\t\t<h3 class=\"elementor-post__title\">\n\t\t\t<a href=\"https:\/\/www.grupocatala.com\/en\/covid-19\/\" >\n\t\t\t\tCOVID-19\t\t\t<\/a>\n\t\t<\/h3>\n\t\t\t\t<div class=\"elementor-post__excerpt\">\n\t\t\t<p>From the management of El Escobar we want to thank the Calamonte City Council for the donation of screens and masks in order to give protection to employees against the<\/p>\n\t\t<\/div>\n\t\t\t\t<\/div>\n\t\t\t\t\t<\/div>\n\t\t<\/article>\n\t\t\t\t<article class=\"elementor-post elementor-grid-item post-10097 post type-post status-publish format-standard has-post-thumbnail hentry category-news tag-collaboration tag-consortium tag-fruit tag-grup-catala-en tag-grupcatala-en tag-grupo-catala-en tag-grupocatala-en tag-kiwi-en tag-passion\" role=\"listitem\">\n\t\t\t<div class=\"elementor-post__card\">\n\t\t\t\t<a class=\"elementor-post__thumbnail__link\" href=\"https:\/\/www.grupocatala.com\/en\/grupo-catala-joins-the-kiwi-passion-consortium\/\" tabindex=\"-1\" ><div class=\"elementor-post__thumbnail\"><img loading=\"lazy\" decoding=\"async\" width=\"300\" height=\"212\" src=\"https:\/\/i0.wp.com\/www.grupocatala.com\/wp-content\/uploads\/2021\/02\/kiwipassion_GOLD.jpg?fit=300%2C212&amp;ssl=1\" class=\"attachment-medium size-medium wp-image-10091\" alt=\"\" srcset=\"https:\/\/i0.wp.com\/www.grupocatala.com\/wp-content\/uploads\/2021\/02\/kiwipassion_GOLD.jpg?w=468&amp;ssl=1 468w, https:\/\/i0.wp.com\/www.grupocatala.com\/wp-content\/uploads\/2021\/02\/kiwipassion_GOLD.jpg?resize=300%2C212&amp;ssl=1 300w\" sizes=\"(max-width: 300px) 100vw, 300px\" \/><\/div><\/a>\n\t\t\t\t<div class=\"elementor-post__badge\">News<\/div>\n\t\t\t\t<div class=\"elementor-post__avatar\">\n\t\t\t\t\t<\/div>\n\t\t\t\t<div class=\"elementor-post__text\">\n\t\t\t\t<h3 class=\"elementor-post__title\">\n\t\t\t<a href=\"https:\/\/www.grupocatala.com\/en\/grupo-catala-joins-the-kiwi-passion-consortium\/\" >\n\t\t\t\tGrupo Catal\u00e0 joins the Kiwi Passion consortium\t\t\t<\/a>\n\t\t<\/h3>\n\t\t\t\t<div class=\"elementor-post__excerpt\">\n\t\t\t<p>Consorzio Kiwi Passion is established with the objective of pleasing consumers The newly-formed Consorzio Kiwi Passion (KP) aims at launching, developing, safeguarding, promoting and selling special kiwifruit varieties. The consortium<\/p>\n\t\t<\/div>\n\t\t\t\t<\/div>\n\t\t\t\t\t<\/div>\n\t\t<\/article>\n\t\t\t\t<article class=\"elementor-post elementor-grid-item post-4776 post type-post status-publish format-standard has-post-thumbnail hentry category-news tag-berlin-en tag-fair tag-fruit tag-fruitlogistica-en tag-group-catala tag-grup-catala-en tag-grupcatala-en tag-grupocatala-en tag-stand-en\" role=\"listitem\">\n\t\t\t<div class=\"elementor-post__card\">\n\t\t\t\t<a class=\"elementor-post__thumbnail__link\" href=\"https:\/\/www.grupocatala.com\/en\/nos-vemos-en-fruitlogistica\/\" tabindex=\"-1\" ><div class=\"elementor-post__thumbnail\"><img loading=\"lazy\" decoding=\"async\" width=\"300\" height=\"140\" src=\"https:\/\/i0.wp.com\/www.grupocatala.com\/wp-content\/uploads\/2020\/04\/2.jpg?fit=300%2C140&amp;ssl=1\" class=\"attachment-medium size-medium wp-image-4777\" alt=\"\" srcset=\"https:\/\/i0.wp.com\/www.grupocatala.com\/wp-content\/uploads\/2020\/04\/2.jpg?w=1000&amp;ssl=1 1000w, https:\/\/i0.wp.com\/www.grupocatala.com\/wp-content\/uploads\/2020\/04\/2.jpg?resize=600%2C279&amp;ssl=1 600w, https:\/\/i0.wp.com\/www.grupocatala.com\/wp-content\/uploads\/2020\/04\/2.jpg?resize=300%2C140&amp;ssl=1 300w, https:\/\/i0.wp.com\/www.grupocatala.com\/wp-content\/uploads\/2020\/04\/2.jpg?resize=768%2C357&amp;ssl=1 768w\" sizes=\"(max-width: 300px) 100vw, 300px\" \/><\/div><\/a>\n\t\t\t\t<div class=\"elementor-post__badge\">News<\/div>\n\t\t\t\t<div class=\"elementor-post__avatar\">\n\t\t\t\t\t<\/div>\n\t\t\t\t<div class=\"elementor-post__text\">\n\t\t\t\t<h3 class=\"elementor-post__title\">\n\t\t\t<a href=\"https:\/\/www.grupocatala.com\/en\/nos-vemos-en-fruitlogistica\/\" >\n\t\t\t\tWe will see you in Fruitlog\u00edstica\t\t\t<\/a>\n\t\t<\/h3>\n\t\t\t\t<div class=\"elementor-post__excerpt\">\n\t\t\t<p>We will be happy to receive you in Fruit Logistica We are located in Hall 10.2 Stand B07 c We will be able to tell you about our new projects,<\/p>\n\t\t<\/div>\n\t\t\t\t<\/div>\n\t\t\t\t\t<\/div>\n\t\t<\/article>\n\t\t\t\t<article class=\"elementor-post elementor-grid-item post-9766 post type-post status-publish format-standard has-post-thumbnail hentry category-news tag-brand tag-brunilda-en tag-brunildafruit-en tag-catala-group tag-grup-catala-en tag-grupcatala-en tag-grupocatala-en tag-premium-en\" role=\"listitem\">\n\t\t\t<div class=\"elementor-post__card\">\n\t\t\t\t<a class=\"elementor-post__thumbnail__link\" href=\"https:\/\/www.grupocatala.com\/en\/brunilda-the-new-premium-benchmark-brand\/\" tabindex=\"-1\" ><div class=\"elementor-post__thumbnail\"><img loading=\"lazy\" decoding=\"async\" width=\"300\" height=\"261\" src=\"https:\/\/i0.wp.com\/www.grupocatala.com\/wp-content\/uploads\/2021\/02\/LOGOBRUNILDAPNG.png?fit=300%2C261&amp;ssl=1\" class=\"attachment-medium size-medium wp-image-9690\" alt=\"\" srcset=\"https:\/\/i0.wp.com\/www.grupocatala.com\/wp-content\/uploads\/2021\/02\/LOGOBRUNILDAPNG.png?w=503&amp;ssl=1 503w, https:\/\/i0.wp.com\/www.grupocatala.com\/wp-content\/uploads\/2021\/02\/LOGOBRUNILDAPNG.png?resize=300%2C261&amp;ssl=1 300w\" sizes=\"(max-width: 300px) 100vw, 300px\" \/><\/div><\/a>\n\t\t\t\t<div class=\"elementor-post__badge\">News<\/div>\n\t\t\t\t<div class=\"elementor-post__avatar\">\n\t\t\t\t\t<\/div>\n\t\t\t\t<div class=\"elementor-post__text\">\n\t\t\t\t<h3 class=\"elementor-post__title\">\n\t\t\t<a href=\"https:\/\/www.grupocatala.com\/en\/brunilda-the-new-premium-benchmark-brand\/\" >\n\t\t\t\tBrunilda. The new premium benchmark brand\t\t\t<\/a>\n\t\t<\/h3>\n\t\t\t\t<div class=\"elementor-post__excerpt\">\n\t\t\t<p>You can meet me in detail at my house www.brunildafruit.com &nbsp; WE MAKE OUR HANDS SO YOU CAN LIKE YOUR FINGERS. There are fruits and fruits. And then there are<\/p>\n\t\t<\/div>\n\t\t\t\t<\/div>\n\t\t\t\t\t<\/div>\n\t\t<\/article>\n\t\t\t\t<article class=\"elementor-post elementor-grid-item post-9679 post type-post status-publish format-standard has-post-thumbnail hentry category-news tag-arnau-en tag-catala-group tag-collaboration tag-donation tag-foundation tag-gratitude tag-grup-catala-en tag-grupcatala-en tag-hospital-en tag-irb-en tag-lleida-en tag-medical tag-research tag-solidarity tag-vilanova-en\" role=\"listitem\">\n\t\t\t<div class=\"elementor-post__card\">\n\t\t\t\t<a class=\"elementor-post__thumbnail__link\" href=\"https:\/\/www.grupocatala.com\/en\/grupo-catala-donates-funds-to-irb-lleida\/\" tabindex=\"-1\" ><div class=\"elementor-post__thumbnail\"><img loading=\"lazy\" decoding=\"async\" width=\"300\" height=\"110\" src=\"https:\/\/i0.wp.com\/www.grupocatala.com\/wp-content\/uploads\/2021\/02\/arnau-vilanoba-IRB-Lleida.jpg?fit=300%2C110&amp;ssl=1\" class=\"attachment-medium size-medium wp-image-9669\" alt=\"\" srcset=\"https:\/\/i0.wp.com\/www.grupocatala.com\/wp-content\/uploads\/2021\/02\/arnau-vilanoba-IRB-Lleida.jpg?w=450&amp;ssl=1 450w, https:\/\/i0.wp.com\/www.grupocatala.com\/wp-content\/uploads\/2021\/02\/arnau-vilanoba-IRB-Lleida.jpg?resize=300%2C110&amp;ssl=1 300w\" sizes=\"(max-width: 300px) 100vw, 300px\" \/><\/div><\/a>\n\t\t\t\t<div class=\"elementor-post__badge\">News<\/div>\n\t\t\t\t<div class=\"elementor-post__avatar\">\n\t\t\t\t\t<\/div>\n\t\t\t\t<div class=\"elementor-post__text\">\n\t\t\t\t<h3 class=\"elementor-post__title\">\n\t\t\t<a href=\"https:\/\/www.grupocatala.com\/en\/grupo-catala-donates-funds-to-irb-lleida\/\" >\n\t\t\t\tGrupo Catal\u00e0 donates funds to IRB Lleida\t\t\t<\/a>\n\t\t<\/h3>\n\t\t\t\t<div class=\"elementor-post__excerpt\">\n\t\t\t<p>The Grupo Catal\u00e0 entity makes an annual donation to the Institute of Biomedical Research of Lleida, Dr. Pifarr\u00e9 Foundation The donation will be used to promote, develop, manage and disseminate<\/p>\n\t\t<\/div>\n\t\t\t\t<\/div>\n\t\t\t\t\t<\/div>\n\t\t<\/article>\n\t\t\t\t<article class=\"elementor-post elementor-grid-item post-9551 post type-post status-publish format-standard has-post-thumbnail hentry tag-catala-group tag-grup-catala-en tag-grupcatala-en tag-large tag-lleida-en tag-plant tag-portella-en tag-project tag-self-consumption tag-solar-en tag-sustainability\" role=\"listitem\">\n\t\t\t<div class=\"elementor-post__card\">\n\t\t\t\t<a class=\"elementor-post__thumbnail__link\" href=\"https:\/\/www.grupocatala.com\/en\/project-to-install-the-largest-solar-self-consumption-plant-in-lleida-in-la-portella\/\" tabindex=\"-1\" ><div class=\"elementor-post__thumbnail\"><img loading=\"lazy\" decoding=\"async\" width=\"300\" height=\"200\" src=\"https:\/\/i0.wp.com\/www.grupocatala.com\/wp-content\/uploads\/2021\/02\/american-public-power-association-513dBrMJ_5w-unsplash-e1619088466886.jpg?fit=300%2C200&amp;ssl=1\" class=\"attachment-medium size-medium wp-image-9539\" alt=\"\" srcset=\"https:\/\/i0.wp.com\/www.grupocatala.com\/wp-content\/uploads\/2021\/02\/american-public-power-association-513dBrMJ_5w-unsplash-e1619088466886.jpg?w=650&amp;ssl=1 650w, https:\/\/i0.wp.com\/www.grupocatala.com\/wp-content\/uploads\/2021\/02\/american-public-power-association-513dBrMJ_5w-unsplash-e1619088466886.jpg?resize=600%2C399&amp;ssl=1 600w\" sizes=\"(max-width: 300px) 100vw, 300px\" \/><\/div><\/a>\n\t\t\t\t<div class=\"elementor-post__avatar\">\n\t\t\t\t\t<\/div>\n\t\t\t\t<div class=\"elementor-post__text\">\n\t\t\t\t<h3 class=\"elementor-post__title\">\n\t\t\t<a href=\"https:\/\/www.grupocatala.com\/en\/project-to-install-the-largest-solar-self-consumption-plant-in-lleida-in-la-portella\/\" >\n\t\t\t\tProject to install the largest solar self-consumption plant in Lleida in La Portella\t\t\t<\/a>\n\t\t<\/h3>\n\t\t\t\t<div class=\"elementor-post__excerpt\">\n\t\t\t<p>This 1,763.75 kWp installation will generate 2,851 MWh per year of clean electricity, which is a way to contribute to the sustainable development of our society with respect to the<\/p>\n\t\t<\/div>\n\t\t\t\t<\/div>\n\t\t\t\t\t<\/div>\n\t\t<\/article>\n\t\t\t\t<article class=\"elementor-post elementor-grid-item post-9451 post type-post status-publish format-standard has-post-thumbnail hentry category-news tag-catala-group tag-costs tag-efficiency tag-grup-catala-en tag-grupcatala-en tag-robotics-en\" role=\"listitem\">\n\t\t\t<div class=\"elementor-post__card\">\n\t\t\t\t<a class=\"elementor-post__thumbnail__link\" href=\"https:\/\/www.grupocatala.com\/en\/grupo-catala-a-journey-towards-efficiency\/\" tabindex=\"-1\" ><div class=\"elementor-post__thumbnail\"><img loading=\"lazy\" decoding=\"async\" width=\"300\" height=\"176\" src=\"https:\/\/i0.wp.com\/www.grupocatala.com\/wp-content\/uploads\/2021\/02\/grupo-catala.jpg?fit=300%2C176&amp;ssl=1\" class=\"attachment-medium size-medium wp-image-9439\" alt=\"\" srcset=\"https:\/\/i0.wp.com\/www.grupocatala.com\/wp-content\/uploads\/2021\/02\/grupo-catala.jpg?w=630&amp;ssl=1 630w, https:\/\/i0.wp.com\/www.grupocatala.com\/wp-content\/uploads\/2021\/02\/grupo-catala.jpg?resize=600%2C352&amp;ssl=1 600w, https:\/\/i0.wp.com\/www.grupocatala.com\/wp-content\/uploads\/2021\/02\/grupo-catala.jpg?resize=300%2C176&amp;ssl=1 300w\" sizes=\"(max-width: 300px) 100vw, 300px\" \/><\/div><\/a>\n\t\t\t\t<div class=\"elementor-post__badge\">News<\/div>\n\t\t\t\t<div class=\"elementor-post__avatar\">\n\t\t\t\t\t<\/div>\n\t\t\t\t<div class=\"elementor-post__text\">\n\t\t\t\t<h3 class=\"elementor-post__title\">\n\t\t\t<a href=\"https:\/\/www.grupocatala.com\/en\/grupo-catala-a-journey-towards-efficiency\/\" >\n\t\t\t\tGrupo Catal\u00e0, a journey towards efficiency\t\t\t<\/a>\n\t\t<\/h3>\n\t\t\t\t<div class=\"elementor-post__excerpt\">\n\t\t\t<p>Grupo Catal\u00e0, one of the main producers and distributors of stone and pip fruit, relied on Robotics, a specialist in the design and implementation of solutions for time management and<\/p>\n\t\t<\/div>\n\t\t\t\t<\/div>\n\t\t\t\t\t<\/div>\n\t\t<\/article>\n\t\t\t\t<article class=\"elementor-post elementor-grid-item post-4791 post type-post status-publish format-standard has-post-thumbnail hentry category-news tag-75-en tag-award tag-catala-group tag-future tag-grup-catala-en tag-grupcatala-en tag-grupocatala-en tag-lleida-en tag-projection tag-recognition tag-smes\" role=\"listitem\">\n\t\t\t<div class=\"elementor-post__card\">\n\t\t\t\t<a class=\"elementor-post__thumbnail__link\" href=\"https:\/\/www.grupocatala.com\/en\/grupo-catala-entre-las-75-pymes-espanolas-con-mas-proyeccion-de-futuro\/\" tabindex=\"-1\" ><div class=\"elementor-post__thumbnail\"><img data-recalc-dims=\"1\" loading=\"lazy\" decoding=\"async\" width=\"300\" height=\"180\" src=\"https:\/\/i0.wp.com\/www.grupocatala.com\/wp-content\/uploads\/2016\/08\/Exchange-300x180.jpg?resize=300%2C180&#038;ssl=1\" class=\"attachment-medium size-medium wp-image-17367\" alt=\"\" srcset=\"https:\/\/www.grupocatala.com\/wp-content\/uploads\/2016\/08\/Exchange.avif 300w, https:\/\/www.grupocatala.com\/wp-content\/uploads\/2016\/08\/Exchange.avif 1024w, https:\/\/www.grupocatala.com\/wp-content\/uploads\/2016\/08\/Exchange.avif 768w, https:\/\/www.grupocatala.com\/wp-content\/uploads\/2016\/08\/Exchange.avif 1536w, https:\/\/www.grupocatala.com\/wp-content\/uploads\/2016\/08\/Exchange.avif 1900w\" sizes=\"(max-width: 300px) 100vw, 300px\" \/><\/div><\/a>\n\t\t\t\t<div class=\"elementor-post__badge\">News<\/div>\n\t\t\t\t<div class=\"elementor-post__avatar\">\n\t\t\t\t\t<\/div>\n\t\t\t\t<div class=\"elementor-post__text\">\n\t\t\t\t<h3 class=\"elementor-post__title\">\n\t\t\t<a href=\"https:\/\/www.grupocatala.com\/en\/grupo-catala-entre-las-75-pymes-espanolas-con-mas-proyeccion-de-futuro\/\" >\n\t\t\t\tGrupo Catal\u00e0 among the 75 Spanish SMEs with the most future projection\t\t\t<\/a>\n\t\t<\/h3>\n\t\t\t\t<div class=\"elementor-post__excerpt\">\n\t\t\t<p>A global provider of data and infrastructure for financial markets, headquartered in London, England, has produced a report highlighting the 1,000 most &#8220;inspiring&#8221; European small and medium-sized companies. Only 75<\/p>\n\t\t<\/div>\n\t\t\t\t<\/div>\n\t\t\t\t\t<\/div>\n\t\t<\/article>\n\t\t\t\t<article class=\"elementor-post elementor-grid-item post-4806 post type-post status-publish format-standard has-post-thumbnail hentry category-news tag-award tag-catala-group tag-groupcatala tag-grup-catala-en tag-grupcatala-en tag-lleida-en tag-london tag-recognition tag-screening tag-sme\" role=\"listitem\">\n\t\t\t<div class=\"elementor-post__card\">\n\t\t\t\t<a class=\"elementor-post__thumbnail__link\" href=\"https:\/\/www.grupocatala.com\/en\/londres-premia-una-pyme-de-lleida-entre-mil-de-europa\/\" tabindex=\"-1\" ><div class=\"elementor-post__thumbnail\"><img loading=\"lazy\" decoding=\"async\" width=\"300\" height=\"202\" src=\"https:\/\/i0.wp.com\/www.grupocatala.com\/wp-content\/uploads\/2020\/04\/Premio_bolsa_de_Londres1.jpg?fit=300%2C202&amp;ssl=1\" class=\"attachment-medium size-medium wp-image-4807\" alt=\"\" srcset=\"https:\/\/i0.wp.com\/www.grupocatala.com\/wp-content\/uploads\/2020\/04\/Premio_bolsa_de_Londres1.jpg?w=1000&amp;ssl=1 1000w, https:\/\/i0.wp.com\/www.grupocatala.com\/wp-content\/uploads\/2020\/04\/Premio_bolsa_de_Londres1.jpg?resize=600%2C404&amp;ssl=1 600w, https:\/\/i0.wp.com\/www.grupocatala.com\/wp-content\/uploads\/2020\/04\/Premio_bolsa_de_Londres1.jpg?resize=300%2C202&amp;ssl=1 300w, https:\/\/i0.wp.com\/www.grupocatala.com\/wp-content\/uploads\/2020\/04\/Premio_bolsa_de_Londres1.jpg?resize=768%2C517&amp;ssl=1 768w\" sizes=\"(max-width: 300px) 100vw, 300px\" \/><\/div><\/a>\n\t\t\t\t<div class=\"elementor-post__badge\">News<\/div>\n\t\t\t\t<div class=\"elementor-post__avatar\">\n\t\t\t\t\t<\/div>\n\t\t\t\t<div class=\"elementor-post__text\">\n\t\t\t\t<h3 class=\"elementor-post__title\">\n\t\t\t<a href=\"https:\/\/www.grupocatala.com\/en\/londres-premia-una-pyme-de-lleida-entre-mil-de-europa\/\" >\n\t\t\t\tLondon rewards a SME from Lleida among a thousand in Europe\t\t\t<\/a>\n\t\t<\/h3>\n\t\t\t\t<div class=\"elementor-post__excerpt\">\n\t\t\t<p>London Stock Exchange has selected the Catalonian SME Grupo Catal\u00e1 among the 1,000 most inspiring in Europe. The company is part of a list that includes the small and medium-sized<\/p>\n\t\t<\/div>\n\t\t\t\t<\/div>\n\t\t\t\t\t<\/div>\n\t\t<\/article>\n\t\t\t\t<article class=\"elementor-post elementor-grid-item post-9658 post type-post status-publish format-standard has-post-thumbnail hentry category-news tag-billing tag-catafruit-en tag-catala-group tag-fruit tag-grup-catala-en tag-grupcatala-en tag-integrated-supplier tag-lleida-en tag-mercadona-en tag-purchases\" role=\"listitem\">\n\t\t\t<div class=\"elementor-post__card\">\n\t\t\t\t<a class=\"elementor-post__thumbnail__link\" href=\"https:\/\/www.grupocatala.com\/en\/mercadona-made-purchases-in-lleida-for-171-million-in-2014\/\" tabindex=\"-1\" ><div class=\"elementor-post__thumbnail\"><img loading=\"lazy\" decoding=\"async\" width=\"300\" height=\"200\" src=\"https:\/\/i0.wp.com\/www.grupocatala.com\/wp-content\/uploads\/2021\/02\/wL7pwimB78Q-e1619088506319.jpg?fit=300%2C200&amp;ssl=1\" class=\"attachment-medium size-medium wp-image-9651\" alt=\"\" srcset=\"https:\/\/i0.wp.com\/www.grupocatala.com\/wp-content\/uploads\/2021\/02\/wL7pwimB78Q-e1619088506319.jpg?w=650&amp;ssl=1 650w, https:\/\/i0.wp.com\/www.grupocatala.com\/wp-content\/uploads\/2021\/02\/wL7pwimB78Q-e1619088506319.jpg?resize=600%2C400&amp;ssl=1 600w\" sizes=\"(max-width: 300px) 100vw, 300px\" \/><\/div><\/a>\n\t\t\t\t<div class=\"elementor-post__badge\">News<\/div>\n\t\t\t\t<div class=\"elementor-post__avatar\">\n\t\t\t\t\t<\/div>\n\t\t\t\t<div class=\"elementor-post__text\">\n\t\t\t\t<h3 class=\"elementor-post__title\">\n\t\t\t<a href=\"https:\/\/www.grupocatala.com\/en\/mercadona-made-purchases-in-lleida-for-171-million-in-2014\/\" >\n\t\t\t\tMercadona made purchases in Lleida for 171 million in 2014\t\t\t<\/a>\n\t\t<\/h3>\n\t\t\t\t<div class=\"elementor-post__excerpt\">\n\t\t\t<p>Mercadona has made purchases from Lleida-based or Lleida-based suppliers for 171 million euros, which has allowed it to market more than 69 million kilograms of fruit from companies such as<\/p>\n\t\t<\/div>\n\t\t\t\t<\/div>\n\t\t\t\t\t<\/div>\n\t\t<\/article>\n\t\t\t\t<article class=\"elementor-post elementor-grid-item post-9992 post type-post status-publish format-standard has-post-thumbnail hentry category-news tag-bassella-en tag-benimoto-en tag-br1-en tag-catala-group tag-collaboration tag-enduro-en tag-foundation tag-fruit tag-gratitude tag-grup-catala-en tag-grupcatala-en tag-grupocatala-en tag-husqvarna-en tag-ktm-en tag-motor-en tag-off-road-en tag-pascuet-en tag-sponsors tag-sport\" role=\"listitem\">\n\t\t\t<div class=\"elementor-post__card\">\n\t\t\t\t<a class=\"elementor-post__thumbnail__link\" href=\"https:\/\/www.grupocatala.com\/en\/grupo-catala-sponsors-the-enduro-team\/\" tabindex=\"-1\" ><div class=\"elementor-post__thumbnail\"><img loading=\"lazy\" decoding=\"async\" width=\"300\" height=\"146\" src=\"https:\/\/i0.wp.com\/www.grupocatala.com\/wp-content\/uploads\/2021\/02\/2021-02-16-11_48_51-2021-02-16-11_45_27-IMG_8718.JPG-IrfanView-Zoom_-852-x-639.png-IrfanView.png?fit=300%2C146&amp;ssl=1\" class=\"attachment-medium size-medium wp-image-9982\" alt=\"\" srcset=\"https:\/\/i0.wp.com\/www.grupocatala.com\/wp-content\/uploads\/2021\/02\/2021-02-16-11_48_51-2021-02-16-11_45_27-IMG_8718.JPG-IrfanView-Zoom_-852-x-639.png-IrfanView.png?w=591&amp;ssl=1 591w, https:\/\/i0.wp.com\/www.grupocatala.com\/wp-content\/uploads\/2021\/02\/2021-02-16-11_48_51-2021-02-16-11_45_27-IMG_8718.JPG-IrfanView-Zoom_-852-x-639.png-IrfanView.png?resize=530%2C258&amp;ssl=1 530w, https:\/\/i0.wp.com\/www.grupocatala.com\/wp-content\/uploads\/2021\/02\/2021-02-16-11_48_51-2021-02-16-11_45_27-IMG_8718.JPG-IrfanView-Zoom_-852-x-639.png-IrfanView.png?resize=300%2C146&amp;ssl=1 300w\" sizes=\"(max-width: 300px) 100vw, 300px\" \/><\/div><\/a>\n\t\t\t\t<div class=\"elementor-post__badge\">News<\/div>\n\t\t\t\t<div class=\"elementor-post__avatar\">\n\t\t\t\t\t<\/div>\n\t\t\t\t<div class=\"elementor-post__text\">\n\t\t\t\t<h3 class=\"elementor-post__title\">\n\t\t\t<a href=\"https:\/\/www.grupocatala.com\/en\/grupo-catala-sponsors-the-enduro-team\/\" >\n\t\t\t\tGrupo Catal\u00e0 sponsors the Enduro team\t\t\t<\/a>\n\t\t<\/h3>\n\t\t\t\t<div class=\"elementor-post__excerpt\">\n\t\t\t<p>From Grupo Catal\u00e0 we enter the world of motor, specifically in the motorcycle industry, its history, motorcycles, and especially, all those pioneers who formed the basis of one of the<\/p>\n\t\t<\/div>\n\t\t\t\t<\/div>\n\t\t\t\t\t<\/div>\n\t\t<\/article>\n\t\t\t\t<article class=\"elementor-post elementor-grid-item post-10080 post type-post status-publish format-standard has-post-thumbnail hentry category-news tag-afrucat-en tag-book tag-children tag-collaboration tag-fruit tag-group-catala tag-grup-catala-en tag-grupcatala-en tag-grupocatala-en tag-kitchen tag-recipes\" role=\"listitem\">\n\t\t\t<div class=\"elementor-post__card\">\n\t\t\t\t<a class=\"elementor-post__thumbnail__link\" href=\"https:\/\/www.grupocatala.com\/en\/publication-of-the-book-la-fruta\/\" tabindex=\"-1\" ><div class=\"elementor-post__thumbnail\"><img loading=\"lazy\" decoding=\"async\" width=\"229\" height=\"235\" src=\"https:\/\/i0.wp.com\/www.grupocatala.com\/wp-content\/uploads\/2021\/02\/9788499752815.jpg?fit=229%2C235&amp;ssl=1\" class=\"attachment-medium size-medium wp-image-10073\" alt=\"\" \/><\/div><\/a>\n\t\t\t\t<div class=\"elementor-post__badge\">News<\/div>\n\t\t\t\t<div class=\"elementor-post__avatar\">\n\t\t\t\t\t<\/div>\n\t\t\t\t<div class=\"elementor-post__text\">\n\t\t\t\t<h3 class=\"elementor-post__title\">\n\t\t\t<a href=\"https:\/\/www.grupocatala.com\/en\/publication-of-the-book-la-fruta\/\" >\n\t\t\t\tPublication of the book: La Fruta\t\t\t<\/a>\n\t\t<\/h3>\n\t\t\t\t<div class=\"elementor-post__excerpt\">\n\t\t\t<p>This book includes the information that has been considered most relevant with the aim of bringing the fruit to children through their own family. The publication you are holding in<\/p>\n\t\t<\/div>\n\t\t\t\t<\/div>\n\t\t\t\t\t<\/div>\n\t\t<\/article>\n\t\t\t\t<article class=\"elementor-post elementor-grid-item post-9491 post type-post status-publish format-standard has-post-thumbnail hentry category-news tag-catala-group tag-children tag-distribute tag-donation tag-fruit tag-grup-catala-en tag-grupcatala-en tag-joined tag-pagesos-en tag-segria-en\" role=\"listitem\">\n\t\t\t<div class=\"elementor-post__card\">\n\t\t\t\t<a class=\"elementor-post__thumbnail__link\" href=\"https:\/\/www.grupocatala.com\/en\/campaign-to-distribute-fruit-to-5000-children\/\" tabindex=\"-1\" ><div class=\"elementor-post__thumbnail\"><img loading=\"lazy\" decoding=\"async\" width=\"300\" height=\"200\" src=\"https:\/\/i0.wp.com\/www.grupocatala.com\/wp-content\/uploads\/2021\/02\/6EY63O50ocs-e1619088536196.jpg?fit=300%2C200&amp;ssl=1\" class=\"attachment-medium size-medium wp-image-9466\" alt=\"\" srcset=\"https:\/\/i0.wp.com\/www.grupocatala.com\/wp-content\/uploads\/2021\/02\/6EY63O50ocs-e1619088536196.jpg?w=650&amp;ssl=1 650w, https:\/\/i0.wp.com\/www.grupocatala.com\/wp-content\/uploads\/2021\/02\/6EY63O50ocs-e1619088536196.jpg?resize=600%2C400&amp;ssl=1 600w\" sizes=\"(max-width: 300px) 100vw, 300px\" \/><\/div><\/a>\n\t\t\t\t<div class=\"elementor-post__badge\">News<\/div>\n\t\t\t\t<div class=\"elementor-post__avatar\">\n\t\t\t\t\t<\/div>\n\t\t\t\t<div class=\"elementor-post__text\">\n\t\t\t\t<h3 class=\"elementor-post__title\">\n\t\t\t<a href=\"https:\/\/www.grupocatala.com\/en\/campaign-to-distribute-fruit-to-5000-children\/\" >\n\t\t\t\tCampaign to distribute fruit to 5,000 children\t\t\t<\/a>\n\t\t<\/h3>\n\t\t\t\t<div class=\"elementor-post__excerpt\">\n\t\t\t<p>Uni\u00f3 de Pagesos will distribute fruit to 5,000 children in Segri\u00e0 (Lleida) The agrarian organization Uni\u00f3 de Pagesos will organize in the Barris Nord pavilion in Lleida a great tasting<\/p>\n\t\t<\/div>\n\t\t\t\t<\/div>\n\t\t\t\t\t<\/div>\n\t\t<\/article>\n\t\t\t\t<article class=\"elementor-post elementor-grid-item post-9640 post type-post status-publish format-standard has-post-thumbnail hentry category-news tag-billing tag-catafruit-en tag-catala-group tag-extremadura-en tag-fruit tag-grup-catala-en tag-grupcatala-en tag-integrated-supplier tag-mercadona-en tag-purchases\" role=\"listitem\">\n\t\t\t<div class=\"elementor-post__card\">\n\t\t\t\t<a class=\"elementor-post__thumbnail__link\" href=\"https:\/\/www.grupocatala.com\/en\/mercadonas-suppliers-from-extremadura\/\" tabindex=\"-1\" ><div class=\"elementor-post__thumbnail\"><img loading=\"lazy\" decoding=\"async\" width=\"300\" height=\"190\" src=\"https:\/\/i0.wp.com\/www.grupocatala.com\/wp-content\/uploads\/2021\/02\/630882_1.jpg?fit=300%2C190&amp;ssl=1\" class=\"attachment-medium size-medium wp-image-9633\" alt=\"\" srcset=\"https:\/\/i0.wp.com\/www.grupocatala.com\/wp-content\/uploads\/2021\/02\/630882_1.jpg?w=325&amp;ssl=1 325w, https:\/\/i0.wp.com\/www.grupocatala.com\/wp-content\/uploads\/2021\/02\/630882_1.jpg?resize=300%2C190&amp;ssl=1 300w\" sizes=\"(max-width: 300px) 100vw, 300px\" \/><\/div><\/a>\n\t\t\t\t<div class=\"elementor-post__badge\">News<\/div>\n\t\t\t\t<div class=\"elementor-post__avatar\">\n\t\t\t\t\t<\/div>\n\t\t\t\t<div class=\"elementor-post__text\">\n\t\t\t\t<h3 class=\"elementor-post__title\">\n\t\t\t<a href=\"https:\/\/www.grupocatala.com\/en\/mercadonas-suppliers-from-extremadura\/\" >\n\t\t\t\tMercadona&#8217;s suppliers from Extremadura\t\t\t<\/a>\n\t\t<\/h3>\n\t\t\t\t<div class=\"elementor-post__excerpt\">\n\t\t\t<p>Investments by Mercadona&#8217;s suppliers in the region exceed 125 million euros Huevos Guill\u00e9n, Ultracongelados Virto, El Cidacos and Grupo Catal\u00e0 with their company Catafruit add 750 employees and plan to<\/p>\n\t\t<\/div>\n\t\t\t\t<\/div>\n\t\t\t\t\t<\/div>\n\t\t<\/article>\n\t\t\t\t<article class=\"elementor-post elementor-grid-item post-9940 post type-post status-publish format-standard has-post-thumbnail hentry category-news tag-catala-group tag-collaboration tag-fruit tag-grup-catala-en tag-grupcatala-en tag-high-school tag-pride tag-recognition tag-research tag-tdr-en tag-work\" role=\"listitem\">\n\t\t\t<div class=\"elementor-post__card\">\n\t\t\t\t<a class=\"elementor-post__thumbnail__link\" href=\"https:\/\/www.grupocatala.com\/en\/tdr-the-push-of-a-great-family\/\" tabindex=\"-1\" ><div class=\"elementor-post__thumbnail\"><img loading=\"lazy\" decoding=\"async\" width=\"214\" height=\"300\" src=\"https:\/\/i0.wp.com\/www.grupocatala.com\/wp-content\/uploads\/2021\/02\/2021-02-15-10_45_42-Window.png?fit=214%2C300&amp;ssl=1\" class=\"attachment-medium size-medium wp-image-9918\" alt=\"\" srcset=\"https:\/\/i0.wp.com\/www.grupocatala.com\/wp-content\/uploads\/2021\/02\/2021-02-15-10_45_42-Window.png?w=600&amp;ssl=1 600w, https:\/\/i0.wp.com\/www.grupocatala.com\/wp-content\/uploads\/2021\/02\/2021-02-15-10_45_42-Window.png?resize=214%2C300&amp;ssl=1 214w\" sizes=\"(max-width: 214px) 100vw, 214px\" \/><\/div><\/a>\n\t\t\t\t<div class=\"elementor-post__badge\">News<\/div>\n\t\t\t\t<div class=\"elementor-post__avatar\">\n\t\t\t\t\t<\/div>\n\t\t\t\t<div class=\"elementor-post__text\">\n\t\t\t\t<h3 class=\"elementor-post__title\">\n\t\t\t<a href=\"https:\/\/www.grupocatala.com\/en\/tdr-the-push-of-a-great-family\/\" >\n\t\t\t\tTdR: The push of a great family\t\t\t<\/a>\n\t\t<\/h3>\n\t\t\t\t<div class=\"elementor-post__excerpt\">\n\t\t\t<p>We are proud to be able to present the Research Project of the 2nd Baccalaureate, December 15, 2011, carried out on our company and family. Joan Folguera Argelich, demonstrated organizational<\/p>\n\t\t<\/div>\n\t\t\t\t<\/div>\n\t\t\t\t\t<\/div>\n\t\t<\/article>\n\t\t\t\t<article class=\"elementor-post elementor-grid-item post-9959 post type-post status-publish format-standard has-post-thumbnail hentry category-news tag-acquires tag-albesa-en tag-apple-trees tag-aragon-en tag-assets tag-badajoz-en tag-castello-de-farfanya-en tag-catafruit-en tag-catala-group tag-cherry-trees tag-don-benito-en tag-euros-en tag-expansion-en tag-extremadura-en tag-fraga-en tag-fruit tag-gerb-en tag-group tag-hectares tag-investments tag-jm-en tag-lleida-en tag-los-frutales-en tag-main tag-millions tag-os-de-balaguer-en tag-pear-trees tag-plums tag-purchase tag-quinces-and-peach-trees tag-seros-en tag-state tag-torrelameu-en\" role=\"listitem\">\n\t\t\t<div class=\"elementor-post__card\">\n\t\t\t\t<a class=\"elementor-post__thumbnail__link\" href=\"https:\/\/www.grupocatala.com\/en\/grupo-catala-buys-the-assets-of-the-company-jm-los-frutales\/\" tabindex=\"-1\" ><div class=\"elementor-post__thumbnail\"><img loading=\"lazy\" decoding=\"async\" width=\"300\" height=\"169\" src=\"https:\/\/i0.wp.com\/www.grupocatala.com\/wp-content\/uploads\/2021\/02\/DJI_0026-e1619088584586.jpg?fit=300%2C169&amp;ssl=1\" class=\"attachment-medium size-medium wp-image-9952\" alt=\"\" srcset=\"https:\/\/i0.wp.com\/www.grupocatala.com\/wp-content\/uploads\/2021\/02\/DJI_0026-e1619088584586.jpg?w=650&amp;ssl=1 650w, https:\/\/i0.wp.com\/www.grupocatala.com\/wp-content\/uploads\/2021\/02\/DJI_0026-e1619088584586.jpg?resize=600%2C338&amp;ssl=1 600w\" sizes=\"(max-width: 300px) 100vw, 300px\" \/><\/div><\/a>\n\t\t\t\t<div class=\"elementor-post__badge\">News<\/div>\n\t\t\t\t<div class=\"elementor-post__avatar\">\n\t\t\t\t\t<\/div>\n\t\t\t\t<div class=\"elementor-post__text\">\n\t\t\t\t<h3 class=\"elementor-post__title\">\n\t\t\t<a href=\"https:\/\/www.grupocatala.com\/en\/grupo-catala-buys-the-assets-of-the-company-jm-los-frutales\/\" >\n\t\t\t\tGrupo Catal\u00e0 buys the assets of the company JM Los Frutales\t\t\t<\/a>\n\t\t<\/h3>\n\t\t\t\t<div class=\"elementor-post__excerpt\">\n\t\t\t<p>The La Portella company thus incorporates a new plant and 600 hectares of fruit trees, in addition, it already had farms in Aragon and Extremadura The Catal\u00e0 Group, from La<\/p>\n\t\t<\/div>\n\t\t\t\t<\/div>\n\t\t\t\t\t<\/div>\n\t\t<\/article>\n\t\t\t\t<article class=\"elementor-post elementor-grid-item post-9720 post type-post status-publish format-standard has-post-thumbnail hentry category-news tag-basketball tag-catala-group tag-fruit tag-grup-catala-en tag-grupcatala-en tag-lleida-en tag-pere-en tag-sant-en tag-seca-en tag-sponsor tag-sport\" role=\"listitem\">\n\t\t\t<div class=\"elementor-post__card\">\n\t\t\t\t<a class=\"elementor-post__thumbnail__link\" href=\"https:\/\/www.grupocatala.com\/en\/grupo-catala-sponsor-club-basquet-seca-sant-pere\/\" tabindex=\"-1\" ><div class=\"elementor-post__thumbnail\"><img loading=\"lazy\" decoding=\"async\" width=\"153\" height=\"180\" src=\"https:\/\/i0.wp.com\/www.grupocatala.com\/wp-content\/uploads\/2021\/02\/4NxkOr3trnqZMRIe.jpg?fit=153%2C180&amp;ssl=1\" class=\"attachment-medium size-medium wp-image-9701\" alt=\"\" \/><\/div><\/a>\n\t\t\t\t<div class=\"elementor-post__badge\">News<\/div>\n\t\t\t\t<div class=\"elementor-post__avatar\">\n\t\t\t\t\t<\/div>\n\t\t\t\t<div class=\"elementor-post__text\">\n\t\t\t\t<h3 class=\"elementor-post__title\">\n\t\t\t<a href=\"https:\/\/www.grupocatala.com\/en\/grupo-catala-sponsor-club-basquet-seca-sant-pere\/\" >\n\t\t\t\tGrupo Catal\u00e0 sponsor Club Basquet Sec\u00e0 Sant Pere\t\t\t<\/a>\n\t\t<\/h3>\n\t\t\t\t<div class=\"elementor-post__excerpt\">\n\t\t\t<p>C.B. Sec\u00e0 Sant-Pere Lleida is the fruit of the union of multiple wills, of the illusions of the great majority of basketball fans. There is a renewed sentiment that we<\/p>\n\t\t<\/div>\n\t\t\t\t<\/div>\n\t\t\t\t\t<\/div>\n\t\t<\/article>\n\t\t\t\t<article class=\"elementor-post elementor-grid-item post-9528 post type-post status-publish format-standard has-post-thumbnail hentry category-news tag-billing tag-catafruit-en tag-catala-group tag-fruit tag-grup-catala-en tag-grupcatala-en tag-integrated-supplier tag-lleida-en tag-mercadona-en tag-purchases\" role=\"listitem\">\n\t\t\t<div class=\"elementor-post__card\">\n\t\t\t\t<a class=\"elementor-post__thumbnail__link\" href=\"https:\/\/www.grupocatala.com\/en\/grupo-catala-supplier-of-mercadona\/\" tabindex=\"-1\" ><div class=\"elementor-post__thumbnail\"><img loading=\"lazy\" decoding=\"async\" width=\"300\" height=\"225\" src=\"https:\/\/i0.wp.com\/www.grupocatala.com\/wp-content\/uploads\/2021\/02\/gemma-stpjHJGqZyw-unsplash-scaled.jpg?fit=300%2C225&amp;ssl=1\" class=\"attachment-medium size-medium wp-image-9520\" alt=\"\" srcset=\"https:\/\/i0.wp.com\/www.grupocatala.com\/wp-content\/uploads\/2021\/02\/gemma-stpjHJGqZyw-unsplash-scaled.jpg?w=2560&amp;ssl=1 2560w, https:\/\/i0.wp.com\/www.grupocatala.com\/wp-content\/uploads\/2021\/02\/gemma-stpjHJGqZyw-unsplash-scaled.jpg?resize=600%2C450&amp;ssl=1 600w, https:\/\/i0.wp.com\/www.grupocatala.com\/wp-content\/uploads\/2021\/02\/gemma-stpjHJGqZyw-unsplash-scaled.jpg?resize=300%2C225&amp;ssl=1 300w, https:\/\/i0.wp.com\/www.grupocatala.com\/wp-content\/uploads\/2021\/02\/gemma-stpjHJGqZyw-unsplash-scaled.jpg?resize=1024%2C768&amp;ssl=1 1024w, https:\/\/i0.wp.com\/www.grupocatala.com\/wp-content\/uploads\/2021\/02\/gemma-stpjHJGqZyw-unsplash-scaled.jpg?resize=768%2C576&amp;ssl=1 768w, https:\/\/i0.wp.com\/www.grupocatala.com\/wp-content\/uploads\/2021\/02\/gemma-stpjHJGqZyw-unsplash-scaled.jpg?resize=1536%2C1152&amp;ssl=1 1536w, https:\/\/i0.wp.com\/www.grupocatala.com\/wp-content\/uploads\/2021\/02\/gemma-stpjHJGqZyw-unsplash-scaled.jpg?resize=2048%2C1536&amp;ssl=1 2048w, https:\/\/i0.wp.com\/www.grupocatala.com\/wp-content\/uploads\/2021\/02\/gemma-stpjHJGqZyw-unsplash-scaled.jpg?w=2400&amp;ssl=1 2400w\" sizes=\"(max-width: 300px) 100vw, 300px\" \/><\/div><\/a>\n\t\t\t\t<div class=\"elementor-post__badge\">News<\/div>\n\t\t\t\t<div class=\"elementor-post__avatar\">\n\t\t\t\t\t<\/div>\n\t\t\t\t<div class=\"elementor-post__text\">\n\t\t\t\t<h3 class=\"elementor-post__title\">\n\t\t\t<a href=\"https:\/\/www.grupocatala.com\/en\/grupo-catala-supplier-of-mercadona\/\" >\n\t\t\t\tGrupo Catal\u00e0 supplier of Mercadona\t\t\t<\/a>\n\t\t<\/h3>\n\t\t\t\t<div class=\"elementor-post__excerpt\">\n\t\t\t<p>In Catalonia there are thirteen companies that produce the exclusive brands of the largest Spanish supermarket chain, with investments that exceeded 65 million in 2008. The integrated suppliers that produce<\/p>\n\t\t<\/div>\n\t\t\t\t<\/div>\n\t\t\t\t\t<\/div>\n\t\t<\/article>\n\t\t\t\t<\/div>\n\t\t\n\t\t\t\t\t\t<\/div>\n\t\t\t\t<\/div>\n\t\t\t\t\t<\/div>\n\t\t<\/div>\n\t\t\t\t\t<\/div>\n\t\t<\/section>\n\t\t\t\t<section class=\"elementor-section elementor-top-section elementor-element elementor-element-0e3785c elementor-section-boxed elementor-section-height-default elementor-section-height-default\" data-id=\"0e3785c\" data-element_type=\"section\" data-e-type=\"section\" data-settings=\"{&quot;background_background&quot;:&quot;classic&quot;}\">\n\t\t\t\t\t\t<div class=\"elementor-container elementor-column-gap-default\">\n\t\t\t\t\t<div class=\"elementor-column elementor-col-100 elementor-top-column elementor-element elementor-element-64617db\" data-id=\"64617db\" data-element_type=\"column\" data-e-type=\"column\">\n\t\t\t<div class=\"elementor-widget-wrap elementor-element-populated\">\n\t\t\t\t\t\t<div class=\"elementor-element elementor-element-097198c elementor-widget elementor-widget-spacer\" data-id=\"097198c\" data-element_type=\"widget\" data-e-type=\"widget\" data-widget_type=\"spacer.default\">\n\t\t\t\t<div class=\"elementor-widget-container\">\n\t\t\t\t\t\t\t<div class=\"elementor-spacer\">\n\t\t\t<div class=\"elementor-spacer-inner\"><\/div>\n\t\t<\/div>\n\t\t\t\t\t\t<\/div>\n\t\t\t\t<\/div>\n\t\t\t\t\t<\/div>\n\t\t<\/div>\n\t\t\t\t\t<\/div>\n\t\t<\/section>\n\t\t\t\t<\/div>\n\t\t","protected":false},"excerpt":{"rendered":"<p>News<\/p>\n","protected":false},"author":1,"featured_media":0,"parent":0,"menu_order":0,"comment_status":"closed","ping_status":"closed","template":"elementor_header_footer","meta":{"footnotes":""},"class_list":["post-4765","page","type-page","status-publish","hentry"],"yoast_head":"<!-- This site is optimized with the Yoast SEO plugin v27.5 - https:\/\/yoast.com\/product\/yoast-seo-wordpress\/ -->\n<title>NEWS<\/title>\n<meta name=\"description\" content=\"News\" \/>\n<meta name=\"robots\" content=\"index, follow, max-snippet:-1, max-image-preview:large, max-video-preview:-1\" \/>\n<link rel=\"canonical\" href=\"https:\/\/www.grupocatala.com\/en\/news\/\" \/>\n<meta property=\"og:locale\" content=\"en_US\" \/>\n<meta property=\"og:type\" content=\"article\" \/>\n<meta property=\"og:title\" content=\"NEWS\" \/>\n<meta property=\"og:description\" content=\"News\" \/>\n<meta property=\"og:url\" content=\"https:\/\/www.grupocatala.com\/en\/news\/\" \/>\n<meta property=\"og:site_name\" content=\"GRUPO CATAL\u00c0\" \/>\n<meta property=\"article:modified_time\" content=\"2025-12-24T15:11:40+00:00\" \/>\n<meta name=\"twitter:card\" content=\"summary_large_image\" \/>\n<script type=\"application\/ld+json\" class=\"yoast-schema-graph\">{\"@context\":\"https:\\\/\\\/schema.org\",\"@graph\":[{\"@type\":\"WebPage\",\"@id\":\"https:\\\/\\\/www.grupocatala.com\\\/en\\\/news\\\/\",\"url\":\"https:\\\/\\\/www.grupocatala.com\\\/en\\\/news\\\/\",\"name\":\"NEWS\",\"isPartOf\":{\"@id\":\"https:\\\/\\\/www.grupocatala.com\\\/en\\\/#website\"},\"datePublished\":\"2020-03-25T08:19:40+00:00\",\"dateModified\":\"2025-12-24T15:11:40+00:00\",\"description\":\"News\",\"breadcrumb\":{\"@id\":\"https:\\\/\\\/www.grupocatala.com\\\/en\\\/news\\\/#breadcrumb\"},\"inLanguage\":\"en-US\",\"potentialAction\":[{\"@type\":\"ReadAction\",\"target\":[\"https:\\\/\\\/www.grupocatala.com\\\/en\\\/news\\\/\"]}]},{\"@type\":\"BreadcrumbList\",\"@id\":\"https:\\\/\\\/www.grupocatala.com\\\/en\\\/news\\\/#breadcrumb\",\"itemListElement\":[{\"@type\":\"ListItem\",\"position\":1,\"name\":\"Portada\",\"item\":\"https:\\\/\\\/www.grupocatala.com\\\/en\\\/\"},{\"@type\":\"ListItem\",\"position\":2,\"name\":\"NEWS\"}]},{\"@type\":\"WebSite\",\"@id\":\"https:\\\/\\\/www.grupocatala.com\\\/en\\\/#website\",\"url\":\"https:\\\/\\\/www.grupocatala.com\\\/en\\\/\",\"name\":\"GRUPO CATAL\u00c0\",\"description\":\"Growing Quality\",\"publisher\":{\"@id\":\"https:\\\/\\\/www.grupocatala.com\\\/en\\\/#organization\"},\"potentialAction\":[{\"@type\":\"SearchAction\",\"target\":{\"@type\":\"EntryPoint\",\"urlTemplate\":\"https:\\\/\\\/www.grupocatala.com\\\/en\\\/?s={search_term_string}\"},\"query-input\":{\"@type\":\"PropertyValueSpecification\",\"valueRequired\":true,\"valueName\":\"search_term_string\"}}],\"inLanguage\":\"en-US\"},{\"@type\":\"Organization\",\"@id\":\"https:\\\/\\\/www.grupocatala.com\\\/en\\\/#organization\",\"name\":\"Grupo Catala\",\"url\":\"https:\\\/\\\/www.grupocatala.com\\\/en\\\/\",\"logo\":{\"@type\":\"ImageObject\",\"inLanguage\":\"en-US\",\"@id\":\"https:\\\/\\\/www.grupocatala.com\\\/en\\\/#\\\/schema\\\/logo\\\/image\\\/\",\"url\":\"https:\\\/\\\/i0.wp.com\\\/www.grupocatala.com\\\/wp-content\\\/uploads\\\/2020\\\/03\\\/cropped-logo_blanc-1.png?fit=250%2C57&ssl=1\",\"contentUrl\":\"https:\\\/\\\/i0.wp.com\\\/www.grupocatala.com\\\/wp-content\\\/uploads\\\/2020\\\/03\\\/cropped-logo_blanc-1.png?fit=250%2C57&ssl=1\",\"width\":250,\"height\":57,\"caption\":\"Grupo Catala\"},\"image\":{\"@id\":\"https:\\\/\\\/www.grupocatala.com\\\/en\\\/#\\\/schema\\\/logo\\\/image\\\/\"},\"sameAs\":[\"https:\\\/\\\/www.instagram.com\\\/grupocatala\"]}]}<\/script>\n<!-- \/ Yoast SEO plugin. -->","yoast_head_json":{"title":"NEWS","description":"News","robots":{"index":"index","follow":"follow","max-snippet":"max-snippet:-1","max-image-preview":"max-image-preview:large","max-video-preview":"max-video-preview:-1"},"canonical":"https:\/\/www.grupocatala.com\/en\/news\/","og_locale":"en_US","og_type":"article","og_title":"NEWS","og_description":"News","og_url":"https:\/\/www.grupocatala.com\/en\/news\/","og_site_name":"GRUPO CATAL\u00c0","article_modified_time":"2025-12-24T15:11:40+00:00","twitter_card":"summary_large_image","schema":{"@context":"https:\/\/schema.org","@graph":[{"@type":"WebPage","@id":"https:\/\/www.grupocatala.com\/en\/news\/","url":"https:\/\/www.grupocatala.com\/en\/news\/","name":"NEWS","isPartOf":{"@id":"https:\/\/www.grupocatala.com\/en\/#website"},"datePublished":"2020-03-25T08:19:40+00:00","dateModified":"2025-12-24T15:11:40+00:00","description":"News","breadcrumb":{"@id":"https:\/\/www.grupocatala.com\/en\/news\/#breadcrumb"},"inLanguage":"en-US","potentialAction":[{"@type":"ReadAction","target":["https:\/\/www.grupocatala.com\/en\/news\/"]}]},{"@type":"BreadcrumbList","@id":"https:\/\/www.grupocatala.com\/en\/news\/#breadcrumb","itemListElement":[{"@type":"ListItem","position":1,"name":"Portada","item":"https:\/\/www.grupocatala.com\/en\/"},{"@type":"ListItem","position":2,"name":"NEWS"}]},{"@type":"WebSite","@id":"https:\/\/www.grupocatala.com\/en\/#website","url":"https:\/\/www.grupocatala.com\/en\/","name":"GRUPO CATAL\u00c0","description":"Growing Quality","publisher":{"@id":"https:\/\/www.grupocatala.com\/en\/#organization"},"potentialAction":[{"@type":"SearchAction","target":{"@type":"EntryPoint","urlTemplate":"https:\/\/www.grupocatala.com\/en\/?s={search_term_string}"},"query-input":{"@type":"PropertyValueSpecification","valueRequired":true,"valueName":"search_term_string"}}],"inLanguage":"en-US"},{"@type":"Organization","@id":"https:\/\/www.grupocatala.com\/en\/#organization","name":"Grupo Catala","url":"https:\/\/www.grupocatala.com\/en\/","logo":{"@type":"ImageObject","inLanguage":"en-US","@id":"https:\/\/www.grupocatala.com\/en\/#\/schema\/logo\/image\/","url":"https:\/\/i0.wp.com\/www.grupocatala.com\/wp-content\/uploads\/2020\/03\/cropped-logo_blanc-1.png?fit=250%2C57&ssl=1","contentUrl":"https:\/\/i0.wp.com\/www.grupocatala.com\/wp-content\/uploads\/2020\/03\/cropped-logo_blanc-1.png?fit=250%2C57&ssl=1","width":250,"height":57,"caption":"Grupo Catala"},"image":{"@id":"https:\/\/www.grupocatala.com\/en\/#\/schema\/logo\/image\/"},"sameAs":["https:\/\/www.instagram.com\/grupocatala"]}]}},"jetpack_sharing_enabled":true,"_links":{"self":[{"href":"https:\/\/www.grupocatala.com\/en\/wp-json\/wp\/v2\/pages\/4765","targetHints":{"allow":["GET"]}}],"collection":[{"href":"https:\/\/www.grupocatala.com\/en\/wp-json\/wp\/v2\/pages"}],"about":[{"href":"https:\/\/www.grupocatala.com\/en\/wp-json\/wp\/v2\/types\/page"}],"author":[{"embeddable":true,"href":"https:\/\/www.grupocatala.com\/en\/wp-json\/wp\/v2\/users\/1"}],"replies":[{"embeddable":true,"href":"https:\/\/www.grupocatala.com\/en\/wp-json\/wp\/v2\/comments?post=4765"}],"version-history":[{"count":3,"href":"https:\/\/www.grupocatala.com\/en\/wp-json\/wp\/v2\/pages\/4765\/revisions"}],"predecessor-version":[{"id":16322,"href":"https:\/\/www.grupocatala.com\/en\/wp-json\/wp\/v2\/pages\/4765\/revisions\/16322"}],"wp:attachment":[{"href":"https:\/\/www.grupocatala.com\/en\/wp-json\/wp\/v2\/media?parent=4765"}],"curies":[{"name":"wp","href":"https:\/\/api.w.org\/{rel}","templated":true}]}}