{"id":4767,"date":"2020-03-25T08:19:40","date_gmt":"2020-03-25T08:19:40","guid":{"rendered":"https:\/\/www.grupocatala.com\/noticias\/"},"modified":"2023-10-27T11:08:46","modified_gmt":"2023-10-27T09:08:46","slug":"nachrichten","status":"publish","type":"page","link":"https:\/\/www.grupocatala.com\/de\/nachrichten\/","title":{"rendered":"Nachrichten"},"content":{"rendered":"\t\t<div data-elementor-type=\"wp-page\" data-elementor-id=\"4767\" class=\"elementor elementor-4767 elementor-21\" data-elementor-post-type=\"page\">\n\t\t\t\t\t\t<section class=\"elementor-section elementor-top-section elementor-element elementor-element-9f694e3 elementor-section-boxed elementor-section-height-default elementor-section-height-default\" data-id=\"9f694e3\" data-element_type=\"section\" data-e-type=\"section\" data-settings=\"{&quot;background_background&quot;:&quot;classic&quot;}\">\n\t\t\t\t\t\t<div class=\"elementor-container elementor-column-gap-default\">\n\t\t\t\t\t<div class=\"elementor-column elementor-col-100 elementor-top-column elementor-element elementor-element-0088f0b\" data-id=\"0088f0b\" data-element_type=\"column\" data-e-type=\"column\">\n\t\t\t<div class=\"elementor-widget-wrap elementor-element-populated\">\n\t\t\t\t\t\t<div class=\"elementor-element elementor-element-5c35be4 elementor-widget elementor-widget-spacer\" data-id=\"5c35be4\" data-element_type=\"widget\" data-e-type=\"widget\" data-widget_type=\"spacer.default\">\n\t\t\t\t<div class=\"elementor-widget-container\">\n\t\t\t\t\t\t\t<div class=\"elementor-spacer\">\n\t\t\t<div class=\"elementor-spacer-inner\"><\/div>\n\t\t<\/div>\n\t\t\t\t\t\t<\/div>\n\t\t\t\t<\/div>\n\t\t\t\t<div class=\"elementor-element elementor-element-5df33d2 elementor-widget elementor-widget-heading\" data-id=\"5df33d2\" data-element_type=\"widget\" data-e-type=\"widget\" data-widget_type=\"heading.default\">\n\t\t\t\t<div class=\"elementor-widget-container\">\n\t\t\t\t\t<h2 class=\"elementor-heading-title elementor-size-default\">Nachrichten<\/h2>\t\t\t\t<\/div>\n\t\t\t\t<\/div>\n\t\t\t\t<div class=\"elementor-element elementor-element-515ba4c elementor-widget elementor-widget-spacer\" data-id=\"515ba4c\" data-element_type=\"widget\" data-e-type=\"widget\" data-widget_type=\"spacer.default\">\n\t\t\t\t<div class=\"elementor-widget-container\">\n\t\t\t\t\t\t\t<div class=\"elementor-spacer\">\n\t\t\t<div class=\"elementor-spacer-inner\"><\/div>\n\t\t<\/div>\n\t\t\t\t\t\t<\/div>\n\t\t\t\t<\/div>\n\t\t\t\t<div class=\"elementor-element elementor-element-ae24696 elementor-posts--align-left elementor-grid-3 elementor-grid-tablet-2 elementor-grid-mobile-1 elementor-posts--thumbnail-top elementor-posts--show-avatar elementor-card-shadow-yes elementor-posts__hover-gradient elementor-widget elementor-widget-posts\" data-id=\"ae24696\" data-element_type=\"widget\" data-e-type=\"widget\" data-settings=\"{&quot;cards_row_gap&quot;:{&quot;unit&quot;:&quot;px&quot;,&quot;size&quot;:61,&quot;sizes&quot;:[]},&quot;cards_masonry&quot;:&quot;yes&quot;,&quot;cards_columns&quot;:&quot;3&quot;,&quot;cards_columns_tablet&quot;:&quot;2&quot;,&quot;cards_columns_mobile&quot;:&quot;1&quot;,&quot;cards_row_gap_tablet&quot;:{&quot;unit&quot;:&quot;px&quot;,&quot;size&quot;:&quot;&quot;,&quot;sizes&quot;:[]},&quot;cards_row_gap_mobile&quot;:{&quot;unit&quot;:&quot;px&quot;,&quot;size&quot;:&quot;&quot;,&quot;sizes&quot;:[]}}\" data-widget_type=\"posts.cards\">\n\t\t\t\t<div class=\"elementor-widget-container\">\n\t\t\t\t\t\t\t<div class=\"elementor-posts-container elementor-posts elementor-posts--skin-cards elementor-grid\" role=\"list\">\n\t\t\t\t<article class=\"elementor-post elementor-grid-item post-14669 post type-post status-publish format-standard has-post-thumbnail hentry category-nachrichten tag-acb-de tag-basketball-de tag-batemont-de tag-birne tag-dankbarkeit tag-grupcatala-de tag-grupocatala-de tag-hiopos-de tag-james-de tag-konferenz tag-lleida-de tag-sport-de tag-zusammenarbeit\" role=\"listitem\">\n\t\t\t<div class=\"elementor-post__card\">\n\t\t\t\t<a class=\"elementor-post__thumbnail__link\" href=\"https:\/\/www.grupocatala.com\/de\/zusammenarbeit-mit-hiopos-lleida\/\" tabindex=\"-1\" ><div class=\"elementor-post__thumbnail\"><img fetchpriority=\"high\" decoding=\"async\" width=\"300\" height=\"169\" src=\"https:\/\/i0.wp.com\/www.grupocatala.com\/wp-content\/uploads\/2025\/09\/photo_2025-09-04_09-27-37.jpg?fit=300%2C169&amp;ssl=1\" class=\"attachment-medium size-medium wp-image-14653\" alt=\"\" srcset=\"https:\/\/i0.wp.com\/www.grupocatala.com\/wp-content\/uploads\/2025\/09\/photo_2025-09-04_09-27-37.jpg?w=1280&amp;ssl=1 1280w, https:\/\/i0.wp.com\/www.grupocatala.com\/wp-content\/uploads\/2025\/09\/photo_2025-09-04_09-27-37.jpg?resize=300%2C169&amp;ssl=1 300w, https:\/\/i0.wp.com\/www.grupocatala.com\/wp-content\/uploads\/2025\/09\/photo_2025-09-04_09-27-37.jpg?resize=1024%2C576&amp;ssl=1 1024w, https:\/\/i0.wp.com\/www.grupocatala.com\/wp-content\/uploads\/2025\/09\/photo_2025-09-04_09-27-37.jpg?resize=768%2C432&amp;ssl=1 768w\" sizes=\"(max-width: 300px) 100vw, 300px\" \/><\/div><\/a>\n\t\t\t\t<div class=\"elementor-post__badge\">Nachrichten<\/div>\n\t\t\t\t<div class=\"elementor-post__avatar\">\n\t\t\t\t\t<\/div>\n\t\t\t\t<div class=\"elementor-post__text\">\n\t\t\t\t<h3 class=\"elementor-post__title\">\n\t\t\t<a href=\"https:\/\/www.grupocatala.com\/de\/zusammenarbeit-mit-hiopos-lleida\/\" >\n\t\t\t\tZusammenarbeit mit Hiopos Lleida\t\t\t<\/a>\n\t\t<\/h3>\n\t\t\t\t<div class=\"elementor-post__excerpt\">\n\t\t\t<p>Grupo Catal\u00e1 ist stolz darauf, zur Verf\u00fcgung gestellt zu haben, damit der Club diese audiovisuelle Produktion realisieren konnte. Wir m\u00f6chten dem HIOPOS Lleida f\u00fcr das entgegengebrachte Vertrauen danken und unsere<\/p>\n\t\t<\/div>\n\t\t\t\t<\/div>\n\t\t\t\t\t<\/div>\n\t\t<\/article>\n\t\t\t\t<article class=\"elementor-post elementor-grid-item post-14366 post type-post status-publish format-standard has-post-thumbnail hentry category-nachrichten tag-30anysfentvhir-de tag-barcelona-de tag-dankbarkeit tag-forschung tag-grup-catala-de tag-grupo-catala-de tag-hospital-de tag-lauf tag-medizin tag-runnersbarcelona-de tag-running-de tag-solidaritat-de tag-spende tag-stiftung tag-vall-dhebron-de tag-vallhebron-de tag-zusammenarbeit\" role=\"listitem\">\n\t\t\t<div class=\"elementor-post__card\">\n\t\t\t\t<a class=\"elementor-post__thumbnail__link\" href=\"https:\/\/www.grupocatala.com\/de\/solidaritaetslauf-vall-dhebron\/\" tabindex=\"-1\" ><div class=\"elementor-post__thumbnail\"><img decoding=\"async\" width=\"263\" height=\"300\" src=\"https:\/\/i0.wp.com\/www.grupocatala.com\/wp-content\/uploads\/2025\/03\/2025-03-04-11_17_12-Vall-dHebron-_-Mes-de-500-persones-han-participat-aquest-mati-en-la-1a-Cursa-de.png?fit=263%2C300&amp;ssl=1\" class=\"attachment-medium size-medium wp-image-14349\" alt=\"\" srcset=\"https:\/\/i0.wp.com\/www.grupocatala.com\/wp-content\/uploads\/2025\/03\/2025-03-04-11_17_12-Vall-dHebron-_-Mes-de-500-persones-han-participat-aquest-mati-en-la-1a-Cursa-de.png?w=525&amp;ssl=1 525w, https:\/\/i0.wp.com\/www.grupocatala.com\/wp-content\/uploads\/2025\/03\/2025-03-04-11_17_12-Vall-dHebron-_-Mes-de-500-persones-han-participat-aquest-mati-en-la-1a-Cursa-de.png?resize=263%2C300&amp;ssl=1 263w\" sizes=\"(max-width: 263px) 100vw, 263px\" \/><\/div><\/a>\n\t\t\t\t<div class=\"elementor-post__badge\">Nachrichten<\/div>\n\t\t\t\t<div class=\"elementor-post__avatar\">\n\t\t\t\t\t<\/div>\n\t\t\t\t<div class=\"elementor-post__text\">\n\t\t\t\t<h3 class=\"elementor-post__title\">\n\t\t\t<a href=\"https:\/\/www.grupocatala.com\/de\/solidaritaetslauf-vall-dhebron\/\" >\n\t\t\t\tSolidarit\u00e4tslauf Vall d\u2019Hebron\t\t\t<\/a>\n\t\t<\/h3>\n\t\t\t\t<div class=\"elementor-post__excerpt\">\n\t\t\t<p>Mehr als 500 Menschen er\u00f6ffneten die Feierlichkeiten zum 30-j\u00e4hrigen Jubil\u00e4um des Vall d&#8217;Hebron Forschungsinstituts (VHIR) mit ihrer Teilnahme am 1. Vall d&#8217;Hebron-Lauf. Die Strecke, die sowohl im Laufschritt als auch<\/p>\n\t\t<\/div>\n\t\t\t\t<\/div>\n\t\t\t\t\t<\/div>\n\t\t<\/article>\n\t\t\t\t<article class=\"elementor-post elementor-grid-item post-11503 post type-post status-publish format-standard has-post-thumbnail hentry category-nachrichten tag-einrichtungen tag-grupo-catala-de tag-grupocatala-de tag-ki tag-knochen tag-maschine tag-obst tag-produktion tag-produktivitaet tag-verarbeitung\" role=\"listitem\">\n\t\t\t<div class=\"elementor-post__card\">\n\t\t\t\t<a class=\"elementor-post__thumbnail__link\" href=\"https:\/\/www.grupocatala.com\/de\/neue-groesste-steinobstverarbeitungslinie-der-welt\/\" tabindex=\"-1\" ><div class=\"elementor-post__thumbnail\"><img decoding=\"async\" width=\"300\" height=\"169\" src=\"https:\/\/i0.wp.com\/www.grupocatala.com\/wp-content\/uploads\/2023\/10\/1_Sorma-FA.png?fit=300%2C169&amp;ssl=1\" class=\"attachment-medium size-medium wp-image-11494\" alt=\"\" srcset=\"https:\/\/i0.wp.com\/www.grupocatala.com\/wp-content\/uploads\/2023\/10\/1_Sorma-FA.png?w=600&amp;ssl=1 600w, https:\/\/i0.wp.com\/www.grupocatala.com\/wp-content\/uploads\/2023\/10\/1_Sorma-FA.png?resize=300%2C169&amp;ssl=1 300w\" sizes=\"(max-width: 300px) 100vw, 300px\" \/><\/div><\/a>\n\t\t\t\t<div class=\"elementor-post__badge\">Nachrichten<\/div>\n\t\t\t\t<div class=\"elementor-post__avatar\">\n\t\t\t\t\t<\/div>\n\t\t\t\t<div class=\"elementor-post__text\">\n\t\t\t\t<h3 class=\"elementor-post__title\">\n\t\t\t<a href=\"https:\/\/www.grupocatala.com\/de\/neue-groesste-steinobstverarbeitungslinie-der-welt\/\" >\n\t\t\t\tNeue gr\u00f6\u00dfte Steinobstverarbeitungslinie der Welt\t\t\t<\/a>\n\t\t<\/h3>\n\t\t\t\t<div class=\"elementor-post__excerpt\">\n\t\t\t<p>Mit einer Produktionskapazit\u00e4t von fast einer Million Kilo Obst in einer t\u00e4glichen Verarbeitungsschicht und einer Einsparung von 15\u201320 % bei den Arbeitskosten ist die Linie die weltweit gr\u00f6\u00dfte und am<\/p>\n\t\t<\/div>\n\t\t\t\t<\/div>\n\t\t\t\t\t<\/div>\n\t\t<\/article>\n\t\t\t\t<article class=\"elementor-post elementor-grid-item post-17341 post type-post status-publish format-standard has-post-thumbnail hentry category-nachrichten tag-begona-garcia tag-behoerden tag-buergermeisteramt tag-einweihung tag-el-escobar tag-extremadura-de tag-grupcatala-de tag-grupocatala-de tag-landwirtschaft tag-merida-de tag-obst-gemuese tag-regionalregierung tag-vara tag-zentrale\" role=\"listitem\">\n\t\t\t<div class=\"elementor-post__card\">\n\t\t\t\t<a class=\"elementor-post__thumbnail__link\" href=\"https:\/\/www.grupocatala.com\/de\/vara-besucht-el-escobar-in-merida\/\" tabindex=\"-1\" ><div class=\"elementor-post__thumbnail\"><img loading=\"lazy\" decoding=\"async\" width=\"300\" height=\"150\" src=\"https:\/\/i0.wp.com\/www.grupocatala.com\/wp-content\/uploads\/2026\/02\/2026-02-09-19_19_28-Vara-visita-una-central-hortofruticola-en-Merida-_-Parte-1-%E2%80%94-Mozilla-Firefox.png?fit=300%2C150&amp;ssl=1\" class=\"attachment-medium size-medium wp-image-17330\" alt=\"\" \/><\/div><\/a>\n\t\t\t\t<div class=\"elementor-post__badge\">Nachrichten<\/div>\n\t\t\t\t<div class=\"elementor-post__avatar\">\n\t\t\t\t\t<\/div>\n\t\t\t\t<div class=\"elementor-post__text\">\n\t\t\t\t<h3 class=\"elementor-post__title\">\n\t\t\t<a href=\"https:\/\/www.grupocatala.com\/de\/vara-besucht-el-escobar-in-merida\/\" >\n\t\t\t\tVara besucht El Escobar in M\u00e9rida\t\t\t<\/a>\n\t\t<\/h3>\n\t\t\t\t<div class=\"elementor-post__excerpt\">\n\t\t\t<p>Bilder des PSOE-Kandidaten zur Wiederwahl als Pr\u00e4sident der Regionalregierung von Extremadura, Guillermo Fern\u00e1ndez Vara, bei seinem Besuch des Obst- und Gem\u00fcsezentrums El Escobar in M\u00e9rida, begleitet von den Verantwortlichen der<\/p>\n\t\t<\/div>\n\t\t\t\t<\/div>\n\t\t\t\t\t<\/div>\n\t\t<\/article>\n\t\t\t\t<article class=\"elementor-post elementor-grid-item post-11104 post type-post status-publish format-standard has-post-thumbnail hentry category-nachrichten tag-catala-group-de tag-catala-grupo tag-facebook-de tag-infojobs-de tag-instagram-de tag-linkedin-de tag-netzwerke tag-sozial tag-twitter-de\" role=\"listitem\">\n\t\t\t<div class=\"elementor-post__card\">\n\t\t\t\t<a class=\"elementor-post__thumbnail__link\" href=\"https:\/\/www.grupocatala.com\/de\/praesenz-in-sozialen-netzwerken\/\" tabindex=\"-1\" ><div class=\"elementor-post__thumbnail\"><img loading=\"lazy\" decoding=\"async\" width=\"300\" height=\"300\" src=\"https:\/\/i0.wp.com\/www.grupocatala.com\/wp-content\/uploads\/2021\/08\/photo_2021-08-17_11-26-43-1-e1629200466633.jpg?fit=300%2C300&amp;ssl=1\" class=\"attachment-medium size-medium wp-image-11095\" alt=\"\" \/><\/div><\/a>\n\t\t\t\t<div class=\"elementor-post__badge\">Nachrichten<\/div>\n\t\t\t\t<div class=\"elementor-post__avatar\">\n\t\t\t\t\t<\/div>\n\t\t\t\t<div class=\"elementor-post__text\">\n\t\t\t\t<h3 class=\"elementor-post__title\">\n\t\t\t<a href=\"https:\/\/www.grupocatala.com\/de\/praesenz-in-sozialen-netzwerken\/\" >\n\t\t\t\tPr\u00e4senz in sozialen Netzwerken\t\t\t<\/a>\n\t\t<\/h3>\n\t\t\t\t<div class=\"elementor-post__excerpt\">\n\t\t\t<p>Wenn Sie alle unsere neuesten Nachrichten erfahren m\u00f6chten, freuen wir uns, Ihnen mitteilen zu k\u00f6nnen, dass wir heute in den bekanntesten und beliebtesten sozialen Netzwerken sind. Z\u00f6gern Sie nicht, uns<\/p>\n\t\t<\/div>\n\t\t\t\t<\/div>\n\t\t\t\t\t<\/div>\n\t\t<\/article>\n\t\t\t\t<article class=\"elementor-post elementor-grid-item post-10546 post type-post status-publish format-standard has-post-thumbnail hentry category-nachrichten tag-besuch tag-catafruit-de tag-catala-gruppe tag-einrichtungen tag-export-de tag-landwirtschaft tag-obst tag-rathaus tag-regierung tag-reichtum tag-team-de tag-villena-de tag-zukunft\" role=\"listitem\">\n\t\t\t<div class=\"elementor-post__card\">\n\t\t\t\t<a class=\"elementor-post__thumbnail__link\" href=\"https:\/\/www.grupocatala.com\/de\/das-regierungsteam-besucht-die-einrichtungen-der-firma-catafruit\/\" tabindex=\"-1\" ><div class=\"elementor-post__thumbnail\"><img loading=\"lazy\" decoding=\"async\" width=\"300\" height=\"200\" src=\"https:\/\/i0.wp.com\/www.grupocatala.com\/wp-content\/uploads\/2021\/06\/6rHOkuoh4GUJMH23-e1622714525422.jpeg?fit=300%2C200&amp;ssl=1\" class=\"attachment-medium size-medium wp-image-10537\" alt=\"\" \/><\/div><\/a>\n\t\t\t\t<div class=\"elementor-post__badge\">Nachrichten<\/div>\n\t\t\t\t<div class=\"elementor-post__avatar\">\n\t\t\t\t\t<\/div>\n\t\t\t\t<div class=\"elementor-post__text\">\n\t\t\t\t<h3 class=\"elementor-post__title\">\n\t\t\t<a href=\"https:\/\/www.grupocatala.com\/de\/das-regierungsteam-besucht-die-einrichtungen-der-firma-catafruit\/\" >\n\t\t\t\tDas Regierungsteam besucht die Einrichtungen der Firma Catafruit\t\t\t<\/a>\n\t\t<\/h3>\n\t\t\t\t<div class=\"elementor-post__excerpt\">\n\t\t\t<p>Der B\u00fcrgermeister von Villena, Fulgencio Cerd\u00e1n, und der erste stellvertretende B\u00fcrgermeister, Francisco Iniesta, in Begleitung des B\u00fcrgermeisters von Urbanism, Javier Mart\u00ednez, besuchten heute die Einrichtungen des Unternehmens Catafruit der Grupo<\/p>\n\t\t<\/div>\n\t\t\t\t<\/div>\n\t\t\t\t\t<\/div>\n\t\t<\/article>\n\t\t\t\t<article class=\"elementor-post elementor-grid-item post-10528 post type-post status-publish format-standard has-post-thumbnail hentry category-nachrichten tag-catala-gruppe tag-covid-de tag-covid-19-de tag-gesundheit tag-grup-catala-de tag-grupcatala-de tag-impfstoff tag-la-portella-de tag-lleida-de tag-obst\" role=\"listitem\">\n\t\t\t<div class=\"elementor-post__card\">\n\t\t\t\t<a class=\"elementor-post__thumbnail__link\" href=\"https:\/\/www.grupocatala.com\/de\/impfung-der-arbeiter-der-grupo-catala\/\" tabindex=\"-1\" ><div class=\"elementor-post__thumbnail\"><img loading=\"lazy\" decoding=\"async\" width=\"300\" height=\"223\" src=\"https:\/\/i0.wp.com\/www.grupocatala.com\/wp-content\/uploads\/2021\/05\/photo_2021-05-31_14-02-43-e1622471850353.jpg?fit=300%2C223&amp;ssl=1\" class=\"attachment-medium size-medium wp-image-10518\" alt=\"\" \/><\/div><\/a>\n\t\t\t\t<div class=\"elementor-post__badge\">Nachrichten<\/div>\n\t\t\t\t<div class=\"elementor-post__avatar\">\n\t\t\t\t\t<\/div>\n\t\t\t\t<div class=\"elementor-post__text\">\n\t\t\t\t<h3 class=\"elementor-post__title\">\n\t\t\t<a href=\"https:\/\/www.grupocatala.com\/de\/impfung-der-arbeiter-der-grupo-catala\/\" >\n\t\t\t\tImpfung der Arbeiter der Grupo Catal\u00e0\t\t\t<\/a>\n\t\t<\/h3>\n\t\t\t\t<div class=\"elementor-post__excerpt\">\n\t\t\t<p>Wir freuen uns, Ihnen mitteilen zu k\u00f6nnen, dass im Arbeitszentrum Grupo Catal\u00e0 in Lleida eine massive Impfung durchgef\u00fchrt wurde, um die COVD-19-Pandemie zu bek\u00e4mpfen. Tolle Neuigkeiten, um die Gesundheit und<\/p>\n\t\t<\/div>\n\t\t\t\t<\/div>\n\t\t\t\t\t<\/div>\n\t\t<\/article>\n\t\t\t\t<article class=\"elementor-post elementor-grid-item post-10496 post type-post status-publish format-standard has-post-thumbnail hentry category-nachrichten tag-aktivitaet tag-catala-gruppe tag-dankbarkeit tag-grup-catala-de tag-grupcatala-de tag-jungen tag-la-portella-de tag-lleida-de tag-maedchen tag-nens-de tag-schule tag-villalonga-de tag-weiss tag-zusammenarbeit\" role=\"listitem\">\n\t\t\t<div class=\"elementor-post__card\">\n\t\t\t\t<a class=\"elementor-post__thumbnail__link\" href=\"https:\/\/www.grupocatala.com\/de\/ganz-besonderer-besuch-die-jungen-und-maedchen-der-escola-blanca-villalonga\/\" tabindex=\"-1\" ><div class=\"elementor-post__thumbnail\"><img loading=\"lazy\" decoding=\"async\" width=\"300\" height=\"232\" src=\"https:\/\/i0.wp.com\/www.grupocatala.com\/wp-content\/uploads\/2021\/04\/WhatsApp-Image-2021-04-22-at-11.33.54-e1619088942998.jpeg?fit=300%2C232&amp;ssl=1\" class=\"attachment-medium size-medium wp-image-10504\" alt=\"\" srcset=\"https:\/\/i0.wp.com\/www.grupocatala.com\/wp-content\/uploads\/2021\/04\/WhatsApp-Image-2021-04-22-at-11.33.54-e1619088942998.jpeg?w=650&amp;ssl=1 650w, https:\/\/i0.wp.com\/www.grupocatala.com\/wp-content\/uploads\/2021\/04\/WhatsApp-Image-2021-04-22-at-11.33.54-e1619088942998.jpeg?resize=600%2C463&amp;ssl=1 600w\" sizes=\"(max-width: 300px) 100vw, 300px\" \/><\/div><\/a>\n\t\t\t\t<div class=\"elementor-post__badge\">Nachrichten<\/div>\n\t\t\t\t<div class=\"elementor-post__avatar\">\n\t\t\t\t\t<\/div>\n\t\t\t\t<div class=\"elementor-post__text\">\n\t\t\t\t<h3 class=\"elementor-post__title\">\n\t\t\t<a href=\"https:\/\/www.grupocatala.com\/de\/ganz-besonderer-besuch-die-jungen-und-maedchen-der-escola-blanca-villalonga\/\" >\n\t\t\t\tGanz besonderer Besuch: die Jungen und M\u00e4dchen der Escola Blanca Villalonga\t\t\t<\/a>\n\t\t<\/h3>\n\t\t\t\t<div class=\"elementor-post__excerpt\">\n\t\t\t<p>Bei der Grupo Catal\u00e0 hatten wir das Vergn\u00fcgen, einen ganz besonderen Besuch zu organisieren: die Jungen und M\u00e4dchen der @escolablancavillalonga ???? Zus\u00e4tzlich zu dem von unserem gesamten Team durchgef\u00fchrten Produktionsprozess<\/p>\n\t\t<\/div>\n\t\t\t\t<\/div>\n\t\t\t\t\t<\/div>\n\t\t<\/article>\n\t\t\t\t<article class=\"elementor-post elementor-grid-item post-9822 post type-post status-publish format-standard has-post-thumbnail hentry category-nachrichten tag-aeltere-menschen tag-anerkennung tag-catala-gruppe tag-dankbarkeit tag-grup-catala-de tag-grupcatala-de tag-kleine-schwestern tag-la-laguna-de tag-obdachlose tag-obst tag-solidaritat-de tag-spende tag-stiftung tag-zusammenarbeit\" role=\"listitem\">\n\t\t\t<div class=\"elementor-post__card\">\n\t\t\t\t<a class=\"elementor-post__thumbnail__link\" href=\"https:\/\/www.grupocatala.com\/de\/kleine-schwestern-der-hilflosen-aeltesten\/\" tabindex=\"-1\" ><div class=\"elementor-post__thumbnail\"><img loading=\"lazy\" decoding=\"async\" width=\"240\" height=\"300\" src=\"https:\/\/i0.wp.com\/www.grupocatala.com\/wp-content\/uploads\/2021\/02\/HAD-escut.jpg?fit=240%2C300&amp;ssl=1\" class=\"attachment-medium size-medium wp-image-9753\" alt=\"\" srcset=\"https:\/\/i0.wp.com\/www.grupocatala.com\/wp-content\/uploads\/2021\/02\/HAD-escut.jpg?w=250&amp;ssl=1 250w, https:\/\/i0.wp.com\/www.grupocatala.com\/wp-content\/uploads\/2021\/02\/HAD-escut.jpg?resize=240%2C300&amp;ssl=1 240w\" sizes=\"(max-width: 240px) 100vw, 240px\" \/><\/div><\/a>\n\t\t\t\t<div class=\"elementor-post__badge\">Nachrichten<\/div>\n\t\t\t\t<div class=\"elementor-post__avatar\">\n\t\t\t\t\t<\/div>\n\t\t\t\t<div class=\"elementor-post__text\">\n\t\t\t\t<h3 class=\"elementor-post__title\">\n\t\t\t<a href=\"https:\/\/www.grupocatala.com\/de\/kleine-schwestern-der-hilflosen-aeltesten\/\" >\n\t\t\t\tKleine Schwestern der hilflosen \u00c4ltesten\t\t\t<\/a>\n\t\t<\/h3>\n\t\t\t\t<div class=\"elementor-post__excerpt\">\n\t\t\t<p>From Home Stmo. Cristo de La Laguna, kleine Schwestern der hilflosen \u00c4lteren, und im Namen des Superior der Heimat, best\u00e4tigen die kollaborative Arbeit und ihre Dankbarkeit mit der Firma Grupo<\/p>\n\t\t<\/div>\n\t\t\t\t<\/div>\n\t\t\t\t\t<\/div>\n\t\t<\/article>\n\t\t\t\t<article class=\"elementor-post elementor-grid-item post-9683 post type-post status-publish format-standard has-post-thumbnail hentry category-nachrichten tag-arnau-de tag-catala-gruppe tag-dankbarkeit tag-forschung tag-grup-catala-de tag-grupcatala-de tag-irb-de tag-krankenhaus tag-lleida-de tag-medizin tag-solidaritat-de tag-spende tag-stiftung tag-vilanova-de tag-zusammenarbeit\" role=\"listitem\">\n\t\t\t<div class=\"elementor-post__card\">\n\t\t\t\t<a class=\"elementor-post__thumbnail__link\" href=\"https:\/\/www.grupocatala.com\/de\/die-grupo-catala-spendet-geld-an-irb-lleida\/\" tabindex=\"-1\" ><div class=\"elementor-post__thumbnail\"><img loading=\"lazy\" decoding=\"async\" width=\"300\" height=\"110\" src=\"https:\/\/i0.wp.com\/www.grupocatala.com\/wp-content\/uploads\/2021\/02\/arnau-vilanoba-IRB-Lleida.jpg?fit=300%2C110&amp;ssl=1\" class=\"attachment-medium size-medium wp-image-9671\" alt=\"\" srcset=\"https:\/\/i0.wp.com\/www.grupocatala.com\/wp-content\/uploads\/2021\/02\/arnau-vilanoba-IRB-Lleida.jpg?w=450&amp;ssl=1 450w, https:\/\/i0.wp.com\/www.grupocatala.com\/wp-content\/uploads\/2021\/02\/arnau-vilanoba-IRB-Lleida.jpg?resize=300%2C110&amp;ssl=1 300w\" sizes=\"(max-width: 300px) 100vw, 300px\" \/><\/div><\/a>\n\t\t\t\t<div class=\"elementor-post__badge\">Nachrichten<\/div>\n\t\t\t\t<div class=\"elementor-post__avatar\">\n\t\t\t\t\t<\/div>\n\t\t\t\t<div class=\"elementor-post__text\">\n\t\t\t\t<h3 class=\"elementor-post__title\">\n\t\t\t<a href=\"https:\/\/www.grupocatala.com\/de\/die-grupo-catala-spendet-geld-an-irb-lleida\/\" >\n\t\t\t\tDie Grupo Catal\u00e0 spendet Geld an IRB Lleida\t\t\t<\/a>\n\t\t<\/h3>\n\t\t\t\t<div class=\"elementor-post__excerpt\">\n\t\t\t<p>Die Grupo Catal\u00e0 gibt eine j\u00e4hrliche Spende an das Institut f\u00fcr biomedizinische Forschung von Lleida, Dr. Pifarr\u00e9 Foundation Die Spende wird verwendet, um Grundlagenforschung, translational angewandte und klinisch-epidemiologische biomedizinische Forschung<\/p>\n\t\t<\/div>\n\t\t\t\t<\/div>\n\t\t\t\t\t<\/div>\n\t\t<\/article>\n\t\t\t\t<article class=\"elementor-post elementor-grid-item post-9814 post type-post status-publish format-standard has-post-thumbnail hentry category-nachrichten tag-anerkennung tag-benachteiligt tag-catala-gruppe tag-dankbarkeit tag-grup-catala-de tag-grupcatala-de tag-kleine-gesichter tag-obst tag-selbstlos tag-spende tag-stiftung tag-unterstuetzung tag-zusammenarbeit\" role=\"listitem\">\n\t\t\t<div class=\"elementor-post__card\">\n\t\t\t\t<a class=\"elementor-post__thumbnail__link\" href=\"https:\/\/www.grupocatala.com\/de\/grupo-catala-zusammenarbeit-mit-caritas\/\" tabindex=\"-1\" ><div class=\"elementor-post__thumbnail\"><img loading=\"lazy\" decoding=\"async\" width=\"280\" height=\"280\" src=\"https:\/\/i0.wp.com\/www.grupocatala.com\/wp-content\/uploads\/2021\/02\/logo_2x_caritas.png?fit=280%2C280&amp;ssl=1\" class=\"attachment-medium size-medium wp-image-9745\" alt=\"\" srcset=\"https:\/\/i0.wp.com\/www.grupocatala.com\/wp-content\/uploads\/2021\/02\/logo_2x_caritas.png?w=280&amp;ssl=1 280w, https:\/\/i0.wp.com\/www.grupocatala.com\/wp-content\/uploads\/2021\/02\/logo_2x_caritas.png?resize=100%2C100&amp;ssl=1 100w, https:\/\/i0.wp.com\/www.grupocatala.com\/wp-content\/uploads\/2021\/02\/logo_2x_caritas.png?resize=150%2C150&amp;ssl=1 150w\" sizes=\"(max-width: 280px) 100vw, 280px\" \/><\/div><\/a>\n\t\t\t\t<div class=\"elementor-post__badge\">Nachrichten<\/div>\n\t\t\t\t<div class=\"elementor-post__avatar\">\n\t\t\t\t\t<\/div>\n\t\t\t\t<div class=\"elementor-post__text\">\n\t\t\t\t<h3 class=\"elementor-post__title\">\n\t\t\t<a href=\"https:\/\/www.grupocatala.com\/de\/grupo-catala-zusammenarbeit-mit-caritas\/\" >\n\t\t\t\tGrupo Catal\u00e0 Zusammenarbeit mit C\u00e1ritas\t\t\t<\/a>\n\t\t<\/h3>\n\t\t\t\t<div class=\"elementor-post__excerpt\">\n\t\t\t<p>C\u00e1ritas Parroquial de Granadilla in Anerkennung seiner selbstlosen Zusammenarbeit mit den am st\u00e4rksten benachteiligten Unternehmen Grupo Catal\u00e0<\/p>\n\t\t<\/div>\n\t\t\t\t<\/div>\n\t\t\t\t\t<\/div>\n\t\t<\/article>\n\t\t\t\t<article class=\"elementor-post elementor-grid-item post-9801 post type-post status-publish format-standard has-post-thumbnail hentry category-nachrichten tag-banc-de tag-bank-de tag-beduerftige tag-dankbarkeit tag-grup-catala-de tag-grupcatala-de tag-grupocatala-de tag-gruppe-catala tag-hilfe tag-lebensmittel tag-nahrungsmittel tag-obst tag-solidaritat-de tag-spende tag-zusammenarbeit\" role=\"listitem\">\n\t\t\t<div class=\"elementor-post__card\">\n\t\t\t\t<a class=\"elementor-post__thumbnail__link\" href=\"https:\/\/www.grupocatala.com\/de\/grupo-catala-zusammenarbeit-mit-lebensmittelbanken\/\" tabindex=\"-1\" ><div class=\"elementor-post__thumbnail\"><img loading=\"lazy\" decoding=\"async\" width=\"300\" height=\"300\" src=\"https:\/\/i0.wp.com\/www.grupocatala.com\/wp-content\/uploads\/2021\/02\/Banco-de-alimentos-1-e1619027446806.jpg?fit=300%2C300&amp;ssl=1\" class=\"attachment-medium size-medium wp-image-9711\" alt=\"\" srcset=\"https:\/\/i0.wp.com\/www.grupocatala.com\/wp-content\/uploads\/2021\/02\/Banco-de-alimentos-1-e1619027446806.jpg?w=450&amp;ssl=1 450w, https:\/\/i0.wp.com\/www.grupocatala.com\/wp-content\/uploads\/2021\/02\/Banco-de-alimentos-1-e1619027446806.jpg?resize=300%2C300&amp;ssl=1 300w, https:\/\/i0.wp.com\/www.grupocatala.com\/wp-content\/uploads\/2021\/02\/Banco-de-alimentos-1-e1619027446806.jpg?resize=100%2C100&amp;ssl=1 100w\" sizes=\"(max-width: 300px) 100vw, 300px\" \/><\/div><\/a>\n\t\t\t\t<div class=\"elementor-post__badge\">Nachrichten<\/div>\n\t\t\t\t<div class=\"elementor-post__avatar\">\n\t\t\t\t\t<\/div>\n\t\t\t\t<div class=\"elementor-post__text\">\n\t\t\t\t<h3 class=\"elementor-post__title\">\n\t\t\t<a href=\"https:\/\/www.grupocatala.com\/de\/grupo-catala-zusammenarbeit-mit-lebensmittelbanken\/\" >\n\t\t\t\tGrupo Catal\u00e0 Zusammenarbeit mit Lebensmittelbanken\t\t\t<\/a>\n\t\t<\/h3>\n\t\t\t\t<div class=\"elementor-post__excerpt\">\n\t\t\t<p>Die Grupo Catal\u00e0 f\u00fchrt eine aktive j\u00e4hrliche Politik der Zusammenarbeit mit den verschiedenen Lebensmittelbranchen aus, die in unserem Territorium eingerichtet wurden. In diesem Sinne freuen wir uns, die fortgesetzte Hilfe<\/p>\n\t\t<\/div>\n\t\t\t\t<\/div>\n\t\t\t\t\t<\/div>\n\t\t<\/article>\n\t\t\t\t<article class=\"elementor-post elementor-grid-item post-9832 post type-post status-publish format-standard has-post-thumbnail hentry category-nachrichten tag-altruistisch tag-anerkennung tag-arbeit tag-benachteiligt tag-catala-gruppe tag-dankbarkeit tag-desinteressiert tag-grup-catala-de tag-grupcatala-de tag-grupocatala-de tag-obst tag-rathaus tag-santa-cruz-de tag-spende tag-stiftung tag-teneriffa tag-unterstuetzend tag-zusammenarbeit\" role=\"listitem\">\n\t\t\t<div class=\"elementor-post__card\">\n\t\t\t\t<a class=\"elementor-post__thumbnail__link\" href=\"https:\/\/www.grupocatala.com\/de\/grupo-catala-altruistische-und-solidarische-arbeit\/\" tabindex=\"-1\" ><div class=\"elementor-post__thumbnail\"><img loading=\"lazy\" decoding=\"async\" width=\"300\" height=\"262\" src=\"https:\/\/i0.wp.com\/www.grupocatala.com\/wp-content\/uploads\/2021\/02\/ayuntamiento_santacruz_de_tenerife.jpg?fit=300%2C262&amp;ssl=1\" class=\"attachment-medium size-medium wp-image-9736\" alt=\"\" srcset=\"https:\/\/i0.wp.com\/www.grupocatala.com\/wp-content\/uploads\/2021\/02\/ayuntamiento_santacruz_de_tenerife.jpg?w=486&amp;ssl=1 486w, https:\/\/i0.wp.com\/www.grupocatala.com\/wp-content\/uploads\/2021\/02\/ayuntamiento_santacruz_de_tenerife.jpg?resize=300%2C262&amp;ssl=1 300w\" sizes=\"(max-width: 300px) 100vw, 300px\" \/><\/div><\/a>\n\t\t\t\t<div class=\"elementor-post__badge\">Nachrichten<\/div>\n\t\t\t\t<div class=\"elementor-post__avatar\">\n\t\t\t\t\t<\/div>\n\t\t\t\t<div class=\"elementor-post__text\">\n\t\t\t\t<h3 class=\"elementor-post__title\">\n\t\t\t<a href=\"https:\/\/www.grupocatala.com\/de\/grupo-catala-altruistische-und-solidarische-arbeit\/\" >\n\t\t\t\tGrupo Catal\u00e0 altruistische und solidarische Arbeit\t\t\t<\/a>\n\t\t<\/h3>\n\t\t\t\t<div class=\"elementor-post__excerpt\">\n\t\t\t<p>Der Hon. Der Stadtrat von Santa Cruz de Santiago de Tenerife vergibt Anerkennung an die Firma Grupo Catal\u00e0, in Anerkennung der gro\u00dfen altruistischen und solidarischen Arbeit, die mit den meisten<\/p>\n\t\t<\/div>\n\t\t\t\t<\/div>\n\t\t\t\t\t<\/div>\n\t\t<\/article>\n\t\t\t\t<article class=\"elementor-post elementor-grid-item post-9515 post type-post status-publish format-standard has-post-thumbnail hentry category-nachrichten tag-grup-catala-de tag-grupcatala-de tag-grupo-catala-de tag-grupocatala-de tag-montsec-de tag-obst tag-rennen tag-sponsor-de tag-sport-de tag-trail-de tag-ultra-de\" role=\"listitem\">\n\t\t\t<div class=\"elementor-post__card\">\n\t\t\t\t<a class=\"elementor-post__thumbnail__link\" href=\"https:\/\/www.grupocatala.com\/de\/grupo-catala-sponsor-des-montsec-ultra-trail\/\" tabindex=\"-1\" ><div class=\"elementor-post__thumbnail\"><img loading=\"lazy\" decoding=\"async\" width=\"140\" height=\"140\" src=\"https:\/\/i0.wp.com\/www.grupocatala.com\/wp-content\/uploads\/2021\/02\/400dpiLogoCropped.png?fit=140%2C140&amp;ssl=1\" class=\"attachment-medium size-medium wp-image-9504\" alt=\"\" srcset=\"https:\/\/i0.wp.com\/www.grupocatala.com\/wp-content\/uploads\/2021\/02\/400dpiLogoCropped.png?w=140&amp;ssl=1 140w, https:\/\/i0.wp.com\/www.grupocatala.com\/wp-content\/uploads\/2021\/02\/400dpiLogoCropped.png?resize=100%2C100&amp;ssl=1 100w\" sizes=\"(max-width: 140px) 100vw, 140px\" \/><\/div><\/a>\n\t\t\t\t<div class=\"elementor-post__badge\">Nachrichten<\/div>\n\t\t\t\t<div class=\"elementor-post__avatar\">\n\t\t\t\t\t<\/div>\n\t\t\t\t<div class=\"elementor-post__text\">\n\t\t\t\t<h3 class=\"elementor-post__title\">\n\t\t\t<a href=\"https:\/\/www.grupocatala.com\/de\/grupo-catala-sponsor-des-montsec-ultra-trail\/\" >\n\t\t\t\tGrupo Catal\u00e0 Sponsor des Montsec Ultra Trail\t\t\t<\/a>\n\t\t<\/h3>\n\t\t\t\t<div class=\"elementor-post__excerpt\">\n\t\t\t<p>Bergrennen von 93 km und 6.590 m positiver Hanglage. Sehr hartes Rennen mit steilen H\u00e4ngen und sehr technischem Gel\u00e4nde, es gibt auch Luftp\u00e4sse, die nicht f\u00fcr Menschen mit Vertigo oder<\/p>\n\t\t<\/div>\n\t\t\t\t<\/div>\n\t\t\t\t\t<\/div>\n\t\t<\/article>\n\t\t\t\t<article class=\"elementor-post elementor-grid-item post-9571 post type-post status-publish format-standard has-post-thumbnail hentry category-nachrichten tag-apfelbaeume tag-berg tag-catala-gruppe tag-frucht tag-grup-catala-de tag-grupcatala-de tag-hoehe tag-qualitat-de tag-realitat-de\" role=\"listitem\">\n\t\t\t<div class=\"elementor-post__card\">\n\t\t\t\t<a class=\"elementor-post__thumbnail__link\" href=\"https:\/\/www.grupocatala.com\/de\/bergapfelplantagen-in-katalonien-eine-realitaet\/\" tabindex=\"-1\" ><div class=\"elementor-post__thumbnail\"><img loading=\"lazy\" decoding=\"async\" width=\"300\" height=\"171\" src=\"https:\/\/i0.wp.com\/www.grupocatala.com\/wp-content\/uploads\/2021\/02\/primera.jpg?fit=300%2C171&amp;ssl=1\" class=\"attachment-medium size-medium wp-image-9562\" alt=\"\" srcset=\"https:\/\/i0.wp.com\/www.grupocatala.com\/wp-content\/uploads\/2021\/02\/primera.jpg?w=580&amp;ssl=1 580w, https:\/\/i0.wp.com\/www.grupocatala.com\/wp-content\/uploads\/2021\/02\/primera.jpg?resize=300%2C171&amp;ssl=1 300w\" sizes=\"(max-width: 300px) 100vw, 300px\" \/><\/div><\/a>\n\t\t\t\t<div class=\"elementor-post__badge\">Nachrichten<\/div>\n\t\t\t\t<div class=\"elementor-post__avatar\">\n\t\t\t\t\t<\/div>\n\t\t\t\t<div class=\"elementor-post__text\">\n\t\t\t\t<h3 class=\"elementor-post__title\">\n\t\t\t<a href=\"https:\/\/www.grupocatala.com\/de\/bergapfelplantagen-in-katalonien-eine-realitaet\/\" >\n\t\t\t\tBergapfelplantagen in Katalonien, eine Realit\u00e4t\t\t\t<\/a>\n\t\t<\/h3>\n\t\t\t\t<div class=\"elementor-post__excerpt\">\n\t\t\t<p>Das Bergobstanbauprojekt in Katalonien begann 2009, als IRTA (Institut f\u00fcr Agrarlebensmittelforschung und -technologie) und ADRR (Verein zur Entwicklung der romanischen Ribagor\u00e7a) das erste Kooperationsabkommen unterzeichneten. und sp\u00e4ter mit der IRTA<\/p>\n\t\t<\/div>\n\t\t\t\t<\/div>\n\t\t\t\t\t<\/div>\n\t\t<\/article>\n\t\t\t\t<article class=\"elementor-post elementor-grid-item post-9790 post type-post status-publish format-standard has-post-thumbnail hentry category-nachrichten tag-afruex-de tag-brasilien tag-catala-gruppe tag-escobar-de tag-export-de tag-extremadura-de tag-grup-catala-de tag-grupcatala-de tag-merida-de tag-obst tag-pflaume\" role=\"listitem\">\n\t\t\t<div class=\"elementor-post__card\">\n\t\t\t\t<a class=\"elementor-post__thumbnail__link\" href=\"https:\/\/www.grupocatala.com\/de\/extremadura-pflaume-kehrt-nach-brasilien-zurueck\/\" tabindex=\"-1\" ><div class=\"elementor-post__thumbnail\"><img loading=\"lazy\" decoding=\"async\" width=\"300\" height=\"144\" src=\"https:\/\/i0.wp.com\/www.grupocatala.com\/wp-content\/uploads\/2021\/02\/afruex-brasil-820x394-1.jpg?fit=300%2C144&amp;ssl=1\" class=\"attachment-medium size-medium wp-image-9761\" alt=\"\" srcset=\"https:\/\/i0.wp.com\/www.grupocatala.com\/wp-content\/uploads\/2021\/02\/afruex-brasil-820x394-1.jpg?w=820&amp;ssl=1 820w, https:\/\/i0.wp.com\/www.grupocatala.com\/wp-content\/uploads\/2021\/02\/afruex-brasil-820x394-1.jpg?resize=600%2C288&amp;ssl=1 600w, https:\/\/i0.wp.com\/www.grupocatala.com\/wp-content\/uploads\/2021\/02\/afruex-brasil-820x394-1.jpg?resize=300%2C144&amp;ssl=1 300w, https:\/\/i0.wp.com\/www.grupocatala.com\/wp-content\/uploads\/2021\/02\/afruex-brasil-820x394-1.jpg?resize=768%2C369&amp;ssl=1 768w\" sizes=\"(max-width: 300px) 100vw, 300px\" \/><\/div><\/a>\n\t\t\t\t<div class=\"elementor-post__badge\">Nachrichten<\/div>\n\t\t\t\t<div class=\"elementor-post__avatar\">\n\t\t\t\t\t<\/div>\n\t\t\t\t<div class=\"elementor-post__text\">\n\t\t\t\t<h3 class=\"elementor-post__title\">\n\t\t\t<a href=\"https:\/\/www.grupocatala.com\/de\/extremadura-pflaume-kehrt-nach-brasilien-zurueck\/\" >\n\t\t\t\tExtremadura Pflaume kehrt nach Brasilien zur\u00fcck\t\t\t<\/a>\n\t\t<\/h3>\n\t\t\t\t<div class=\"elementor-post__excerpt\">\n\t\t\t<p>Die brasilianischen Beh\u00f6rden haben dem Landwirtschaftsministerium ihre Zustimmung zu dem geplanten Plan zur Bepflanzung vorgelegt. Daher hofft Afruex, der Steinobstverein Extremaduran, dass er in der n\u00e4chsten Saison in diesen sehr<\/p>\n\t\t<\/div>\n\t\t\t\t<\/div>\n\t\t\t\t\t<\/div>\n\t\t<\/article>\n\t\t\t\t<article class=\"elementor-post elementor-grid-item post-9414 post type-post status-publish format-standard has-post-thumbnail hentry category-nachrichten tag-catafruit-de tag-catala-gruppe tag-export-de tag-grup-catala-de tag-grupcatala-de tag-hafen tag-obst tag-trocken tag-villena-de\" role=\"listitem\">\n\t\t\t<div class=\"elementor-post__card\">\n\t\t\t\t<a class=\"elementor-post__thumbnail__link\" href=\"https:\/\/www.grupocatala.com\/de\/trockener-hafen-in-villena\/\" tabindex=\"-1\" ><div class=\"elementor-post__thumbnail\"><img loading=\"lazy\" decoding=\"async\" width=\"300\" height=\"156\" src=\"https:\/\/i0.wp.com\/www.grupocatala.com\/wp-content\/uploads\/2021\/02\/Visita-Grupo-Catala-Puerto-Seco-1-780x405-1.jpeg?fit=300%2C156&amp;ssl=1\" class=\"attachment-medium size-medium wp-image-9398\" alt=\"\" srcset=\"https:\/\/i0.wp.com\/www.grupocatala.com\/wp-content\/uploads\/2021\/02\/Visita-Grupo-Catala-Puerto-Seco-1-780x405-1.jpeg?w=780&amp;ssl=1 780w, https:\/\/i0.wp.com\/www.grupocatala.com\/wp-content\/uploads\/2021\/02\/Visita-Grupo-Catala-Puerto-Seco-1-780x405-1.jpeg?resize=600%2C312&amp;ssl=1 600w, https:\/\/i0.wp.com\/www.grupocatala.com\/wp-content\/uploads\/2021\/02\/Visita-Grupo-Catala-Puerto-Seco-1-780x405-1.jpeg?resize=300%2C156&amp;ssl=1 300w, https:\/\/i0.wp.com\/www.grupocatala.com\/wp-content\/uploads\/2021\/02\/Visita-Grupo-Catala-Puerto-Seco-1-780x405-1.jpeg?resize=768%2C399&amp;ssl=1 768w\" sizes=\"(max-width: 300px) 100vw, 300px\" \/><\/div><\/a>\n\t\t\t\t<div class=\"elementor-post__badge\">Nachrichten<\/div>\n\t\t\t\t<div class=\"elementor-post__avatar\">\n\t\t\t\t\t<\/div>\n\t\t\t\t<div class=\"elementor-post__text\">\n\t\t\t\t<h3 class=\"elementor-post__title\">\n\t\t\t<a href=\"https:\/\/www.grupocatala.com\/de\/trockener-hafen-in-villena\/\" >\n\t\t\t\tTrockener Hafen in Villena\t\t\t<\/a>\n\t\t<\/h3>\n\t\t\t\t<div class=\"elementor-post__excerpt\">\n\t\t\t<p>Grupo Catal\u00e0, verantwortlich f\u00fcr Los Frutales, engagiert sich auch im Puerto Seco in Villena Der B\u00fcrgermeister und die Stadtr\u00e4te f\u00fcr Landwirtschaft und Industrie treffen sich mit der Grupo Catal\u00e0, einem<\/p>\n\t\t<\/div>\n\t\t\t\t<\/div>\n\t\t\t\t\t<\/div>\n\t\t<\/article>\n\t\t\t\t<article class=\"elementor-post elementor-grid-item post-9432 post type-post status-publish format-standard has-post-thumbnail hentry category-nachrichten tag-greefa-de tag-grup-catala-de tag-grupcatala-de tag-grupo-catala-de tag-grupocatala-de tag-industrialisierung tag-intelligenz tag-kuenstlich tag-obst tag-produktion tag-qualitat-de tag-technologie\" role=\"listitem\">\n\t\t\t<div class=\"elementor-post__card\">\n\t\t\t\t<a class=\"elementor-post__thumbnail__link\" href=\"https:\/\/www.grupocatala.com\/de\/kuenstliche-intelligenz\/\" tabindex=\"-1\" ><div class=\"elementor-post__thumbnail\"><img loading=\"lazy\" decoding=\"async\" width=\"300\" height=\"201\" src=\"https:\/\/i0.wp.com\/www.grupocatala.com\/wp-content\/uploads\/2021\/02\/Sant-Domenech-2017-14-e1619089042704.jpg?fit=300%2C201&amp;ssl=1\" class=\"attachment-medium size-medium wp-image-9423\" alt=\"\" srcset=\"https:\/\/i0.wp.com\/www.grupocatala.com\/wp-content\/uploads\/2021\/02\/Sant-Domenech-2017-14-e1619089042704.jpg?w=650&amp;ssl=1 650w, https:\/\/i0.wp.com\/www.grupocatala.com\/wp-content\/uploads\/2021\/02\/Sant-Domenech-2017-14-e1619089042704.jpg?resize=600%2C402&amp;ssl=1 600w\" sizes=\"(max-width: 300px) 100vw, 300px\" \/><\/div><\/a>\n\t\t\t\t<div class=\"elementor-post__badge\">Nachrichten<\/div>\n\t\t\t\t<div class=\"elementor-post__avatar\">\n\t\t\t\t\t<\/div>\n\t\t\t\t<div class=\"elementor-post__text\">\n\t\t\t\t<h3 class=\"elementor-post__title\">\n\t\t\t<a href=\"https:\/\/www.grupocatala.com\/de\/kuenstliche-intelligenz\/\" >\n\t\t\t\tK\u00fcnstliche Intelligenz\t\t\t<\/a>\n\t\t<\/h3>\n\t\t\t\t<div class=\"elementor-post__excerpt\">\n\t\t\t<p>Bei Grupo Catal\u00e0 haben wir eine gro\u00dfe Vor-Kalibrierungsanlage und mehrere Sortier- und Verpackungslinien mit Greefa CombiSort- und GeoSort-Maschinen. Es erm\u00f6glicht uns eine umfassende Verwaltung der Fr\u00fcchte ab Ankunft im Lager,<\/p>\n\t\t<\/div>\n\t\t\t\t<\/div>\n\t\t\t\t\t<\/div>\n\t\t<\/article>\n\t\t\t\t<article class=\"elementor-post elementor-grid-item post-5930 post type-post status-publish format-standard has-post-thumbnail hentry category-nachrichten tag-catala-gruppe tag-covid-de tag-covid-19-de tag-escobar-de tag-extremadura-de tag-grup-catala-de tag-grupcatala-de tag-masken tag-obst\" role=\"listitem\">\n\t\t\t<div class=\"elementor-post__card\">\n\t\t\t\t<a class=\"elementor-post__thumbnail__link\" href=\"https:\/\/www.grupocatala.com\/de\/covid-19\/\" tabindex=\"-1\" ><div class=\"elementor-post__thumbnail\"><img loading=\"lazy\" decoding=\"async\" width=\"300\" height=\"152\" src=\"https:\/\/i0.wp.com\/www.grupocatala.com\/wp-content\/uploads\/2020\/04\/catala_escobar-e1619089064522.png?fit=300%2C152&amp;ssl=1\" class=\"attachment-medium size-medium wp-image-5936\" alt=\"\" srcset=\"https:\/\/i0.wp.com\/www.grupocatala.com\/wp-content\/uploads\/2020\/04\/catala_escobar-e1619089064522.png?w=650&amp;ssl=1 650w, https:\/\/i0.wp.com\/www.grupocatala.com\/wp-content\/uploads\/2020\/04\/catala_escobar-e1619089064522.png?resize=600%2C305&amp;ssl=1 600w\" sizes=\"(max-width: 300px) 100vw, 300px\" \/><\/div><\/a>\n\t\t\t\t<div class=\"elementor-post__badge\">Nachrichten<\/div>\n\t\t\t\t<div class=\"elementor-post__avatar\">\n\t\t\t\t\t<\/div>\n\t\t\t\t<div class=\"elementor-post__text\">\n\t\t\t\t<h3 class=\"elementor-post__title\">\n\t\t\t<a href=\"https:\/\/www.grupocatala.com\/de\/covid-19\/\" >\n\t\t\t\tCOVID-19\t\t\t<\/a>\n\t\t<\/h3>\n\t\t\t\t<div class=\"elementor-post__excerpt\">\n\t\t\t<p>Vom Management von El Escobar m\u00f6chten wir uns bei der Stadt Calamonte f\u00fcr die Spende der Bildschirme und Masken bedanken, um die Mitarbeiter angesichts der COVID-19-Situation zu sch\u00fctzen. Gemeinsam k\u00f6nnen<\/p>\n\t\t<\/div>\n\t\t\t\t<\/div>\n\t\t\t\t\t<\/div>\n\t\t<\/article>\n\t\t\t\t<article class=\"elementor-post elementor-grid-item post-10103 post type-post status-publish format-standard has-post-thumbnail hentry category-nachrichten tag-bancocatala-de tag-gruppe-catala tag-kiwis tag-konsortium tag-obst tag-sind-catala-de tag-sindcatala-de tag-zusammenarbeit\" role=\"listitem\">\n\t\t\t<div class=\"elementor-post__card\">\n\t\t\t\t<a class=\"elementor-post__thumbnail__link\" href=\"https:\/\/www.grupocatala.com\/de\/die-grupo-catala-tritt-dem-kiwi-passion-konsortium-bei\/\" tabindex=\"-1\" ><div class=\"elementor-post__thumbnail\"><img loading=\"lazy\" decoding=\"async\" width=\"300\" height=\"212\" src=\"https:\/\/i0.wp.com\/www.grupocatala.com\/wp-content\/uploads\/2021\/02\/kiwipassion_GOLD.jpg?fit=300%2C212&amp;ssl=1\" class=\"attachment-medium size-medium wp-image-10093\" alt=\"\" srcset=\"https:\/\/i0.wp.com\/www.grupocatala.com\/wp-content\/uploads\/2021\/02\/kiwipassion_GOLD.jpg?w=468&amp;ssl=1 468w, https:\/\/i0.wp.com\/www.grupocatala.com\/wp-content\/uploads\/2021\/02\/kiwipassion_GOLD.jpg?resize=300%2C212&amp;ssl=1 300w\" sizes=\"(max-width: 300px) 100vw, 300px\" \/><\/div><\/a>\n\t\t\t\t<div class=\"elementor-post__badge\">Nachrichten<\/div>\n\t\t\t\t<div class=\"elementor-post__avatar\">\n\t\t\t\t\t<\/div>\n\t\t\t\t<div class=\"elementor-post__text\">\n\t\t\t\t<h3 class=\"elementor-post__title\">\n\t\t\t<a href=\"https:\/\/www.grupocatala.com\/de\/die-grupo-catala-tritt-dem-kiwi-passion-konsortium-bei\/\" >\n\t\t\t\tDie Grupo Catal\u00e0 tritt dem Kiwi Passion-Konsortium bei\t\t\t<\/a>\n\t\t<\/h3>\n\t\t\t\t<div class=\"elementor-post__excerpt\">\n\t\t\t<p>Das Kulti-Passion-Konsortium wird in Italien mit einem klaren Ziel geboren: den Konsumenten zu befriedigen Nach den Statuten zielt die neu gegr\u00fcndete Consorzio Kiwi Passion (KP) darauf ab, spezielle Kiwisorten zu<\/p>\n\t\t<\/div>\n\t\t\t\t<\/div>\n\t\t\t\t\t<\/div>\n\t\t<\/article>\n\t\t\t\t<article class=\"elementor-post elementor-grid-item post-4780 post type-post status-publish format-standard has-post-thumbnail hentry category-nachrichten tag-berlin-de tag-fruitlogistica-de tag-grup-catala-de tag-grupcatala-de tag-grupocatala-de tag-gruppe-catala tag-messe tag-obst tag-stand-de\" role=\"listitem\">\n\t\t\t<div class=\"elementor-post__card\">\n\t\t\t\t<a class=\"elementor-post__thumbnail__link\" href=\"https:\/\/www.grupocatala.com\/de\/nos-vemos-en-fruitlogistica\/\" tabindex=\"-1\" ><div class=\"elementor-post__thumbnail\"><img loading=\"lazy\" decoding=\"async\" width=\"300\" height=\"140\" src=\"https:\/\/i0.wp.com\/www.grupocatala.com\/wp-content\/uploads\/2020\/04\/2.jpg?fit=300%2C140&amp;ssl=1\" class=\"attachment-medium size-medium wp-image-4781\" alt=\"\" srcset=\"https:\/\/i0.wp.com\/www.grupocatala.com\/wp-content\/uploads\/2020\/04\/2.jpg?w=1000&amp;ssl=1 1000w, https:\/\/i0.wp.com\/www.grupocatala.com\/wp-content\/uploads\/2020\/04\/2.jpg?resize=600%2C279&amp;ssl=1 600w, https:\/\/i0.wp.com\/www.grupocatala.com\/wp-content\/uploads\/2020\/04\/2.jpg?resize=300%2C140&amp;ssl=1 300w, https:\/\/i0.wp.com\/www.grupocatala.com\/wp-content\/uploads\/2020\/04\/2.jpg?resize=768%2C357&amp;ssl=1 768w\" sizes=\"(max-width: 300px) 100vw, 300px\" \/><\/div><\/a>\n\t\t\t\t<div class=\"elementor-post__badge\">Nachrichten<\/div>\n\t\t\t\t<div class=\"elementor-post__avatar\">\n\t\t\t\t\t<\/div>\n\t\t\t\t<div class=\"elementor-post__text\">\n\t\t\t\t<h3 class=\"elementor-post__title\">\n\t\t\t<a href=\"https:\/\/www.grupocatala.com\/de\/nos-vemos-en-fruitlogistica\/\" >\n\t\t\t\tWir sehen uns bei Fruitlog\u00edstica\t\t\t<\/a>\n\t\t<\/h3>\n\t\t\t\t<div class=\"elementor-post__excerpt\">\n\t\t\t<p>Nous serons ravis de vous recevoir en FRUIT LOGISTICA Wir befinden uns in Halle 10.2 Stand B07 c Wir k\u00f6nnen Sie \u00fcber unsere neuen Projekte informieren, die Entwicklung der letzten<\/p>\n\t\t<\/div>\n\t\t\t\t<\/div>\n\t\t\t\t\t<\/div>\n\t\t<\/article>\n\t\t\t\t<article class=\"elementor-post elementor-grid-item post-9777 post type-post status-publish format-standard has-post-thumbnail hentry category-nachrichten tag-brunilda-de tag-brunildafruit-de tag-grup-catala-de tag-grupcatala-de tag-grupocatala-de tag-gruppe-catala tag-marke tag-premium-de\" role=\"listitem\">\n\t\t\t<div class=\"elementor-post__card\">\n\t\t\t\t<a class=\"elementor-post__thumbnail__link\" href=\"https:\/\/www.grupocatala.com\/de\/brunilda-die-neue-premium-benchmark-marke\/\" tabindex=\"-1\" ><div class=\"elementor-post__thumbnail\"><img loading=\"lazy\" decoding=\"async\" width=\"300\" height=\"261\" src=\"https:\/\/i0.wp.com\/www.grupocatala.com\/wp-content\/uploads\/2021\/02\/LOGOBRUNILDAPNG.png?fit=300%2C261&amp;ssl=1\" class=\"attachment-medium size-medium wp-image-9692\" alt=\"\" srcset=\"https:\/\/i0.wp.com\/www.grupocatala.com\/wp-content\/uploads\/2021\/02\/LOGOBRUNILDAPNG.png?w=503&amp;ssl=1 503w, https:\/\/i0.wp.com\/www.grupocatala.com\/wp-content\/uploads\/2021\/02\/LOGOBRUNILDAPNG.png?resize=300%2C261&amp;ssl=1 300w\" sizes=\"(max-width: 300px) 100vw, 300px\" \/><\/div><\/a>\n\t\t\t\t<div class=\"elementor-post__badge\">Nachrichten<\/div>\n\t\t\t\t<div class=\"elementor-post__avatar\">\n\t\t\t\t\t<\/div>\n\t\t\t\t<div class=\"elementor-post__text\">\n\t\t\t\t<h3 class=\"elementor-post__title\">\n\t\t\t<a href=\"https:\/\/www.grupocatala.com\/de\/brunilda-die-neue-premium-benchmark-marke\/\" >\n\t\t\t\tBrunilda. Die neue Premium-Benchmark-Marke\t\t\t<\/a>\n\t\t<\/h3>\n\t\t\t\t<div class=\"elementor-post__excerpt\">\n\t\t\t<p>Sie k\u00f6nnen mich in meinem Haus www.brunildafruit.com im Detail kennen. &nbsp; WE MAKE OUR HANDS SO YOU CAN LIKE YOUR FINGERS. Es gibt Fr\u00fcchte und Fr\u00fcchte. Und dann gibt es<\/p>\n\t\t<\/div>\n\t\t\t\t<\/div>\n\t\t\t\t\t<\/div>\n\t\t<\/article>\n\t\t\t\t<article class=\"elementor-post elementor-grid-item post-9547 post type-post status-publish format-standard has-post-thumbnail hentry tag-anlage tag-catala-gruppe tag-eigenverbrauch tag-gross tag-grup-catala-de tag-grupcatala-de tag-lleida-de tag-nachhaltigkeit tag-portella-de tag-projekt tag-solar-de\" role=\"listitem\">\n\t\t\t<div class=\"elementor-post__card\">\n\t\t\t\t<a class=\"elementor-post__thumbnail__link\" href=\"https:\/\/www.grupocatala.com\/de\/projekt-zur-installation-der-groessten-solaren-eigenverbrauchsanlage-in-lleida-in-la-portella\/\" tabindex=\"-1\" ><div class=\"elementor-post__thumbnail\"><img loading=\"lazy\" decoding=\"async\" width=\"300\" height=\"200\" src=\"https:\/\/i0.wp.com\/www.grupocatala.com\/wp-content\/uploads\/2021\/02\/american-public-power-association-513dBrMJ_5w-unsplash-e1619089089932.jpg?fit=300%2C200&amp;ssl=1\" class=\"attachment-medium size-medium wp-image-9541\" alt=\"\" srcset=\"https:\/\/i0.wp.com\/www.grupocatala.com\/wp-content\/uploads\/2021\/02\/american-public-power-association-513dBrMJ_5w-unsplash-e1619089089932.jpg?w=650&amp;ssl=1 650w, https:\/\/i0.wp.com\/www.grupocatala.com\/wp-content\/uploads\/2021\/02\/american-public-power-association-513dBrMJ_5w-unsplash-e1619089089932.jpg?resize=600%2C399&amp;ssl=1 600w\" sizes=\"(max-width: 300px) 100vw, 300px\" \/><\/div><\/a>\n\t\t\t\t<div class=\"elementor-post__avatar\">\n\t\t\t\t\t<\/div>\n\t\t\t\t<div class=\"elementor-post__text\">\n\t\t\t\t<h3 class=\"elementor-post__title\">\n\t\t\t<a href=\"https:\/\/www.grupocatala.com\/de\/projekt-zur-installation-der-groessten-solaren-eigenverbrauchsanlage-in-lleida-in-la-portella\/\" >\n\t\t\t\tProjekt zur Installation der gr\u00f6\u00dften solaren Eigenverbrauchsanlage in Lleida in La Portella\t\t\t<\/a>\n\t\t<\/h3>\n\t\t\t\t<div class=\"elementor-post__excerpt\">\n\t\t\t<p>Diese Anlage mit 1.763,75 kWp wird 2.851 MWh pro Jahr sauberen Strom erzeugen. Dies ist ein Beitrag zur nachhaltigen Entwicklung unserer Gesellschaft in Bezug auf die Umwelt, dank der Einsparungen<\/p>\n\t\t<\/div>\n\t\t\t\t<\/div>\n\t\t\t\t\t<\/div>\n\t\t<\/article>\n\t\t\t\t<article class=\"elementor-post elementor-grid-item post-9458 post type-post status-publish format-standard has-post-thumbnail hentry category-nachrichten tag-catala-gruppe tag-effizienz tag-grup-catala-de tag-grupcatala-de tag-kosten tag-robotik\" role=\"listitem\">\n\t\t\t<div class=\"elementor-post__card\">\n\t\t\t\t<a class=\"elementor-post__thumbnail__link\" href=\"https:\/\/www.grupocatala.com\/de\/grupo-catala-eine-reise-in-richtung-effizienz\/\" tabindex=\"-1\" ><div class=\"elementor-post__thumbnail\"><img loading=\"lazy\" decoding=\"async\" width=\"300\" height=\"176\" src=\"https:\/\/i0.wp.com\/www.grupocatala.com\/wp-content\/uploads\/2021\/02\/grupo-catala.jpg?fit=300%2C176&amp;ssl=1\" class=\"attachment-medium size-medium wp-image-9441\" alt=\"\" srcset=\"https:\/\/i0.wp.com\/www.grupocatala.com\/wp-content\/uploads\/2021\/02\/grupo-catala.jpg?w=630&amp;ssl=1 630w, https:\/\/i0.wp.com\/www.grupocatala.com\/wp-content\/uploads\/2021\/02\/grupo-catala.jpg?resize=600%2C352&amp;ssl=1 600w, https:\/\/i0.wp.com\/www.grupocatala.com\/wp-content\/uploads\/2021\/02\/grupo-catala.jpg?resize=300%2C176&amp;ssl=1 300w\" sizes=\"(max-width: 300px) 100vw, 300px\" \/><\/div><\/a>\n\t\t\t\t<div class=\"elementor-post__badge\">Nachrichten<\/div>\n\t\t\t\t<div class=\"elementor-post__avatar\">\n\t\t\t\t\t<\/div>\n\t\t\t\t<div class=\"elementor-post__text\">\n\t\t\t\t<h3 class=\"elementor-post__title\">\n\t\t\t<a href=\"https:\/\/www.grupocatala.com\/de\/grupo-catala-eine-reise-in-richtung-effizienz\/\" >\n\t\t\t\tGrupo Catal\u00e0, eine Reise in Richtung Effizienz\t\t\t<\/a>\n\t\t<\/h3>\n\t\t\t\t<div class=\"elementor-post__excerpt\">\n\t\t\t<p>Grupo Catal\u00e0, einer der Hauptproduzenten und -vertreiber von Stein- und Pfeifenfr\u00fcchten, vertraute auf Robotics, einen Spezialisten f\u00fcr die Entwicklung und Implementierung von L\u00f6sungen f\u00fcr Zeitmanagement und Zugangskontrolle, um die Effizienz<\/p>\n\t\t<\/div>\n\t\t\t\t<\/div>\n\t\t\t\t\t<\/div>\n\t\t<\/article>\n\t\t\t\t<article class=\"elementor-post elementor-grid-item post-4795 post type-post status-publish format-standard has-post-thumbnail hentry category-nachrichten tag-75-de tag-anerkennung tag-catala-gruppe tag-grup-catala-de tag-grupcatala-de tag-grupocatala-de tag-lleida-de tag-preis tag-projektion tag-smes-de tag-zukunft\" role=\"listitem\">\n\t\t\t<div class=\"elementor-post__card\">\n\t\t\t\t<a class=\"elementor-post__thumbnail__link\" href=\"https:\/\/www.grupocatala.com\/de\/grupo-catala-entre-las-75-pymes-espanolas-con-mas-proyeccion-de-futuro\/\" tabindex=\"-1\" ><div class=\"elementor-post__thumbnail\"><img data-recalc-dims=\"1\" loading=\"lazy\" decoding=\"async\" width=\"300\" height=\"180\" src=\"https:\/\/i0.wp.com\/www.grupocatala.com\/wp-content\/uploads\/2016\/08\/Exchange-300x180.jpg?resize=300%2C180&#038;ssl=1\" class=\"attachment-medium size-medium wp-image-17369\" alt=\"\" srcset=\"https:\/\/www.grupocatala.com\/wp-content\/uploads\/2016\/08\/Exchange.avif 300w, https:\/\/www.grupocatala.com\/wp-content\/uploads\/2016\/08\/Exchange.avif 1024w, https:\/\/www.grupocatala.com\/wp-content\/uploads\/2016\/08\/Exchange.avif 768w, https:\/\/www.grupocatala.com\/wp-content\/uploads\/2016\/08\/Exchange.avif 1536w, https:\/\/www.grupocatala.com\/wp-content\/uploads\/2016\/08\/Exchange.avif 1900w\" sizes=\"(max-width: 300px) 100vw, 300px\" \/><\/div><\/a>\n\t\t\t\t<div class=\"elementor-post__badge\">Nachrichten<\/div>\n\t\t\t\t<div class=\"elementor-post__avatar\">\n\t\t\t\t\t<\/div>\n\t\t\t\t<div class=\"elementor-post__text\">\n\t\t\t\t<h3 class=\"elementor-post__title\">\n\t\t\t<a href=\"https:\/\/www.grupocatala.com\/de\/grupo-catala-entre-las-75-pymes-espanolas-con-mas-proyeccion-de-futuro\/\" >\n\t\t\t\tGrupo Catal\u00e0 unter den 75 spanischen KMU mit der zukunftsweisendsten Prognose\t\t\t<\/a>\n\t\t<\/h3>\n\t\t\t\t<div class=\"elementor-post__excerpt\">\n\t\t\t<p>Ein globaler Anbieter von Daten und Infrastruktur f\u00fcr die Finanzm\u00e4rkte mit Sitz in London, England, hat einen Bericht erstellt, in dem die 1.000 &#8220;inspirierendsten&#8221; europ\u00e4ischen kleinen und mittleren Unternehmen hervorgehoben<\/p>\n\t\t<\/div>\n\t\t\t\t<\/div>\n\t\t\t\t\t<\/div>\n\t\t<\/article>\n\t\t\t\t<article class=\"elementor-post elementor-grid-item post-4810 post type-post status-publish format-standard has-post-thumbnail hentry category-nachrichten tag-anerkennung tag-auszeichnung tag-catala-gruppe tag-groupcatala-de tag-grup-catala-de tag-grupcatala-de tag-kmu tag-lleida-de tag-london-de tag-screening-de\" role=\"listitem\">\n\t\t\t<div class=\"elementor-post__card\">\n\t\t\t\t<a class=\"elementor-post__thumbnail__link\" href=\"https:\/\/www.grupocatala.com\/de\/londres-premia-una-pyme-de-lleida-entre-mil-de-europa\/\" tabindex=\"-1\" ><div class=\"elementor-post__thumbnail\"><img loading=\"lazy\" decoding=\"async\" width=\"300\" height=\"202\" src=\"https:\/\/i0.wp.com\/www.grupocatala.com\/wp-content\/uploads\/2020\/04\/Premio_bolsa_de_Londres1.jpg?fit=300%2C202&amp;ssl=1\" class=\"attachment-medium size-medium wp-image-4811\" alt=\"\" srcset=\"https:\/\/i0.wp.com\/www.grupocatala.com\/wp-content\/uploads\/2020\/04\/Premio_bolsa_de_Londres1.jpg?w=1000&amp;ssl=1 1000w, https:\/\/i0.wp.com\/www.grupocatala.com\/wp-content\/uploads\/2020\/04\/Premio_bolsa_de_Londres1.jpg?resize=600%2C404&amp;ssl=1 600w, https:\/\/i0.wp.com\/www.grupocatala.com\/wp-content\/uploads\/2020\/04\/Premio_bolsa_de_Londres1.jpg?resize=300%2C202&amp;ssl=1 300w, https:\/\/i0.wp.com\/www.grupocatala.com\/wp-content\/uploads\/2020\/04\/Premio_bolsa_de_Londres1.jpg?resize=768%2C517&amp;ssl=1 768w\" sizes=\"(max-width: 300px) 100vw, 300px\" \/><\/div><\/a>\n\t\t\t\t<div class=\"elementor-post__badge\">Nachrichten<\/div>\n\t\t\t\t<div class=\"elementor-post__avatar\">\n\t\t\t\t\t<\/div>\n\t\t\t\t<div class=\"elementor-post__text\">\n\t\t\t\t<h3 class=\"elementor-post__title\">\n\t\t\t<a href=\"https:\/\/www.grupocatala.com\/de\/londres-premia-una-pyme-de-lleida-entre-mil-de-europa\/\" >\n\t\t\t\tLondon belohnt ein KMU aus Lleida unter tausend in Europa\t\t\t<\/a>\n\t\t<\/h3>\n\t\t\t\t<div class=\"elementor-post__excerpt\">\n\t\t\t<p>Die Londoner B\u00f6rse hat die katalanische KMU-Grupo Catal\u00e0 unter den 1.000 inspirierendsten in Europa ausgew\u00e4hlt. Das Unternehmen ist Teil einer Liste, die die kleinen und mittleren Unternehmen umfasst, die &#8220;ein<\/p>\n\t\t<\/div>\n\t\t\t\t<\/div>\n\t\t\t\t\t<\/div>\n\t\t<\/article>\n\t\t\t\t<article class=\"elementor-post elementor-grid-item post-9662 post type-post status-publish format-standard has-post-thumbnail hentry category-nachrichten tag-abrechnung tag-catafruit-de tag-catala-gruppe tag-einkaeufe tag-grup-catala-de tag-grupcatala-de tag-integrierter-lieferant tag-lleida-de tag-mercadona-de tag-obst\" role=\"listitem\">\n\t\t\t<div class=\"elementor-post__card\">\n\t\t\t\t<a class=\"elementor-post__thumbnail__link\" href=\"https:\/\/www.grupocatala.com\/de\/mercadona-kaufte-2014-fuer-171-millionen-in-lleida-ein\/\" tabindex=\"-1\" ><div class=\"elementor-post__thumbnail\"><img loading=\"lazy\" decoding=\"async\" width=\"300\" height=\"200\" src=\"https:\/\/i0.wp.com\/www.grupocatala.com\/wp-content\/uploads\/2021\/02\/wL7pwimB78Q-e1619089112383.jpg?fit=300%2C200&amp;ssl=1\" class=\"attachment-medium size-medium wp-image-9653\" alt=\"\" srcset=\"https:\/\/i0.wp.com\/www.grupocatala.com\/wp-content\/uploads\/2021\/02\/wL7pwimB78Q-e1619089112383.jpg?w=650&amp;ssl=1 650w, https:\/\/i0.wp.com\/www.grupocatala.com\/wp-content\/uploads\/2021\/02\/wL7pwimB78Q-e1619089112383.jpg?resize=600%2C400&amp;ssl=1 600w\" sizes=\"(max-width: 300px) 100vw, 300px\" \/><\/div><\/a>\n\t\t\t\t<div class=\"elementor-post__badge\">Nachrichten<\/div>\n\t\t\t\t<div class=\"elementor-post__avatar\">\n\t\t\t\t\t<\/div>\n\t\t\t\t<div class=\"elementor-post__text\">\n\t\t\t\t<h3 class=\"elementor-post__title\">\n\t\t\t<a href=\"https:\/\/www.grupocatala.com\/de\/mercadona-kaufte-2014-fuer-171-millionen-in-lleida-ein\/\" >\n\t\t\t\tMercadona kaufte 2014 f\u00fcr 171 Millionen in Lleida ein\t\t\t<\/a>\n\t\t<\/h3>\n\t\t\t\t<div class=\"elementor-post__excerpt\">\n\t\t\t<p>Mercadona hat f\u00fcr 171 Millionen Euro bei Lleida-Zulieferern oder Lleida-Zulieferern gekauft, wodurch es mehr als 69 Millionen Kilogramm Obst von Unternehmen wie Grupo Catal\u00e0 auf den Markt gebracht werden konnte.<\/p>\n\t\t<\/div>\n\t\t\t\t<\/div>\n\t\t\t\t\t<\/div>\n\t\t<\/article>\n\t\t\t\t<article class=\"elementor-post elementor-grid-item post-9988 post type-post status-publish format-standard has-post-thumbnail hentry category-nachrichten tag-bassella-de tag-benimoto-de tag-br1-de tag-catala-gruppe tag-dankbarkeit tag-enduro-de tag-grup-catala-de tag-grupcatala-de tag-grupocatala-de tag-husqvarna-de tag-ktm-de tag-motor-de tag-obst tag-offroad tag-pascuet-de tag-sponsoren tag-sport-de tag-stiftung tag-zusammenarbeit\" role=\"listitem\">\n\t\t\t<div class=\"elementor-post__card\">\n\t\t\t\t<a class=\"elementor-post__thumbnail__link\" href=\"https:\/\/www.grupocatala.com\/de\/die-grupo-catala-sponsert-das-enduro-team\/\" tabindex=\"-1\" ><div class=\"elementor-post__thumbnail\"><img loading=\"lazy\" decoding=\"async\" width=\"300\" height=\"146\" src=\"https:\/\/i0.wp.com\/www.grupocatala.com\/wp-content\/uploads\/2021\/02\/2021-02-16-11_48_51-2021-02-16-11_45_27-IMG_8718.JPG-IrfanView-Zoom_-852-x-639.png-IrfanView.png?fit=300%2C146&amp;ssl=1\" class=\"attachment-medium size-medium wp-image-9984\" alt=\"\" srcset=\"https:\/\/i0.wp.com\/www.grupocatala.com\/wp-content\/uploads\/2021\/02\/2021-02-16-11_48_51-2021-02-16-11_45_27-IMG_8718.JPG-IrfanView-Zoom_-852-x-639.png-IrfanView.png?w=591&amp;ssl=1 591w, https:\/\/i0.wp.com\/www.grupocatala.com\/wp-content\/uploads\/2021\/02\/2021-02-16-11_48_51-2021-02-16-11_45_27-IMG_8718.JPG-IrfanView-Zoom_-852-x-639.png-IrfanView.png?resize=530%2C258&amp;ssl=1 530w, https:\/\/i0.wp.com\/www.grupocatala.com\/wp-content\/uploads\/2021\/02\/2021-02-16-11_48_51-2021-02-16-11_45_27-IMG_8718.JPG-IrfanView-Zoom_-852-x-639.png-IrfanView.png?resize=300%2C146&amp;ssl=1 300w\" sizes=\"(max-width: 300px) 100vw, 300px\" \/><\/div><\/a>\n\t\t\t\t<div class=\"elementor-post__badge\">Nachrichten<\/div>\n\t\t\t\t<div class=\"elementor-post__avatar\">\n\t\t\t\t\t<\/div>\n\t\t\t\t<div class=\"elementor-post__text\">\n\t\t\t\t<h3 class=\"elementor-post__title\">\n\t\t\t<a href=\"https:\/\/www.grupocatala.com\/de\/die-grupo-catala-sponsert-das-enduro-team\/\" >\n\t\t\t\tDie Grupo Catal\u00e0 sponsert das Enduro-Team\t\t\t<\/a>\n\t\t<\/h3>\n\t\t\t\t<div class=\"elementor-post__excerpt\">\n\t\t\t<p>Von der Grupo Catal\u00e0 aus betreten wir die Welt des Motors, insbesondere der Motorradindustrie, ihrer Geschichte, der Motorr\u00e4der und insbesondere all jener Pioniere, die die Grundlage einer der brillantesten Industrien<\/p>\n\t\t<\/div>\n\t\t\t\t<\/div>\n\t\t\t\t\t<\/div>\n\t\t<\/article>\n\t\t\t\t<article class=\"elementor-post elementor-grid-item post-10084 post type-post status-publish format-standard has-post-thumbnail hentry category-nachrichten tag-afrucat-de tag-banccatala-de tag-buch tag-gruppe-catala tag-obst tag-sind-catala-de tag-zusammenarbeit\" role=\"listitem\">\n\t\t\t<div class=\"elementor-post__card\">\n\t\t\t\t<a class=\"elementor-post__thumbnail__link\" href=\"https:\/\/www.grupocatala.com\/de\/veroeffentlichung-des-buches-la-fruta\/\" tabindex=\"-1\" ><div class=\"elementor-post__thumbnail\"><img loading=\"lazy\" decoding=\"async\" width=\"229\" height=\"235\" src=\"https:\/\/i0.wp.com\/www.grupocatala.com\/wp-content\/uploads\/2021\/02\/9788499752815.jpg?fit=229%2C235&amp;ssl=1\" class=\"attachment-medium size-medium wp-image-10075\" alt=\"\" \/><\/div><\/a>\n\t\t\t\t<div class=\"elementor-post__badge\">Nachrichten<\/div>\n\t\t\t\t<div class=\"elementor-post__avatar\">\n\t\t\t\t\t<\/div>\n\t\t\t\t<div class=\"elementor-post__text\">\n\t\t\t\t<h3 class=\"elementor-post__title\">\n\t\t\t<a href=\"https:\/\/www.grupocatala.com\/de\/veroeffentlichung-des-buches-la-fruta\/\" >\n\t\t\t\tVer\u00f6ffentlichung des Buches: La Fruta\t\t\t<\/a>\n\t\t<\/h3>\n\t\t\t\t<div class=\"elementor-post__excerpt\">\n\t\t\t<p>Dieses Buch enth\u00e4lt die Informationen, die als relevanteste angesehen wurden, mit dem Ziel, die Frucht an ihre Kinder durch ihre eigene Familie zu bringen. Die Publikation, die Sie in Ihren<\/p>\n\t\t<\/div>\n\t\t\t\t<\/div>\n\t\t\t\t\t<\/div>\n\t\t<\/article>\n\t\t\t\t<article class=\"elementor-post elementor-grid-item post-9495 post type-post status-publish format-standard has-post-thumbnail hentry category-nachrichten tag-catala-gruppe tag-grup-catala-de tag-grupcatala-de tag-kinder tag-obst tag-pagesos-de tag-segria-de tag-spende tag-verbunden tag-verteilen\" role=\"listitem\">\n\t\t\t<div class=\"elementor-post__card\">\n\t\t\t\t<a class=\"elementor-post__thumbnail__link\" href=\"https:\/\/www.grupocatala.com\/de\/kampagne-zur-verteilung-von-obst-an-5-000-kinder\/\" tabindex=\"-1\" ><div class=\"elementor-post__thumbnail\"><img loading=\"lazy\" decoding=\"async\" width=\"300\" height=\"200\" src=\"https:\/\/i0.wp.com\/www.grupocatala.com\/wp-content\/uploads\/2021\/02\/6EY63O50ocs-e1619089141346.jpg?fit=300%2C200&amp;ssl=1\" class=\"attachment-medium size-medium wp-image-9468\" alt=\"\" srcset=\"https:\/\/i0.wp.com\/www.grupocatala.com\/wp-content\/uploads\/2021\/02\/6EY63O50ocs-e1619089141346.jpg?w=650&amp;ssl=1 650w, https:\/\/i0.wp.com\/www.grupocatala.com\/wp-content\/uploads\/2021\/02\/6EY63O50ocs-e1619089141346.jpg?resize=600%2C400&amp;ssl=1 600w\" sizes=\"(max-width: 300px) 100vw, 300px\" \/><\/div><\/a>\n\t\t\t\t<div class=\"elementor-post__badge\">Nachrichten<\/div>\n\t\t\t\t<div class=\"elementor-post__avatar\">\n\t\t\t\t\t<\/div>\n\t\t\t\t<div class=\"elementor-post__text\">\n\t\t\t\t<h3 class=\"elementor-post__title\">\n\t\t\t<a href=\"https:\/\/www.grupocatala.com\/de\/kampagne-zur-verteilung-von-obst-an-5-000-kinder\/\" >\n\t\t\t\tKampagne zur Verteilung von Obst an 5.000 Kinder\t\t\t<\/a>\n\t\t<\/h3>\n\t\t\t\t<div class=\"elementor-post__excerpt\">\n\t\t\t<p>Die Uni\u00f3 de Pagesos vertreibt Obst an 5.000 Kinder in Segri\u00e0 (Lleida) Die Agrarorganisation Uni\u00f3 de Pagesos organisiert am 26. September im Pavillon Barris Nord in Lleida eine gro\u00dfartige Verkostung<\/p>\n\t\t<\/div>\n\t\t\t\t<\/div>\n\t\t\t\t\t<\/div>\n\t\t<\/article>\n\t\t\t\t<article class=\"elementor-post elementor-grid-item post-9644 post type-post status-publish format-standard has-post-thumbnail hentry category-nachrichten tag-catafruit-de tag-compras-de tag-extremadura-de tag-facturacion-de tag-fruta-de tag-grup-catala-de tag-grupcatala-de tag-grupo-catala-de tag-grupocatala-de tag-interproveedor-de tag-mercadona-de\" role=\"listitem\">\n\t\t\t<div class=\"elementor-post__card\">\n\t\t\t\t<a class=\"elementor-post__thumbnail__link\" href=\"https:\/\/www.grupocatala.com\/de\/mercadonas-lieferanten-aus-extremadura\/\" tabindex=\"-1\" ><div class=\"elementor-post__thumbnail\"><img loading=\"lazy\" decoding=\"async\" width=\"300\" height=\"190\" src=\"https:\/\/i0.wp.com\/www.grupocatala.com\/wp-content\/uploads\/2021\/02\/630882_1.jpg?fit=300%2C190&amp;ssl=1\" class=\"attachment-medium size-medium wp-image-9635\" alt=\"\" srcset=\"https:\/\/i0.wp.com\/www.grupocatala.com\/wp-content\/uploads\/2021\/02\/630882_1.jpg?w=325&amp;ssl=1 325w, https:\/\/i0.wp.com\/www.grupocatala.com\/wp-content\/uploads\/2021\/02\/630882_1.jpg?resize=300%2C190&amp;ssl=1 300w\" sizes=\"(max-width: 300px) 100vw, 300px\" \/><\/div><\/a>\n\t\t\t\t<div class=\"elementor-post__badge\">Nachrichten<\/div>\n\t\t\t\t<div class=\"elementor-post__avatar\">\n\t\t\t\t\t<\/div>\n\t\t\t\t<div class=\"elementor-post__text\">\n\t\t\t\t<h3 class=\"elementor-post__title\">\n\t\t\t<a href=\"https:\/\/www.grupocatala.com\/de\/mercadonas-lieferanten-aus-extremadura\/\" >\n\t\t\t\tMercadonas Lieferanten aus Extremadura\t\t\t<\/a>\n\t\t<\/h3>\n\t\t\t\t<div class=\"elementor-post__excerpt\">\n\t\t\t<p>Die Investitionen der Mercadona-Lieferanten in der Region \u00fcbersteigen 125 Millionen Euro Huevos Guill\u00e9n, Ultracongelados Virto, El Cidacos und Grupo Catal\u00e0 mit ihrem Unternehmen Catafruit 750 Mitarbeiter und planen dieses Jahr<\/p>\n\t\t<\/div>\n\t\t\t\t<\/div>\n\t\t\t\t\t<\/div>\n\t\t<\/article>\n\t\t\t\t<article class=\"elementor-post elementor-grid-item post-9945 post type-post status-publish format-standard has-post-thumbnail hentry category-nachrichten tag-anerkennung tag-arbeit tag-catala-gruppe tag-forschung tag-grup-catala-de tag-grupcatala-de tag-high-school-de tag-obst tag-stolz tag-tdr-de tag-zusammenarbeit\" role=\"listitem\">\n\t\t\t<div class=\"elementor-post__card\">\n\t\t\t\t<a class=\"elementor-post__thumbnail__link\" href=\"https:\/\/www.grupocatala.com\/de\/tdr-der-druck-einer-grossartigen-familie\/\" tabindex=\"-1\" ><div class=\"elementor-post__thumbnail\"><img loading=\"lazy\" decoding=\"async\" width=\"214\" height=\"300\" src=\"https:\/\/i0.wp.com\/www.grupocatala.com\/wp-content\/uploads\/2021\/02\/2021-02-15-10_45_42-Window.png?fit=214%2C300&amp;ssl=1\" class=\"attachment-medium size-medium wp-image-9920\" alt=\"\" srcset=\"https:\/\/i0.wp.com\/www.grupocatala.com\/wp-content\/uploads\/2021\/02\/2021-02-15-10_45_42-Window.png?w=600&amp;ssl=1 600w, https:\/\/i0.wp.com\/www.grupocatala.com\/wp-content\/uploads\/2021\/02\/2021-02-15-10_45_42-Window.png?resize=214%2C300&amp;ssl=1 214w\" sizes=\"(max-width: 214px) 100vw, 214px\" \/><\/div><\/a>\n\t\t\t\t<div class=\"elementor-post__badge\">Nachrichten<\/div>\n\t\t\t\t<div class=\"elementor-post__avatar\">\n\t\t\t\t\t<\/div>\n\t\t\t\t<div class=\"elementor-post__text\">\n\t\t\t\t<h3 class=\"elementor-post__title\">\n\t\t\t<a href=\"https:\/\/www.grupocatala.com\/de\/tdr-der-druck-einer-grossartigen-familie\/\" >\n\t\t\t\tTdR: Der Druck einer gro\u00dfartigen Familie\t\t\t<\/a>\n\t\t<\/h3>\n\t\t\t\t<div class=\"elementor-post__excerpt\">\n\t\t\t<p>Ich bin stolz darauf, das Forschungsprojekt des 2. Schuljahres am 15. Dezember 2011 vorstellen zu k\u00f6nnen, das f\u00fcr unser Unternehmen und unsere Familie durchgef\u00fchrt wurde. Joan Folguera Argelich demonstrierte organisatorische<\/p>\n\t\t<\/div>\n\t\t\t\t<\/div>\n\t\t\t\t\t<\/div>\n\t\t<\/article>\n\t\t\t\t<article class=\"elementor-post elementor-grid-item post-9968 post type-post status-publish format-standard has-post-thumbnail hentry category-nachrichten tag-albesa-de tag-apfelbaeume tag-aragon-de tag-badajoz-de tag-birnenbaeume tag-castello-de-farfanya-de tag-catala-gruppe tag-des-de-balaguer tag-don-benito-de tag-erwirbt tag-euro tag-expansion-de tag-extremadura-de tag-fraga-de tag-gerb-de tag-gruppe tag-haupt tag-hektar tag-investitionen tag-jm-de tag-katafrucht tag-katalagruppe tag-kauf tag-kirschbaeume tag-lleida-de tag-los-frutales-de tag-millionen tag-obst tag-pflaumen tag-quitten-und-pfirsichbaeume tag-seros-de tag-staat tag-torrelameu-de tag-vermoegenswerte\" role=\"listitem\">\n\t\t\t<div class=\"elementor-post__card\">\n\t\t\t\t<a class=\"elementor-post__thumbnail__link\" href=\"https:\/\/www.grupocatala.com\/de\/die-grupo-catala-kauft-das-vermoegen-der-alicante-firma-jm-los-frutales\/\" tabindex=\"-1\" ><div class=\"elementor-post__thumbnail\"><img loading=\"lazy\" decoding=\"async\" width=\"300\" height=\"169\" src=\"https:\/\/i0.wp.com\/www.grupocatala.com\/wp-content\/uploads\/2021\/02\/DJI_0026-e1619089203859.jpg?fit=300%2C169&amp;ssl=1\" class=\"attachment-medium size-medium wp-image-9954\" alt=\"\" srcset=\"https:\/\/i0.wp.com\/www.grupocatala.com\/wp-content\/uploads\/2021\/02\/DJI_0026-e1619089203859.jpg?w=650&amp;ssl=1 650w, https:\/\/i0.wp.com\/www.grupocatala.com\/wp-content\/uploads\/2021\/02\/DJI_0026-e1619089203859.jpg?resize=600%2C338&amp;ssl=1 600w\" sizes=\"(max-width: 300px) 100vw, 300px\" \/><\/div><\/a>\n\t\t\t\t<div class=\"elementor-post__badge\">Nachrichten<\/div>\n\t\t\t\t<div class=\"elementor-post__avatar\">\n\t\t\t\t\t<\/div>\n\t\t\t\t<div class=\"elementor-post__text\">\n\t\t\t\t<h3 class=\"elementor-post__title\">\n\t\t\t<a href=\"https:\/\/www.grupocatala.com\/de\/die-grupo-catala-kauft-das-vermoegen-der-alicante-firma-jm-los-frutales\/\" >\n\t\t\t\tDie Grupo Catal\u00e0 kauft das Verm\u00f6gen der Alicante-Firma JM Los Frutales\t\t\t<\/a>\n\t\t<\/h3>\n\t\t\t\t<div class=\"elementor-post__excerpt\">\n\t\t\t<p>Das Unternehmen La Portella verf\u00fcgt somit \u00fcber eine neue Anlage und 600 Hektar Obstb\u00e4ume, zus\u00e4tzlich hatte es bereits landwirtschaftliche Betriebe in Aragon und Extremadura. Die Catal\u00e0 Group aus La Portella<\/p>\n\t\t<\/div>\n\t\t\t\t<\/div>\n\t\t\t\t\t<\/div>\n\t\t<\/article>\n\t\t\t\t<article class=\"elementor-post elementor-grid-item post-9722 post type-post status-publish format-standard has-post-thumbnail hentry category-nachrichten tag-basketball-de tag-catala-gruppe tag-grup-catala-de tag-grupcatala-de tag-lleida-de tag-obst tag-pere-de tag-sant-de tag-seca-de tag-sponsor-de tag-sport-de\" role=\"listitem\">\n\t\t\t<div class=\"elementor-post__card\">\n\t\t\t\t<a class=\"elementor-post__thumbnail__link\" href=\"https:\/\/www.grupocatala.com\/de\/grupo-catala-sponsor-club-basquet-seca-sant-pere\/\" tabindex=\"-1\" ><div class=\"elementor-post__thumbnail\"><img loading=\"lazy\" decoding=\"async\" width=\"153\" height=\"180\" src=\"https:\/\/i0.wp.com\/www.grupocatala.com\/wp-content\/uploads\/2021\/02\/4NxkOr3trnqZMRIe.jpg?fit=153%2C180&amp;ssl=1\" class=\"attachment-medium size-medium wp-image-9703\" alt=\"\" \/><\/div><\/a>\n\t\t\t\t<div class=\"elementor-post__badge\">Nachrichten<\/div>\n\t\t\t\t<div class=\"elementor-post__avatar\">\n\t\t\t\t\t<\/div>\n\t\t\t\t<div class=\"elementor-post__text\">\n\t\t\t\t<h3 class=\"elementor-post__title\">\n\t\t\t<a href=\"https:\/\/www.grupocatala.com\/de\/grupo-catala-sponsor-club-basquet-seca-sant-pere\/\" >\n\t\t\t\tGrupo Catal\u00e0 Sponsor Club Basquet Sec\u00e0 Sant Pere\t\t\t<\/a>\n\t\t<\/h3>\n\t\t\t\t<div class=\"elementor-post__excerpt\">\n\t\t\t<p>Die B. Sec\u00e0 Sant-Pere Lleida ist die Frucht der Vereinigung von mehreren Willen, der Illusionen der gro\u00dfen Mehrheit der Basketballfans. Es gibt ein erneutes Gef\u00fchl, das wir voraussichtlich mit einem<\/p>\n\t\t<\/div>\n\t\t\t\t<\/div>\n\t\t\t\t\t<\/div>\n\t\t<\/article>\n\t\t\t\t<article class=\"elementor-post elementor-grid-item post-9532 post type-post status-publish format-standard has-post-thumbnail hentry category-nachrichten tag-catafruit-de tag-catala-gruppe tag-einkaeufe tag-grup-catala-de tag-grupcatala-de tag-integrierter-lieferant tag-lleida-de tag-mercadona-de tag-obst tag-rechnungsstellung\" role=\"listitem\">\n\t\t\t<div class=\"elementor-post__card\">\n\t\t\t\t<a class=\"elementor-post__thumbnail__link\" href=\"https:\/\/www.grupocatala.com\/de\/grupo-catala-lieferant-von-mercadona\/\" tabindex=\"-1\" ><div class=\"elementor-post__thumbnail\"><img loading=\"lazy\" decoding=\"async\" width=\"300\" height=\"225\" src=\"https:\/\/i0.wp.com\/www.grupocatala.com\/wp-content\/uploads\/2021\/02\/gemma-stpjHJGqZyw-unsplash-scaled.jpg?fit=300%2C225&amp;ssl=1\" class=\"attachment-medium size-medium wp-image-9522\" alt=\"\" srcset=\"https:\/\/i0.wp.com\/www.grupocatala.com\/wp-content\/uploads\/2021\/02\/gemma-stpjHJGqZyw-unsplash-scaled.jpg?w=2560&amp;ssl=1 2560w, https:\/\/i0.wp.com\/www.grupocatala.com\/wp-content\/uploads\/2021\/02\/gemma-stpjHJGqZyw-unsplash-scaled.jpg?resize=600%2C450&amp;ssl=1 600w, https:\/\/i0.wp.com\/www.grupocatala.com\/wp-content\/uploads\/2021\/02\/gemma-stpjHJGqZyw-unsplash-scaled.jpg?resize=300%2C225&amp;ssl=1 300w, https:\/\/i0.wp.com\/www.grupocatala.com\/wp-content\/uploads\/2021\/02\/gemma-stpjHJGqZyw-unsplash-scaled.jpg?resize=1024%2C768&amp;ssl=1 1024w, https:\/\/i0.wp.com\/www.grupocatala.com\/wp-content\/uploads\/2021\/02\/gemma-stpjHJGqZyw-unsplash-scaled.jpg?resize=768%2C576&amp;ssl=1 768w, https:\/\/i0.wp.com\/www.grupocatala.com\/wp-content\/uploads\/2021\/02\/gemma-stpjHJGqZyw-unsplash-scaled.jpg?resize=1536%2C1152&amp;ssl=1 1536w, https:\/\/i0.wp.com\/www.grupocatala.com\/wp-content\/uploads\/2021\/02\/gemma-stpjHJGqZyw-unsplash-scaled.jpg?resize=2048%2C1536&amp;ssl=1 2048w, https:\/\/i0.wp.com\/www.grupocatala.com\/wp-content\/uploads\/2021\/02\/gemma-stpjHJGqZyw-unsplash-scaled.jpg?w=2400&amp;ssl=1 2400w\" sizes=\"(max-width: 300px) 100vw, 300px\" \/><\/div><\/a>\n\t\t\t\t<div class=\"elementor-post__badge\">Nachrichten<\/div>\n\t\t\t\t<div class=\"elementor-post__avatar\">\n\t\t\t\t\t<\/div>\n\t\t\t\t<div class=\"elementor-post__text\">\n\t\t\t\t<h3 class=\"elementor-post__title\">\n\t\t\t<a href=\"https:\/\/www.grupocatala.com\/de\/grupo-catala-lieferant-von-mercadona\/\" >\n\t\t\t\tGrupo Catal\u00e0 Lieferant von Mercadona\t\t\t<\/a>\n\t\t<\/h3>\n\t\t\t\t<div class=\"elementor-post__excerpt\">\n\t\t\t<p>In Katalonien gibt es dreizehn Unternehmen, die die exklusiven Marken der gr\u00f6\u00dften spanischen Supermarktkette mit Investitionen von mehr als 65 Millionen im Jahr 2008 produzieren. Die integrierten Lieferanten, die die<\/p>\n\t\t<\/div>\n\t\t\t\t<\/div>\n\t\t\t\t\t<\/div>\n\t\t<\/article>\n\t\t\t\t<\/div>\n\t\t\n\t\t\t\t\t\t<\/div>\n\t\t\t\t<\/div>\n\t\t\t\t\t<\/div>\n\t\t<\/div>\n\t\t\t\t\t<\/div>\n\t\t<\/section>\n\t\t\t\t<section class=\"elementor-section elementor-top-section elementor-element elementor-element-0e3785c elementor-section-boxed elementor-section-height-default elementor-section-height-default\" data-id=\"0e3785c\" data-element_type=\"section\" data-e-type=\"section\" data-settings=\"{&quot;background_background&quot;:&quot;classic&quot;}\">\n\t\t\t\t\t\t<div class=\"elementor-container elementor-column-gap-default\">\n\t\t\t\t\t<div class=\"elementor-column elementor-col-100 elementor-top-column elementor-element elementor-element-64617db\" data-id=\"64617db\" data-element_type=\"column\" data-e-type=\"column\">\n\t\t\t<div class=\"elementor-widget-wrap elementor-element-populated\">\n\t\t\t\t\t\t<div class=\"elementor-element elementor-element-097198c elementor-widget elementor-widget-spacer\" data-id=\"097198c\" data-element_type=\"widget\" data-e-type=\"widget\" data-widget_type=\"spacer.default\">\n\t\t\t\t<div class=\"elementor-widget-container\">\n\t\t\t\t\t\t\t<div class=\"elementor-spacer\">\n\t\t\t<div class=\"elementor-spacer-inner\"><\/div>\n\t\t<\/div>\n\t\t\t\t\t\t<\/div>\n\t\t\t\t<\/div>\n\t\t\t\t\t<\/div>\n\t\t<\/div>\n\t\t\t\t\t<\/div>\n\t\t<\/section>\n\t\t\t\t<\/div>\n\t\t","protected":false},"excerpt":{"rendered":"<p>Nachrichten<\/p>\n","protected":false},"author":1,"featured_media":0,"parent":0,"menu_order":0,"comment_status":"closed","ping_status":"closed","template":"elementor_header_footer","meta":{"footnotes":""},"class_list":["post-4767","page","type-page","status-publish","hentry"],"yoast_head":"<!-- This site is optimized with the Yoast SEO plugin v27.5 - https:\/\/yoast.com\/product\/yoast-seo-wordpress\/ -->\n<title>Nachrichten<\/title>\n<meta name=\"description\" content=\"Nachrichten\" \/>\n<meta name=\"robots\" content=\"index, follow, max-snippet:-1, max-image-preview:large, max-video-preview:-1\" \/>\n<link rel=\"canonical\" href=\"https:\/\/www.grupocatala.com\/de\/nachrichten\/\" \/>\n<meta property=\"og:locale\" content=\"de_DE\" \/>\n<meta property=\"og:type\" content=\"article\" \/>\n<meta property=\"og:title\" content=\"Nachrichten\" \/>\n<meta property=\"og:description\" content=\"Nachrichten\" \/>\n<meta property=\"og:url\" content=\"https:\/\/www.grupocatala.com\/de\/nachrichten\/\" \/>\n<meta property=\"og:site_name\" content=\"GRUPO CATAL\u00c0\" \/>\n<meta property=\"article:modified_time\" content=\"2023-10-27T09:08:46+00:00\" \/>\n<meta name=\"twitter:card\" content=\"summary_large_image\" \/>\n<script type=\"application\/ld+json\" class=\"yoast-schema-graph\">{\"@context\":\"https:\\\/\\\/schema.org\",\"@graph\":[{\"@type\":\"WebPage\",\"@id\":\"https:\\\/\\\/www.grupocatala.com\\\/de\\\/nachrichten\\\/\",\"url\":\"https:\\\/\\\/www.grupocatala.com\\\/de\\\/nachrichten\\\/\",\"name\":\"Nachrichten\",\"isPartOf\":{\"@id\":\"https:\\\/\\\/www.grupocatala.com\\\/de\\\/#website\"},\"datePublished\":\"2020-03-25T08:19:40+00:00\",\"dateModified\":\"2023-10-27T09:08:46+00:00\",\"description\":\"Nachrichten\",\"breadcrumb\":{\"@id\":\"https:\\\/\\\/www.grupocatala.com\\\/de\\\/nachrichten\\\/#breadcrumb\"},\"inLanguage\":\"de-DE\",\"potentialAction\":[{\"@type\":\"ReadAction\",\"target\":[\"https:\\\/\\\/www.grupocatala.com\\\/de\\\/nachrichten\\\/\"]}]},{\"@type\":\"BreadcrumbList\",\"@id\":\"https:\\\/\\\/www.grupocatala.com\\\/de\\\/nachrichten\\\/#breadcrumb\",\"itemListElement\":[{\"@type\":\"ListItem\",\"position\":1,\"name\":\"Portada\",\"item\":\"https:\\\/\\\/www.grupocatala.com\\\/de\\\/\"},{\"@type\":\"ListItem\",\"position\":2,\"name\":\"Nachrichten\"}]},{\"@type\":\"WebSite\",\"@id\":\"https:\\\/\\\/www.grupocatala.com\\\/de\\\/#website\",\"url\":\"https:\\\/\\\/www.grupocatala.com\\\/de\\\/\",\"name\":\"GRUPO CATAL\u00c0\",\"description\":\"\",\"publisher\":{\"@id\":\"https:\\\/\\\/www.grupocatala.com\\\/de\\\/#organization\"},\"potentialAction\":[{\"@type\":\"SearchAction\",\"target\":{\"@type\":\"EntryPoint\",\"urlTemplate\":\"https:\\\/\\\/www.grupocatala.com\\\/de\\\/?s={search_term_string}\"},\"query-input\":{\"@type\":\"PropertyValueSpecification\",\"valueRequired\":true,\"valueName\":\"search_term_string\"}}],\"inLanguage\":\"de-DE\"},{\"@type\":\"Organization\",\"@id\":\"https:\\\/\\\/www.grupocatala.com\\\/de\\\/#organization\",\"name\":\"Grupo Catala\",\"url\":\"https:\\\/\\\/www.grupocatala.com\\\/de\\\/\",\"logo\":{\"@type\":\"ImageObject\",\"inLanguage\":\"de-DE\",\"@id\":\"https:\\\/\\\/www.grupocatala.com\\\/de\\\/#\\\/schema\\\/logo\\\/image\\\/\",\"url\":\"https:\\\/\\\/i0.wp.com\\\/www.grupocatala.com\\\/wp-content\\\/uploads\\\/2020\\\/03\\\/cropped-logo_blanc-1.png?fit=250%2C57&ssl=1\",\"contentUrl\":\"https:\\\/\\\/i0.wp.com\\\/www.grupocatala.com\\\/wp-content\\\/uploads\\\/2020\\\/03\\\/cropped-logo_blanc-1.png?fit=250%2C57&ssl=1\",\"width\":250,\"height\":57,\"caption\":\"Grupo Catala\"},\"image\":{\"@id\":\"https:\\\/\\\/www.grupocatala.com\\\/de\\\/#\\\/schema\\\/logo\\\/image\\\/\"},\"sameAs\":[\"https:\\\/\\\/www.instagram.com\\\/grupocatala\"]}]}<\/script>\n<!-- \/ Yoast SEO plugin. -->","yoast_head_json":{"title":"Nachrichten","description":"Nachrichten","robots":{"index":"index","follow":"follow","max-snippet":"max-snippet:-1","max-image-preview":"max-image-preview:large","max-video-preview":"max-video-preview:-1"},"canonical":"https:\/\/www.grupocatala.com\/de\/nachrichten\/","og_locale":"de_DE","og_type":"article","og_title":"Nachrichten","og_description":"Nachrichten","og_url":"https:\/\/www.grupocatala.com\/de\/nachrichten\/","og_site_name":"GRUPO CATAL\u00c0","article_modified_time":"2023-10-27T09:08:46+00:00","twitter_card":"summary_large_image","schema":{"@context":"https:\/\/schema.org","@graph":[{"@type":"WebPage","@id":"https:\/\/www.grupocatala.com\/de\/nachrichten\/","url":"https:\/\/www.grupocatala.com\/de\/nachrichten\/","name":"Nachrichten","isPartOf":{"@id":"https:\/\/www.grupocatala.com\/de\/#website"},"datePublished":"2020-03-25T08:19:40+00:00","dateModified":"2023-10-27T09:08:46+00:00","description":"Nachrichten","breadcrumb":{"@id":"https:\/\/www.grupocatala.com\/de\/nachrichten\/#breadcrumb"},"inLanguage":"de-DE","potentialAction":[{"@type":"ReadAction","target":["https:\/\/www.grupocatala.com\/de\/nachrichten\/"]}]},{"@type":"BreadcrumbList","@id":"https:\/\/www.grupocatala.com\/de\/nachrichten\/#breadcrumb","itemListElement":[{"@type":"ListItem","position":1,"name":"Portada","item":"https:\/\/www.grupocatala.com\/de\/"},{"@type":"ListItem","position":2,"name":"Nachrichten"}]},{"@type":"WebSite","@id":"https:\/\/www.grupocatala.com\/de\/#website","url":"https:\/\/www.grupocatala.com\/de\/","name":"GRUPO CATAL\u00c0","description":"","publisher":{"@id":"https:\/\/www.grupocatala.com\/de\/#organization"},"potentialAction":[{"@type":"SearchAction","target":{"@type":"EntryPoint","urlTemplate":"https:\/\/www.grupocatala.com\/de\/?s={search_term_string}"},"query-input":{"@type":"PropertyValueSpecification","valueRequired":true,"valueName":"search_term_string"}}],"inLanguage":"de-DE"},{"@type":"Organization","@id":"https:\/\/www.grupocatala.com\/de\/#organization","name":"Grupo Catala","url":"https:\/\/www.grupocatala.com\/de\/","logo":{"@type":"ImageObject","inLanguage":"de-DE","@id":"https:\/\/www.grupocatala.com\/de\/#\/schema\/logo\/image\/","url":"https:\/\/i0.wp.com\/www.grupocatala.com\/wp-content\/uploads\/2020\/03\/cropped-logo_blanc-1.png?fit=250%2C57&ssl=1","contentUrl":"https:\/\/i0.wp.com\/www.grupocatala.com\/wp-content\/uploads\/2020\/03\/cropped-logo_blanc-1.png?fit=250%2C57&ssl=1","width":250,"height":57,"caption":"Grupo Catala"},"image":{"@id":"https:\/\/www.grupocatala.com\/de\/#\/schema\/logo\/image\/"},"sameAs":["https:\/\/www.instagram.com\/grupocatala"]}]}},"jetpack_sharing_enabled":true,"_links":{"self":[{"href":"https:\/\/www.grupocatala.com\/de\/wp-json\/wp\/v2\/pages\/4767","targetHints":{"allow":["GET"]}}],"collection":[{"href":"https:\/\/www.grupocatala.com\/de\/wp-json\/wp\/v2\/pages"}],"about":[{"href":"https:\/\/www.grupocatala.com\/de\/wp-json\/wp\/v2\/types\/page"}],"author":[{"embeddable":true,"href":"https:\/\/www.grupocatala.com\/de\/wp-json\/wp\/v2\/users\/1"}],"replies":[{"embeddable":true,"href":"https:\/\/www.grupocatala.com\/de\/wp-json\/wp\/v2\/comments?post=4767"}],"version-history":[{"count":0,"href":"https:\/\/www.grupocatala.com\/de\/wp-json\/wp\/v2\/pages\/4767\/revisions"}],"wp:attachment":[{"href":"https:\/\/www.grupocatala.com\/de\/wp-json\/wp\/v2\/media?parent=4767"}],"curies":[{"name":"wp","href":"https:\/\/api.w.org\/{rel}","templated":true}]}}